{"id":4433,"date":"2022-07-25T06:39:32","date_gmt":"2022-07-25T06:39:32","guid":{"rendered":"http:\/\/teachforromania.org\/?page_id=4433"},"modified":"2022-07-25T12:50:13","modified_gmt":"2022-07-25T12:50:13","slug":"de-5-ani-educatia-rescrie-povestea","status":"publish","type":"page","link":"https:\/\/teachforromania.org\/en\/de-5-ani-educatia-rescrie-povestea\/","title":{"rendered":"De 5 ani, educa\u021bia rescrie povestea"},"content":{"rendered":"<style type=\"text\/css\">\n.c_submenu {<br \/>\n\twidth: 100%;<br \/>\n\tvertical-align: top;<br \/>\n\tdisplay: inline-block;<br \/>\n\tposition: relative;<br \/>\n}<br \/>\n.c_submenu > a.is_crt_page {<br \/>\n\tbackground-color: #f2f2f2;<br \/>\n\tcolor: #666;<br \/>\n}<br \/>\n.c_submenu > a {<br \/>\n\tdisplay: inline-block;<br \/>\n\twidth: auto;<br \/>\n\theight: 40px;<br \/>\n\tline-height: 40px;<br \/>\n\tcursor: pointer;<br \/>\n\t-moz-box-sizing: border-box;<br \/>\n\t-webkit-box-sizing: border-box;<br \/>\n\tbox-sizing: border-box;<br \/>\n\tpadding-left: 20px;<br \/>\n\tpadding-right: 20px;<br \/>\n\tcolor: #666;<br \/>\n\ttext-align: left;<br \/>\n\tvertical-align: top;<br \/>\n\tborder-left: 0;<br \/>\n\tbackground-color: #ffffff;<br \/>\n\ttext-align: center;<br \/>\n}<br \/>\n.has_submenu .l-submain-h {<br \/>\n\tpadding: 1px !important;<br \/>\n}<br \/>\n.w-pagehead.has_submenu{<br \/>\n\ttext-align:left<br \/>\n}<br \/>\n.c_submenu > a.is_crt_page {<br \/>\n\tbackground-color: #f2f2f2;<br \/>\n\tcolor: #666;<br \/>\n}<br \/>\n<\/style>\n<div class=\"   l-submain for_pagehead\">\n<div class=\"l-submain-h g-html i-cf\">\n<div class=\"  w-pagehead\">\n<p>\t\t\t\t\t\t\t\t\t\t\t<!-- breadcrums --><\/p>\n<div class=\"g-breadcrumbs\" xmlns:v=\"http:\/\/rdf.data-vocabulary.org\/#\"><span typeof=\"v:Breadcrumb\"><a class=\"g-breadcrumbs-item\" rel=\"v:url\" property=\"v:title\" href=\"https:\/\/teachforromania.org\/\">Home<\/a><\/span> <span class=\"g-breadcrumbs-separator\"><i class=\"fa fa-angle-right\"><\/i><\/span> <span class=\"g-breadcrumbs-item\">De 5 ani, educa\u021bia rescrie povestea<\/span><\/div>\n<\/div>\n<\/div>\n<\/div>\n<div class=\"l-submain\">\n<div class=\"l-submain-h g-html i-cf\">\n<div class=\"g-cols offset_default\">\n<div class=\"full-width\">\n<div class=\"wpb_single_image wpb_content_element\">\n<div class=\"wpb_wrapper\">\n\t\t\t<img loading=\"lazy\" decoding=\"async\" width=\"1920\" height=\"600\" src=\"https:\/\/teachforromania.org\/wp-content\/uploads\/28sep2018_TFR_Slider-1920x600px_RO1.jpg\" class=\"attachment-full size-full\" alt=\"\" loading=\"lazy\" srcset=\"https:\/\/teachforromania.org\/wp-content\/uploads\/28sep2018_TFR_Slider-1920x600px_RO1.jpg 1920w, https:\/\/teachforromania.org\/wp-content\/uploads\/28sep2018_TFR_Slider-1920x600px_RO1-300x93.jpg 300w, https:\/\/teachforromania.org\/wp-content\/uploads\/28sep2018_TFR_Slider-1920x600px_RO1-1024x320.jpg 1024w, https:\/\/teachforromania.org\/wp-content\/uploads\/28sep2018_TFR_Slider-1920x600px_RO1-600x187.jpg 600w, https:\/\/teachforromania.org\/wp-content\/uploads\/28sep2018_TFR_Slider-1920x600px_RO1-150x46.jpg 150w\" sizes=\"auto, (max-width: 1920px) 100vw, 1920px\"><\/div>\n<\/div>\n<div class=\"g-cols offset_default\">\n<div class=\"one-half\">\n<div class=\"wpb_text_column \">\n<div class=\"wpb_wrapper\">\n<h6 style=\"font-weight: 400; text-align: justify;\"><strong>De 5 ani, rescriem pove\u0219ti de via\u021b\u0103 prin educa\u021bie de calitate.<\/strong><\/h6>\n<p style=\"font-weight: 400; text-align: justify;\"><em>\u201eTeach for Romania \u00eenseamn\u0103 doar o m\u00e2n\u0103 de oameni, dar o m\u00e2n\u0103 de oameni care a reu\u0219it s\u0103 preg\u0103teasc\u0103 \u00een doar 5 ani peste 7000 de copii. Nu pot s\u0103 nu m\u0103 g\u00e2ndesc la c\u00e2te lucruri minunate putem realiza \u00eempreun\u0103. Cheia transform\u0103rii educa\u021biei vine din comunit\u0103\u021bi. Noi suntem cei ca<\/em><em>re avem responsabilitatea educa\u021biei copiilor din Rom\u00e2nia, a viitorului lor, dar, mai ales, a prezentului lor. Putem face orice \u00eempreun\u0103. Aici \u0219i acum. Trebuie s\u0103 ne mul\u021bumim tuturor pentru acest mare \u201c\u00eempreun\u0103\u201d \u2013 Corina Puiu, Co-fondator \u0219i Director General Teach for Romania.<\/em><strong><br \/>\n<\/strong><\/p>\n<p style=\"font-weight: 400; text-align: justify;\">Mar\u021bi, <strong>6 noiembrie 2018<\/strong>, ne-am str\u00e2ns cu mic, cu mare la <strong>Palatul Cotroceni<\/strong>, pentru a s\u0103rb\u0103tori reu\u0219itele Teach for Romania \u00een cei 5 ani de activitate, al\u0103turi de prieteni dragi, sus\u021bin\u0103tori ai cauzei noastre.<\/p>\n<p style=\"font-weight: 400; text-align: justify;\">Conferin\u021ba <strong>\u201cEduca\u021bia rescrie povestea\u201d<\/strong> a facilitat dezbaterea c\u00e2torva dintre cele mai importante subiecte din domeniul educa\u021biei \u0219i a adus \u00eempreun\u0103 min\u021bi \u0219i suflete \u00eentr-un spa\u021biu de conexiune cu beneficiari ai programului: profesori sus\u021binu\u021bi de&nbsp;Teach for Romania, elevi, alumni, echipa de program \u0219i dezvoltare a Teach for Romania<em>.<\/em><\/p>\n<p style=\"font-weight: 400; text-align: justify;\">De asemenea, evenimentul a reprezentat \u0219i \u00eencheierea proiectului <strong>A New Way for New Talents in Teaching<\/strong>, un proiect co-fina\u021bat de Uniunea European\u0103, prin programul Erasmus+, Axa cheie 3, derulat \u00een colaborare cu Ministerul Educa\u021biei \u0219i Universitatea din Bucure\u0219ti \u2013 Facultatea de Psihologie \u0219i \u0218tiin\u021bele Educa\u021biei.<\/p>\n<p style=\"font-weight: 400; text-align: justify;\">Influen\u021ba programului abordat \u00een NEWTT, care s-a axat pe dezvoltarea profesional\u0103 \u0219i personal\u0103 a cadrelor didactice \u0219i a inclus recrutare, selec\u021bie, formare ini\u021bial\u0103, preg\u0103tire continu\u0103 (2 ani), calificare \u00een pedagogia \u00eenv\u0103\u021b\u0103m\u00e2ntului primar \u0219i pre\u0219colar, coaching \u0219i mentorat la locul de munc\u0103, este una impresionant\u0103 \u00een cadrul organiza\u021biei Teach for Romania: 70% din num\u0103rul total de alumni al genera\u021biei a treia (grupul de interven\u021bie \u00een proiect) se afl\u0103 \u00eenc\u0103 la catedr\u0103.<\/p>\n<\/div>\n<\/div>\n<\/div>\n<div class=\"one-half\">\n<div class=\"vc_empty_space\" style=\"height: 1px\"><span class=\"vc_empty_space_inner\"><\/span><\/div>\n<div class=\"w-video ratio_16-9\"><iframe width=\"1500\" height=\"844\" src=\"https:\/\/www.youtube.com\/embed\/PYUKNVj26-0?feature=oembed\" frameborder=\"0\" allow=\"accelerometer; autoplay; encrypted-media; gyroscope; picture-in-picture\" allowfullscreen=\"\"><\/iframe><\/div>\n<div class=\"vc_empty_space\" style=\"height: 32px\"><span class=\"vc_empty_space_inner\"><\/span><\/div>\n<div class=\"w-video ratio_16-9\"><iframe width=\"1500\" height=\"844\" src=\"https:\/\/www.youtube.com\/embed\/zrBT1FydEA0?feature=oembed\" frameborder=\"0\" allow=\"accelerometer; autoplay; encrypted-media; gyroscope; picture-in-picture\" allowfullscreen=\"\"><\/iframe><\/div>\n<div class=\"vc_empty_space\" style=\"height: 32px\"><span class=\"vc_empty_space_inner\"><\/span><\/div>\n<\/div>\n<\/div>\n<div class=\"vc_empty_space\" style=\"height: 32px\"><span class=\"vc_empty_space_inner\"><\/span><\/div>\n<div class=\"g-cols offset_default\">\n<div class=\"one-half\"><span class=\"wpb_button align_center\"><a href=\"http:\/\/teachforromania.org\/newtt\/\" target=\"_blank\" class=\"g-btn color_primary outlined\" rel=\"noopener\"><span>Despre NEWTT<\/span><\/a><\/span><\/div>\n<div class=\"one-half\"><span class=\"wpb_button align_center\"><a href=\"http:\/\/teachforromania.org\/wp-content\/uploads\/31oct2018-Brosura-A5.pdf\" target=\"_blank\" class=\"g-btn color_primary outlined\" rel=\"noopener\"><span>Descarc\u0103 bro\u0219ura evenimentului<\/span><\/a><\/span><\/div>\n<\/div>\n<div class=\"g-hr\">\n\t\t\t\t\t\t<span class=\"g-hr-h\"><br \/>\n<i class=\"fa fa-book\"><\/i><br \/>\n<\/span><\/div>\n<div class=\"g-cols offset_default\">\n<div class=\"full-width\">\n<div class=\"vc_empty_space\" style=\"height: 32px\"><span class=\"vc_empty_space_inner\"><\/span><\/div>\n<\/div>\n<\/div>\n<div class=\"g-cols offset_default\">\n<div class=\"full-width\">\n<div class=\"wpb_text_column \">\n<div class=\"wpb_wrapper\">\n<h1 style=\"text-align: center;\">Cele mai importante momente surprinse \u00een imagini<\/h1>\n<\/div>\n<\/div>\n<div class=\"vc_empty_space\" style=\"height: 32px\"><span class=\"vc_empty_space_inner\"><\/span><\/div>\n<\/div>\n<\/div>\n<div class=\"g-cols offset_default\">\n<div class=\"one-third\">\n<div class=\"w-video ratio_16-9\"><iframe width=\"420\" height=\"315\" src=\"\/\/www.youtube.com\/embed\/NlPT6YeOsu8\" frameborder=\"0\" allowfullscreen=\"\"><\/iframe><\/div>\n<\/div>\n<div class=\"one-third\">\n<div class=\"w-video ratio_16-9\"><iframe width=\"1500\" height=\"844\" src=\"https:\/\/www.youtube.com\/embed\/n2RG3pqctfs?feature=oembed\" frameborder=\"0\" allow=\"accelerometer; autoplay; encrypted-media; gyroscope; picture-in-picture\" allowfullscreen=\"\"><\/iframe><\/div>\n<\/div>\n<div class=\"one-third\">\n<div class=\"w-video ratio_16-9\"><iframe width=\"1500\" height=\"844\" src=\"https:\/\/www.youtube.com\/embed\/ap6CKpQQi7k?feature=oembed\" frameborder=\"0\" allow=\"accelerometer; autoplay; encrypted-media; gyroscope; picture-in-picture\" allowfullscreen=\"\"><\/iframe><\/div>\n<\/div>\n<\/div>\n<div class=\"vc_empty_space\" style=\"height: 32px\"><span class=\"vc_empty_space_inner\"><\/span><\/div>\n<div class=\"g-cols offset_default\">\n<div class=\"full-width\">\n<div id=\"gallery_161119\" class=\"w-gallery columns_5\">\n<div class=\"w-gallery-tnails\"><a class=\"w-gallery-tnail order_1\" ref=\"magnificPopup\" href=\"https:\/\/teachforromania.org\/wp-content\/uploads\/202.jpg\" title=\"20\"><img loading=\"lazy\" decoding=\"async\" width=\"300\" height=\"300\" src=\"https:\/\/teachforromania.org\/wp-content\/uploads\/202-300x300.jpg\" class=\"w-gallery-tnail-img\" alt=\"\" loading=\"lazy\" srcset=\"https:\/\/teachforromania.org\/wp-content\/uploads\/202-300x300.jpg 300w, https:\/\/teachforromania.org\/wp-content\/uploads\/202-150x150.jpg 150w, https:\/\/teachforromania.org\/wp-content\/uploads\/202-600x600.jpg 600w, https:\/\/teachforromania.org\/wp-content\/uploads\/202-350x350.jpg 350w\" sizes=\"auto, (max-width: 300px) 100vw, 300px\"><span class=\"w-gallery-tnail-title\"><\/span><\/a><a class=\"w-gallery-tnail order_2\" ref=\"magnificPopup\" href=\"https:\/\/teachforromania.org\/wp-content\/uploads\/195.jpg\" title=\"19\"><img loading=\"lazy\" decoding=\"async\" width=\"300\" height=\"300\" src=\"https:\/\/teachforromania.org\/wp-content\/uploads\/195-300x300.jpg\" class=\"w-gallery-tnail-img\" alt=\"\" loading=\"lazy\" srcset=\"https:\/\/teachforromania.org\/wp-content\/uploads\/195-300x300.jpg 300w, https:\/\/teachforromania.org\/wp-content\/uploads\/195-150x150.jpg 150w, https:\/\/teachforromania.org\/wp-content\/uploads\/195-600x600.jpg 600w, https:\/\/teachforromania.org\/wp-content\/uploads\/195-350x350.jpg 350w\" sizes=\"auto, (max-width: 300px) 100vw, 300px\"><span class=\"w-gallery-tnail-title\"><\/span><\/a><a class=\"w-gallery-tnail order_3\" ref=\"magnificPopup\" href=\"https:\/\/teachforromania.org\/wp-content\/uploads\/181.jpg\" title=\"18\"><img loading=\"lazy\" decoding=\"async\" width=\"300\" height=\"300\" src=\"https:\/\/teachforromania.org\/wp-content\/uploads\/181-300x300.jpg\" class=\"w-gallery-tnail-img\" alt=\"\" loading=\"lazy\" srcset=\"https:\/\/teachforromania.org\/wp-content\/uploads\/181-300x300.jpg 300w, https:\/\/teachforromania.org\/wp-content\/uploads\/181-150x150.jpg 150w, https:\/\/teachforromania.org\/wp-content\/uploads\/181-600x600.jpg 600w, https:\/\/teachforromania.org\/wp-content\/uploads\/181-350x350.jpg 350w\" sizes=\"auto, (max-width: 300px) 100vw, 300px\"><span class=\"w-gallery-tnail-title\"><\/span><\/a><a class=\"w-gallery-tnail order_4\" ref=\"magnificPopup\" href=\"https:\/\/teachforromania.org\/wp-content\/uploads\/175.jpg\" title=\"17\"><img loading=\"lazy\" decoding=\"async\" width=\"300\" height=\"300\" src=\"https:\/\/teachforromania.org\/wp-content\/uploads\/175-300x300.jpg\" class=\"w-gallery-tnail-img\" alt=\"\" loading=\"lazy\" srcset=\"https:\/\/teachforromania.org\/wp-content\/uploads\/175-300x300.jpg 300w, https:\/\/teachforromania.org\/wp-content\/uploads\/175-150x150.jpg 150w, https:\/\/teachforromania.org\/wp-content\/uploads\/175-350x350.jpg 350w\" sizes=\"auto, (max-width: 300px) 100vw, 300px\"><span class=\"w-gallery-tnail-title\"><\/span><\/a><a class=\"w-gallery-tnail order_5\" ref=\"magnificPopup\" href=\"https:\/\/teachforromania.org\/wp-content\/uploads\/163.jpg\" title=\"16\"><img loading=\"lazy\" decoding=\"async\" width=\"300\" height=\"300\" src=\"https:\/\/teachforromania.org\/wp-content\/uploads\/163-300x300.jpg\" class=\"w-gallery-tnail-img\" alt=\"\" loading=\"lazy\" srcset=\"https:\/\/teachforromania.org\/wp-content\/uploads\/163-300x300.jpg 300w, https:\/\/teachforromania.org\/wp-content\/uploads\/163-150x150.jpg 150w, https:\/\/teachforromania.org\/wp-content\/uploads\/163-600x600.jpg 600w, https:\/\/teachforromania.org\/wp-content\/uploads\/163-350x350.jpg 350w\" sizes=\"auto, (max-width: 300px) 100vw, 300px\"><span class=\"w-gallery-tnail-title\"><\/span><\/a><a class=\"w-gallery-tnail order_6\" ref=\"magnificPopup\" href=\"https:\/\/teachforromania.org\/wp-content\/uploads\/152.jpg\" title=\"15\"><img loading=\"lazy\" decoding=\"async\" width=\"300\" height=\"300\" src=\"https:\/\/teachforromania.org\/wp-content\/uploads\/152-300x300.jpg\" class=\"w-gallery-tnail-img\" alt=\"\" loading=\"lazy\" srcset=\"https:\/\/teachforromania.org\/wp-content\/uploads\/152-300x300.jpg 300w, https:\/\/teachforromania.org\/wp-content\/uploads\/152-150x150.jpg 150w, https:\/\/teachforromania.org\/wp-content\/uploads\/152-600x600.jpg 600w, https:\/\/teachforromania.org\/wp-content\/uploads\/152-350x350.jpg 350w\" sizes=\"auto, (max-width: 300px) 100vw, 300px\"><span class=\"w-gallery-tnail-title\"><\/span><\/a><a class=\"w-gallery-tnail order_7\" ref=\"magnificPopup\" href=\"https:\/\/teachforromania.org\/wp-content\/uploads\/142.jpg\" title=\"14\"><img loading=\"lazy\" decoding=\"async\" width=\"300\" height=\"300\" src=\"https:\/\/teachforromania.org\/wp-content\/uploads\/142-300x300.jpg\" class=\"w-gallery-tnail-img\" alt=\"\" loading=\"lazy\" srcset=\"https:\/\/teachforromania.org\/wp-content\/uploads\/142-300x300.jpg 300w, https:\/\/teachforromania.org\/wp-content\/uploads\/142-150x150.jpg 150w, https:\/\/teachforromania.org\/wp-content\/uploads\/142-600x600.jpg 600w, https:\/\/teachforromania.org\/wp-content\/uploads\/142-350x350.jpg 350w\" sizes=\"auto, (max-width: 300px) 100vw, 300px\"><span class=\"w-gallery-tnail-title\"><\/span><\/a><a class=\"w-gallery-tnail order_8\" ref=\"magnificPopup\" href=\"https:\/\/teachforromania.org\/wp-content\/uploads\/73.jpg\" title=\"7\"><img loading=\"lazy\" decoding=\"async\" width=\"300\" height=\"300\" src=\"https:\/\/teachforromania.org\/wp-content\/uploads\/73-300x300.jpg\" class=\"w-gallery-tnail-img\" alt=\"\" loading=\"lazy\" srcset=\"https:\/\/teachforromania.org\/wp-content\/uploads\/73-300x300.jpg 300w, https:\/\/teachforromania.org\/wp-content\/uploads\/73-150x150.jpg 150w, https:\/\/teachforromania.org\/wp-content\/uploads\/73-600x600.jpg 600w, https:\/\/teachforromania.org\/wp-content\/uploads\/73-350x350.jpg 350w\" sizes=\"auto, (max-width: 300px) 100vw, 300px\"><span class=\"w-gallery-tnail-title\"><\/span><\/a><a class=\"w-gallery-tnail order_9\" ref=\"magnificPopup\" href=\"https:\/\/teachforromania.org\/wp-content\/uploads\/83.jpg\" title=\"8\"><img loading=\"lazy\" decoding=\"async\" width=\"300\" height=\"300\" src=\"https:\/\/teachforromania.org\/wp-content\/uploads\/83-300x300.jpg\" class=\"w-gallery-tnail-img\" alt=\"\" loading=\"lazy\" srcset=\"https:\/\/teachforromania.org\/wp-content\/uploads\/83-300x300.jpg 300w, https:\/\/teachforromania.org\/wp-content\/uploads\/83-150x150.jpg 150w, https:\/\/teachforromania.org\/wp-content\/uploads\/83-600x600.jpg 600w, https:\/\/teachforromania.org\/wp-content\/uploads\/83-350x350.jpg 350w\" sizes=\"auto, (max-width: 300px) 100vw, 300px\"><span class=\"w-gallery-tnail-title\"><\/span><\/a><a class=\"w-gallery-tnail order_10\" ref=\"magnificPopup\" href=\"https:\/\/teachforromania.org\/wp-content\/uploads\/92.jpg\" title=\"9\"><img loading=\"lazy\" decoding=\"async\" width=\"300\" height=\"300\" src=\"https:\/\/teachforromania.org\/wp-content\/uploads\/92-300x300.jpg\" class=\"w-gallery-tnail-img\" alt=\"\" loading=\"lazy\" srcset=\"https:\/\/teachforromania.org\/wp-content\/uploads\/92-300x300.jpg 300w, https:\/\/teachforromania.org\/wp-content\/uploads\/92-150x150.jpg 150w, https:\/\/teachforromania.org\/wp-content\/uploads\/92-600x600.jpg 600w, https:\/\/teachforromania.org\/wp-content\/uploads\/92-350x350.jpg 350w\" sizes=\"auto, (max-width: 300px) 100vw, 300px\"><span class=\"w-gallery-tnail-title\"><\/span><\/a><a class=\"w-gallery-tnail order_11\" ref=\"magnificPopup\" href=\"https:\/\/teachforromania.org\/wp-content\/uploads\/103.jpg\" title=\"10\"><img loading=\"lazy\" decoding=\"async\" width=\"300\" height=\"300\" src=\"https:\/\/teachforromania.org\/wp-content\/uploads\/103-300x300.jpg\" class=\"w-gallery-tnail-img\" alt=\"\" loading=\"lazy\" srcset=\"https:\/\/teachforromania.org\/wp-content\/uploads\/103-300x300.jpg 300w, https:\/\/teachforromania.org\/wp-content\/uploads\/103-150x150.jpg 150w, https:\/\/teachforromania.org\/wp-content\/uploads\/103-600x600.jpg 600w, https:\/\/teachforromania.org\/wp-content\/uploads\/103-350x350.jpg 350w\" sizes=\"auto, (max-width: 300px) 100vw, 300px\"><span class=\"w-gallery-tnail-title\"><\/span><\/a><a class=\"w-gallery-tnail order_12\" ref=\"magnificPopup\" href=\"https:\/\/teachforromania.org\/wp-content\/uploads\/1112.jpg\" title=\"11\"><img loading=\"lazy\" decoding=\"async\" width=\"300\" height=\"300\" src=\"https:\/\/teachforromania.org\/wp-content\/uploads\/1112-300x300.jpg\" class=\"w-gallery-tnail-img\" alt=\"\" loading=\"lazy\" srcset=\"https:\/\/teachforromania.org\/wp-content\/uploads\/1112-300x300.jpg 300w, https:\/\/teachforromania.org\/wp-content\/uploads\/1112-150x150.jpg 150w, https:\/\/teachforromania.org\/wp-content\/uploads\/1112-600x600.jpg 600w, https:\/\/teachforromania.org\/wp-content\/uploads\/1112-350x350.jpg 350w\" sizes=\"auto, (max-width: 300px) 100vw, 300px\"><span class=\"w-gallery-tnail-title\"><\/span><\/a><a class=\"w-gallery-tnail order_13\" ref=\"magnificPopup\" href=\"https:\/\/teachforromania.org\/wp-content\/uploads\/1210.jpg\" title=\"12\"><img loading=\"lazy\" decoding=\"async\" width=\"300\" height=\"300\" src=\"https:\/\/teachforromania.org\/wp-content\/uploads\/1210-300x300.jpg\" class=\"w-gallery-tnail-img\" alt=\"\" loading=\"lazy\" srcset=\"https:\/\/teachforromania.org\/wp-content\/uploads\/1210-300x300.jpg 300w, https:\/\/teachforromania.org\/wp-content\/uploads\/1210-150x150.jpg 150w, https:\/\/teachforromania.org\/wp-content\/uploads\/1210-600x600.jpg 600w, https:\/\/teachforromania.org\/wp-content\/uploads\/1210-350x350.jpg 350w\" sizes=\"auto, (max-width: 300px) 100vw, 300px\"><span class=\"w-gallery-tnail-title\"><\/span><\/a><a class=\"w-gallery-tnail order_14\" ref=\"magnificPopup\" href=\"https:\/\/teachforromania.org\/wp-content\/uploads\/136.jpg\" title=\"13\"><img loading=\"lazy\" decoding=\"async\" width=\"300\" height=\"300\" src=\"https:\/\/teachforromania.org\/wp-content\/uploads\/136-300x300.jpg\" class=\"w-gallery-tnail-img\" alt=\"\" loading=\"lazy\" srcset=\"https:\/\/teachforromania.org\/wp-content\/uploads\/136-300x300.jpg 300w, https:\/\/teachforromania.org\/wp-content\/uploads\/136-150x150.jpg 150w, https:\/\/teachforromania.org\/wp-content\/uploads\/136-600x600.jpg 600w, https:\/\/teachforromania.org\/wp-content\/uploads\/136-350x350.jpg 350w\" sizes=\"auto, (max-width: 300px) 100vw, 300px\"><span class=\"w-gallery-tnail-title\"><\/span><\/a><a class=\"w-gallery-tnail order_15\" ref=\"magnificPopup\" href=\"https:\/\/teachforromania.org\/wp-content\/uploads\/68.jpg\" title=\"6\"><img loading=\"lazy\" decoding=\"async\" width=\"300\" height=\"300\" src=\"https:\/\/teachforromania.org\/wp-content\/uploads\/68-300x300.jpg\" class=\"w-gallery-tnail-img\" alt=\"\" loading=\"lazy\" srcset=\"https:\/\/teachforromania.org\/wp-content\/uploads\/68-300x300.jpg 300w, https:\/\/teachforromania.org\/wp-content\/uploads\/68-150x150.jpg 150w, https:\/\/teachforromania.org\/wp-content\/uploads\/68-600x600.jpg 600w, https:\/\/teachforromania.org\/wp-content\/uploads\/68-350x350.jpg 350w\" sizes=\"auto, (max-width: 300px) 100vw, 300px\"><span class=\"w-gallery-tnail-title\"><\/span><\/a><a class=\"w-gallery-tnail order_16\" ref=\"magnificPopup\" href=\"https:\/\/teachforromania.org\/wp-content\/uploads\/514.jpg\" title=\"5\"><img loading=\"lazy\" decoding=\"async\" width=\"300\" height=\"300\" src=\"https:\/\/teachforromania.org\/wp-content\/uploads\/514-300x300.jpg\" class=\"w-gallery-tnail-img\" alt=\"\" loading=\"lazy\" srcset=\"https:\/\/teachforromania.org\/wp-content\/uploads\/514-300x300.jpg 300w, https:\/\/teachforromania.org\/wp-content\/uploads\/514-150x150.jpg 150w, https:\/\/teachforromania.org\/wp-content\/uploads\/514-600x600.jpg 600w, https:\/\/teachforromania.org\/wp-content\/uploads\/514-350x350.jpg 350w\" sizes=\"auto, (max-width: 300px) 100vw, 300px\"><span class=\"w-gallery-tnail-title\"><\/span><\/a><a class=\"w-gallery-tnail order_17\" ref=\"magnificPopup\" href=\"https:\/\/teachforromania.org\/wp-content\/uploads\/420.jpg\" title=\"4\"><img loading=\"lazy\" decoding=\"async\" width=\"300\" height=\"300\" src=\"https:\/\/teachforromania.org\/wp-content\/uploads\/420-300x300.jpg\" class=\"w-gallery-tnail-img\" alt=\"\" loading=\"lazy\" srcset=\"https:\/\/teachforromania.org\/wp-content\/uploads\/420-300x300.jpg 300w, https:\/\/teachforromania.org\/wp-content\/uploads\/420-150x150.jpg 150w, https:\/\/teachforromania.org\/wp-content\/uploads\/420-600x600.jpg 600w, https:\/\/teachforromania.org\/wp-content\/uploads\/420-350x350.jpg 350w\" sizes=\"auto, (max-width: 300px) 100vw, 300px\"><span class=\"w-gallery-tnail-title\"><\/span><\/a><a class=\"w-gallery-tnail order_18\" ref=\"magnificPopup\" href=\"https:\/\/teachforromania.org\/wp-content\/uploads\/IMG_6150.jpg\" title=\"IMG_6150\"><img loading=\"lazy\" decoding=\"async\" width=\"300\" height=\"300\" src=\"https:\/\/teachforromania.org\/wp-content\/uploads\/IMG_6150-300x300.jpg\" class=\"w-gallery-tnail-img\" alt=\"\" loading=\"lazy\" srcset=\"https:\/\/teachforromania.org\/wp-content\/uploads\/IMG_6150-300x300.jpg 300w, https:\/\/teachforromania.org\/wp-content\/uploads\/IMG_6150-150x150.jpg 150w, https:\/\/teachforromania.org\/wp-content\/uploads\/IMG_6150-600x600.jpg 600w, https:\/\/teachforromania.org\/wp-content\/uploads\/IMG_6150-350x350.jpg 350w\" sizes=\"auto, (max-width: 300px) 100vw, 300px\"><span class=\"w-gallery-tnail-title\"><\/span><\/a><a class=\"w-gallery-tnail order_19\" ref=\"magnificPopup\" href=\"https:\/\/teachforromania.org\/wp-content\/uploads\/IMG_6197.jpg\" title=\"IMG_6197\"><img loading=\"lazy\" decoding=\"async\" width=\"300\" height=\"300\" src=\"https:\/\/teachforromania.org\/wp-content\/uploads\/IMG_6197-300x300.jpg\" class=\"w-gallery-tnail-img\" alt=\"\" loading=\"lazy\" srcset=\"https:\/\/teachforromania.org\/wp-content\/uploads\/IMG_6197-300x300.jpg 300w, https:\/\/teachforromania.org\/wp-content\/uploads\/IMG_6197-150x150.jpg 150w, https:\/\/teachforromania.org\/wp-content\/uploads\/IMG_6197-600x600.jpg 600w, https:\/\/teachforromania.org\/wp-content\/uploads\/IMG_6197-350x350.jpg 350w\" sizes=\"auto, (max-width: 300px) 100vw, 300px\"><span class=\"w-gallery-tnail-title\"><\/span><\/a><a class=\"w-gallery-tnail order_20\" ref=\"magnificPopup\" href=\"https:\/\/teachforromania.org\/wp-content\/uploads\/IMG_6265.jpg\" title=\"IMG_6265\"><img loading=\"lazy\" decoding=\"async\" width=\"300\" height=\"300\" src=\"https:\/\/teachforromania.org\/wp-content\/uploads\/IMG_6265-300x300.jpg\" class=\"w-gallery-tnail-img\" alt=\"\" loading=\"lazy\" srcset=\"https:\/\/teachforromania.org\/wp-content\/uploads\/IMG_6265-300x300.jpg 300w, https:\/\/teachforromania.org\/wp-content\/uploads\/IMG_6265-150x150.jpg 150w, https:\/\/teachforromania.org\/wp-content\/uploads\/IMG_6265-600x600.jpg 600w, https:\/\/teachforromania.org\/wp-content\/uploads\/IMG_6265-350x350.jpg 350w\" sizes=\"auto, (max-width: 300px) 100vw, 300px\"><span class=\"w-gallery-tnail-title\"><\/span><\/a><\/div>\n<\/div>\n<div class=\"vc_empty_space\" style=\"height: 32px\"><span class=\"vc_empty_space_inner\"><\/span><\/div>\n<p><span class=\"wpb_button align_center\"><a href=\"https:\/\/www.facebook.com\/pg\/teachforromania\/photos\/?tab=album&amp;album_id=2198901790120098\" target=\"_blank\" class=\"g-btn color_primary outlined\" rel=\"noopener\"><span>Alte fotografii<\/span><\/a><\/span><\/p>\n<div class=\"g-hr\">\n\t\t\t\t\t\t<span class=\"g-hr-h\"><br \/>\n<i class=\"fa fa-book\"><\/i><br \/>\n<\/span><\/div>\n<\/div>\n<\/div>\n<div class=\"g-cols offset_default\">\n<div class=\"full-width\">\n<div class=\"wpb_text_column \">\n<div class=\"wpb_wrapper\">\n<h1 style=\"text-align: center;\">Apari\u021bii \u00een pres\u0103<\/h1>\n<\/div>\n<\/div>\n<div class=\"vc_empty_space\" style=\"height: 32px\"><span class=\"vc_empty_space_inner\"><\/span><\/div>\n<\/div>\n<\/div>\n<div class=\"g-cols offset_default\">\n<div class=\"one-third\">\n<div class=\"w-blog columns_1 imgpos_attop\">\n<div class=\"w-blog-list\">\n<div class=\"w-blog-entry post-7166 post type-post status-publish format-standard has-post-thumbnail hentry category-de5ani-educatia-rescrie-povestea tag-administratia-prezidentiala tag-klaus-iohannis tag-teach-for-all tag-teach-for-romania tag-wendy-kopp\">\n<div class=\"w-blog-entry-h\"><a class=\"w-blog-entry-link\" href=\"https:\/\/teachforromania.org\/de-5-ani-educatia-rescrie-povestea-blog\/\"><span class=\"w-blog-entry-preview\"><img loading=\"lazy\" decoding=\"async\" width=\"1140\" height=\"600\" src=\"https:\/\/teachforromania.org\/wp-content\/uploads\/1DX_0643-1140x600.jpg\" class=\"attachment-blog-large size-blog-large wp-post-image\" alt=\"\" loading=\"lazy\"><\/span><\/p>\n<h2 class=\"w-blog-entry-title\">\n                <span class=\"w-blog-entry-title-h\">De 5 ani, educa\u021bia rescrie povestea<\/span><\/h2>\n<p><\/a><a class=\"w-blog-entry-link\" href=\"https:\/\/teachforromania.org\/de-5-ani-educatia-rescrie-povestea-blog\/\"><\/a><a class=\"w-blog-entry-link\" href=\"https:\/\/teachforromania.org\/de-5-ani-educatia-rescrie-povestea-blog\/\"><\/a><\/p>\n<div class=\"w-blog-entry-body\">\n<div class=\"w-blog-meta\"><\/div>\n<div class=\"w-blog-entry-short\">Bucure\u0219ti, 2018 \u2013 Teach for Romania a s\u0103rb\u0103torit al\u0103turi de copii, profesori, alumni \u0219i parteneri, aniversarea a 5 ani de activitate, \u00een cadrul conferin\u021bei Educa\u021bia rescrie povestea, care a avut loc la Palatul Cotroceni. De 5 ani, Teach for Romania&#8230;<\/div>\n<\/div>\n<\/div>\n<\/div>\n<\/div>\n<\/div>\n<\/div>\n<div class=\"one-third animate_afb\">\n<div class=\"wpb_single_image wpb_content_element\">\n<div class=\"wpb_wrapper\">\n\t\t\t<a href=\"http:\/\/www.romaniapozitiva.ro\/bucuresti\/teach-for-romania-a-sarbatorit-5-ani-la-palatul-cotroceni\/?fbclid=IwAR2TsTZ4DuDdmRCeAPVjMt4VWo7z886sCKFVShsNQIxLS8_VbM7GL6eKBpo\" target=\"_blank\" rel=\"noopener\"><img loading=\"lazy\" decoding=\"async\" width=\"300\" height=\"200\" src=\"https:\/\/teachforromania.org\/wp-content\/uploads\/1DX_0793-300x200.jpg\" class=\"attachment-medium size-medium\" alt=\"\" loading=\"lazy\" srcset=\"https:\/\/teachforromania.org\/wp-content\/uploads\/1DX_0793-300x200.jpg 300w, https:\/\/teachforromania.org\/wp-content\/uploads\/1DX_0793-1024x682.jpg 1024w, https:\/\/teachforromania.org\/wp-content\/uploads\/1DX_0793-600x400.jpg 600w, https:\/\/teachforromania.org\/wp-content\/uploads\/1DX_0793-150x100.jpg 150w\" sizes=\"auto, (max-width: 300px) 100vw, 300px\"><\/a><\/div>\n<\/div>\n<div class=\"wpb_text_column \">\n<div class=\"wpb_wrapper\">\n<h2 class=\"post-title\"><span style=\"color: #333333;\">Teach for Romania a s\u0103rb\u0103torit 5 ani la Palatul Cotroceni<\/span><\/h2>\n<div class=\"w-blog-meta\"><span style=\"color: #333333;\">De 5 ani, Teach for Romania rescrie pove\u0219ti de via\u021b\u0103 prin educa\u021bie de calitate, comunitatea ajung\u00e2nd s\u0103 numere aproape 150 de profesori, care au reu\u0219it s\u0103 inspire peste 7.000 de copii.<\/span><\/div>\n<\/div>\n<\/div>\n<\/div>\n<div class=\"one-third animate_afr\">\n<div class=\"wpb_single_image wpb_content_element\">\n<div class=\"wpb_wrapper\">\n\t\t\t<a href=\"https:\/\/www.wall-street.ro\/articol\/Social\/236230\/daca-am-reusi-sa-schimbam-leadership-ul-educational-in-10-ani-am-vedea-o-alta-romaniei-educata.html?fbclid=IwAR12t93szxp2QHGgGV71zAC33l8-0AYGWExJwE7xDtRVHw5G0AkICiOQDHU\" target=\"_blank\" rel=\"noopener\"><img loading=\"lazy\" decoding=\"async\" width=\"300\" height=\"158\" src=\"https:\/\/teachforromania.org\/wp-content\/uploads\/e30b662d4577e7268c93e740160a32a1-1063x560-00-86-300x158.jpg\" class=\"attachment-medium size-medium\" alt=\"\" loading=\"lazy\" srcset=\"https:\/\/teachforromania.org\/wp-content\/uploads\/e30b662d4577e7268c93e740160a32a1-1063x560-00-86-300x158.jpg 300w, https:\/\/teachforromania.org\/wp-content\/uploads\/e30b662d4577e7268c93e740160a32a1-1063x560-00-86-1024x539.jpg 1024w, https:\/\/teachforromania.org\/wp-content\/uploads\/e30b662d4577e7268c93e740160a32a1-1063x560-00-86-600x316.jpg 600w, https:\/\/teachforromania.org\/wp-content\/uploads\/e30b662d4577e7268c93e740160a32a1-1063x560-00-86-150x79.jpg 150w, https:\/\/teachforromania.org\/wp-content\/uploads\/e30b662d4577e7268c93e740160a32a1-1063x560-00-86.jpg 1063w\" sizes=\"auto, (max-width: 300px) 100vw, 300px\"><\/a><\/div>\n<\/div>\n<div class=\"wpb_text_column \">\n<div class=\"wpb_wrapper\">\n<h2 class=\"article-title\"><span style=\"color: #333333;\">Ligia Deca, consilier de stat: Daca am reusi sa schimbam leadership-ul educational, in 10 ani am vedea o Romanie educata<\/span><\/h2>\n<p>Profesionisti in educatie, lideri din mediul asociativ si reprezentanti ai Ministerului Educatiei au vorbit, la conferinta organizata cu prilejul aniversarii a cinci ani de Teach for Romania\u2026<\/p>\n<\/div>\n<\/div>\n<\/div>\n<\/div>\n<div class=\"g-cols offset_default\">\n<div class=\"full-width\"><span class=\"wpb_button align_center\"><a href=\"http:\/\/teachforromania.org\/wp-content\/uploads\/Raport-media.pdf\" target=\"_blank\" class=\"g-btn color_primary outlined\" rel=\"noopener\"><span>Descarc\u0103 raportul media<\/span><\/a><\/span><\/div>\n<\/div>\n<div class=\"g-hr\">\n\t\t\t\t\t\t<span class=\"g-hr-h\"><br \/>\n<i class=\"fa fa-book\"><\/i><br \/>\n<\/span><\/div>\n<div class=\"wpb_text_column \">\n<div class=\"wpb_wrapper\">\n<h1 style=\"text-align: center;\">Cum a ar\u0103tat agenda evenimentului?<\/h1>\n<\/div>\n<\/div>\n<div class=\"vc_empty_space\" style=\"height: 32px\"><span class=\"vc_empty_space_inner\"><\/span><\/div>\n<div class=\"w-tabs layout_accordion\">\n<div class=\"w-tabs-section color_custom\" style=\"background-color: #33a9d9; color: #ffffff;\">\n<div class=\"w-tabs-section-header\">\n<div class=\"w-tabs-section-icon\"><\/div>\n<h4 class=\"w-tabs-section-title\">11:00 \u2013 12:50 Primirea \u0219i \u00eenregistrarea participan\u021bilor<\/h4>\n<div class=\"w-tabs-section-control\"><i class=\"fa fa-angle-down\"><\/i><\/div>\n<\/div>\n<div class=\"w-tabs-section-content\">\n<div class=\"w-tabs-section-content-h\"><\/div>\n<\/div>\n<\/div>\n<div class=\"w-tabs-section color_custom\" style=\"background-color: #33a9d9; color: #ffffff;\">\n<div class=\"w-tabs-section-header\">\n<div class=\"w-tabs-section-icon\"><\/div>\n<h4 class=\"w-tabs-section-title\">13:00 \u2013 13:35 Deschidere oficial\u0103. Alocu\u021biunea Pre\u0219edintelui Rom\u00e2niei, domnul KLAUS IOHANNIS<\/h4>\n<div class=\"w-tabs-section-control\"><i class=\"fa fa-angle-down\"><\/i><\/div>\n<\/div>\n<div class=\"w-tabs-section-content\">\n<div class=\"w-tabs-section-content-h\">\n<div class=\"wpb_text_column \">\n<div class=\"wpb_wrapper\">\n<p>Eveniment moderat de <strong>Virgil Ian\u021bu<\/strong>.<\/p>\n<\/div>\n<\/div>\n<\/div>\n<\/div>\n<\/div>\n<div class=\"w-tabs-section color_custom\" style=\"background-color: #33a9d9; color: #ffffff;\">\n<div class=\"w-tabs-section-header\">\n<div class=\"w-tabs-section-icon\"><\/div>\n<h4 class=\"w-tabs-section-title\">13:40 \u2013 14:30 Sesiune de dezbateri \u201cProvoc\u0103ri \u00een educa\u021bie. Abordare strategic\u0103 pentru cre\u0219terea performan\u021bei \u00een educa\u021bie\u201d<\/h4>\n<div class=\"w-tabs-section-control\"><i class=\"fa fa-angle-down\"><\/i><\/div>\n<\/div>\n<div class=\"w-tabs-section-content\">\n<div class=\"w-tabs-section-content-h\">\n<div class=\"wpb_text_column \">\n<div class=\"wpb_wrapper\">\n<p>Participan\u021bi:<\/p>\n<ul>\n<li><strong>Ligia Deca<\/strong>, Consilier de Stat \u2013 Departamentul Educa\u021bie \u0219i Cercetare<\/li>\n<li><strong>Maria Gheorghiu<\/strong>, Co-fondator \u0219i Director Executiv, Asocia\u021bia OvidiuRo<\/li>\n<li><strong>Neli Koleva<\/strong>, Chief Officer of Public Partnerships, Teach for Bulgaria<\/li>\n<li><strong>Adrian B\u0103rbulescu <\/strong>\u2013&nbsp;Director Direc\u021bia \u00cenv\u0103\u021b\u0103m\u00e2nt Liceal \u0219i Profesional, Ministerul Educa\u021biei Na\u021bionale<\/li>\n<li><strong>Aura Stan<\/strong>, Chief Program Officer, Teach for Romania<\/li>\n<\/ul>\n<p>Sesiune moderat\u0103 de <strong>Sorana St\u0103nescu<\/strong>, Managing Editor DOR (Dec\u00e2t o Revist\u0103)<\/p>\n<\/div>\n<\/div>\n<\/div>\n<\/div>\n<\/div>\n<div class=\"w-tabs-section color_custom\" style=\"background-color: #33a9d9; color: #ffffff;\">\n<div class=\"w-tabs-section-header\">\n<div class=\"w-tabs-section-icon\"><\/div>\n<h4 class=\"w-tabs-section-title\">14:30 \u2013 14:50 Discurs Wendy Kopp, CEO \u0219i Co-fondator Teach For All<\/h4>\n<div class=\"w-tabs-section-control\"><i class=\"fa fa-angle-down\"><\/i><\/div>\n<\/div>\n<div class=\"w-tabs-section-content\">\n<div class=\"w-tabs-section-content-h\"><\/div>\n<\/div>\n<\/div>\n<div class=\"w-tabs-section color_custom\" style=\"background-color: #33a9d9; color: #ffffff;\">\n<div class=\"w-tabs-section-header\">\n<div class=\"w-tabs-section-icon\"><\/div>\n<h4 class=\"w-tabs-section-title\">14:50 \u2013 15:15 Discurs Corina Puiu, Co-fondator \u0219i Director General Teach for Romania, \u0219i \u00eenchiderea sec\u021biunii principale<\/h4>\n<div class=\"w-tabs-section-control\"><i class=\"fa fa-angle-down\"><\/i><\/div>\n<\/div>\n<div class=\"w-tabs-section-content\">\n<div class=\"w-tabs-section-content-h\"><\/div>\n<\/div>\n<\/div>\n<div class=\"w-tabs-section color_custom\" style=\"background-color: #33a9d9; color: #ffffff;\">\n<div class=\"w-tabs-section-header\">\n<div class=\"w-tabs-section-icon\"><\/div>\n<h4 class=\"w-tabs-section-title\">15:15 \u2013 17:00 Market Place \u0219i spa\u021biu de conexiune cu beneficiarii programului Teach for Romania<\/h4>\n<div class=\"w-tabs-section-control\"><i class=\"fa fa-angle-down\"><\/i><\/div>\n<\/div>\n<div class=\"w-tabs-section-content\">\n<div class=\"w-tabs-section-content-h\">\n<div class=\"wpb_text_column \">\n<div class=\"wpb_wrapper\">\n\t\t\t<strong>O pia\u0163\u0103 <\/strong>care aduce \u00eempreun\u0103 min\u0163i \u015fi suflete. <strong>Un spa\u0163iu<\/strong> \u00een care aducem \u00eempreun\u0103 oameni care au ceva de oferit \u015fi ceva de primit: atunci c\u00e2nd suntem cu to\u0163ii interconecta\u0163i, putem \u00eenainta mai repede \u015fi sustenabil, pun\u00e2nd resursele noastre \u00eempreun\u0103.<\/p>\n<p>Participan\u021bi:<\/p>\n<ul>\n<li>Profesori sus\u021binu\u021bi de <em>Teach for Romania<\/em><\/li>\n<li>Elevi<\/li>\n<li>Alumni <em>Teach for Romania<\/em><\/li>\n<li>Echipa de program a Teach for Romania<\/li>\n<li>Echipa de dezvoltare a Teach for Romania<\/li>\n<li>To\u021bi participan\u021bii la eveniment<\/li>\n<\/ul>\n<\/div>\n<\/div>\n<\/div>\n<\/div>\n<\/div>\n<div class=\"w-tabs-section color_custom\" style=\"background-color: #33a9d9; color: #ffffff;\">\n<div class=\"w-tabs-section-header\">\n<div class=\"w-tabs-section-icon\"><\/div>\n<h4 class=\"w-tabs-section-title\">15:30 \u2013 16:15 Sesiune de \u00eentreb\u0103ri \u0219i r\u0103spunsuri cu Wendy Kopp \u0219i Corina Puiu<\/h4>\n<div class=\"w-tabs-section-control\"><i class=\"fa fa-angle-down\"><\/i><\/div>\n<\/div>\n<div class=\"w-tabs-section-content\">\n<div class=\"w-tabs-section-content-h\">\n<div class=\"wpb_text_column \">\n<div class=\"wpb_wrapper\">\n<p>Sesiune moderat\u0103 de <strong>Marius \u0218tefan<\/strong> \u2013 CEO Autonom Rent-a-car \u0219i membru \u00een BoA la Teach for Romania<\/p>\n<\/div>\n<\/div>\n<\/div>\n<\/div>\n<\/div>\n<div class=\"w-tabs-section color_custom\" style=\"background-color: #33a9d9; color: #ffffff;\">\n<div class=\"w-tabs-section-header\">\n<div class=\"w-tabs-section-icon\"><\/div>\n<h4 class=\"w-tabs-section-title\">15:15 \u2013 17:30 Eveniment de exploatare al proiectului \u201eA New Way for New Talents in Teaching\u201d (NEWTT)<\/h4>\n<div class=\"w-tabs-section-control\"><i class=\"fa fa-angle-down\"><\/i><\/div>\n<\/div>\n<div class=\"w-tabs-section-content\">\n<div class=\"w-tabs-section-content-h\">\n<div class=\"wpb_text_column \">\n<div class=\"wpb_wrapper\">\n<p>Agenda:<\/p>\n<ul>\n<li>Transfer Ibis Parlament.<\/li>\n<li>Cercetare NEWTT. Consor\u021biul european. Parteneriatul na\u021bional NEWTT.<\/li>\n<li>Workshop, m\u0103suri exploatare.<\/li>\n<\/ul>\n<p>Vorbitori din partea consor\u021biului:<\/p>\n<ul>\n<li>Neli Koleva \u2013 <span lang=\"RO\">Director Parteneriate Publice, Teach for Bulgaria \u0219i<\/span><span lang=\"RO\">&nbsp;<\/span><span lang=\"RO\">Coordonator consor\u021biu NEWTT<\/span>;<\/li>\n<li>Cosmina Mironov \u2013&nbsp;Conferen\u021biar Universitar Doctor, Facultatea de Psihologie \u0219i \u0218tiin\u021bele Educa\u021biei, Universitatea din Bucure\u0219ti \u0219i Manager Proiect NEWTT, FPSE<\/li>\n<li>Eva Anderson \u2013 Cercet\u0103tor \u00een cadrul echipei de cercet\u0103tori \u0219i evaluatori ai Universit\u0103\u021bii&nbsp;Duisburg&nbsp;\u2013 Essen, pentru NEWTT;<\/li>\n<li>Adrian B\u0103rbulescu \u2013 &nbsp;Director Direc\u021bia \u00cenv\u0103\u021b\u0103m\u00e2nt Liceal \u0219i Profesional, Ministerul Educa\u021biei Na\u021bionale \u0219i Manager Proiect NEWTT, MEN<\/li>\n<li>Adriana Sum\u0103naru \u2013 Manager Fonduri Publice \u0219i Funda\u021bii, Teach for Romania \u0219i Manager parteneri na\u021bionali NEWTT.<\/li>\n<\/ul>\n<\/div>\n<\/div>\n<\/div>\n<\/div>\n<\/div>\n<\/div>\n<\/div>\n<\/div>\n<div class=\"g-cols offset_default\">\n<div class=\"full-width\">\n<div class=\"g-hr\">\n\t\t\t\t\t\t<span class=\"g-hr-h\"><br \/>\n<i class=\"fa fa-book\"><\/i><br \/>\n<\/span><\/div>\n<div class=\"wpb_text_column \">\n<div class=\"wpb_wrapper\">\n<h1 style=\"text-align: center;\">Iat\u0103 cine au fost vorbitorii din cadrul evenimentului!<\/h1>\n<\/div>\n<\/div>\n<div class=\"vc_empty_space\" style=\"height: 32px\"><span class=\"vc_empty_space_inner\"><\/span><\/div>\n<\/div>\n<\/div>\n<div class=\"g-cols offset_default\">\n<div class=\"one-quarter\">\n<div class=\"w-team\">\n<div class=\"w-team-image\">\n\t\t\t\t\t\t\t<img decoding=\"async\" src=\"https:\/\/teachforromania.org\/wp-content\/uploads\/ki.jpg\" alt=\"\"><\/p>\n<\/div>\n<div class=\"w-team-content\">\n<h4 class=\"w-team-name\"><span>Klaus Iohannis<\/span><\/h4>\n<div class=\"w-team-role\">Pre\u0219edintele Rom\u00e2niei<\/div>\n<div class=\"w-team-description\"><\/div>\n<\/div>\n<\/div>\n<\/div>\n<div class=\"one-quarter\">\n<div class=\"w-team\">\n<div class=\"w-team-image\">\n\t\t\t\t\t\t\t<img decoding=\"async\" src=\"https:\/\/teachforromania.org\/wp-content\/uploads\/Capture8.png\" alt=\"\"><\/p>\n<\/div>\n<div class=\"w-team-content\">\n<h4 class=\"w-team-name\"><span>Wendy Kopp<\/span><\/h4>\n<div class=\"w-team-role\">CEO &amp; Co-fondator Teach For All<\/div>\n<div class=\"w-team-description\"><\/div>\n<\/div>\n<\/div>\n<\/div>\n<div class=\"one-quarter\">\n<div class=\"w-team\">\n<div class=\"w-team-image\">\n\t\t\t\t\t\t\t<img decoding=\"async\" src=\"https:\/\/teachforromania.org\/wp-content\/uploads\/Corina-Puiu1.jpg\" alt=\"\"><\/p>\n<\/div>\n<div class=\"w-team-content\">\n<h4 class=\"w-team-name\"><span>Corina Puiu<\/span><\/h4>\n<div class=\"w-team-role\">CEO &amp; Co-fondator Teach for Romania<\/div>\n<div class=\"w-team-description\"><\/div>\n<\/div>\n<\/div>\n<\/div>\n<div class=\"one-quarter\">\n<div class=\"w-team\">\n<div class=\"w-team-image\">\n\t\t\t\t\t\t\t<img decoding=\"async\" src=\"https:\/\/teachforromania.org\/wp-content\/uploads\/Neli_Conf_2017.jpg\" alt=\"\"><\/p>\n<\/div>\n<div class=\"w-team-content\">\n<h4 class=\"w-team-name\"><span>Neli Koleva<\/span><\/h4>\n<div class=\"w-team-role\">Director Parteneriate Publice, Teach for Bulgaria<\/div>\n<div class=\"w-team-description\"><\/div>\n<\/div>\n<\/div>\n<\/div>\n<\/div>\n<div class=\"g-cols offset_default\">\n<div class=\"one-quarter\">\n<div class=\"w-team\">\n<div class=\"w-team-image\">\n\t\t\t\t\t\t\t<img decoding=\"async\" src=\"https:\/\/teachforromania.org\/wp-content\/uploads\/ligia.jpg\" alt=\"\"><\/p>\n<\/div>\n<div class=\"w-team-content\">\n<h4 class=\"w-team-name\"><span>Ligia Deca<\/span><\/h4>\n<div class=\"w-team-role\">Consilier de Stat &#8211; Departamentul Educa\u021bie \u0219i Cercetare<\/div>\n<div class=\"w-team-description\"><\/div>\n<\/div>\n<\/div>\n<\/div>\n<div class=\"one-quarter\">\n<div class=\"w-team\">\n<div class=\"w-team-image\">\n\t\t\t\t\t\t\t<img decoding=\"async\" src=\"https:\/\/teachforromania.org\/wp-content\/uploads\/cosmina.mironov.jpg\" alt=\"\"><\/p>\n<\/div>\n<div class=\"w-team-content\">\n<h4 class=\"w-team-name\"><span>Cosmina Mironov<\/span><\/h4>\n<div class=\"w-team-role\">Conferen\u021biar Universitar Doctor, FPSE, Universitatea din Bucure\u0219ti<\/div>\n<div class=\"w-team-description\"><\/div>\n<\/div>\n<\/div>\n<\/div>\n<div class=\"one-quarter\">\n<div class=\"w-team\">\n<div class=\"w-team-image\">\n\t\t\t\t\t\t\t<img decoding=\"async\" src=\"https:\/\/teachforromania.org\/wp-content\/uploads\/aura-stan.jpg\" alt=\"\"><\/p>\n<\/div>\n<div class=\"w-team-content\">\n<h4 class=\"w-team-name\"><span>Aura Stan<\/span><\/h4>\n<div class=\"w-team-role\">Chief Program Officer Teach for Romania<\/div>\n<div class=\"w-team-description\"><\/div>\n<\/div>\n<\/div>\n<\/div>\n<div class=\"one-quarter\">\n<div class=\"w-team\">\n<div class=\"w-team-image\">\n\t\t\t\t\t\t\t<img decoding=\"async\" src=\"https:\/\/teachforromania.org\/wp-content\/uploads\/Eva_Anderson-Park16_resized_20181021_014148199.jpg\" alt=\"\"><\/p>\n<\/div>\n<div class=\"w-team-content\">\n<h4 class=\"w-team-name\"><span>Eva Anderson<\/span><\/h4>\n<div class=\"w-team-role\">Researcher on the NEWTT Evaluation Team, for University of Duisburg &#8211; Essen<\/div>\n<div class=\"w-team-description\"><\/div>\n<\/div>\n<\/div>\n<\/div>\n<\/div>\n<div class=\"g-cols offset_default\">\n<div class=\"one-quarter\">\n<div class=\"w-team\">\n<div class=\"w-team-image\">\n\t\t\t\t\t\t\t<img decoding=\"async\" src=\"https:\/\/teachforromania.org\/wp-content\/uploads\/Capture11.png\" alt=\"\"><\/p>\n<\/div>\n<div class=\"w-team-content\">\n<h4 class=\"w-team-name\"><span>Virgil Ian\u021bu<\/span><\/h4>\n<div class=\"w-team-role\"><\/div>\n<div class=\"w-team-description\">\n<p>Moderator<\/p>\n<\/div>\n<\/div>\n<\/div>\n<\/div>\n<div class=\"one-quarter\">\n<div class=\"w-team\">\n<div class=\"w-team-image\">\n\t\t\t\t\t\t\t<img decoding=\"async\" src=\"https:\/\/teachforromania.org\/wp-content\/uploads\/Capture9.png\" alt=\"\"><\/p>\n<\/div>\n<div class=\"w-team-content\">\n<h4 class=\"w-team-name\"><span>Sorana St\u0103nescu<\/span><\/h4>\n<div class=\"w-team-role\">Managing Editor DOR (Dec\u00e2t o Revist\u0103)<\/div>\n<div class=\"w-team-description\">\n<p>Moderator panel<\/p>\n<\/div>\n<\/div>\n<\/div>\n<\/div>\n<div class=\"one-quarter\">\n<div class=\"w-team\">\n<div class=\"w-team-image\">\n\t\t\t\t\t\t\t<img decoding=\"async\" src=\"https:\/\/teachforromania.org\/wp-content\/uploads\/Marius-Stefan_13.jpg\" alt=\"\"><\/p>\n<\/div>\n<div class=\"w-team-content\">\n<h4 class=\"w-team-name\"><span>Marius \u0218tefan<\/span><\/h4>\n<div class=\"w-team-role\">CEO Autonom Rent-a-car; Board Member &#8211; Teach for Romania<\/div>\n<div class=\"w-team-description\">\n<p>Moderator Q&amp;A<\/p>\n<\/div>\n<\/div>\n<\/div>\n<\/div>\n<div class=\"one-quarter\">\n<div class=\"w-team\">\n<div class=\"w-team-image\">\n\t\t\t\t\t\t\t<img decoding=\"async\" src=\"https:\/\/teachforromania.org\/wp-content\/uploads\/adriana-sumanaru.jpg\" alt=\"\"><\/p>\n<\/div>\n<div class=\"w-team-content\">\n<h4 class=\"w-team-name\"><span>Adriana Sum\u0103naru<\/span><\/h4>\n<div class=\"w-team-role\">Project Manager NEWTT<\/div>\n<div class=\"w-team-description\"><\/div>\n<\/div>\n<\/div>\n<\/div>\n<\/div>\n<div class=\"g-cols offset_default\">\n<div class=\"one-quarter\">\n<div class=\"w-team\">\n<div class=\"w-team-image\">\n\t\t\t\t\t\t\t<img decoding=\"async\" src=\"https:\/\/teachforromania.org\/wp-content\/uploads\/maria-gheorghiu.jpg\" alt=\"\"><\/p>\n<\/div>\n<div class=\"w-team-content\">\n<h4 class=\"w-team-name\"><span>Maria Gheorghiu<\/span><\/h4>\n<div class=\"w-team-role\">Cofondator \u0219i Director Executiv la Asocia\u021bia OvidiuRo<\/div>\n<div class=\"w-team-description\"><\/div>\n<\/div>\n<\/div>\n<\/div>\n<div class=\"one-quarter\">\n<div class=\"w-team\">\n<div class=\"w-team-image\">\n\t\t\t\t\t\t\t<img decoding=\"async\" src=\"https:\/\/teachforromania.org\/wp-content\/uploads\/adrian-barbulescu.jpg\" alt=\"\"><\/p>\n<\/div>\n<div class=\"w-team-content\">\n<h4 class=\"w-team-name\"><span>Adrian B\u0103rbulescu<\/span><\/h4>\n<div class=\"w-team-role\">Director Direc\u021bia \u00cenv\u0103\u021b\u0103m\u00e2nt Liceal \u0219i Profesional<\/div>\n<div class=\"w-team-description\"><\/div>\n<\/div>\n<\/div>\n<\/div>\n<div class=\"one-quarter\"><\/div>\n<\/div>\n<div class=\"g-cols offset_default\">\n<div class=\"full-width\">\n<div class=\"g-hr\">\n\t\t\t\t\t\t<span class=\"g-hr-h\"><br \/>\n<i class=\"fa fa-book\"><\/i><br \/>\n<\/span><\/div>\n<\/div>\n<\/div>\n<div class=\"g-cols offset_default\">\n<div class=\"full-width\"><span class=\"wpb_button align_center\"><a href=\"http:\/\/teachforromania.org\/educatia-rescrie-povestea\/\" target=\"_blank\" class=\"g-btn color_primary outlined\" rel=\"noopener\"><span>Iat\u0103 cum a fost edi\u021bia din 2017<\/span><\/a><\/span><\/p>\n<div class=\"vc_empty_space\" style=\"height: 32px\"><span class=\"vc_empty_space_inner\"><\/span><\/div>\n<\/div>\n<\/div>\n<div class=\"g-cols offset_default\">\n<div class=\"full-width\">\n<div class=\"wpb_text_column \">\n<div class=\"wpb_wrapper\">\n<h1>Parteneri strategici \u00een misiunea noastr\u0103<\/h1>\n<\/div>\n<\/div>\n<div class=\"vc_empty_space\" style=\"height: 32px\"><span class=\"vc_empty_space_inner\"><\/span><\/div>\n<\/div>\n<\/div>\n<div class=\"g-cols offset_default\">\n<div class=\"one-sixth\">\n<div class=\"wpb_single_image wpb_content_element\">\n<div class=\"wpb_wrapper\">\n\t\t\t<img loading=\"lazy\" decoding=\"async\" width=\"1754\" height=\"623\" src=\"https:\/\/teachforromania.org\/wp-content\/uploads\/logo-erasmus-romana-vectorial-01.png\" class=\"attachment-full size-full\" alt=\"\" loading=\"lazy\" srcset=\"https:\/\/teachforromania.org\/wp-content\/uploads\/logo-erasmus-romana-vectorial-01.png 1754w, https:\/\/teachforromania.org\/wp-content\/uploads\/logo-erasmus-romana-vectorial-01-300x106.png 300w, https:\/\/teachforromania.org\/wp-content\/uploads\/logo-erasmus-romana-vectorial-01-1024x363.png 1024w, https:\/\/teachforromania.org\/wp-content\/uploads\/logo-erasmus-romana-vectorial-01-600x213.png 600w, https:\/\/teachforromania.org\/wp-content\/uploads\/logo-erasmus-romana-vectorial-01-150x53.png 150w\" sizes=\"auto, (max-width: 1754px) 100vw, 1754px\"><\/div>\n<\/div>\n<\/div>\n<div class=\"one-sixth\">\n<div class=\"wpb_single_image wpb_content_element\">\n<div class=\"wpb_wrapper\">\n\t\t\t<img loading=\"lazy\" decoding=\"async\" width=\"150\" height=\"150\" src=\"https:\/\/teachforromania.org\/wp-content\/uploads\/logo-NEWTT-03-150x150.png\" class=\"attachment-thumbnail size-thumbnail\" alt=\"\" loading=\"lazy\" srcset=\"https:\/\/teachforromania.org\/wp-content\/uploads\/logo-NEWTT-03-150x150.png 150w, https:\/\/teachforromania.org\/wp-content\/uploads\/logo-NEWTT-03-600x600.png 600w, https:\/\/teachforromania.org\/wp-content\/uploads\/logo-NEWTT-03-350x350.png 350w, https:\/\/teachforromania.org\/wp-content\/uploads\/logo-NEWTT-03-300x300.png 300w\" sizes=\"auto, (max-width: 150px) 100vw, 150px\"><\/div>\n<\/div>\n<\/div>\n<div class=\"one-sixth\">\n<div class=\"wpb_single_image wpb_content_element\">\n<div class=\"wpb_wrapper\">\n\t\t\t<a href=\"http:\/\/teachforall.org\" target=\"_blank\" rel=\"noopener\"><img loading=\"lazy\" decoding=\"async\" width=\"748\" height=\"196\" src=\"https:\/\/teachforromania.org\/wp-content\/uploads\/698995257C10B3C670960034EFFA286A.png\" class=\"attachment-full size-full\" alt=\"\" loading=\"lazy\" srcset=\"https:\/\/teachforromania.org\/wp-content\/uploads\/698995257C10B3C670960034EFFA286A.png 748w, https:\/\/teachforromania.org\/wp-content\/uploads\/698995257C10B3C670960034EFFA286A-300x78.png 300w, https:\/\/teachforromania.org\/wp-content\/uploads\/698995257C10B3C670960034EFFA286A-600x157.png 600w, https:\/\/teachforromania.org\/wp-content\/uploads\/698995257C10B3C670960034EFFA286A-150x39.png 150w\" sizes=\"auto, (max-width: 748px) 100vw, 748px\"><\/a><\/div>\n<\/div>\n<\/div>\n<div class=\"one-sixth\">\n<div class=\"wpb_single_image wpb_content_element\">\n<div class=\"wpb_wrapper\">\n\t\t\t<img loading=\"lazy\" decoding=\"async\" width=\"300\" height=\"234\" src=\"https:\/\/teachforromania.org\/wp-content\/uploads\/RAF_logo-300x234.jpg\" class=\"attachment-medium size-medium\" alt=\"\" loading=\"lazy\" srcset=\"https:\/\/teachforromania.org\/wp-content\/uploads\/RAF_logo-300x234.jpg 300w, https:\/\/teachforromania.org\/wp-content\/uploads\/RAF_logo-1024x800.jpg 1024w, https:\/\/teachforromania.org\/wp-content\/uploads\/RAF_logo-600x469.jpg 600w, https:\/\/teachforromania.org\/wp-content\/uploads\/RAF_logo-150x117.jpg 150w, https:\/\/teachforromania.org\/wp-content\/uploads\/RAF_logo-255x200.jpg 255w, https:\/\/teachforromania.org\/wp-content\/uploads\/RAF_logo.jpg 1949w\" sizes=\"auto, (max-width: 300px) 100vw, 300px\"><\/div>\n<\/div>\n<\/div>\n<div class=\"one-sixth\">\n<div class=\"wpb_single_image wpb_content_element\">\n<div class=\"wpb_wrapper\">\n\t\t\t<img loading=\"lazy\" decoding=\"async\" width=\"152\" height=\"150\" src=\"https:\/\/teachforromania.org\/wp-content\/uploads\/logo-LIDL-png1-e1506519260260.png\" class=\"attachment-full size-full\" alt=\"\" loading=\"lazy\"><\/div>\n<\/div>\n<\/div>\n<div class=\"one-sixth\"><\/div>\n<\/div>\n<div class=\"g-cols offset_default\">\n<div class=\"full-width\">\n<div class=\"vc_empty_space\" style=\"height: 32px\"><span class=\"vc_empty_space_inner\"><\/span><\/div>\n<div class=\"wpb_text_column \">\n<div class=\"wpb_wrapper\">\n<h1>Sus\u021bin\u0103torii conferin\u021bei<\/h1>\n<\/div>\n<\/div>\n<div class=\"vc_empty_space\" style=\"height: 32px\"><span class=\"vc_empty_space_inner\"><\/span><\/div>\n<\/div>\n<\/div>\n<div class=\"g-cols offset_default\">\n<div class=\"one-quarter\">\n<div class=\"wpb_single_image wpb_content_element\">\n<div class=\"wpb_wrapper\">\n\t\t\t<a href=\"https:\/\/www.cohnandjansen.ro\/\" target=\"_blank\" rel=\"noopener\"><img loading=\"lazy\" decoding=\"async\" width=\"959\" height=\"567\" src=\"https:\/\/teachforromania.org\/wp-content\/uploads\/J_Walter_Thompson_JWT_LogoSig_CohnJansen_VERT_RGB-no-background.png\" class=\"attachment-full size-full\" alt=\"\" loading=\"lazy\" srcset=\"https:\/\/teachforromania.org\/wp-content\/uploads\/J_Walter_Thompson_JWT_LogoSig_CohnJansen_VERT_RGB-no-background.png 959w, https:\/\/teachforromania.org\/wp-content\/uploads\/J_Walter_Thompson_JWT_LogoSig_CohnJansen_VERT_RGB-no-background-300x177.png 300w, https:\/\/teachforromania.org\/wp-content\/uploads\/J_Walter_Thompson_JWT_LogoSig_CohnJansen_VERT_RGB-no-background-600x354.png 600w, https:\/\/teachforromania.org\/wp-content\/uploads\/J_Walter_Thompson_JWT_LogoSig_CohnJansen_VERT_RGB-no-background-150x88.png 150w\" sizes=\"auto, (max-width: 959px) 100vw, 959px\"><\/a><\/div>\n<\/div>\n<\/div>\n<div class=\"one-quarter\">\n<div class=\"wpb_single_image wpb_content_element\">\n<div class=\"wpb_wrapper\">\n\t\t\t<a href=\"www.bcr.ro\" target=\"_blank\" rel=\"noopener\"><img loading=\"lazy\" decoding=\"async\" width=\"190\" height=\"150\" src=\"https:\/\/teachforromania.org\/wp-content\/uploads\/bcr1.png\" class=\"attachment-full size-full\" alt=\"BCR\" loading=\"lazy\" srcset=\"https:\/\/teachforromania.org\/wp-content\/uploads\/bcr1.png 190w, https:\/\/teachforromania.org\/wp-content\/uploads\/bcr1-150x118.png 150w\" sizes=\"auto, (max-width: 190px) 100vw, 190px\"><\/a><\/div>\n<\/div>\n<\/div>\n<div class=\"one-quarter\">\n<div class=\"wpb_single_image wpb_content_element\">\n<div class=\"wpb_wrapper\">\n\t\t\t<a href=\"http:\/\/www.edituracorint.ro\/\" target=\"_blank\" rel=\"noopener\"><img loading=\"lazy\" decoding=\"async\" width=\"642\" height=\"317\" src=\"https:\/\/teachforromania.org\/wp-content\/uploads\/corint.jpg\" class=\"attachment-full size-full\" alt=\"\" loading=\"lazy\" srcset=\"https:\/\/teachforromania.org\/wp-content\/uploads\/corint.jpg 642w, https:\/\/teachforromania.org\/wp-content\/uploads\/corint-300x148.jpg 300w, https:\/\/teachforromania.org\/wp-content\/uploads\/corint-600x296.jpg 600w, https:\/\/teachforromania.org\/wp-content\/uploads\/corint-150x74.jpg 150w\" sizes=\"auto, (max-width: 642px) 100vw, 642px\"><\/a><\/div>\n<\/div>\n<\/div>\n<div class=\"one-quarter\">\n<div class=\"wpb_single_image wpb_content_element\">\n<div class=\"wpb_wrapper\">\n\t\t\t<a href=\"https:\/\/www.guerrillaradio.ro\/\" target=\"_blank\" rel=\"noopener\"><img loading=\"lazy\" decoding=\"async\" width=\"150\" height=\"150\" src=\"https:\/\/teachforromania.org\/wp-content\/uploads\/Guerrilla-nou-logo-150x150.png\" class=\"attachment-thumbnail size-thumbnail\" alt=\"\" loading=\"lazy\" srcset=\"https:\/\/teachforromania.org\/wp-content\/uploads\/Guerrilla-nou-logo-150x149.png 150w, https:\/\/teachforromania.org\/wp-content\/uploads\/Guerrilla-nou-logo-300x299.png 300w, https:\/\/teachforromania.org\/wp-content\/uploads\/Guerrilla-nou-logo-1024x1024.png 1024w, https:\/\/teachforromania.org\/wp-content\/uploads\/Guerrilla-nou-logo-600x599.png 600w, https:\/\/teachforromania.org\/wp-content\/uploads\/Guerrilla-nou-logo-350x350.png 350w, https:\/\/teachforromania.org\/wp-content\/uploads\/Guerrilla-nou-logo-200x200.png 200w, https:\/\/teachforromania.org\/wp-content\/uploads\/Guerrilla-nou-logo.png 1860w\" sizes=\"auto, (max-width: 150px) 100vw, 150px\"><\/a><\/div>\n<\/div>\n<\/div>\n<\/div>\n<div class=\"g-cols offset_default\">\n<div class=\"full-width\">\n<div class=\"vc_empty_space\" style=\"height: 32px\"><span class=\"vc_empty_space_inner\"><\/span><\/div>\n<div class=\"vc_empty_space\" style=\"height: 32px\"><span class=\"vc_empty_space_inner\"><\/span><\/div>\n<\/div>\n<\/div>\n<\/div>\n<\/div>\n","protected":false},"excerpt":{"rendered":"<p>Home De 5 ani, educa\u021bia rescrie povestea De 5 ani, rescriem pove\u0219ti de via\u021b\u0103 prin educa\u021bie de calitate. \u201eTeach for Romania \u00eenseamn\u0103 doar o m\u00e2n\u0103 de oameni, dar o m\u00e2n\u0103 de oameni care a reu\u0219it s\u0103 preg\u0103teasc\u0103 \u00een doar 5 ani peste 7000 de copii. Nu pot s\u0103 nu m\u0103 g\u00e2ndesc la c\u00e2te lucruri minunate [&hellip;]<\/p>\n","protected":false},"author":1,"featured_media":0,"parent":0,"menu_order":0,"comment_status":"closed","ping_status":"closed","template":"","meta":{"_acf_changed":false,"footnotes":""},"class_list":["post-4433","page","type-page","status-publish","hentry"],"acf":[],"_links":{"self":[{"href":"https:\/\/teachforromania.org\/en\/wp-json\/wp\/v2\/pages\/4433","targetHints":{"allow":["GET"]}}],"collection":[{"href":"https:\/\/teachforromania.org\/en\/wp-json\/wp\/v2\/pages"}],"about":[{"href":"https:\/\/teachforromania.org\/en\/wp-json\/wp\/v2\/types\/page"}],"author":[{"embeddable":true,"href":"https:\/\/teachforromania.org\/en\/wp-json\/wp\/v2\/users\/1"}],"replies":[{"embeddable":true,"href":"https:\/\/teachforromania.org\/en\/wp-json\/wp\/v2\/comments?post=4433"}],"version-history":[{"count":3,"href":"https:\/\/teachforromania.org\/en\/wp-json\/wp\/v2\/pages\/4433\/revisions"}],"predecessor-version":[{"id":4502,"href":"https:\/\/teachforromania.org\/en\/wp-json\/wp\/v2\/pages\/4433\/revisions\/4502"}],"wp:attachment":[{"href":"https:\/\/teachforromania.org\/en\/wp-json\/wp\/v2\/media?parent=4433"}],"curies":[{"name":"wp","href":"https:\/\/api.w.org\/{rel}","templated":true}]}}