{"id":4333,"date":"2022-07-22T08:02:22","date_gmt":"2022-07-22T08:02:22","guid":{"rendered":"https:\/\/teachforromania.org\/?page_id=4333"},"modified":"2022-07-28T06:49:19","modified_gmt":"2022-07-28T06:49:19","slug":"lsa_2015","status":"publish","type":"page","link":"https:\/\/teachforromania.org\/en\/lsa_2015\/","title":{"rendered":"LSA_2015"},"content":{"rendered":"<div class=\"l-main\">\n<div class=\"l-submain\">\n<div class=\"l-submain-h g-html i-cf\">\n<div class=\"g-cols offset_default\">\n<div class=\"full-width\">\n<div class=\"wpb_revslider_element wpb_content_element\"><!-- START REVOLUTION SLIDER 4.6.0 fullwidth mode --><\/p>\n<div id=\"rev_slider_3_1_wrapper\" class=\"rev_slider_wrapper fullwidthbanner-container\" style=\"margin: 0px auto; background-color: rgb(233, 233, 233); padding: 0px; max-height: 350px; height: 0px; overflow: visible;\">\n<div id=\"rev_slider_3_1\" class=\"rev_slider fullwidthabanner revslider-initialised tp-simpleresponsive\" style=\"max-height: 350px; height: 0px;\">\n<ul style=\"display: block; overflow: hidden; width: 100%; height: 100%; max-height: 350px;\">\t<!-- SLIDE  -->\t<\/p>\n<li data-transition=\"slideleft\" data-slotamount=\"7\" data-masterspeed=\"300\" data-fstransition=\"fade\" data-fsmasterspeed=\"100\" data-fsslotamount=\"7\" data-saveperformance=\"off\" style=\"width: 100%; height: 100%; overflow: hidden; z-index: 18; visibility: hidden; opacity: 0;\" class=\"active-revslide\">\t\t<!-- MAIN IMAGE -->\n<div class=\"slotholder\" style=\"width:100%;height:100%;\" data-duration=\"undefined\" data-zoomstart=\"undefined\" data-zoomend=\"undefined\" data-rotationstart=\"undefined\" data-rotationend=\"undefined\" data-ease=\"undefined\" data-bgpositionend=\"undefined\" data-bgposition=\"center top\" data-kenburns=\"undefined\" data-easeme=\"undefined\" data-bgfit=\"cover\" data-bgfitend=\"undefined\" data-owidth=\"undefined\" data-oheight=\"undefined\">\n<div class=\"tp-bgimg defaultimg\" data-lazyload=\"undefined\" data-bgfit=\"cover\" data-bgposition=\"center top\" data-bgrepeat=\"no-repeat\" data-lazydone=\"undefined\" src=\"https:\/\/teachforromania.org\/wp-content\/uploads\/slide11.jpg\" data-src=\"https:\/\/teachforromania.org\/wp-content\/uploads\/slide11.jpg\" style=\"background-color: rgba(0, 0, 0, 0); background-repeat: no-repeat; background-image: url(&quot;https:\/\/teachforromania.org\/wp-content\/uploads\/slide11.jpg&quot;); background-size: cover; background-position: center top; width: 100%; height: 100%; opacity: 0; visibility: hidden;\"><\/div>\n<\/div>\n<p>\t\t<!-- LAYERS -->\t\t<!-- LAYER NR. 1 -->\t\t<\/p>\n<div class=\"tp-caption impreza_white_huge-smaller2b tp-fade tp-resizeme start\" data-x=\"40\" data-y=\"44\" data-speed=\"300\" data-start=\"0\" data-easing=\"Power3.easeInOut\" data-splitin=\"none\" data-splitout=\"none\" data-elementdelay=\"0.1\" data-endelementdelay=\"0.1\" data-endspeed=\"300\" style=\"z-index: 2; white-space: nowrap; transition: all 0s ease 0s; min-height: 0px; min-width: 0px; line-height: 0px; border-width: 0px; margin: 0px; padding: 0px; letter-spacing: 0px; font-size: 0px; left: 0px; top: 0px; visibility: visible; opacity: 0; transform: matrix3d(1, 0, 0, 0, 0, 1, 0, 0, 0, 0, 1, -0.00166, 0, 0, 0, 1);\">Academia de Leadership \u0219i Pedagogie 2015\t\t<\/div>\n<\/li>\n<p>\t<!-- SLIDE  -->\t<\/p>\n<li data-transition=\"slideleft\" data-slotamount=\"7\" data-masterspeed=\"300\" data-saveperformance=\"off\" style=\"width: 100%; height: 100%; overflow: hidden; z-index: 18; visibility: hidden; opacity: 0;\" class=\"active-revslide\">\t\t<!-- MAIN IMAGE -->\n<div class=\"slotholder\" style=\"width:100%;height:100%;\" data-duration=\"undefined\" data-zoomstart=\"undefined\" data-zoomend=\"undefined\" data-rotationstart=\"undefined\" data-rotationend=\"undefined\" data-ease=\"undefined\" data-bgpositionend=\"undefined\" data-bgposition=\"center top\" data-kenburns=\"undefined\" dat<!-- START REVOLUTION SLIDER 4.6.0 fullwidth mode -->\n<ul style=\"display: block; overflow: hidden; width: 100%; height: 100%; max-height: 350px;\">\t<!-- SLIDE  --><\/p>\n<li data-transition=\"slideleft\" data-slotamount=\"7\" data-masterspeed=\"300\" data-fstransition=\"fade\" data-fsmasterspeed=\"100\" data-fsslotamount=\"7\" data-saveperformance=\"off\" style=\"width: 100%; height: 100%; overflow: hidden; z-index: 18; visibility: hidden; opacity: 0;\">\t\t<!-- MAIN IMAGE --><br \/>\n<!-- LAYERS -->\t\t<!-- LAYER NR. 1 --><br \/>\nAcademia de Leadership \u0219i Pedagogie 2015<\/li>\n<p><!-- SLIDE  --><\/p>\n<li data-transition=\"slideleft\" data-slotamount=\"7\" data-masterspeed=\"300\" data-saveperformance=\"off\" style=\"width: 100%; height: 100%; overflow: hidden; z-index: 18; visibility: hidden; opacity: 0;\">\t\t<!-- MAIN IMAGE --><br \/>\n<!-- LAYERS -->\t\t<!-- LAYER NR. 1 --><br \/>\nAcademia de Leadership \u0219i Pedagogie 2015<\/li>\n<p><!-- SLIDE  --><\/p>\n<li data-transition=\"slideleft\" data-slotamount=\"7\" data-masterspeed=\"300\" data-saveperformance=\"off\" style=\"width: 100%; height: 100%; overflow: hidden; z-index: 18; visibility: hidden; opacity: 0;\">\t\t<!-- MAIN IMAGE --><br \/>\n<!-- LAYERS -->\t\t<!-- LAYER NR. 1 --><br \/>\nAcademia de Leadership \u0219i Pedagogie 2015<\/li>\n<p><!-- SLIDE  --><\/p>\n<li data-transition=\"slideleft\" data-slotamount=\"7\" data-masterspeed=\"300\" data-saveperformance=\"off\" style=\"width: 100%; height: 100%; overflow: hidden; z-index: 18; visibility: hidden; opacity: 0;\">\t\t<!-- MAIN IMAGE --><br \/>\n<!-- LAYERS -->\t\t<!-- LAYER NR. 1 --><br \/>\nAcademia de Leadership \u0219i Pedagogie 2015<\/li>\n<p><!-- SLIDE  --><\/p>\n<li data-transition=\"slideleft\" data-slotamount=\"7\" data-masterspeed=\"300\" data-saveperformance=\"off\" style=\"width: 100%; height: 100%; overflow: hidden; visibility: inherit; opacity: 1; z-index: 20;\">\t\t<!-- MAIN IMAGE --><br \/>\n<!-- LAYERS -->\t\t<!-- LAYER NR. 1 --><br \/>\nAcademia de Leadership \u0219i Pedagogie 2015<\/li>\n<\/ul>\n<p><!-- END REVOLUTION SLIDER --><\/p>\n<h1>Iat\u0103 cum a fost Leadership Summer Academy \u00een 2015!<\/h1>\n<p>Despre probleme \u0219i solu\u021bii \u00een educa\u021bie, autocunoa\u0219tere, preg\u0103tire pentru titularizare, leadership \u0219i team coaching, viziunea pentru profesor \u0219i elev, sesiuni de improviza\u021bie, valori, infuzie de energie \u0219i sentimentul c\u0103 impactul \u00een educa\u021bie poate fi atins!<br \/>\nPe 9 iulie 2015, <a href=\"http:\/\/teachforromania.org\/abecedar\">evenimentul oficial de lansare Teach for Romania<\/a> ne-a \u00eent\u0103rit convingerea c\u0103 schimbarea e posibil\u0103!<br \/>\nMul\u021bumiri Elenei Marineci de la <a href=\"http:\/\/lifeafterwork.ro\" target=\"_blank\" rel=\"noopener\">Life After Work<\/a> pentru jocurile de Get to Know Each other, <a href=\"http:\/\/www.mihaelareese.com\" target=\"_blank\" rel=\"noopener\">Mihaela Reese\u200b \u0219i Richard Reese<\/a> pentru sesiunile de leadership \u0219i team coaching, Mihaelei Georgescu, Lumini\u021bei Ciocaru, Claudiei Ionescu \u0219i Laurei Agapin pentru preg\u0103tirea pentru titularizare, <a href=\"#testimoniale2\">Monic\u0103i Anastase<\/a>, <a href=\"#testimoniale2\">Rozanei Radu<\/a> \u0219i lui <a href=\"#testimoniale2\">M\u0103d\u0103lin Mandin<\/a> <a href=\"http:\/\/www.improvisneyland.ro\" target=\"_blank\" rel=\"noopener\">www.improvisneyland.ro<\/a>\u200b pentru inspira\u021bie \u00een sesiunile de improviza\u021bie \u0219i lui <a href=\"http:\/\/www.fitrepublic.ro\u200b\" target=\"_blank\" rel=\"noopener\">Alex \u0219i Chivu<\/a> c\u0103 ne-au ajutat s\u0103 ne men\u021binem \u00een form\u0103.<br \/>\n<a ref=\"magnificPopup\" href=\"https:\/\/teachforromania.org\/wp-content\/uploads\/e_marineci.jpg\" title=\"e_marineci\"><img loading=\"lazy\" decoding=\"async\" src=\"https:\/\/teachforromania.org\/wp-content\/uploads\/e_marineci-300x300.jpg\" alt=\"\" loading=\"lazy\" srcset=\"https:\/\/teachforromania.org\/wp-content\/uploads\/e_marineci-300x300.jpg 300w, https:\/\/teachforromania.org\/wp-content\/uploads\/e_marineci-150x150.jpg 150w, https:\/\/teachforromania.org\/wp-content\/uploads\/e_marineci-600x600.jpg 600w, https:\/\/teachforromania.org\/wp-content\/uploads\/e_marineci-350x350.jpg 350w\" sizes=\"auto, (max-width: 300px) 100vw, 300px\" width=\"300\" height=\"300\"><\/a><a ref=\"magnificPopup\" href=\"https:\/\/teachforromania.org\/wp-content\/uploads\/W1_foto2_ismb.jpg\" title=\"W1_foto2_ismb\"><img loading=\"lazy\" decoding=\"async\" src=\"https:\/\/teachforromania.org\/wp-content\/uploads\/W1_foto2_ismb-300x300.jpg\" alt=\"\" loading=\"lazy\" srcset=\"https:\/\/teachforromania.org\/wp-content\/uploads\/W1_foto2_ismb-300x300.jpg 300w, https:\/\/teachforromania.org\/wp-content\/uploads\/W1_foto2_ismb-150x150.jpg 150w, https:\/\/teachforromania.org\/wp-content\/uploads\/W1_foto2_ismb-600x600.jpg 600w, https:\/\/teachforromania.org\/wp-content\/uploads\/W1_foto2_ismb-350x350.jpg 350w\" sizes=\"auto, (max-width: 300px) 100vw, 300px\" width=\"300\" height=\"300\"><\/a><a ref=\"magnificPopup\" href=\"https:\/\/teachforromania.org\/wp-content\/uploads\/W1_foto3HInv.jpg\" title=\"W1_foto3HInv\"><img loading=\"lazy\" decoding=\"async\" src=\"https:\/\/teachforromania.org\/wp-content\/uploads\/W1_foto3HInv-300x300.jpg\" alt=\"\" loading=\"lazy\" srcset=\"https:\/\/teachforromania.org\/wp-content\/uploads\/W1_foto3HInv-300x300.jpg 300w, https:\/\/teachforromania.org\/wp-content\/uploads\/W1_foto3HInv-150x150.jpg 150w, https:\/\/teachforromania.org\/wp-content\/uploads\/W1_foto3HInv-600x600.jpg 600w, https:\/\/teachforromania.org\/wp-content\/uploads\/W1_foto3HInv-350x350.jpg 350w\" sizes=\"auto, (max-width: 300px) 100vw, 300px\" width=\"300\" height=\"300\"><\/a><a ref=\"magnificPopup\" href=\"https:\/\/teachforromania.org\/wp-content\/uploads\/W1_foto4HInvest.jpg\" title=\"W1_foto4HInvest\"><img loading=\"lazy\" decoding=\"async\" src=\"https:\/\/teachforromania.org\/wp-content\/uploads\/W1_foto4HInvest-300x300.jpg\" alt=\"\" loading=\"lazy\" srcset=\"https:\/\/teachforromania.org\/wp-content\/uploads\/W1_foto4HInvest-300x300.jpg 300w, https:\/\/teachforromania.org\/wp-content\/uploads\/W1_foto4HInvest-150x150.jpg 150w, https:\/\/teachforromania.org\/wp-content\/uploads\/W1_foto4HInvest-600x600.jpg 600w, https:\/\/teachforromania.org\/wp-content\/uploads\/W1_foto4HInvest-350x350.jpg 350w\" sizes=\"auto, (max-width: 300px) 100vw, 300px\" width=\"300\" height=\"300\"><\/a><a ref=\"magnificPopup\" href=\"https:\/\/teachforromania.org\/wp-content\/uploads\/W1_foto5_mreese.jpg\" title=\"W1_foto5_mreese\"><img loading=\"lazy\" decoding=\"async\" src=\"https:\/\/teachforromania.org\/wp-content\/uploads\/W1_foto5_mreese-300x300.jpg\" alt=\"\" loading=\"lazy\" srcset=\"https:\/\/teachforromania.org\/wp-content\/uploads\/W1_foto5_mreese-300x300.jpg 300w, https:\/\/teachforromania.org\/wp-content\/uploads\/W1_foto5_mreese-150x150.jpg 150w, https:\/\/teachforromania.org\/wp-content\/uploads\/W1_foto5_mreese-600x600.jpg 600w, https:\/\/teachforromania.org\/wp-content\/uploads\/W1_foto5_mreese-350x350.jpg 350w\" sizes=\"auto, (max-width: 300px) 100vw, 300px\" width=\"300\" height=\"300\"><\/a><\/p>\n<p style=\"text-align: center; margin-top: 20px;\"><a href=\"https:\/\/www.facebook.com\/teachforromania\/photos_stream?tab=photos_stream\" target=\"_blank\" rel=\"noopener\">Vezi toate pozele pe Facebook<\/a><\/p>\n<h3 style=\"text-align: center;\">LeadershipSummerAcademy2015<\/h3>\n<h3 style=\"text-align: center;\">Prima s\u0103pt\u0103m\u00e2n\u0103<\/h3>\n<h3>Bucure\u0219ti, 5 Iulie \u2013 29 Iulie 2015<\/h3>\n<p><a style=\"color: #ffffff;\" href=\"http:\/\/www.rau.ro\/\" target=\"_blank\" rel=\"noopener\">Universitatea Rom\u00e2no-American\u0103<\/a><\/p>\n<ul>\n<li><a href=\"#saptamana1\">S\u0103pt\u0103m\u00e2na 1<\/a><\/li>\n<li><a href=\"#saptamana2\">S\u0103pt\u0103m\u00e2na 2<\/a><\/li>\n<li><a href=\"#saptamana3\">S\u0103pt\u0103m\u00e2na 3<\/a><\/li>\n<\/ul>\n<h3>Bra\u0219ov-G\u00eercin, 30 iulie \u2013 13 august 2015<\/h3>\n<p>\u0218coala General\u0103 nr.5, S\u0103cele<\/p>\n<ul>\n<li><a href=\"#saptamana4\">S\u0103pt\u0103m\u00e2na 4<\/a><\/li>\n<li><a href=\"#saptamani5-6\">S\u0103pt\u0103m\u00e2nile 5 \u0219i 6<\/a><\/li>\n<\/ul>\n<ul>\n<li><a href=\"#trainers\">Traineri<\/a><\/li>\n<li><a href=\"#participanti\">Ce spun participan\u021bii<\/a><\/li>\n<li><a href=\"http:\/\/teachforromania.org\/parteneri\/cine-ne-sustine\/\">Cine ne sus\u021bine<\/a><\/li>\n<li><a href=\"#presa\">Revista presei<\/a><\/li>\n<\/ul>\n<p style=\"text-align: center; margin: 0;\"><a href=\"http:\/\/stiri.tvr.ro\/campanie-stirile-tvr--fosti-manageri-si-corporatisti--profesori-in-zone-defavorizate_63189_video.html#view\" target=\"_blank\" rel=\"noopener\">Premier\u0103 \u2013 Vizita TVR \u00een LSA<\/a><\/p>\n<p><iframe src=\"\/\/www.youtube.com\/embed\/lV21PFiyX88\" allowfullscreen=\"\" width=\"420\" height=\"315\" frameborder=\"0\"><\/iframe><\/p>\n<h2>LeadershipSummerAcademy2015 \u2013 S\u0103pt\u0103m\u00e2na a 2-a<\/h2>\n<p>Self Situational Leadership cu Viorel Panaite si Georgeta Chirana&nbsp;<a href=\"https:\/\/www.facebook.com\/pages\/Human-Invest\/538813402839730\">Human Invest<\/a>, <a href=\"http:\/\/www.mindful-lifestyle.ro\" target=\"_blank\" rel=\"noopener\">Mindfulness<\/a> cu <a href=\"#testimoniale2\">Vlad Dog\u0103rescu<\/a>, strategii de comunicare cu <a href=\"#testimoniale\">Magda Bunea<\/a> <a href=\"http:\/\/www.coaching2success.blogspot.ro\" target=\"_blank\" rel=\"noopener\">www.coaching2success.blogspot.ro<\/a>,&nbsp;setarea viziunii la clas\u0103 al\u0103turi de Corina Puiu, co-fondatoarea programului \u0219i Marius Bogdan, profesor genera\u021bia 2014, experien\u021be de predare la clas\u0103 \u00eemp\u0103rt\u0103site de colegele noastre din genera\u021bia 2014 \u2013 S\u00eenziana Buliga \u0219i Ramona Diac, teoria comunic\u0103rii \u00een func\u021bie de tipul de personalitate cu <a href=\"#testimoniale\">Paul Olteanu<\/a> <a href=\"http:\/\/www.paulolteanu.ro\" target=\"_blank\" rel=\"noopener\">www.paulolteanu.ro<\/a>, inspira\u021bie, energie \u0219i exuberan\u021b\u0103 cu Improvisneyland. \u0218i nu \u00een ultimul r\u00e2nd, sport cu <a href=\"http:\/\/fitrepublic.ro\/\" target=\"_blank\" rel=\"noopener\">Fit Republic<\/a> \u0219i o surpriz\u0103 numit\u0103 \u201cInside out\u201d.<br \/>\n<a ref=\"magnificPopup\" href=\"https:\/\/teachforromania.org\/wp-content\/uploads\/W2-foto1.jpg\" title=\"W2-foto1\"><img loading=\"lazy\" decoding=\"async\" src=\"https:\/\/teachforromania.org\/wp-content\/uploads\/W2-foto1-300x300.jpg\" alt=\"\" loading=\"lazy\" srcset=\"https:\/\/teachforromania.org\/wp-content\/uploads\/W2-foto1-300x300.jpg 300w, https:\/\/teachforromania.org\/wp-content\/uploads\/W2-foto1-150x150.jpg 150w, https:\/\/teachforromania.org\/wp-content\/uploads\/W2-foto1-600x600.jpg 600w, https:\/\/teachforromania.org\/wp-content\/uploads\/W2-foto1-350x350.jpg 350w\" sizes=\"auto, (max-width: 300px) 100vw, 300px\" width=\"300\" height=\"300\"><\/a><a ref=\"magnificPopup\" href=\"https:\/\/teachforromania.org\/wp-content\/uploads\/W2-foto5imrpo.jpg\" title=\"W2-foto5imrpo\"><img loading=\"lazy\" decoding=\"async\" src=\"https:\/\/teachforromania.org\/wp-content\/uploads\/W2-foto5imrpo-300x300.jpg\" alt=\"\" loading=\"lazy\" srcset=\"https:\/\/teachforromania.org\/wp-content\/uploads\/W2-foto5imrpo-300x300.jpg 300w, https:\/\/teachforromania.org\/wp-content\/uploads\/W2-foto5imrpo-150x150.jpg 150w, https:\/\/teachforromania.org\/wp-content\/uploads\/W2-foto5imrpo-600x600.jpg 600w, https:\/\/teachforromania.org\/wp-content\/uploads\/W2-foto5imrpo-350x350.jpg 350w\" sizes=\"auto, (max-width: 300px) 100vw, 300px\" width=\"300\" height=\"300\"><\/a><a ref=\"magnificPopup\" href=\"https:\/\/teachforromania.org\/wp-content\/uploads\/W2-foto4.jpg\" title=\"W2-foto4\"><img loading=\"lazy\" decoding=\"async\" src=\"https:\/\/teachforromania.org\/wp-content\/uploads\/W2-foto4-300x300.jpg\" alt=\"\" loading=\"lazy\" srcset=\"https:\/\/teachforromania.org\/wp-content\/uploads\/W2-foto4-300x300.jpg 300w, https:\/\/teachforromania.org\/wp-content\/uploads\/W2-foto4-150x150.jpg 150w, https:\/\/teachforromania.org\/wp-content\/uploads\/W2-foto4-600x600.jpg 600w, https:\/\/teachforromania.org\/wp-content\/uploads\/W2-foto4-350x350.jpg 350w\" sizes=\"auto, (max-width: 300px) 100vw, 300px\" width=\"300\" height=\"300\"><\/a><a ref=\"magnificPopup\" href=\"https:\/\/teachforromania.org\/wp-content\/uploads\/W2-foto3.jpg\" title=\"W2-foto3\"><img loading=\"lazy\" decoding=\"async\" src=\"https:\/\/teachforromania.org\/wp-content\/uploads\/W2-foto3-300x300.jpg\" alt=\"\" loading=\"lazy\" srcset=\"https:\/\/teachforromania.org\/wp-content\/uploads\/W2-foto3-300x300.jpg 300w, https:\/\/teachforromania.org\/wp-content\/uploads\/W2-foto3-150x150.jpg 150w, https:\/\/teachforromania.org\/wp-content\/uploads\/W2-foto3-600x600.jpg 600w, https:\/\/teachforromania.org\/wp-content\/uploads\/W2-foto3-350x350.jpg 350w\" sizes=\"auto, (max-width: 300px) 100vw, 300px\" width=\"300\" height=\"300\"><\/a><a ref=\"magnificPopup\" href=\"https:\/\/teachforromania.org\/wp-content\/uploads\/W2-foto2.jpg\" title=\"W2-foto2\"><img loading=\"lazy\" decoding=\"async\" src=\"https:\/\/teachforromania.org\/wp-content\/uploads\/W2-foto2-300x300.jpg\" alt=\"\" loading=\"lazy\" srcset=\"https:\/\/teachforromania.org\/wp-content\/uploads\/W2-foto2-300x300.jpg 300w, https:\/\/teachforromania.org\/wp-content\/uploads\/W2-foto2-150x150.jpg 150w, https:\/\/teachforromania.org\/wp-content\/uploads\/W2-foto2-600x600.jpg 600w, https:\/\/teachforromania.org\/wp-content\/uploads\/W2-foto2-350x350.jpg 350w\" sizes=\"auto, (max-width: 300px) 100vw, 300px\" width=\"300\" height=\"300\"><\/a><\/p>\n<p style=\"text-align: center; margin-top: 20px;\"><a href=\"https:\/\/www.facebook.com\/teachforromania\/photos_stream?tab=photos_stream\" target=\"_blank\" rel=\"noopener\">Vezi toate pozele pe Facebook<\/a><\/p>\n<p><iframe src=\"\/\/www.youtube.com\/embed\/Vn_P8NovTs0\" allowfullscreen=\"\" width=\"420\" height=\"315\" frameborder=\"0\"><\/iframe><\/p>\n<h2>LeadershipSummerAcademy2015 \u2013 S\u0103pt\u0103m\u00e2na a 3-a<\/h2>\n<p>Mul\u021bumim <a href=\"#testimoniale\">Magdei Bunea<\/a> <a href=\"http:\/\/www.coaching2success.blogspot.ro\" target=\"_blank\" rel=\"noopener\">www.coaching2success.blogspot.ro<\/a>, <a href=\"#testimoniale\">Paul Olteanu<\/a> <a href=\"http:\/\/www.paulolteanu.ro\" target=\"_blank\" rel=\"noopener\">www.paulolteanu.ro<\/a>,&nbsp;lui <a href=\"#testimoniale\">Adrian Stanciu<\/a> <a href=\"http:\/\/www.wantedtransformation.ro\" target=\"_blank\" rel=\"noopener\">www.wantedtransformation.ro<\/a>, <a href=\"http:\/\/www.teachforall.org\" target=\"_blank\" rel=\"noopener\">Feliciei Cuesta<\/a>, <a href=\"http:\/\/www.montessoribucuresti.ro\" target=\"_blank\" rel=\"noopener\">Anei Maria Brezniceanu<\/a>, lui <a href=\"http:\/\/www.fitrepublic.ro\" target=\"_blank\" rel=\"noopener\">Alex \u0219i Chivu<\/a> pentru tot ce ne-au d\u0103ruit \u00een cea de a 3-a s\u0103pt\u0103m\u00e2n\u0103 a Academiei de var\u0103!<br \/>\nMul\u021bumim colegelor noastre Nicoleta Topoleanu \u0219i S\u00eenziana Buliga pentru informa\u021biile valoroase pe care ni le-au \u00eemp\u0103rt\u0103\u0219it!<br \/>\nDetalii \u0219i imagini despre toate acestea si despre vizita mai pu\u021bin obi\u0219nuit\u0103 a echipei \u0219tirilor TVR, \u00een filmul al\u0103turat.<br \/>\nMul\u021bumim <a href=\"http:\/\/www.rau.ro\" target=\"_blank\" rel=\"noopener\">Universit\u0103\u021bii Rom\u00e2no-Americane<\/a>, <a href=\"http:\/\/www.zizin.ro\" target=\"_blank\" rel=\"noopener\">Zizin<\/a>, <a href=\"http:\/\/www.papyrus.com\" target=\"_blank\" rel=\"noopener\">Papyrus<\/a>, <a href=\"http:\/\/www.qzine-catering.ro\" target=\"_blank\" rel=\"noopener\">Qzine<\/a>.<br \/>\n<a ref=\"magnificPopup\" href=\"https:\/\/teachforromania.org\/wp-content\/uploads\/W3-foto1_astanciu.jpg\" title=\"W3-foto1_astanciu\"><img loading=\"lazy\" decoding=\"async\" src=\"https:\/\/teachforromania.org\/wp-content\/uploads\/W3-foto1_astanciu-300x300.jpg\" alt=\"\" loading=\"lazy\" srcset=\"https:\/\/teachforromania.org\/wp-content\/uploads\/W3-foto1_astanciu-300x300.jpg 300w, https:\/\/teachforromania.org\/wp-content\/uploads\/W3-foto1_astanciu-150x150.jpg 150w, https:\/\/teachforromania.org\/wp-content\/uploads\/W3-foto1_astanciu-600x600.jpg 600w, https:\/\/teachforromania.org\/wp-content\/uploads\/W3-foto1_astanciu-350x350.jpg 350w\" sizes=\"auto, (max-width: 300px) 100vw, 300px\" width=\"300\" height=\"300\"><\/a><a ref=\"magnificPopup\" href=\"https:\/\/teachforromania.org\/wp-content\/uploads\/W3-foto5.jpg\" title=\"W3-foto5\"><img loading=\"lazy\" decoding=\"async\" src=\"https:\/\/teachforromania.org\/wp-content\/uploads\/W3-foto5-300x300.jpg\" alt=\"\" loading=\"lazy\" srcset=\"https:\/\/teachforromania.org\/wp-content\/uploads\/W3-foto5-300x300.jpg 300w, https:\/\/teachforromania.org\/wp-content\/uploads\/W3-foto5-150x150.jpg 150w, https:\/\/teachforromania.org\/wp-content\/uploads\/W3-foto5-600x600.jpg 600w, https:\/\/teachforromania.org\/wp-content\/uploads\/W3-foto5-350x350.jpg 350w\" sizes=\"auto, (max-width: 300px) 100vw, 300px\" width=\"300\" height=\"300\"><\/a><a ref=\"magnificPopup\" href=\"https:\/\/teachforromania.org\/wp-content\/uploads\/W3-foto3_AB.jpg\" title=\"W3-foto3_AB\"><img loading=\"lazy\" decoding=\"async\" src=\"https:\/\/teachforromania.org\/wp-content\/uploads\/W3-foto3_AB-300x300.jpg\" alt=\"\" loading=\"lazy\" srcset=\"https:\/\/teachforromania.org\/wp-content\/uploads\/W3-foto3_AB-300x300.jpg 300w, https:\/\/teachforromania.org\/wp-content\/uploads\/W3-foto3_AB-150x150.jpg 150w, https:\/\/teachforromania.org\/wp-content\/uploads\/W3-foto3_AB-600x600.jpg 600w, https:\/\/teachforromania.org\/wp-content\/uploads\/W3-foto3_AB-350x350.jpg 350w\" sizes=\"auto, (max-width: 300px) 100vw, 300px\" width=\"300\" height=\"300\"><\/a><a ref=\"magnificPopup\" href=\"https:\/\/teachforromania.org\/wp-content\/uploads\/W3-foto2_FC.jpg\" title=\"W3-foto2_FC\"><img loading=\"lazy\" decoding=\"async\" src=\"https:\/\/teachforromania.org\/wp-content\/uploads\/W3-foto2_FC-300x300.jpg\" alt=\"\" loading=\"lazy\" srcset=\"https:\/\/teachforromania.org\/wp-content\/uploads\/W3-foto2_FC-300x300.jpg 300w, https:\/\/teachforromania.org\/wp-content\/uploads\/W3-foto2_FC-150x150.jpg 150w, https:\/\/teachforromania.org\/wp-content\/uploads\/W3-foto2_FC-600x600.jpg 600w, https:\/\/teachforromania.org\/wp-content\/uploads\/W3-foto2_FC-350x350.jpg 350w\" sizes=\"auto, (max-width: 300px) 100vw, 300px\" width=\"300\" height=\"300\"><\/a><a ref=\"magnificPopup\" href=\"https:\/\/teachforromania.org\/wp-content\/uploads\/W3-foto4_FR.jpg\" title=\"W3-foto4_FR\"><img loading=\"lazy\" decoding=\"async\" src=\"https:\/\/teachforromania.org\/wp-content\/uploads\/W3-foto4_FR-300x300.jpg\" alt=\"\" loading=\"lazy\" srcset=\"https:\/\/teachforromania.org\/wp-content\/uploads\/W3-foto4_FR-300x300.jpg 300w, https:\/\/teachforromania.org\/wp-content\/uploads\/W3-foto4_FR-150x150.jpg 150w, https:\/\/teachforromania.org\/wp-content\/uploads\/W3-foto4_FR-600x600.jpg 600w, https:\/\/teachforromania.org\/wp-content\/uploads\/W3-foto4_FR-350x350.jpg 350w\" sizes=\"auto, (max-width: 300px) 100vw, 300px\" width=\"300\" height=\"300\"><\/a><\/p>\n<p style=\"text-align: center; margin-top: 20px;\"><a href=\"https:\/\/www.facebook.com\/teachforromania\/photos_stream?tab=photos_stream\" target=\"_blank\" rel=\"noopener\">Vezi toate pozele pe Facebook<\/a><\/p>\n<p><iframe src=\"https:\/\/www.youtube.com\/embed\/c-WSEIxNDEY?feature=oembed\" allowfullscreen=\"\" width=\"1500\" height=\"844\" frameborder=\"0\"><\/iframe><\/p>\n<h2>LeadershipSummerAcademy2015 \u2013 S\u0103pt\u0103m\u00e2na a 4-a<\/h2>\n<p>Pentru prima oar\u0103 la catedr\u0103 \u2013 \u00eent\u00e2lnirea de gradul zero \u00eentre profesorii genera\u021biei a doua \u0219i copiii din G\u00eercin s-a consumat cu mult\u0103 emo\u021bie \u0219i bucurie!<br \/>\nAm avut parte de momente \u0219i dialoguri pline de inspira\u021bie \u0219i de haz al\u0103turi de o mul\u021bime de copii minuna\u021bi, de care ne vom aminti cu drag \u0219i cu bucurie mult\u0103 vreme de acum \u00eencolo! Iar dup\u0103 dou\u0103 zile intense de predare la clas\u0103, cu planuri de lec\u021bie, sesiuni de analiz\u0103, feed-back \u0219i autoreflec\u021bie, in weekend am fost din nou elevi! Situa\u021bii inedite, joac\u0103, provocare, conexiune autentic\u0103 cu echipa, adrenalin\u0103, bucurie, entuziasm, \u00eenv\u0103\u021bare, descoperire, aventur\u0103, colaborare! A\u0219a ne-am sim\u021bit \u00een cele dou\u0103 zile de \u201csurvival\u201d\u0219i de testare a sim\u021burilor.<br \/>\nMul\u021bumim prietenilor no\u0219tri de la <a href=\"http:\/\/www.ecoxtrem.ro\/\" target=\"_blank\" rel=\"noopener\">EcoXtrem<\/a> \u2013 Drago\u0219, Paul, R\u0103zvan \u0219i Mihai!<br \/>\nMul\u021bumim copiilor \u0219i comunit\u0103\u021bii din G\u00eercin pentru c\u0103 ne-au primit al\u0103turi de ei!<br \/>\nMul\u021bumim <a href=\"https:\/\/www.vodafone.ro\/despre-noi\/implicare-sociala\/fundatia-vodafone\/\" target=\"_blank\" rel=\"noopener\">Funda\u021biei Vodafone<\/a>, finan\u021batorul Leadership Summer Academy 2015!<br \/>\n<a ref=\"magnificPopup\" href=\"https:\/\/teachforromania.org\/wp-content\/uploads\/sapt4_poza1_.jpg\" title=\"sapt4_poza1_\"><img loading=\"lazy\" decoding=\"async\" src=\"https:\/\/teachforromania.org\/wp-content\/uploads\/sapt4_poza1_-300x300.jpg\" alt=\"\" loading=\"lazy\" srcset=\"https:\/\/teachforromania.org\/wp-content\/uploads\/sapt4_poza1_-300x300.jpg 300w, https:\/\/teachforromania.org\/wp-content\/uploads\/sapt4_poza1_-150x150.jpg 150w, https:\/\/teachforromania.org\/wp-content\/uploads\/sapt4_poza1_-600x600.jpg 600w, https:\/\/teachforromania.org\/wp-content\/uploads\/sapt4_poza1_-350x350.jpg 350w\" sizes=\"auto, (max-width: 300px) 100vw, 300px\" width=\"300\" height=\"300\"><\/a><a ref=\"magnificPopup\" href=\"https:\/\/teachforromania.org\/wp-content\/uploads\/sapt4_poza3.jpg\" title=\"sapt4_poza3\"><img loading=\"lazy\" decoding=\"async\" src=\"https:\/\/teachforromania.org\/wp-content\/uploads\/sapt4_poza3-300x300.jpg\" alt=\"\" loading=\"lazy\" srcset=\"https:\/\/teachforromania.org\/wp-content\/uploads\/sapt4_poza3-300x300.jpg 300w, https:\/\/teachforromania.org\/wp-content\/uploads\/sapt4_poza3-150x150.jpg 150w, https:\/\/teachforromania.org\/wp-content\/uploads\/sapt4_poza3-600x600.jpg 600w, https:\/\/teachforromania.org\/wp-content\/uploads\/sapt4_poza3-350x350.jpg 350w\" sizes=\"auto, (max-width: 300px) 100vw, 300px\" width=\"300\" height=\"300\"><\/a><a ref=\"magnificPopup\" href=\"https:\/\/teachforromania.org\/wp-content\/uploads\/sapt4_poza4.jpg\" title=\"sapt4_poza4\"><img loading=\"lazy\" decoding=\"async\" src=\"https:\/\/teachforromania.org\/wp-content\/uploads\/sapt4_poza4-300x300.jpg\" alt=\"\" loading=\"lazy\" srcset=\"https:\/\/teachforromania.org\/wp-content\/uploads\/sapt4_poza4-300x300.jpg 300w, https:\/\/teachforromania.org\/wp-content\/uploads\/sapt4_poza4-150x150.jpg 150w, https:\/\/teachforromania.org\/wp-content\/uploads\/sapt4_poza4-600x600.jpg 600w, https:\/\/teachforromania.org\/wp-content\/uploads\/sapt4_poza4-350x350.jpg 350w\" sizes=\"auto, (max-width: 300px) 100vw, 300px\" width=\"300\" height=\"300\"><\/a><a ref=\"magnificPopup\" href=\"https:\/\/teachforromania.org\/wp-content\/uploads\/sapt4_poza5_.jpg\" title=\"sapt4_poza5_\"><img loading=\"lazy\" decoding=\"async\" src=\"https:\/\/teachforromania.org\/wp-content\/uploads\/sapt4_poza5_-300x300.jpg\" alt=\"\" loading=\"lazy\" srcset=\"https:\/\/teachforromania.org\/wp-content\/uploads\/sapt4_poza5_-300x300.jpg 300w, https:\/\/teachforromania.org\/wp-content\/uploads\/sapt4_poza5_-150x150.jpg 150w, https:\/\/teachforromania.org\/wp-content\/uploads\/sapt4_poza5_-600x600.jpg 600w, https:\/\/teachforromania.org\/wp-content\/uploads\/sapt4_poza5_-350x350.jpg 350w\" sizes=\"auto, (max-width: 300px) 100vw, 300px\" width=\"300\" height=\"300\"><\/a><a ref=\"magnificPopup\" href=\"https:\/\/teachforromania.org\/wp-content\/uploads\/sapt4_poza5.jpg\" title=\"sapt4_poza5\"><img loading=\"lazy\" decoding=\"async\" src=\"https:\/\/teachforromania.org\/wp-content\/uploads\/sapt4_poza5-300x300.jpg\" alt=\"\" loading=\"lazy\" srcset=\"https:\/\/teachforromania.org\/wp-content\/uploads\/sapt4_poza5-300x300.jpg 300w, https:\/\/teachforromania.org\/wp-content\/uploads\/sapt4_poza5-150x150.jpg 150w, https:\/\/teachforromania.org\/wp-content\/uploads\/sapt4_poza5-600x600.jpg 600w, https:\/\/teachforromania.org\/wp-content\/uploads\/sapt4_poza5-350x350.jpg 350w\" sizes=\"auto, (max-width: 300px) 100vw, 300px\" width=\"300\" height=\"300\"><\/a><\/p>\n<p style=\"text-align: center; margin-top: 20px;\"><a href=\"https:\/\/www.facebook.com\/teachforromania\/photos_stream?tab=photos_stream\" target=\"_blank\" rel=\"noopener\">Vezi toate pozele pe Facebook<\/a><\/p>\n<p><iframe src=\"\/\/www.youtube.com\/embed\/z8hhe1E_6t4\" allowfullscreen=\"\" width=\"420\" height=\"315\" frameborder=\"0\"><\/iframe><\/p>\n<h2>Leadership Summer Academy 2015 \u2013 Dou\u0103 s\u0103pt\u0103m\u00e2ni la G\u00eercin<\/h2>\n<p>\u201eDe ce suntem aici? \u2013 Ca s\u0103 \u00eenv\u0103\u021b\u0103m s\u0103 fim ferici\u021bi!\u201d<br \/>\nAteliere de informatica si calculatoare,&nbsp;inv\u0103\u021bare prin art\u0103, muzica, arte teatrale, fotografie, dezvoltarea g\u00e2ndirii critice, matematic\u0103 aplicat\u0103,&nbsp; \u0219tiin\u021bele naturii, dezvoltare personal\u0103 prin mi\u0219care, acordare a primului ajutor, reciclare creativ\u0103, prima \u0219edin\u021b\u0103 foto cu baloane, rochii croite pe loc, mantii \u0219i e\u0219arfe, 7 prin\u021bese, 3 cowboy, 2 prin\u021bi alba\u0219tri \u0219i o siren\u0103 verde, biblioteca Vie \u2013 unul din cele mai interesante proiecte pentru a-i inspira pe copii, vizita \u00een comunitate \u0219i serbarea de final sunt doar c\u00e2teva din momentele ce au marcat ultimele 2 s\u0103pt\u0103m\u00e2ni ale Academiei de Var\u0103.<br \/>\n\u00cen doar 2 s\u0103pt\u0103m\u00e2ni de lucru cu profesorii \u0219i \u00eenv\u0103\u021b\u0103torii Teach for Romania, copiii au devenit m\u00e2ndri de ei. Pentru c\u0103 noi avem \u00eencredere c\u0103 orice copil poate. \u021aine de noi s\u0103 \u00eel descoperim \u0219i poten\u021b\u0103m!<br \/>\nMul\u021bumim <a href=\"http:\/\/www.vodafone.ro\/despre-noi\/implicare-sociala\/fundatia-vodafone\/\" target=\"_blank\" rel=\"noopener\">Funda\u021biei Vodafone<\/a>, <a href=\"http:\/\/www.rafonline.org\" target=\"_blank\" rel=\"noopener\">Romanian American Foundation<\/a>, <a href=\"http:\/\/www.nikonisti.ro\" target=\"_blank\" rel=\"noopener\">Nikon<\/a>, <a href=\"http:\/\/www.papyrus.com\" target=\"_blank\" rel=\"noopener\">Papyrus<\/a>, <a href=\"http:\/\/www.zizin.ro\" target=\"_blank\" rel=\"noopener\">Zizin<\/a>.<br \/>\nMul\u021bumim pentru g\u0103zduirea \u00een cele mai bune condi\u021bii <a href=\"http:\/\/www.cneab.ro\/\" target=\"_blank\" rel=\"noopener\">Colegiului Na\u021bional Economic \u201cAndrei B\u00e2rseanu\u201d<\/a> din Bra\u0219ov!<br \/>\n<a ref=\"magnificPopup\" href=\"https:\/\/teachforromania.org\/wp-content\/uploads\/site1.jpg\" title=\"site1\"><img loading=\"lazy\" decoding=\"async\" src=\"https:\/\/teachforromania.org\/wp-content\/uploads\/site1-300x300.jpg\" alt=\"\" loading=\"lazy\" srcset=\"https:\/\/teachforromania.org\/wp-content\/uploads\/site1-300x300.jpg 300w, https:\/\/teachforromania.org\/wp-content\/uploads\/site1-150x150.jpg 150w, https:\/\/teachforromania.org\/wp-content\/uploads\/site1-600x600.jpg 600w, https:\/\/teachforromania.org\/wp-content\/uploads\/site1-350x350.jpg 350w\" sizes=\"auto, (max-width: 300px) 100vw, 300px\" width=\"300\" height=\"300\"><\/a><a ref=\"magnificPopup\" href=\"https:\/\/teachforromania.org\/wp-content\/uploads\/site2.jpg\" title=\"site2\"><img loading=\"lazy\" decoding=\"async\" src=\"https:\/\/teachforromania.org\/wp-content\/uploads\/site2-300x300.jpg\" alt=\"\" loading=\"lazy\" srcset=\"https:\/\/teachforromania.org\/wp-content\/uploads\/site2-300x300.jpg 300w, https:\/\/teachforromania.org\/wp-content\/uploads\/site2-150x150.jpg 150w, https:\/\/teachforromania.org\/wp-content\/uploads\/site2-600x600.jpg 600w, https:\/\/teachforromania.org\/wp-content\/uploads\/site2-350x350.jpg 350w\" sizes=\"auto, (max-width: 300px) 100vw, 300px\" width=\"300\" height=\"300\"><\/a><a ref=\"magnificPopup\" href=\"https:\/\/teachforromania.org\/wp-content\/uploads\/site3.jpg\" title=\"site3\"><img loading=\"lazy\" decoding=\"async\" src=\"https:\/\/teachforromania.org\/wp-content\/uploads\/site3-300x300.jpg\" alt=\"\" loading=\"lazy\" srcset=\"https:\/\/teachforromania.org\/wp-content\/uploads\/site3-300x300.jpg 300w, https:\/\/teachforromania.org\/wp-content\/uploads\/site3-150x150.jpg 150w, https:\/\/teachforromania.org\/wp-content\/uploads\/site3-600x600.jpg 600w, https:\/\/teachforromania.org\/wp-content\/uploads\/site3-350x350.jpg 350w\" sizes=\"auto, (max-width: 300px) 100vw, 300px\" width=\"300\" height=\"300\"><\/a><a ref=\"magnificPopup\" href=\"https:\/\/teachforromania.org\/wp-content\/uploads\/site4.jpg\" title=\"site4\"><img loading=\"lazy\" decoding=\"async\" src=\"https:\/\/teachforromania.org\/wp-content\/uploads\/site4-300x300.jpg\" alt=\"\" loading=\"lazy\" srcset=\"https:\/\/teachforromania.org\/wp-content\/uploads\/site4-300x300.jpg 300w, https:\/\/teachforromania.org\/wp-content\/uploads\/site4-150x150.jpg 150w, https:\/\/teachforromania.org\/wp-content\/uploads\/site4-600x600.jpg 600w, https:\/\/teachforromania.org\/wp-content\/uploads\/site4-350x350.jpg 350w\" sizes=\"auto, (max-width: 300px) 100vw, 300px\" width=\"300\" height=\"300\"><\/a><a ref=\"magnificPopup\" href=\"https:\/\/teachforromania.org\/wp-content\/uploads\/site5.jpg\" title=\"site5\"><img loading=\"lazy\" decoding=\"async\" src=\"https:\/\/teachforromania.org\/wp-content\/uploads\/site5-300x300.jpg\" alt=\"\" loading=\"lazy\" srcset=\"https:\/\/teachforromania.org\/wp-content\/uploads\/site5-300x300.jpg 300w, https:\/\/teachforromania.org\/wp-content\/uploads\/site5-150x150.jpg 150w, https:\/\/teachforromania.org\/wp-content\/uploads\/site5-600x600.jpg 600w, https:\/\/teachforromania.org\/wp-content\/uploads\/site5-350x350.jpg 350w\" sizes=\"auto, (max-width: 300px) 100vw, 300px\" width=\"300\" height=\"300\"><\/a><\/p>\n<p style=\"text-align: center; margin-top: 20px;\"><a href=\"https:\/\/www.facebook.com\/teachforromania\/photos_stream?tab=photos_stream\" target=\"_blank\" rel=\"noopener\">Vezi toate pozele pe Facebook<\/a><\/p>\n<p><iframe src=\"\/\/www.youtube.com\/embed\/ZPSuVHNnMp8\" allowfullscreen=\"\" width=\"420\" height=\"315\" frameborder=\"0\"><\/iframe><\/p>\n<h2>Ce spun participan\u021bii<\/h2>\n<p>\u201cCa profesori, menirea noastr\u0103 este s\u0103 \u201cv\u00e2n\u0103m\u201d binele din oameni.\u201d<\/p>\n<p><strong>C\u0103t\u0103lina Rang\u0103<\/strong>, profesor Generatia a 2-a Teach for Romania<\/p>\n<p>\u201cBinele e greu. Sistemul de valori trebuie supus \u00eentreb\u0103rilor, e nevoie de introspec\u021bie permanent\u0103.\u201d<\/p>\n<p><strong>Ivona Dumitrache<\/strong>, profesor Generatia a 2-a Teach for Romania<\/p>\n<p>\u201cAm \u00eenv\u0103\u021bat despre ce \u00eenseamn\u0103 s\u0103-\u021bi dep\u0103\u0219e\u0219ti limitele proprii \u0219i a fi alt om dec\u00e2t cel care erai \u00eenainte. \u00cenv\u0103\u021barea a fost una continu\u0103, iar pasiunea \u0219i implicarea au venit de la sine. Aceste zile \u00eemi vor r\u0103m\u0103ne \u00een minte \u0219i \u00een suflet pentru tot restul vie\u021bii, ca zile care m-au schimbat profund!\u201d<\/p>\n<p><strong>Andrei Papadache<\/strong>, profesor Generatia a 2-a Teach for Romania<\/p>\n<h2>Revista presei<\/h2>\n<p><iframe loading=\"lazy\" src=\"http:\/\/stiri.tvr.ro\/embed.php?video_id=96007\" scrolling=\"no\" width=\"600\" height=\"360\" frameborder=\"0\"><\/iframe><br \/>\nBuna ziua Brasov:&nbsp;<a href=\"http:\/\/www.bzb.ro\/stire\/dascalii-care-au-schimbat-lumea-copiilor-carora-nu-le-placea-scoala-a89353\" target=\"_blank\" rel=\"noopener\">Dasc\u0103lii care au schimbat lumea copiilor c\u0103rora nu le pl\u0103cea \u015fcoala<\/a><br \/>\nMonitorul Expres: <a href=\"http:\/\/www.monitorulexpres.ro\/?mod=monitorulexpres&amp;p=actualitate&amp;s_id=148962\" target=\"_blank\" rel=\"noopener\">\u00cenv\u0103\u0163\u0103tori care pot schimba lumea<\/a><\/p>\n<h2 style=\"text-align: center;\">Academia de Leadership \u0219i Pedagogie 2015 \u00een cifre:<\/h2>\n<p>24<\/p>\n<h6>noi profesori \u0219i \u00eenv\u0103\u021b\u0103tori<\/h6>\n<p>0<\/p>\n<h6>de workshopuri practice pentru elevi<\/h6>\n<p>0<\/p>\n<h6>de sesiuni de reflectie si coaching<\/h6>\n<p>0<\/p>\n<h6>de elevi<\/h6>\n<p>0<\/p>\n<h6>de participan\u021bi<\/h6>\n<p>0<\/p>\n<h6>de sesiuni de training<\/h6>\n<p>0<\/p>\n<h6>saptamani de Boot Camp<\/h6>\n<p>0<\/p>\n<h6>clase ce vor avea ore \u00een paralel \u2013 timp de 10 zile<\/h6>\n<p>0<\/p>\n<h6>de sesiuni de teaching<\/h6>\n<p>0<\/p>\n<h6>de parteneri, traineri \u0219i coaches implica\u021bi<\/h6>\n<h2>Traineri<\/h2>\n<p>Adrian Stanciu \u2013 <a href=\"http:\/\/wantedtransformation.ro\/profiles\/adrian-stanciu\/\" target=\"_blank\" rel=\"noopener\">Wanted Transformation<\/a><br \/>\nAna Maria Brezniceanu \u2013 <a href=\"http:\/\/www.montessoribucuresti.ro\/index.php?language=1&amp;id=78\" target=\"_blank\" rel=\"noopener\">Montessori School of Bucharest<\/a><br \/>\nMihaela Reese \u2013 <a href=\"http:\/\/mihaelareese.com\/\" target=\"_blank\" rel=\"noopener\">Leadership Coach<\/a><br \/>\nMagda Bunea \u2013 <a href=\"http:\/\/coaching2success.blogspot.ro\/\" target=\"_blank\" rel=\"noopener\">Gradient<\/a><br \/>\nPaul Olteanu \u2013 <a href=\"http:\/\/www.paulolteanu.ro\/\" target=\"_blank\" rel=\"noopener\">Trainer &amp; Coach<\/a><br \/>\nElena Marineci \u2013 <a href=\"http:\/\/www.lifeafterwork.ro\/\" target=\"_blank\" rel=\"noopener\">Life after work<\/a><br \/>\nFelicia Cuesta \u2013 <a href=\"http:\/\/teachforall.org\/en\" target=\"_blank\" rel=\"noopener\">Teach for All<\/a><br \/>\nGeorgeta Chirana \u2013 <a href=\"http:\/\/humaninvest.ro\/\" target=\"_blank\" rel=\"noopener\">Human Invest<\/a><br \/>\nMadalin Mandin \u2013 <a href=\"http:\/\/improvisneyland.ro\/\" target=\"_blank\" rel=\"noopener\">Improvisneyland<\/a><br \/>\nMonica Anastase \u2013 <a href=\"http:\/\/improvisneyland.ro\/\" target=\"_blank\" rel=\"noopener\">Improvisneyland<\/a><br \/>\nRozana Radu \u2013 <a href=\"http:\/\/improvisneyland.ro\/\" target=\"_blank\" rel=\"noopener\">Improvisneyland<\/a><br \/>\nSimona Lungu \u2013 <a href=\"http:\/\/www.teachfirst.org.uk\/\" target=\"_blank\" rel=\"noopener\">Teach First<\/a><br \/>\nStefan Palarie \u2013 <a href=\"http:\/\/scoaladevalori.ro\/\" target=\"_blank\" rel=\"noopener\">Scoala de Valori<\/a><br \/>\nViorel Panaite \u2013 <a href=\"http:\/\/humaninvest.ro\/\" target=\"_blank\" rel=\"noopener\">Human Invest<\/a><br \/>\nVlad Dogarescu \u2013 <a href=\"http:\/\/www.mindful-lifestyle.ro\/\" target=\"_blank\" rel=\"noopener\">Mindfulness Trainer<\/a><br \/>\n\t\t\t<img loading=\"lazy\" decoding=\"async\" src=\"https:\/\/teachforromania.org\/wp-content\/uploads\/adrian-stanciu.jpg\" alt=\"\" loading=\"lazy\" srcset=\"https:\/\/teachforromania.org\/wp-content\/uploads\/adrian-stanciu.jpg 250w, https:\/\/teachforromania.org\/wp-content\/uploads\/adrian-stanciu-150x150.jpg 150w, https:\/\/teachforromania.org\/wp-content\/uploads\/adrian-stanciu-200x200.jpg 200w\" sizes=\"auto, (max-width: 250px) 100vw, 250px\" width=\"250\" height=\"250\"><\/p>\n<h4>Adrian Stanciu &#8211; Wanted Transformation<\/h4>\n<blockquote><p>\u201cEu cred cu t\u0103rie c\u0103 singura cale prin care \u021bara asta poate progresa e educa\u021bia. Pentru c\u0103 schimbarea \u00eencepe de la cet\u0103\u021bean la societate, niciodat\u0103 invers. Mai cred \u0219i c\u0103 sistemul public e incapabil structural s\u0103 fac\u0103 fa\u021b\u0103 acestei provoc\u0103ri, chiar dac\u0103 ar vrea. La noi nici m\u0103car nu vrea. Din acest motiv e nevoie de ini\u021biative private care s\u0103 ajute, s\u0103 suplimenteze sau s\u0103 schimbe sistemul din interior. TfR se \u00eencadreaz\u0103 la categoria a treia \u0219i cred c\u0103 face o treab\u0103 minunat\u0103, o trab\u0103 care are sens \u0219i social \u0219i strategic \u0219i care are o \u0219ans\u0103 real\u0103 de a contribui la transformarea \u00een bine a sistemului, pe termen lung.\u201d<\/p><\/blockquote>\n<p>\t\t\t<a href=\"http:\/\/wantedtransformation.ro\/profiles\/adrian-stanciu\/\" target=\"_blank\" rel=\"noopener\">Wanted Transformation<\/a><br \/>\n\t\t\t<img loading=\"lazy\" decoding=\"async\" src=\"https:\/\/teachforromania.org\/wp-content\/uploads\/magda-bunea.jpg\" alt=\"\" loading=\"lazy\" srcset=\"https:\/\/teachforromania.org\/wp-content\/uploads\/magda-bunea.jpg 250w, https:\/\/teachforromania.org\/wp-content\/uploads\/magda-bunea-150x150.jpg 150w, https:\/\/teachforromania.org\/wp-content\/uploads\/magda-bunea-200x200.jpg 200w\" sizes=\"auto, (max-width: 250px) 100vw, 250px\" width=\"250\" height=\"250\"><\/p>\n<h4>Magdalena Bunea &#8211; Gradient<\/h4>\n<blockquote><p>\u201ePentru mine, Teach for Romania este mai mult dec\u00e2t o \u015fans\u0103 la normalitate, este o activitate care duce la normalitate. Teach for Romania face lucruri! Ceea ce este \u00een sine&nbsp;o performan\u0163\u0103 extraordinar\u0103: s\u0103 \u00ee\u0163i respec\u0163i misiunea, s\u0103 \u00ee\u0163i urmezi viziunea \u015fi s\u0103 practici valorile f\u0103r\u0103 control extern. E, de fapt, chiar ceea ce are de f\u0103cut cel ce \u00eenva\u0163\u0103 pe altul: \u201dTeach what you preach\u201d.<\/p><\/blockquote>\n<p>\t\t\t<a href=\"http:\/\/coaching2success.blogspot.ro\/\" target=\"_blank\" rel=\"noopener\">Gradient<\/a><br \/>\n\t\t\t<img loading=\"lazy\" decoding=\"async\" src=\"https:\/\/teachforromania.org\/wp-content\/uploads\/paul-olteanu.jpg\" alt=\"\" loading=\"lazy\" srcset=\"https:\/\/teachforromania.org\/wp-content\/uploads\/paul-olteanu.jpg 250w, https:\/\/teachforromania.org\/wp-content\/uploads\/paul-olteanu-150x150.jpg 150w, https:\/\/teachforromania.org\/wp-content\/uploads\/paul-olteanu-200x200.jpg 200w\" sizes=\"auto, (max-width: 250px) 100vw, 250px\" width=\"250\" height=\"250\"><\/p>\n<h4>Paul Olteanu \u2013 Trainer &amp; Coach<\/h4>\n<blockquote><p>\u201eTeach for Romania reprezint\u0103 pentru mine un motiv de speran\u021b\u0103 c\u00e2nd m\u0103 g\u00e2ndesc la viitorul Rom\u00e2niei \u0219i un exemplu c\u0103 \u201cse poate\u201d \u00een prezent.<br \/>\nTeach for Romania reprezint\u0103 o echip\u0103 de oameni care cred \u00een ceva mai mare dec\u00e2t ei \u0219i care zi de zi, f\u0103r\u0103 s\u0103 \u0219tim, ne fac via\u021ba \u0219i viitorul mai luminoase.<br \/>\nPentru mine Teach for Romania, rezumat \u00een 3 cuvinte, \u00eenseamn\u0103 sens, dedicare, transformare.\u201d<\/p><\/blockquote>\n<p>\t\t\t<a href=\"http:\/\/www.paulolteanu.ro\/\" target=\"_blank\" rel=\"noopener\">paulolteanu.ro<\/a><br \/>\n\t\t\t<img loading=\"lazy\" decoding=\"async\" src=\"https:\/\/teachforromania.org\/wp-content\/uploads\/stefan-palarie.jpg\" alt=\"\" loading=\"lazy\" srcset=\"https:\/\/teachforromania.org\/wp-content\/uploads\/stefan-palarie.jpg 250w, https:\/\/teachforromania.org\/wp-content\/uploads\/stefan-palarie-150x150.jpg 150w, https:\/\/teachforromania.org\/wp-content\/uploads\/stefan-palarie-200x200.jpg 200w\" sizes=\"auto, (max-width: 250px) 100vw, 250px\" width=\"250\" height=\"250\"><\/p>\n<h4>Stefan Palarie &#8211; Scoala de Valori<\/h4>\n<blockquote><p>A genera o transformare profunda in &nbsp;sistemul de educatie din Romania reprezinta un proces pe care noi l-am luat in considerare, dar pe care am hotarat sa-l sprijinim prin concentrarea pe educatie non-formala \u2013 zona pe care noi &nbsp;putem aduce cea mai mare valoare. Teach for Romania intra chiar in inima sistemului educational asumandu-si un rol extrem de delicat \u2013 acela de a transforma indivizi, scoli si comunitati prin intermediul tinerilor talentati ce isi asuma cariera de dascal pentru cel putin 2 ani.<\/p><\/blockquote>\n<p>\t\t\t<a href=\"http:\/\/scoaladevalori.ro\/\" target=\"_blank\" rel=\"noopener\">Scoala de Valori<\/a><br \/>\n\t\t\t<img loading=\"lazy\" decoding=\"async\" src=\"https:\/\/teachforromania.org\/wp-content\/uploads\/monica-anastase.jpg\" alt=\"\" loading=\"lazy\" srcset=\"https:\/\/teachforromania.org\/wp-content\/uploads\/monica-anastase.jpg 250w, https:\/\/teachforromania.org\/wp-content\/uploads\/monica-anastase-150x150.jpg 150w, https:\/\/teachforromania.org\/wp-content\/uploads\/monica-anastase-200x200.jpg 200w\" sizes=\"auto, (max-width: 250px) 100vw, 250px\" width=\"250\" height=\"250\"><\/p>\n<h4>Monica Anastase, Improvisneyland<\/h4>\n<blockquote><p>\u201cTeach for Romania pentru mine este un mare pas inspre normalizarea educatiei. A ii invata pe copii cum sa creada in ei insisi si cum sa-si gaseasca propria cale in viata este un pas crucial in educatie, fara de care ei nu ar putea sa foloseasca in mod eficient informatiile primite in scoala.\u201d<\/p><\/blockquote>\n<p>\t\t\t<a href=\"http:\/\/improvisneyland.ro\/\" target=\"_blank\" rel=\"noopener\">Improvisneyland<\/a><br \/>\n\t\t\t<img loading=\"lazy\" decoding=\"async\" src=\"https:\/\/teachforromania.org\/wp-content\/uploads\/vlad-dogarescu.jpg\" alt=\"\" loading=\"lazy\" srcset=\"https:\/\/teachforromania.org\/wp-content\/uploads\/vlad-dogarescu.jpg 250w, https:\/\/teachforromania.org\/wp-content\/uploads\/vlad-dogarescu-150x150.jpg 150w, https:\/\/teachforromania.org\/wp-content\/uploads\/vlad-dogarescu-200x200.jpg 200w\" sizes=\"auto, (max-width: 250px) 100vw, 250px\" width=\"250\" height=\"250\"><\/p>\n<h4>Vlad Dog\u0103rescu, Mindfulness Trainer<\/h4>\n<blockquote><p>\u201eOamenii sunt cel mai puternic influentati in devenirea lor de relatiile cu ceilalti oameni. Unii sunt mai importanti decat altii, uneori datorita rezonantei personale dar de cele mai multe ori datorita rolului pe care il joaca. Cand ai un rol important si reponsabilitatea este pe masura. Asa ca te invit sa fii prezent si sa iti verifici constant starea, felul in care te simti si calitatea mintii, in fiecare clipa in care vorbesti copiilor pe care ii influentezi.\u201d<\/p><\/blockquote>\n<p>\t\t\t<a href=\"http:\/\/www.mindful-lifestyle.ro\/\" target=\"_blank\" rel=\"noopener\">Mindful Lifestyle<\/a><br \/>\n\t\t\t<img loading=\"lazy\" decoding=\"async\" src=\"https:\/\/teachforromania.org\/wp-content\/uploads\/rozanaradu.jpg\" alt=\"\" loading=\"lazy\" srcset=\"https:\/\/teachforromania.org\/wp-content\/uploads\/rozanaradu.jpg 250w, https:\/\/teachforromania.org\/wp-content\/uploads\/rozanaradu-150x150.jpg 150w, https:\/\/teachforromania.org\/wp-content\/uploads\/rozanaradu-200x200.jpg 200w\" sizes=\"auto, (max-width: 250px) 100vw, 250px\" width=\"250\" height=\"250\"><\/p>\n<h4>Rozana Radu, Improvisneyland<\/h4>\n<blockquote><p>Pentru mine TFR inseamna o oportunitate sa fac parte dintr-un proiect ambitios, care isi propune sa dezvolte sistemul educational romanesc, sa-l transforme si sa-l aduca mai aproape de ceea ce ar trebui el sa reprezinte. De asemenea, intalnirea cu oamenii care tin carmele lui ma face sa cred ca orice este posibil<\/p><\/blockquote>\n<p>\t\t\t<a href=\"http:\/\/improvisneyland.ro\/\" target=\"_blank\" rel=\"noopener\">Improvisneyland<\/a><br \/>\n\t\t\t<img loading=\"lazy\" decoding=\"async\" src=\"https:\/\/teachforromania.org\/wp-content\/uploads\/madalin-mandin.jpg\" alt=\"\" loading=\"lazy\" srcset=\"https:\/\/teachforromania.org\/wp-content\/uploads\/madalin-mandin.jpg 250w, https:\/\/teachforromania.org\/wp-content\/uploads\/madalin-mandin-150x150.jpg 150w, https:\/\/teachforromania.org\/wp-content\/uploads\/madalin-mandin-200x200.jpg 200w\" sizes=\"auto, (max-width: 250px) 100vw, 250px\" width=\"250\" height=\"250\"><\/p>\n<h4>M\u0103d\u0103lin Mandin, Actor<\/h4>\n<blockquote><p>\u201eTeach for Romania reprezinta mentorul pe care eu nu l-am avut in scoala, iar copiii de astazi au posibilitatea sa vorbeasca cu el, sa creasca alaturi de el, sa gandeasca alaturi de el, sa fie ascultati si nu in ultimul rand apreciati.\u201d<\/p><\/blockquote>\n<p>\t\t\t<a href=\"http:\/\/adevarul.ro\/news\/bucuresti\/madalin-mandin-erou-lumea-improvizatiilor-1_50bdeed47c42d5a663d067d8\/index.html\" target=\"_blank\" rel=\"noopener\">Despre M\u0103d\u0103lin<\/a><\/p>\n<h2>De la copii<\/h2>\n<p>\t\t\t<img loading=\"lazy\" decoding=\"async\" src=\"https:\/\/teachforromania.org\/wp-content\/uploads\/dezlegat.png\" alt=\"\" loading=\"lazy\" srcset=\"https:\/\/teachforromania.org\/wp-content\/uploads\/dezlegat.png 306w, https:\/\/teachforromania.org\/wp-content\/uploads\/dezlegat-300x230.png 300w, https:\/\/teachforromania.org\/wp-content\/uploads\/dezlegat-150x115.png 150w, https:\/\/teachforromania.org\/wp-content\/uploads\/dezlegat-260x200.png 260w\" sizes=\"auto, (max-width: 306px) 100vw, 306px\" width=\"306\" height=\"235\"><br \/>\n\t\t\t<img loading=\"lazy\" decoding=\"async\" src=\"https:\/\/teachforromania.org\/wp-content\/uploads\/urs.png\" alt=\"\" loading=\"lazy\" srcset=\"https:\/\/teachforromania.org\/wp-content\/uploads\/urs.png 306w, https:\/\/teachforromania.org\/wp-content\/uploads\/urs-300x230.png 300w, https:\/\/teachforromania.org\/wp-content\/uploads\/urs-150x115.png 150w, https:\/\/teachforromania.org\/wp-content\/uploads\/urs-260x200.png 260w\" sizes=\"auto, (max-width: 306px) 100vw, 306px\" width=\"306\" height=\"235\"><br \/>\n\t\t\t<img loading=\"lazy\" decoding=\"async\" src=\"https:\/\/teachforromania.org\/wp-content\/uploads\/scoala-vie.png\" alt=\"\" loading=\"lazy\" srcset=\"https:\/\/teachforromania.org\/wp-content\/uploads\/scoala-vie.png 306w, https:\/\/teachforromania.org\/wp-content\/uploads\/scoala-vie-300x230.png 300w, https:\/\/teachforromania.org\/wp-content\/uploads\/scoala-vie-150x115.png 150w, https:\/\/teachforromania.org\/wp-content\/uploads\/scoala-vie-260x200.png 260w\" sizes=\"auto, (max-width: 306px) 100vw, 306px\" width=\"306\" height=\"235\">a-easeme=&#8221;undefined&#8221; data-bgfit=&#8221;cover&#8221; data-bgfitend=&#8221;undefined&#8221; data-owidth=&#8221;undefined&#8221; data-oheight=&#8221;undefined&#8221;><\/p>\n<div class=\"tp-bgimg defaultimg\" data-lazyload=\"undefined\" data-bgfit=\"cover\" data-bgposition=\"center top\" data-bgrepeat=\"no-repeat\" data-lazydone=\"undefined\" src=\"https:\/\/teachforromania.org\/wp-content\/uploads\/slide3.jpg\" data-src=\"https:\/\/teachforromania.org\/wp-content\/uploads\/slide3.jpg\" style=\"background-color: rgba(0, 0, 0, 0); background-repeat: no-repeat; background-image: url(&quot;https:\/\/teachforromania.org\/wp-content\/uploads\/slide3.jpg&quot;); background-size: cover; background-position: center top; width: 100%; height: 100%; opacity: 0; visibility: hidden;\"><\/div>\n<\/div>\n<p>\t\t<!-- LAYERS -->\t\t<!-- LAYER NR. 1 -->\t\t<\/p>\n<div class=\"tp-caption impreza_white_huge-smaller2b tp-fade tp-resizeme start\" data-x=\"40\" data-y=\"44\" data-speed=\"300\" data-start=\"0\" data-easing=\"Power3.easeInOut\" data-splitin=\"none\" data-splitout=\"none\" data-elementdelay=\"0.1\" data-endelementdelay=\"0.1\" data-endspeed=\"300\" style=\"z-index: 2; white-space: nowrap; transition: all 0s ease 0s; min-height: 0px; min-width: 0px; line-height: 0px; border-width: 0px; margin: 0px; padding: 0px; letter-spacing: 0px; font-size: 0px; left: 0px; top: 0px; visibility: visible; opacity: 0; transform: matrix3d(1, 0, 0, 0, 0, 1, 0, 0, 0, 0, 1, -0.00166, 0, 0, 0, 1);\">Academia de Leadership \u0219i Pedagogie 2015\t\t<\/div>\n<\/li>\n<p>\t<!-- SLIDE  -->\t<\/p>\n<li data-transition=\"slideleft\" data-slotamount=\"7\" data-masterspeed=\"300\" data-saveperformance=\"off\" style=\"width: 100%; height: 100%; overflow: hidden; z-index: 18; visibility: hidden; opacity: 0;\" class=\"active-revslide\">\t\t<!-- MAIN IMAGE -->\n<div class=\"slotholder\" style=\"width:100%;height:100%;\" data-duration=\"undefined\" data-zoomstart=\"undefined\" data-zoomend=\"undefined\" data-rotationstart=\"undefined\" data-rotationend=\"undefined\" data-ease=\"undefined\" data-bgpositionend=\"undefined\" data-bgposition=\"center top\" data-kenburns=\"undefined\" data-easeme=\"undefined\" data-bgfit=\"cover\" data-bgfitend=\"undefined\" data-owidth=\"undefined\" data-oheight=\"undefined\">\n<div class=\"tp-bgimg defaultimg\" data-lazyload=\"undefined\" data-bgfit=\"cover\" data-bgposition=\"center top\" data-bgrepeat=\"no-repeat\" data-lazydone=\"undefined\" src=\"https:\/\/teachforromania.org\/wp-content\/uploads\/slide3a.jpg\" data-src=\"https:\/\/teachforromania.org\/wp-content\/uploads\/slide3a.jpg\" style=\"background-color: rgba(0, 0, 0, 0); background-repeat: no-repeat; background-image: url(&quot;https:\/\/teachforromania.org\/wp-content\/uploads\/slide3a.jpg&quot;); background-size: cover; background-position: center top; width: 100%; height: 100%; opacity: 0; visibility: hidden;\"><\/div>\n<\/div>\n<p>\t\t<!-- LAYERS -->\t\t<!-- LAYER NR. 1 -->\t\t<\/p>\n<div class=\"tp-caption impreza_white_huge-smaller2b tp-fade tp-resizeme start\" data-x=\"40\" data-y=\"44\" data-speed=\"300\" data-start=\"0\" data-easing=\"Power3.easeInOut\" data-splitin=\"none\" data-splitout=\"none\" data-elementdelay=\"0.1\" data-endelementdelay=\"0.1\" data-endspeed=\"300\" style=\"z-index: 2; white-space: nowrap; transition: all 0s ease 0s; min-height: 0px; min-width: 0px; line-height: 0px; border-width: 0px; margin: 0px; padding: 0px; letter-spacing: 0px; font-size: 0px; left: 0px; top: 0px; visibility: visible; opacity: 0; transform: matrix3d(1, 0, 0, 0, 0, 1, 0, 0, 0, 0, 1, -0.00166, 0, 0, 0, 1);\">Academia de Leadership \u0219i Pedagogie 2015\t\t<\/div>\n<\/li>\n<p>\t<!-- SLIDE  -->\t<\/p>\n<li data-transition=\"slideleft\" data-slotamount=\"7\" data-masterspeed=\"300\" data-saveperformance=\"off\" style=\"width: 100%; height: 100%; overflow: hidden; z-index: 18; visibility: hidden; opacity: 0;\" class=\"active-revslide\">\t\t<!-- MAIN IMAGE -->\n<div class=\"slotholder\" style=\"width:100%;height:100%;\" data-duration=\"undefined\" data-zoomstart=\"undefined\" data-zoomend=\"undefined\" data-rotationstart=\"undefined\" data-rotationend=\"undefined\" data-ease=\"undefined\" data-bgpositionend=\"undefined\" data-bgposition=\"center top\" data-kenburns=\"undefined\" data-easeme=\"undefined\" data-bgfit=\"cover\" data-bgfitend=\"undefined\" data-owidth=\"undefined\" data-oheight=\"undefined\">\n<div class=\"tp-bgimg defaultimg\" data-lazyload=\"undefined\" data-bgfit=\"cover\" data-bgposition=\"center top\" data-bgrepeat=\"no-repeat\" data-lazydone=\"undefined\" src=\"https:\/\/teachforromania.org\/wp-content\/uploads\/slide4a.jpg\" data-src=\"https:\/\/teachforromania.org\/wp-content\/uploads\/slide4a.jpg\" style=\"background-color: rgba(0, 0, 0, 0); background-repeat: no-repeat; background-image: url(&quot;https:\/\/teachforromania.org\/wp-content\/uploads\/slide4a.jpg&quot;); background-size: cover; background-position: center top; width: 100%; height: 100%; opacity: 0; visibility: hidden;\"><\/div>\n<\/div>\n<p>\t\t<!-- LAYERS -->\t\t<!-- LAYER NR. 1 -->\t\t<\/p>\n<div class=\"tp-caption impreza_white_huge-smaller2b tp-fade tp-resizeme start\" data-x=\"40\" data-y=\"44\" data-speed=\"300\" data-start=\"0\" data-easing=\"Power3.easeInOut\" data-splitin=\"none\" data-splitout=\"none\" data-elementdelay=\"0.1\" data-endelementdelay=\"0.1\" data-endspeed=\"300\" style=\"z-index: 2; white-space: nowrap; transition: all 0s ease 0s; min-height: 0px; min-width: 0px; line-height: 0px; border-width: 0px; margin: 0px; padding: 0px; letter-spacing: 0px; font-size: 0px; left: 0px; top: 0px; visibility: visible; opacity: 0; transform: matrix3d(1, 0, 0, 0, 0, 1, 0, 0, 0, 0, 1, -0.00166, 0, 0, 0, 1);\">Academia de Leadership \u0219i Pedagogie 2015\t\t<\/div>\n<\/li>\n<p>\t<!-- SLIDE  -->\t<\/p>\n<li data-transition=\"slideleft\" data-slotamount=\"7\" data-masterspeed=\"300\" data-saveperformance=\"off\" style=\"width: 100%; height: 100%; overflow: hidden; visibility: inherit; opacity: 1; z-index: 20;\" class=\"active-revslide current-sr-slide-visible\">\t\t<!-- MAIN IMAGE -->\n<div class=\"slotholder\" style=\"width:100%;height:100%;\" data-duration=\"undefined\" data-zoomstart=\"undefined\" data-zoomend=\"undefined\" data-rotationstart=\"undefined\" data-rotationend=\"undefined\" data-ease=\"undefined\" data-bgpositionend=\"undefined\" data-bgposition=\"center top\" data-kenburns=\"undefined\" data-easeme=\"undefined\" data-bgfit=\"cover\" data-bgfitend=\"undefined\" data-owidth=\"undefined\" data-oheight=\"undefined\">\n<div class=\"tp-bgimg defaultimg\" data-lazyload=\"undefined\" data-bgfit=\"cover\" data-bgposition=\"center top\" data-bgrepeat=\"no-repeat\" data-lazydone=\"undefined\" src=\"https:\/\/teachforromania.org\/wp-content\/uploads\/slide5.jpg\" data-src=\"https:\/\/teachforromania.org\/wp-content\/uploads\/slide5.jpg\" style=\"background-color: rgba(0, 0, 0, 0); background-repeat: no-repeat; background-image: url(&quot;https:\/\/teachforromania.org\/wp-content\/uploads\/slide5.jpg&quot;); background-size: cover; background-position: center top; width: 100%; height: 100%; opacity: 1; visibility: inherit;\"><\/div>\n<\/div>\n<p>\t\t<!-- LAYERS -->\t\t<!-- LAYER NR. 1 -->\t\t<\/p>\n<div class=\"tp-caption impreza_white_huge-smaller2b tp-fade tp-resizeme start\" data-x=\"40\" data-y=\"44\" data-speed=\"300\" data-start=\"0\" data-easing=\"Power3.easeInOut\" data-splitin=\"none\" data-splitout=\"none\" data-elementdelay=\"0.1\" data-endelementdelay=\"0.1\" data-endspeed=\"300\" style=\"z-index: 2; white-space: nowrap; transition: all 0s ease 0s; min-height: 0px; min-width: 0px; line-height: 0px; border-width: 0px; margin: 0px; padding: 0px; letter-spacing: 0px; font-size: 0px; left: 0px; top: 0px; visibility: visible; opacity: 1; transform: matrix3d(1, 0, 0, 0, 0, 1, 0, 0, 0, 0, 1, -0.0025, 0, 0, 0, 1);\">Academia de Leadership \u0219i Pedagogie 2015\t\t<\/div>\n<\/li>\n<\/ul>\n<div class=\"tp-bannertimer\" style=\"width: 91.95%; visibility: visible; transform: translate3d(0px, 0px, 0px);\"><\/div>\n<div class=\"tp-loader spinner0\" style=\"display: none;\">\n<div class=\"dot1\"><\/div>\n<div class=\"dot2\"><\/div>\n<div class=\"bounce1\"><\/div>\n<div class=\"bounce2\"><\/div>\n<div class=\"bounce3\"><\/div>\n<\/div>\n<\/div>\n<p>\t\t\t<script type=\"text\/javascript\">\t\t\t\t\/******************************************\t\t\t\t\t-\tPREPARE PLACEHOLDER FOR SLIDER\t-\t\t\t\t******************************************\/\t\t\t\t\t\t\t\tvar setREVStartSize = function() {\t\t\t\t\tvar\ttpopt = new Object();\t\t\t\t\t\ttpopt.startwidth = 960;\t\t\t\t\t\ttpopt.startheight = 350;\t\t\t\t\t\ttpopt.container = jQuery('#rev_slider_3_1');\t\t\t\t\t\ttpopt.fullScreen = \"off\";\t\t\t\t\t\ttpopt.forceFullWidth=\"off\";\t\t\t\t\ttpopt.container.closest(\".rev_slider_wrapper\").css({height:tpopt.container.height()});tpopt.width=parseInt(tpopt.container.width(),0);tpopt.height=parseInt(tpopt.container.height(),0);tpopt.bw=tpopt.width\/tpopt.startwidth;tpopt.bh=tpopt.height\/tpopt.startheight;if(tpopt.bh>tpopt.bw)tpopt.bh=tpopt.bw;if(tpopt.bh<tpopt.bw)tpopt.bw=tpopt.bh;if(tpopt.bw<tpopt.bh)tpopt.bh=tpopt.bw;if(tpopt.bh>1){tpopt.bw=1;tpopt.bh=1}if(tpopt.bw>1){tpopt.bw=1;tpopt.bh=1}tpopt.height=Math.round(tpopt.startheight*(tpopt.width\/tpopt.startwidth));if(tpopt.height>tpopt.startheight&&tpopt.autoHeight!=\"on\")tpopt.height=tpopt.startheight;if(tpopt.fullScreen==\"on\"){tpopt.height=tpopt.bw*tpopt.startheight;var cow=tpopt.container.parent().width();var coh=jQuery(window).height();if(tpopt.fullScreenOffsetContainer!=undefined){try{var offcontainers=tpopt.fullScreenOffsetContainer.split(\",\");jQuery.each(offcontainers,function(e,t){coh=coh-jQuery(t).outerHeight(true);if(coh<tpopt.minFullScreenHeight)coh=tpopt.minFullScreenHeight})}catch(e){}}tpopt.container.parent().height(coh);tpopt.container.height(coh);tpopt.container.closest(\".rev_slider_wrapper\").height(coh);tpopt.container.closest(\".forcefullwidth_wrapper_tp_banner\").find(\".tp-fullwidth-forcer\").height(coh);tpopt.container.css({height:\"100%\"});tpopt.height=coh;}else{tpopt.container.height(tpopt.height);tpopt.container.closest(\".rev_slider_wrapper\").height(tpopt.height);tpopt.container.closest(\".forcefullwidth_wrapper_tp_banner\").find(\".tp-fullwidth-forcer\").height(tpopt.height);}\t\t\t\t};\t\t\t\t\/* CALL PLACEHOLDER *\/\t\t\t\tsetREVStartSize();\t\t\t\tvar tpj=jQuery;\t\t\t\ttpj.noConflict();\t\t\t\tvar revapi3;\t\t\t\ttpj(document).ready(function() {\t\t\t\tif(tpj('#rev_slider_3_1').revolution == undefined)\t\t\t\t\trevslider_showDoubleJqueryError('#rev_slider_3_1');\t\t\t\telse\t\t\t\t   revapi3 = tpj('#rev_slider_3_1').show().revolution(\t\t\t\t\t{\t\t\t\t\t\tdottedOverlay:\"none\",\t\t\t\t\t\tdelay:6000,\t\t\t\t\t\tstartwidth:960,\t\t\t\t\t\tstartheight:350,\t\t\t\t\t\thideThumbs:200,\t\t\t\t\t\tthumbWidth:100,\t\t\t\t\t\tthumbHeight:50,\t\t\t\t\t\tthumbAmount:5,\t\t\t\t\t\t\t\t\t\t\t\t\t\t\t\t\t\t\t\t\t\t\t\tsimplifyAll:\"off\",\t\t\t\t\t\tnavigationType:\"none\",\t\t\t\t\t\tnavigationArrows:\"solo\",\t\t\t\t\t\tnavigationStyle:\"round\",\t\t\t\t\t\ttouchenabled:\"on\",\t\t\t\t\t\tonHoverStop:\"on\",\t\t\t\t\t\tnextSlideOnWindowFocus:\"off\",\t\t\t\t\t\tswipe_threshold: 75,\t\t\t\t\t\tswipe_min_touches: 1,\t\t\t\t\t\tdrag_block_vertical: false,\t\t\t\t\t\t\t\t\t\t\t\t\t\t\t\t\t\t\t\t\t\t\t\t\t\t\t\t\t\t\t\t\t\t\t\tkeyboardNavigation:\"off\",\t\t\t\t\t\tnavigationHAlign:\"center\",\t\t\t\t\t\tnavigationVAlign:\"bottom\",\t\t\t\t\t\tnavigationHOffset:0,\t\t\t\t\t\tnavigationVOffset:20,\t\t\t\t\t\tsoloArrowLeftHalign:\"left\",\t\t\t\t\t\tsoloArrowLeftValign:\"center\",\t\t\t\t\t\tsoloArrowLeftHOffset:20,\t\t\t\t\t\tsoloArrowLeftVOffset:0,\t\t\t\t\t\tsoloArrowRightHalign:\"right\",\t\t\t\t\t\tsoloArrowRightValign:\"center\",\t\t\t\t\t\tsoloArrowRightHOffset:20,\t\t\t\t\t\tsoloArrowRightVOffset:0,\t\t\t\t\t\tshadow:0,\t\t\t\t\t\tfullWidth:\"on\",\t\t\t\t\t\tfullScreen:\"off\",\t\t\t\t\t\tspinner:\"spinner0\",\t\t\t\t\t\t\t\t\t\t\t\tstopLoop:\"off\",\t\t\t\t\t\tstopAfterLoops:-1,\t\t\t\t\t\tstopAtSlide:-1,\t\t\t\t\t\tshuffle:\"off\",\t\t\t\t\t\tautoHeight:\"off\",\t\t\t\t\t\tforceFullWidth:\"off\",\t\t\t\t\t\t\t\t\t\t\t\t\t\t\t\t\t\t\t\t\t\t\t\thideThumbsOnMobile:\"off\",\t\t\t\t\t\thideNavDelayOnMobile:1500,\t\t\t\t\t\thideBulletsOnMobile:\"off\",\t\t\t\t\t\thideArrowsOnMobile:\"off\",\t\t\t\t\t\thideThumbsUnderResolution:0,\t\t\t\t\t\t\t\t\t\t\t\thideSliderAtLimit:0,\t\t\t\t\t\thideCaptionAtLimit:0,\t\t\t\t\t\thideAllCaptionAtLilmit:0,\t\t\t\t\t\tstartWithSlide:0\t\t\t\t\t});\t\t\t\t\t\t\t\t\t});\t\/*ready*\/\t\t\t<\/script>\t\t\t<\/p>\n<div style=\"position: absolute; top: 0px; margin-top: -20px; left: 20px;\" class=\"tp-leftarrow tparrows default round\">\n<div class=\"tp-arr-allwrapper\">\n<div class=\"tp-arr-iwrapper\">\n<div class=\"tp-arr-imgholder\" style=\"visibility: inherit; opacity: 1; background-image: url(&quot;https:\/\/teachforromania.org\/wp-content\/uploads\/slide4a.jpg&quot;);\"><\/div>\n<div class=\"tp-arr-imgholder2\"><\/div>\n<div class=\"tp-arr-titleholder\"><\/div>\n<div class=\"tp-arr-subtitleholder\"><\/div>\n<\/div>\n<\/div>\n<\/div>\n<div style=\"position: absolute; top: 0px; margin-top: -20px; right: 20px;\" class=\"tp-rightarrow tparrows default round\">\n<div class=\"tp-arr-allwrapper\">\n<div class=\"tp-arr-iwrapper\">\n<div class=\"tp-arr-imgholder\" style=\"visibility: inherit; opacity: 1; background-image: url(&quot;https:\/\/teachforromania.org\/wp-content\/uploads\/slide11.jpg&quot;);\"><\/div>\n<div class=\"tp-arr-imgholder2\"><\/div>\n<div class=\"tp-arr-titleholder\"><\/div>\n<div class=\"tp-arr-subtitleholder\"><\/div>\n<\/div>\n<\/div>\n<\/div>\n<\/div>\n<p><!-- END REVOLUTION SLIDER --><\/div>\n<\/div>\n<\/div>\n<\/div>\n<\/div>\n<div class=\"l-submain remove-top\" id=\"saptamana1\">\n<div class=\"l-submain-h g-html i-cf\">\n<div class=\"g-cols offset_default\">\n<div class=\"two-thirds\">\n<div class=\"vc_empty_space\" style=\"height: 16px\"><span class=\"vc_empty_space_inner\"><\/span><\/div>\n<div class=\"wpb_text_column \">\n<div class=\"wpb_wrapper\">\n<h1>Iat\u0103 cum a fost Leadership Summer Academy \u00een 2015!<\/h1>\n<\/p><\/div>\n<\/p><\/div>\n<div class=\"g-cols offset_default\">\n<div class=\"full-width\">\n<div class=\"wpb_text_column \">\n<div class=\"wpb_wrapper\">\n<p>Despre probleme \u0219i solu\u021bii \u00een educa\u021bie, autocunoa\u0219tere, preg\u0103tire pentru titularizare, leadership \u0219i team coaching, viziunea pentru profesor \u0219i elev, sesiuni de improviza\u021bie, valori, infuzie de energie \u0219i sentimentul c\u0103 impactul \u00een educa\u021bie poate fi atins!<\/p>\n<p>Pe 9 iulie 2015, <a href=\"http:\/\/teachforromania.org\/abecedar\">evenimentul oficial de lansare Teach for Romania<\/a> ne-a \u00eent\u0103rit convingerea c\u0103 schimbarea e posibil\u0103!<\/p>\n<p>Mul\u021bumiri Elenei Marineci de la <a href=\"http:\/\/lifeafterwork.ro\" target=\"_blank\" rel=\"noopener\">Life After Work<\/a> pentru jocurile de Get to Know Each other, <a href=\"http:\/\/www.mihaelareese.com\" target=\"_blank\" rel=\"noopener\">Mihaela Reese&ZeroWidthSpace; \u0219i Richard Reese<\/a> pentru sesiunile de leadership \u0219i team coaching, Mihaelei Georgescu, Lumini\u021bei Ciocaru, Claudiei Ionescu \u0219i Laurei Agapin pentru preg\u0103tirea pentru titularizare, <a href=\"#testimoniale2\">Monic\u0103i Anastase<\/a>, <a href=\"#testimoniale2\">Rozanei Radu<\/a> \u0219i lui <a href=\"#testimoniale2\">M\u0103d\u0103lin Mandin<\/a> <a href=\"http:\/\/www.improvisneyland.ro\" target=\"_blank\" rel=\"noopener\">www.improvisneyland.ro<\/a>&ZeroWidthSpace; pentru inspira\u021bie \u00een sesiunile de improviza\u021bie \u0219i lui <a href=\"http:\/\/www.fitrepublic.ro&#038;ZeroWidthSpace;\" target=\"_blank\" rel=\"noopener\">Alex \u0219i Chivu<\/a> c\u0103 ne-au ajutat s\u0103 ne men\u021binem \u00een form\u0103.\t\t<\/p>\n<\/div><\/div>\n<\/p><\/div>\n<\/div>\n<div class=\"vc_empty_space\" style=\"height: 32px\"><span class=\"vc_empty_space_inner\"><\/span><\/div>\n<div id=\"gallery_145317\" class=\"w-gallery columns_5\">\n<div class=\"w-gallery-tnails\"><a class=\"w-gallery-tnail order_1\" ref=\"magnificPopup\" href=\"https:\/\/teachforromania.org\/wp-content\/uploads\/e_marineci.jpg\" title=\"e_marineci\"><img loading=\"lazy\" decoding=\"async\" width=\"300\" height=\"300\" src=\"https:\/\/teachforromania.org\/wp-content\/uploads\/e_marineci-300x300.jpg\" class=\"w-gallery-tnail-img\" alt=\"\" loading=\"lazy\" srcset=\"https:\/\/teachforromania.org\/wp-content\/uploads\/e_marineci-300x300.jpg 300w, https:\/\/teachforromania.org\/wp-content\/uploads\/e_marineci-150x150.jpg 150w, https:\/\/teachforromania.org\/wp-content\/uploads\/e_marineci-600x600.jpg 600w, https:\/\/teachforromania.org\/wp-content\/uploads\/e_marineci-350x350.jpg 350w\" sizes=\"auto, (max-width: 300px) 100vw, 300px\"><span class=\"w-gallery-tnail-title\"><\/span><\/a><a class=\"w-gallery-tnail order_2\" ref=\"magnificPopup\" href=\"https:\/\/teachforromania.org\/wp-content\/uploads\/W1_foto2_ismb.jpg\" title=\"W1_foto2_ismb\"><img loading=\"lazy\" decoding=\"async\" width=\"300\" height=\"300\" src=\"https:\/\/teachforromania.org\/wp-content\/uploads\/W1_foto2_ismb-300x300.jpg\" class=\"w-gallery-tnail-img\" alt=\"\" loading=\"lazy\" srcset=\"https:\/\/teachforromania.org\/wp-content\/uploads\/W1_foto2_ismb-300x300.jpg 300w, https:\/\/teachforromania.org\/wp-content\/uploads\/W1_foto2_ismb-150x150.jpg 150w, https:\/\/teachforromania.org\/wp-content\/uploads\/W1_foto2_ismb-600x600.jpg 600w, https:\/\/teachforromania.org\/wp-content\/uploads\/W1_foto2_ismb-350x350.jpg 350w\" sizes=\"auto, (max-width: 300px) 100vw, 300px\"><span class=\"w-gallery-tnail-title\"><\/span><\/a><a class=\"w-gallery-tnail order_3\" ref=\"magnificPopup\" href=\"https:\/\/teachforromania.org\/wp-content\/uploads\/W1_foto3HInv.jpg\" title=\"W1_foto3HInv\"><img loading=\"lazy\" decoding=\"async\" width=\"300\" height=\"300\" src=\"https:\/\/teachforromania.org\/wp-content\/uploads\/W1_foto3HInv-300x300.jpg\" class=\"w-gallery-tnail-img\" alt=\"\" loading=\"lazy\" srcset=\"https:\/\/teachforromania.org\/wp-content\/uploads\/W1_foto3HInv-300x300.jpg 300w, https:\/\/teachforromania.org\/wp-content\/uploads\/W1_foto3HInv-150x150.jpg 150w, https:\/\/teachforromania.org\/wp-content\/uploads\/W1_foto3HInv-600x600.jpg 600w, https:\/\/teachforromania.org\/wp-content\/uploads\/W1_foto3HInv-350x350.jpg 350w\" sizes=\"auto, (max-width: 300px) 100vw, 300px\"><span class=\"w-gallery-tnail-title\"><\/span><\/a><a class=\"w-gallery-tnail order_4\" ref=\"magnificPopup\" href=\"https:\/\/teachforromania.org\/wp-content\/uploads\/W1_foto4HInvest.jpg\" title=\"W1_foto4HInvest\"><img loading=\"lazy\" decoding=\"async\" width=\"300\" height=\"300\" src=\"https:\/\/teachforromania.org\/wp-content\/uploads\/W1_foto4HInvest-300x300.jpg\" class=\"w-gallery-tnail-img\" alt=\"\" loading=\"lazy\" srcset=\"https:\/\/teachforromania.org\/wp-content\/uploads\/W1_foto4HInvest-300x300.jpg 300w, https:\/\/teachforromania.org\/wp-content\/uploads\/W1_foto4HInvest-150x150.jpg 150w, https:\/\/teachforromania.org\/wp-content\/uploads\/W1_foto4HInvest-600x600.jpg 600w, https:\/\/teachforromania.org\/wp-content\/uploads\/W1_foto4HInvest-350x350.jpg 350w\" sizes=\"auto, (max-width: 300px) 100vw, 300px\"><span class=\"w-gallery-tnail-title\"><\/span><\/a><a class=\"w-gallery-tnail order_5\" ref=\"magnificPopup\" href=\"https:\/\/teachforromania.org\/wp-content\/uploads\/W1_foto5_mreese.jpg\" title=\"W1_foto5_mreese\"><img loading=\"lazy\" decoding=\"async\" width=\"300\" height=\"300\" src=\"https:\/\/teachforromania.org\/wp-content\/uploads\/W1_foto5_mreese-300x300.jpg\" class=\"w-gallery-tnail-img\" alt=\"\" loading=\"lazy\" srcset=\"https:\/\/teachforromania.org\/wp-content\/uploads\/W1_foto5_mreese-300x300.jpg 300w, https:\/\/teachforromania.org\/wp-content\/uploads\/W1_foto5_mreese-150x150.jpg 150w, https:\/\/teachforromania.org\/wp-content\/uploads\/W1_foto5_mreese-600x600.jpg 600w, https:\/\/teachforromania.org\/wp-content\/uploads\/W1_foto5_mreese-350x350.jpg 350w\" sizes=\"auto, (max-width: 300px) 100vw, 300px\"><span class=\"w-gallery-tnail-title\"><\/span><\/a><\/div>\n<\/p><\/div>\n<div class=\"wpb_text_column \">\n<div class=\"wpb_wrapper\">\n<p style=\"text-align: center; margin-top: 20px;\"><a href=\"https:\/\/www.facebook.com\/teachforromania\/photos_stream?tab=photos_stream\" target=\"_blank\" rel=\"noopener\">Vezi toate pozele pe Facebook<\/a><\/p>\n<\/p><\/div>\n<\/p><\/div>\n<\/p><\/div>\n<div class=\"one-third\">\n<div class=\"wpb_text_column \">\n<div class=\"wpb_wrapper\">\n<h3 style=\"text-align: center;\">LeadershipSummerAcademy2015<\/h3>\n<h3 style=\"text-align: center;\">Prima s\u0103pt\u0103m\u00e2n\u0103<\/h3>\n<\/p><\/div>\n<\/p><\/div>\n<div class=\"vc_empty_space\" style=\"height: 8px\"><span class=\"vc_empty_space_inner\"><\/span><\/div>\n<div class=\"wpb_text_column \">\n<div class=\"wpb_wrapper\">\n<div class=\"side\">\n<div class=\"side-h\">\n<h3>Bucure\u0219ti, 5 Iulie \u2013 29 Iulie 2015<\/h3>\n<p><a style=\"color: #ffffff;\" href=\"http:\/\/www.rau.ro\/\" target=\"_blank\" rel=\"noopener\">Universitatea Rom\u00e2no-American\u0103<\/a><\/p>\n<\/div>\n<div class=\"side-menu weeks\">\n<ul>\n<li><a href=\"#saptamana1\">S\u0103pt\u0103m\u00e2na 1<\/a><\/li>\n<li><a href=\"#saptamana2\">S\u0103pt\u0103m\u00e2na 2<\/a><\/li>\n<li><a href=\"#saptamana3\">S\u0103pt\u0103m\u00e2na 3<\/a><\/li>\n<\/ul>\n<\/div>\n<\/div><\/div>\n<\/p><\/div>\n<div class=\"wpb_text_column \">\n<div class=\"wpb_wrapper\">\n<div class=\"side\">\n<div class=\"side-h\">\n<h3>Bra\u0219ov-G\u00eercin, 30 iulie \u2013 13 august 2015<\/h3>\n<p><span style=\"color: #ffffff;\">\u0218coala General\u0103 nr.5, S\u0103cele<\/span><\/p>\n<\/div>\n<div class=\"side-menu weeks\">\n<ul>\n<li><a href=\"#saptamana4\">S\u0103pt\u0103m\u00e2na 4<\/a><\/li>\n<li><a href=\"#saptamani5-6\">S\u0103pt\u0103m\u00e2nile 5 \u0219i 6<\/a><\/li>\n<\/ul>\n<\/div>\n<\/div><\/div>\n<\/p><\/div>\n<div class=\"wpb_text_column \">\n<div class=\"wpb_wrapper\">\n<div class=\"side-menu\">\n<ul>\n<li><a href=\"#trainers\">Traineri<\/a><\/li>\n<li><a href=\"#participanti\">Ce spun participan\u021bii<\/a><\/li>\n<li><a href=\"http:\/\/teachforromania.org\/parteneri\/cine-ne-sustine\/\">Cine ne sus\u021bine<\/a><\/li>\n<li><a href=\"#presa\">Revista presei<\/a><\/li>\n<\/ul>\n<\/div><\/div>\n<\/p><\/div>\n<div class=\"wpb_text_column \">\n<div class=\"wpb_wrapper\">\n<p style=\"text-align: center; margin: 0;\"><a href=\"http:\/\/stiri.tvr.ro\/campanie-stirile-tvr--fosti-manageri-si-corporatisti--profesori-in-zone-defavorizate_63189_video.html#view\" target=\"_blank\" rel=\"noopener\">Premier\u0103 \u2013 Vizita TVR \u00een LSA<\/a><\/p>\n<\/p><\/div>\n<\/p><\/div>\n<div class=\"w-video ratio_16-9\"><iframe width=\"420\" height=\"315\" src=\"\/\/www.youtube.com\/embed\/lV21PFiyX88\" frameborder=\"0\" allowfullscreen=\"\"><\/iframe><\/div>\n<\/div>\n<\/div>\n<\/div>\n<\/div>\n<div class=\"l-submain remove-top\" id=\"saptamana2\">\n<div class=\"l-submain-h g-html i-cf\">\n<div class=\"g-cols offset_default\">\n<div class=\"full-width\">\n<div class=\"g-hr no_icon\">\t\t\t\t\t\t<span class=\"g-hr-h\">\t\t\t\t\t\t\t<i class=\"fa fa-\"><\/i>\t\t\t\t\t\t<\/span>\t\t\t\t\t<\/div>\n<div class=\"wpb_text_column \">\n<div class=\"wpb_wrapper\">\n<h2>LeadershipSummerAcademy2015 \u2013 S\u0103pt\u0103m\u00e2na a 2-a<\/h2>\n<\/p><\/div>\n<\/p><\/div>\n<div class=\"g-cols offset_default\">\n<div class=\"two-thirds\">\n<div class=\"wpb_text_column \">\n<div class=\"wpb_wrapper\">\n<p>Self Situational Leadership cu Viorel Panaite si Georgeta Chirana&nbsp;<a href=\"https:\/\/www.facebook.com\/pages\/Human-Invest\/538813402839730\">Human Invest<\/a>, <a href=\"http:\/\/www.mindful-lifestyle.ro\" target=\"_blank\" rel=\"noopener\">Mindfulness<\/a> cu <a href=\"#testimoniale2\">Vlad Dog\u0103rescu<\/a>, strategii de comunicare cu <a href=\"#testimoniale\">Magda Bunea<\/a> <a href=\"http:\/\/www.coaching2success.blogspot.ro\" target=\"_blank\" rel=\"noopener\">www.coaching2success.blogspot.ro<\/a>,&nbsp;setarea viziunii la clas\u0103 al\u0103turi de Corina Puiu, co-fondatoarea programului \u0219i Marius Bogdan, profesor genera\u021bia 2014, experien\u021be de predare la clas\u0103 \u00eemp\u0103rt\u0103site de colegele noastre din genera\u021bia 2014 \u2013 S\u00eenziana Buliga \u0219i Ramona Diac, teoria comunic\u0103rii \u00een func\u021bie de tipul de personalitate cu <a href=\"#testimoniale\">Paul Olteanu<\/a> <a href=\"http:\/\/www.paulolteanu.ro\" target=\"_blank\" rel=\"noopener\">www.paulolteanu.ro<\/a>, inspira\u021bie, energie \u0219i exuberan\u021b\u0103 cu Improvisneyland. \u0218i nu \u00een ultimul r\u00e2nd, sport cu <a href=\"http:\/\/fitrepublic.ro\/\" target=\"_blank\" rel=\"noopener\">Fit Republic<\/a> \u0219i o surpriz\u0103 numit\u0103 \u201cInside out\u201d.\t\t<\/p>\n<\/div><\/div>\n<div class=\"vc_empty_space\" style=\"height: 32px\"><span class=\"vc_empty_space_inner\"><\/span><\/div>\n<div id=\"gallery_942872\" class=\"w-gallery columns_5\">\n<div class=\"w-gallery-tnails\"><a class=\"w-gallery-tnail order_1\" ref=\"magnificPopup\" href=\"https:\/\/teachforromania.org\/wp-content\/uploads\/W2-foto1.jpg\" title=\"W2-foto1\"><img loading=\"lazy\" decoding=\"async\" width=\"300\" height=\"300\" src=\"https:\/\/teachforromania.org\/wp-content\/uploads\/W2-foto1-300x300.jpg\" class=\"w-gallery-tnail-img\" alt=\"\" loading=\"lazy\" srcset=\"https:\/\/teachforromania.org\/wp-content\/uploads\/W2-foto1-300x300.jpg 300w, https:\/\/teachforromania.org\/wp-content\/uploads\/W2-foto1-150x150.jpg 150w, https:\/\/teachforromania.org\/wp-content\/uploads\/W2-foto1-600x600.jpg 600w, https:\/\/teachforromania.org\/wp-content\/uploads\/W2-foto1-350x350.jpg 350w\" sizes=\"auto, (max-width: 300px) 100vw, 300px\"><span class=\"w-gallery-tnail-title\"><\/span><\/a><a class=\"w-gallery-tnail order_2\" ref=\"magnificPopup\" href=\"https:\/\/teachforromania.org\/wp-content\/uploads\/W2-foto5imrpo.jpg\" title=\"W2-foto5imrpo\"><img loading=\"lazy\" decoding=\"async\" width=\"300\" height=\"300\" src=\"https:\/\/teachforromania.org\/wp-content\/uploads\/W2-foto5imrpo-300x300.jpg\" class=\"w-gallery-tnail-img\" alt=\"\" loading=\"lazy\" srcset=\"https:\/\/teachforromania.org\/wp-content\/uploads\/W2-foto5imrpo-300x300.jpg 300w, https:\/\/teachforromania.org\/wp-content\/uploads\/W2-foto5imrpo-150x150.jpg 150w, https:\/\/teachforromania.org\/wp-content\/uploads\/W2-foto5imrpo-600x600.jpg 600w, https:\/\/teachforromania.org\/wp-content\/uploads\/W2-foto5imrpo-350x350.jpg 350w\" sizes=\"auto, (max-width: 300px) 100vw, 300px\"><span class=\"w-gallery-tnail-title\"><\/span><\/a><a class=\"w-gallery-tnail order_3\" ref=\"magnificPopup\" href=\"https:\/\/teachforromania.org\/wp-content\/uploads\/W2-foto4.jpg\" title=\"W2-foto4\"><img loading=\"lazy\" decoding=\"async\" width=\"300\" height=\"300\" src=\"https:\/\/teachforromania.org\/wp-content\/uploads\/W2-foto4-300x300.jpg\" class=\"w-gallery-tnail-img\" alt=\"\" loading=\"lazy\" srcset=\"https:\/\/teachforromania.org\/wp-content\/uploads\/W2-foto4-300x300.jpg 300w, https:\/\/teachforromania.org\/wp-content\/uploads\/W2-foto4-150x150.jpg 150w, https:\/\/teachforromania.org\/wp-content\/uploads\/W2-foto4-600x600.jpg 600w, https:\/\/teachforromania.org\/wp-content\/uploads\/W2-foto4-350x350.jpg 350w\" sizes=\"auto, (max-width: 300px) 100vw, 300px\"><span class=\"w-gallery-tnail-title\"><\/span><\/a><a class=\"w-gallery-tnail order_4\" ref=\"magnificPopup\" href=\"https:\/\/teachforromania.org\/wp-content\/uploads\/W2-foto3.jpg\" title=\"W2-foto3\"><img loading=\"lazy\" decoding=\"async\" width=\"300\" height=\"300\" src=\"https:\/\/teachforromania.org\/wp-content\/uploads\/W2-foto3-300x300.jpg\" class=\"w-gallery-tnail-img\" alt=\"\" loading=\"lazy\" srcset=\"https:\/\/teachforromania.org\/wp-content\/uploads\/W2-foto3-300x300.jpg 300w, https:\/\/teachforromania.org\/wp-content\/uploads\/W2-foto3-150x150.jpg 150w, https:\/\/teachforromania.org\/wp-content\/uploads\/W2-foto3-600x600.jpg 600w, https:\/\/teachforromania.org\/wp-content\/uploads\/W2-foto3-350x350.jpg 350w\" sizes=\"auto, (max-width: 300px) 100vw, 300px\"><span class=\"w-gallery-tnail-title\"><\/span><\/a><a class=\"w-gallery-tnail order_5\" ref=\"magnificPopup\" href=\"https:\/\/teachforromania.org\/wp-content\/uploads\/W2-foto2.jpg\" title=\"W2-foto2\"><img loading=\"lazy\" decoding=\"async\" width=\"300\" height=\"300\" src=\"https:\/\/teachforromania.org\/wp-content\/uploads\/W2-foto2-300x300.jpg\" class=\"w-gallery-tnail-img\" alt=\"\" loading=\"lazy\" srcset=\"https:\/\/teachforromania.org\/wp-content\/uploads\/W2-foto2-300x300.jpg 300w, https:\/\/teachforromania.org\/wp-content\/uploads\/W2-foto2-150x150.jpg 150w, https:\/\/teachforromania.org\/wp-content\/uploads\/W2-foto2-600x600.jpg 600w, https:\/\/teachforromania.org\/wp-content\/uploads\/W2-foto2-350x350.jpg 350w\" sizes=\"auto, (max-width: 300px) 100vw, 300px\"><span class=\"w-gallery-tnail-title\"><\/span><\/a><\/div>\n<\/p><\/div>\n<div class=\"wpb_text_column \">\n<div class=\"wpb_wrapper\">\n<p style=\"text-align: center; margin-top: 20px;\"><a href=\"https:\/\/www.facebook.com\/teachforromania\/photos_stream?tab=photos_stream\" target=\"_blank\" rel=\"noopener\">Vezi toate pozele pe Facebook<\/a><\/p>\n<\/p><\/div>\n<\/p><\/div>\n<\/p><\/div>\n<div class=\"one-third\">\n<div class=\"w-video ratio_16-9\"><iframe width=\"420\" height=\"315\" src=\"\/\/www.youtube.com\/embed\/Vn_P8NovTs0\" frameborder=\"0\" allowfullscreen=\"\"><\/iframe><\/div>\n<\/div>\n<\/div>\n<\/div>\n<\/div>\n<\/div>\n<\/div>\n<div class=\"l-submain remove-top\" id=\"saptamana3\">\n<div class=\"l-submain-h g-html i-cf\">\n<div class=\"g-cols offset_default\">\n<div class=\"full-width\">\n<div class=\"g-hr no_icon\">\t\t\t\t\t\t<span class=\"g-hr-h\">\t\t\t\t\t\t\t<i class=\"fa fa-\"><\/i>\t\t\t\t\t\t<\/span>\t\t\t\t\t<\/div>\n<div class=\"wpb_text_column \">\n<div class=\"wpb_wrapper\">\n<h2>LeadershipSummerAcademy2015 \u2013 S\u0103pt\u0103m\u00e2na a 3-a<\/h2>\n<\/p><\/div>\n<\/p><\/div>\n<div class=\"g-cols offset_default\">\n<div class=\"two-thirds\">\n<div class=\"wpb_text_column \">\n<div class=\"wpb_wrapper\">\n<p>Mul\u021bumim <a href=\"#testimoniale\">Magdei Bunea<\/a> <a href=\"http:\/\/www.coaching2success.blogspot.ro\" target=\"_blank\" rel=\"noopener\">www.coaching2success.blogspot.ro<\/a>, <a href=\"#testimoniale\">Paul Olteanu<\/a> <a href=\"http:\/\/www.paulolteanu.ro\" target=\"_blank\" rel=\"noopener\">www.paulolteanu.ro<\/a>,&nbsp;lui <a href=\"#testimoniale\">Adrian Stanciu<\/a> <a href=\"http:\/\/www.wantedtransformation.ro\" target=\"_blank\" rel=\"noopener\">www.wantedtransformation.ro<\/a>, <a href=\"http:\/\/www.teachforall.org\" target=\"_blank\" rel=\"noopener\">Feliciei Cuesta<\/a>, <a href=\"http:\/\/www.montessoribucuresti.ro\" target=\"_blank\" rel=\"noopener\">Anei Maria Brezniceanu<\/a>, lui <a href=\"http:\/\/www.fitrepublic.ro\" target=\"_blank\" rel=\"noopener\">Alex \u0219i Chivu<\/a> pentru tot ce ne-au d\u0103ruit \u00een cea de a 3-a s\u0103pt\u0103m\u00e2n\u0103 a Academiei de var\u0103!<\/p>\n<p>Mul\u021bumim colegelor noastre Nicoleta Topoleanu \u0219i S\u00eenziana Buliga pentru informa\u021biile valoroase pe care ni le-au \u00eemp\u0103rt\u0103\u0219it!<\/p>\n<p>Detalii \u0219i imagini despre toate acestea si despre vizita mai pu\u021bin obi\u0219nuit\u0103 a echipei \u0219tirilor TVR, \u00een filmul al\u0103turat.<\/p>\n<p>Mul\u021bumim <a href=\"http:\/\/www.rau.ro\" target=\"_blank\" rel=\"noopener\">Universit\u0103\u021bii Rom\u00e2no-Americane<\/a>, <a href=\"http:\/\/www.zizin.ro\" target=\"_blank\" rel=\"noopener\">Zizin<\/a>, <a href=\"http:\/\/www.papyrus.com\" target=\"_blank\" rel=\"noopener\">Papyrus<\/a>, <a href=\"http:\/\/www.qzine-catering.ro\" target=\"_blank\" rel=\"noopener\">Qzine<\/a>.\t\t<\/p>\n<\/div><\/div>\n<div class=\"vc_empty_space\" style=\"height: 32px\"><span class=\"vc_empty_space_inner\"><\/span><\/div>\n<div id=\"gallery_557589\" class=\"w-gallery columns_5\">\n<div class=\"w-gallery-tnails\"><a class=\"w-gallery-tnail order_1\" ref=\"magnificPopup\" href=\"https:\/\/teachforromania.org\/wp-content\/uploads\/W3-foto1_astanciu.jpg\" title=\"W3-foto1_astanciu\"><img loading=\"lazy\" decoding=\"async\" width=\"300\" height=\"300\" src=\"https:\/\/teachforromania.org\/wp-content\/uploads\/W3-foto1_astanciu-300x300.jpg\" class=\"w-gallery-tnail-img\" alt=\"\" loading=\"lazy\" srcset=\"https:\/\/teachforromania.org\/wp-content\/uploads\/W3-foto1_astanciu-300x300.jpg 300w, https:\/\/teachforromania.org\/wp-content\/uploads\/W3-foto1_astanciu-150x150.jpg 150w, https:\/\/teachforromania.org\/wp-content\/uploads\/W3-foto1_astanciu-600x600.jpg 600w, https:\/\/teachforromania.org\/wp-content\/uploads\/W3-foto1_astanciu-350x350.jpg 350w\" sizes=\"auto, (max-width: 300px) 100vw, 300px\"><span class=\"w-gallery-tnail-title\"><\/span><\/a><a class=\"w-gallery-tnail order_2\" ref=\"magnificPopup\" href=\"https:\/\/teachforromania.org\/wp-content\/uploads\/W3-foto5.jpg\" title=\"W3-foto5\"><img loading=\"lazy\" decoding=\"async\" width=\"300\" height=\"300\" src=\"https:\/\/teachforromania.org\/wp-content\/uploads\/W3-foto5-300x300.jpg\" class=\"w-gallery-tnail-img\" alt=\"\" loading=\"lazy\" srcset=\"https:\/\/teachforromania.org\/wp-content\/uploads\/W3-foto5-300x300.jpg 300w, https:\/\/teachforromania.org\/wp-content\/uploads\/W3-foto5-150x150.jpg 150w, https:\/\/teachforromania.org\/wp-content\/uploads\/W3-foto5-600x600.jpg 600w, https:\/\/teachforromania.org\/wp-content\/uploads\/W3-foto5-350x350.jpg 350w\" sizes=\"auto, (max-width: 300px) 100vw, 300px\"><span class=\"w-gallery-tnail-title\"><\/span><\/a><a class=\"w-gallery-tnail order_3\" ref=\"magnificPopup\" href=\"https:\/\/teachforromania.org\/wp-content\/uploads\/W3-foto3_AB.jpg\" title=\"W3-foto3_AB\"><img loading=\"lazy\" decoding=\"async\" width=\"300\" height=\"300\" src=\"https:\/\/teachforromania.org\/wp-content\/uploads\/W3-foto3_AB-300x300.jpg\" class=\"w-gallery-tnail-img\" alt=\"\" loading=\"lazy\" srcset=\"https:\/\/teachforromania.org\/wp-content\/uploads\/W3-foto3_AB-300x300.jpg 300w, https:\/\/teachforromania.org\/wp-content\/uploads\/W3-foto3_AB-150x150.jpg 150w, https:\/\/teachforromania.org\/wp-content\/uploads\/W3-foto3_AB-600x600.jpg 600w, https:\/\/teachforromania.org\/wp-content\/uploads\/W3-foto3_AB-350x350.jpg 350w\" sizes=\"auto, (max-width: 300px) 100vw, 300px\"><span class=\"w-gallery-tnail-title\"><\/span><\/a><a class=\"w-gallery-tnail order_4\" ref=\"magnificPopup\" href=\"https:\/\/teachforromania.org\/wp-content\/uploads\/W3-foto2_FC.jpg\" title=\"W3-foto2_FC\"><img loading=\"lazy\" decoding=\"async\" width=\"300\" height=\"300\" src=\"https:\/\/teachforromania.org\/wp-content\/uploads\/W3-foto2_FC-300x300.jpg\" class=\"w-gallery-tnail-img\" alt=\"\" loading=\"lazy\" srcset=\"https:\/\/teachforromania.org\/wp-content\/uploads\/W3-foto2_FC-300x300.jpg 300w, https:\/\/teachforromania.org\/wp-content\/uploads\/W3-foto2_FC-150x150.jpg 150w, https:\/\/teachforromania.org\/wp-content\/uploads\/W3-foto2_FC-600x600.jpg 600w, https:\/\/teachforromania.org\/wp-content\/uploads\/W3-foto2_FC-350x350.jpg 350w\" sizes=\"auto, (max-width: 300px) 100vw, 300px\"><span class=\"w-gallery-tnail-title\"><\/span><\/a><a class=\"w-gallery-tnail order_5\" ref=\"magnificPopup\" href=\"https:\/\/teachforromania.org\/wp-content\/uploads\/W3-foto4_FR.jpg\" title=\"W3-foto4_FR\"><img loading=\"lazy\" decoding=\"async\" width=\"300\" height=\"300\" src=\"https:\/\/teachforromania.org\/wp-content\/uploads\/W3-foto4_FR-300x300.jpg\" class=\"w-gallery-tnail-img\" alt=\"\" loading=\"lazy\" srcset=\"https:\/\/teachforromania.org\/wp-content\/uploads\/W3-foto4_FR-300x300.jpg 300w, https:\/\/teachforromania.org\/wp-content\/uploads\/W3-foto4_FR-150x150.jpg 150w, https:\/\/teachforromania.org\/wp-content\/uploads\/W3-foto4_FR-600x600.jpg 600w, https:\/\/teachforromania.org\/wp-content\/uploads\/W3-foto4_FR-350x350.jpg 350w\" sizes=\"auto, (max-width: 300px) 100vw, 300px\"><span class=\"w-gallery-tnail-title\"><\/span><\/a><\/div>\n<\/p><\/div>\n<div class=\"wpb_text_column \">\n<div class=\"wpb_wrapper\">\n<p style=\"text-align: center; margin-top: 20px;\"><a href=\"https:\/\/www.facebook.com\/teachforromania\/photos_stream?tab=photos_stream\" target=\"_blank\" rel=\"noopener\">Vezi toate pozele pe Facebook<\/a><\/p>\n<\/p><\/div>\n<\/p><\/div>\n<\/p><\/div>\n<div class=\"one-third\">\n<div class=\"w-video ratio_16-9\"><iframe width=\"1500\" height=\"844\" src=\"https:\/\/www.youtube.com\/embed\/c-WSEIxNDEY?feature=oembed\" frameborder=\"0\" allowfullscreen=\"\"><\/iframe><\/div>\n<\/div>\n<\/div>\n<\/div>\n<\/div>\n<\/div>\n<\/div>\n<div class=\"l-submain remove-top\" id=\"saptamana4\">\n<div class=\"l-submain-h g-html i-cf\">\n<div class=\"g-cols offset_default\">\n<div class=\"full-width\">\n<div class=\"g-hr no_icon\">\t\t\t\t\t\t<span class=\"g-hr-h\">\t\t\t\t\t\t\t<i class=\"fa fa-\"><\/i>\t\t\t\t\t\t<\/span>\t\t\t\t\t<\/div>\n<div class=\"wpb_text_column \">\n<div class=\"wpb_wrapper\">\n<h2>LeadershipSummerAcademy2015 \u2013 S\u0103pt\u0103m\u00e2na a 4-a<\/h2>\n<\/p><\/div>\n<\/p><\/div>\n<div class=\"g-cols offset_default\">\n<div class=\"two-thirds\">\n<div class=\"wpb_text_column \">\n<div class=\"wpb_wrapper\">\n<p>Pentru prima oar\u0103 la catedr\u0103 \u2013 \u00eent\u00e2lnirea de gradul zero \u00eentre profesorii genera\u021biei a doua \u0219i copiii din G\u00eercin s-a consumat cu mult\u0103 emo\u021bie \u0219i bucurie!<\/p>\n<p>Am avut parte de momente \u0219i dialoguri pline de inspira\u021bie \u0219i de haz al\u0103turi de o mul\u021bime de copii minuna\u021bi, de care ne vom aminti cu drag \u0219i cu bucurie mult\u0103 vreme de acum \u00eencolo! Iar dup\u0103 dou\u0103 zile intense de predare la clas\u0103, cu planuri de lec\u021bie, sesiuni de analiz\u0103, feed-back \u0219i autoreflec\u021bie, in weekend am fost din nou elevi! Situa\u021bii inedite, joac\u0103, provocare, conexiune autentic\u0103 cu echipa, adrenalin\u0103, bucurie, entuziasm, \u00eenv\u0103\u021bare, descoperire, aventur\u0103, colaborare! A\u0219a ne-am sim\u021bit \u00een cele dou\u0103 zile de \u201csurvival\u201d\u0219i de testare a sim\u021burilor.<\/p>\n<p>Mul\u021bumim prietenilor no\u0219tri de la <a href=\"http:\/\/www.ecoxtrem.ro\/\" target=\"_blank\" rel=\"noopener\">EcoXtrem<\/a> \u2013 Drago\u0219, Paul, R\u0103zvan \u0219i Mihai!<\/p>\n<p>Mul\u021bumim copiilor \u0219i comunit\u0103\u021bii din G\u00eercin pentru c\u0103 ne-au primit al\u0103turi de ei!<\/p>\n<p>Mul\u021bumim <a href=\"https:\/\/www.vodafone.ro\/despre-noi\/implicare-sociala\/fundatia-vodafone\/\" target=\"_blank\" rel=\"noopener\">Funda\u021biei Vodafone<\/a>, finan\u021batorul Leadership Summer Academy 2015!\t\t<\/p>\n<\/div><\/div>\n<div class=\"vc_empty_space\" style=\"height: 32px\"><span class=\"vc_empty_space_inner\"><\/span><\/div>\n<div id=\"gallery_652703\" class=\"w-gallery columns_5\">\n<div class=\"w-gallery-tnails\"><a class=\"w-gallery-tnail order_1\" ref=\"magnificPopup\" href=\"https:\/\/teachforromania.org\/wp-content\/uploads\/sapt4_poza1_.jpg\" title=\"sapt4_poza1_\"><img loading=\"lazy\" decoding=\"async\" width=\"300\" height=\"300\" src=\"https:\/\/teachforromania.org\/wp-content\/uploads\/sapt4_poza1_-300x300.jpg\" class=\"w-gallery-tnail-img\" alt=\"\" loading=\"lazy\" srcset=\"https:\/\/teachforromania.org\/wp-content\/uploads\/sapt4_poza1_-300x300.jpg 300w, https:\/\/teachforromania.org\/wp-content\/uploads\/sapt4_poza1_-150x150.jpg 150w, https:\/\/teachforromania.org\/wp-content\/uploads\/sapt4_poza1_-600x600.jpg 600w, https:\/\/teachforromania.org\/wp-content\/uploads\/sapt4_poza1_-350x350.jpg 350w\" sizes=\"auto, (max-width: 300px) 100vw, 300px\"><span class=\"w-gallery-tnail-title\"><\/span><\/a><a class=\"w-gallery-tnail order_2\" ref=\"magnificPopup\" href=\"https:\/\/teachforromania.org\/wp-content\/uploads\/sapt4_poza3.jpg\" title=\"sapt4_poza3\"><img loading=\"lazy\" decoding=\"async\" width=\"300\" height=\"300\" src=\"https:\/\/teachforromania.org\/wp-content\/uploads\/sapt4_poza3-300x300.jpg\" class=\"w-gallery-tnail-img\" alt=\"\" loading=\"lazy\" srcset=\"https:\/\/teachforromania.org\/wp-content\/uploads\/sapt4_poza3-300x300.jpg 300w, https:\/\/teachforromania.org\/wp-content\/uploads\/sapt4_poza3-150x150.jpg 150w, https:\/\/teachforromania.org\/wp-content\/uploads\/sapt4_poza3-600x600.jpg 600w, https:\/\/teachforromania.org\/wp-content\/uploads\/sapt4_poza3-350x350.jpg 350w\" sizes=\"auto, (max-width: 300px) 100vw, 300px\"><span class=\"w-gallery-tnail-title\"><\/span><\/a><a class=\"w-gallery-tnail order_3\" ref=\"magnificPopup\" href=\"https:\/\/teachforromania.org\/wp-content\/uploads\/sapt4_poza4.jpg\" title=\"sapt4_poza4\"><img loading=\"lazy\" decoding=\"async\" width=\"300\" height=\"300\" src=\"https:\/\/teachforromania.org\/wp-content\/uploads\/sapt4_poza4-300x300.jpg\" class=\"w-gallery-tnail-img\" alt=\"\" loading=\"lazy\" srcset=\"https:\/\/teachforromania.org\/wp-content\/uploads\/sapt4_poza4-300x300.jpg 300w, https:\/\/teachforromania.org\/wp-content\/uploads\/sapt4_poza4-150x150.jpg 150w, https:\/\/teachforromania.org\/wp-content\/uploads\/sapt4_poza4-600x600.jpg 600w, https:\/\/teachforromania.org\/wp-content\/uploads\/sapt4_poza4-350x350.jpg 350w\" sizes=\"auto, (max-width: 300px) 100vw, 300px\"><span class=\"w-gallery-tnail-title\"><\/span><\/a><a class=\"w-gallery-tnail order_4\" ref=\"magnificPopup\" href=\"https:\/\/teachforromania.org\/wp-content\/uploads\/sapt4_poza5_.jpg\" title=\"sapt4_poza5_\"><img loading=\"lazy\" decoding=\"async\" width=\"300\" height=\"300\" src=\"https:\/\/teachforromania.org\/wp-content\/uploads\/sapt4_poza5_-300x300.jpg\" class=\"w-gallery-tnail-img\" alt=\"\" loading=\"lazy\" srcset=\"https:\/\/teachforromania.org\/wp-content\/uploads\/sapt4_poza5_-300x300.jpg 300w, https:\/\/teachforromania.org\/wp-content\/uploads\/sapt4_poza5_-150x150.jpg 150w, https:\/\/teachforromania.org\/wp-content\/uploads\/sapt4_poza5_-600x600.jpg 600w, https:\/\/teachforromania.org\/wp-content\/uploads\/sapt4_poza5_-350x350.jpg 350w\" sizes=\"auto, (max-width: 300px) 100vw, 300px\"><span class=\"w-gallery-tnail-title\"><\/span><\/a><a class=\"w-gallery-tnail order_5\" ref=\"magnificPopup\" href=\"https:\/\/teachforromania.org\/wp-content\/uploads\/sapt4_poza5.jpg\" title=\"sapt4_poza5\"><img loading=\"lazy\" decoding=\"async\" width=\"300\" height=\"300\" src=\"https:\/\/teachforromania.org\/wp-content\/uploads\/sapt4_poza5-300x300.jpg\" class=\"w-gallery-tnail-img\" alt=\"\" loading=\"lazy\" srcset=\"https:\/\/teachforromania.org\/wp-content\/uploads\/sapt4_poza5-300x300.jpg 300w, https:\/\/teachforromania.org\/wp-content\/uploads\/sapt4_poza5-150x150.jpg 150w, https:\/\/teachforromania.org\/wp-content\/uploads\/sapt4_poza5-600x600.jpg 600w, https:\/\/teachforromania.org\/wp-content\/uploads\/sapt4_poza5-350x350.jpg 350w\" sizes=\"auto, (max-width: 300px) 100vw, 300px\"><span class=\"w-gallery-tnail-title\"><\/span><\/a><\/div>\n<\/p><\/div>\n<div class=\"wpb_text_column \">\n<div class=\"wpb_wrapper\">\n<p style=\"text-align: center; margin-top: 20px;\"><a href=\"https:\/\/www.facebook.com\/teachforromania\/photos_stream?tab=photos_stream\" target=\"_blank\" rel=\"noopener\">Vezi toate pozele pe Facebook<\/a><\/p>\n<\/p><\/div>\n<\/p><\/div>\n<\/p><\/div>\n<div class=\"one-third\">\n<div class=\"w-video ratio_16-9\"><iframe width=\"420\" height=\"315\" src=\"\/\/www.youtube.com\/embed\/z8hhe1E_6t4\" frameborder=\"0\" allowfullscreen=\"\"><\/iframe><\/div>\n<\/div>\n<\/div>\n<\/div>\n<\/div>\n<\/div>\n<\/div>\n<div class=\"l-submain remove-top\" id=\"saptamani5-6\">\n<div class=\"l-submain-h g-html i-cf\">\n<div class=\"g-cols offset_default\">\n<div class=\"full-width\">\n<div class=\"g-hr no_icon\">\t\t\t\t\t\t<span class=\"g-hr-h\">\t\t\t\t\t\t\t<i class=\"fa fa-\"><\/i>\t\t\t\t\t\t<\/span>\t\t\t\t\t<\/div>\n<div class=\"wpb_text_column \">\n<div class=\"wpb_wrapper\">\n<h2>Leadership Summer Academy 2015 \u2013 Dou\u0103 s\u0103pt\u0103m\u00e2ni la G\u00eercin<\/h2>\n<\/p><\/div>\n<\/p><\/div>\n<div class=\"g-cols offset_default\">\n<div class=\"two-thirds\">\n<div class=\"wpb_text_column \">\n<div class=\"wpb_wrapper\">\n<p>\u201eDe ce suntem aici? \u2013 Ca s\u0103 \u00eenv\u0103\u021b\u0103m s\u0103 fim ferici\u021bi!\u201d<\/p>\n<p>Ateliere de informatica si calculatoare,&nbsp;inv\u0103\u021bare prin art\u0103, muzica, arte teatrale, fotografie, dezvoltarea g\u00e2ndirii critice, matematic\u0103 aplicat\u0103,&nbsp; \u0219tiin\u021bele naturii, dezvoltare personal\u0103 prin mi\u0219care, acordare a primului ajutor, reciclare creativ\u0103, prima \u0219edin\u021b\u0103 foto cu baloane, rochii croite pe loc, mantii \u0219i e\u0219arfe, 7 prin\u021bese, 3 cowboy, 2 prin\u021bi alba\u0219tri \u0219i o siren\u0103 verde, biblioteca Vie \u2013 unul din cele mai interesante proiecte pentru a-i inspira pe copii, vizita \u00een comunitate \u0219i serbarea de final sunt doar c\u00e2teva din momentele ce au marcat ultimele 2 s\u0103pt\u0103m\u00e2ni ale Academiei de Var\u0103.<\/p>\n<p>\u00cen doar 2 s\u0103pt\u0103m\u00e2ni de lucru cu profesorii \u0219i \u00eenv\u0103\u021b\u0103torii Teach for Romania, copiii au devenit m\u00e2ndri de ei. Pentru c\u0103 noi avem \u00eencredere c\u0103 orice copil poate. \u021aine de noi s\u0103 \u00eel descoperim \u0219i poten\u021b\u0103m!<\/p>\n<p>Mul\u021bumim <a href=\"http:\/\/www.vodafone.ro\/despre-noi\/implicare-sociala\/fundatia-vodafone\/\" target=\"_blank\" rel=\"noopener\">Funda\u021biei Vodafone<\/a>, <a href=\"http:\/\/www.rafonline.org\" target=\"_blank\" rel=\"noopener\">Romanian American Foundation<\/a>, <a href=\"http:\/\/www.nikonisti.ro\" target=\"_blank\" rel=\"noopener\">Nikon<\/a>, <a href=\"http:\/\/www.papyrus.com\" target=\"_blank\" rel=\"noopener\">Papyrus<\/a>, <a href=\"http:\/\/www.zizin.ro\" target=\"_blank\" rel=\"noopener\">Zizin<\/a>.<\/p>\n<p>Mul\u021bumim pentru g\u0103zduirea \u00een cele mai bune condi\u021bii <a href=\"http:\/\/www.cneab.ro\/\" target=\"_blank\" rel=\"noopener\">Colegiului Na\u021bional Economic \u201cAndrei B\u00e2rseanu\u201d<\/a> din Bra\u0219ov!\t\t<\/p>\n<\/div><\/div>\n<div class=\"vc_empty_space\" style=\"height: 32px\"><span class=\"vc_empty_space_inner\"><\/span><\/div>\n<div id=\"gallery_123038\" class=\"w-gallery columns_5\">\n<div class=\"w-gallery-tnails\"><a class=\"w-gallery-tnail order_1\" ref=\"magnificPopup\" href=\"https:\/\/teachforromania.org\/wp-content\/uploads\/site1.jpg\" title=\"site1\"><img loading=\"lazy\" decoding=\"async\" width=\"300\" height=\"300\" src=\"https:\/\/teachforromania.org\/wp-content\/uploads\/site1-300x300.jpg\" class=\"w-gallery-tnail-img\" alt=\"\" loading=\"lazy\" srcset=\"https:\/\/teachforromania.org\/wp-content\/uploads\/site1-300x300.jpg 300w, https:\/\/teachforromania.org\/wp-content\/uploads\/site1-150x150.jpg 150w, https:\/\/teachforromania.org\/wp-content\/uploads\/site1-600x600.jpg 600w, https:\/\/teachforromania.org\/wp-content\/uploads\/site1-350x350.jpg 350w\" sizes=\"auto, (max-width: 300px) 100vw, 300px\"><span class=\"w-gallery-tnail-title\"><\/span><\/a><a class=\"w-gallery-tnail order_2\" ref=\"magnificPopup\" href=\"https:\/\/teachforromania.org\/wp-content\/uploads\/site2.jpg\" title=\"site2\"><img loading=\"lazy\" decoding=\"async\" width=\"300\" height=\"300\" src=\"https:\/\/teachforromania.org\/wp-content\/uploads\/site2-300x300.jpg\" class=\"w-gallery-tnail-img\" alt=\"\" loading=\"lazy\" srcset=\"https:\/\/teachforromania.org\/wp-content\/uploads\/site2-300x300.jpg 300w, https:\/\/teachforromania.org\/wp-content\/uploads\/site2-150x150.jpg 150w, https:\/\/teachforromania.org\/wp-content\/uploads\/site2-600x600.jpg 600w, https:\/\/teachforromania.org\/wp-content\/uploads\/site2-350x350.jpg 350w\" sizes=\"auto, (max-width: 300px) 100vw, 300px\"><span class=\"w-gallery-tnail-title\"><\/span><\/a><a class=\"w-gallery-tnail order_3\" ref=\"magnificPopup\" href=\"https:\/\/teachforromania.org\/wp-content\/uploads\/site3.jpg\" title=\"site3\"><img loading=\"lazy\" decoding=\"async\" width=\"300\" height=\"300\" src=\"https:\/\/teachforromania.org\/wp-content\/uploads\/site3-300x300.jpg\" class=\"w-gallery-tnail-img\" alt=\"\" loading=\"lazy\" srcset=\"https:\/\/teachforromania.org\/wp-content\/uploads\/site3-300x300.jpg 300w, https:\/\/teachforromania.org\/wp-content\/uploads\/site3-150x150.jpg 150w, https:\/\/teachforromania.org\/wp-content\/uploads\/site3-600x600.jpg 600w, https:\/\/teachforromania.org\/wp-content\/uploads\/site3-350x350.jpg 350w\" sizes=\"auto, (max-width: 300px) 100vw, 300px\"><span class=\"w-gallery-tnail-title\"><\/span><\/a><a class=\"w-gallery-tnail order_4\" ref=\"magnificPopup\" href=\"https:\/\/teachforromania.org\/wp-content\/uploads\/site4.jpg\" title=\"site4\"><img loading=\"lazy\" decoding=\"async\" width=\"300\" height=\"300\" src=\"https:\/\/teachforromania.org\/wp-content\/uploads\/site4-300x300.jpg\" class=\"w-gallery-tnail-img\" alt=\"\" loading=\"lazy\" srcset=\"https:\/\/teachforromania.org\/wp-content\/uploads\/site4-300x300.jpg 300w, https:\/\/teachforromania.org\/wp-content\/uploads\/site4-150x150.jpg 150w, https:\/\/teachforromania.org\/wp-content\/uploads\/site4-600x600.jpg 600w, https:\/\/teachforromania.org\/wp-content\/uploads\/site4-350x350.jpg 350w\" sizes=\"auto, (max-width: 300px) 100vw, 300px\"><span class=\"w-gallery-tnail-title\"><\/span><\/a><a class=\"w-gallery-tnail order_5\" ref=\"magnificPopup\" href=\"https:\/\/teachforromania.org\/wp-content\/uploads\/site5.jpg\" title=\"site5\"><img loading=\"lazy\" decoding=\"async\" width=\"300\" height=\"300\" src=\"https:\/\/teachforromania.org\/wp-content\/uploads\/site5-300x300.jpg\" class=\"w-gallery-tnail-img\" alt=\"\" loading=\"lazy\" srcset=\"https:\/\/teachforromania.org\/wp-content\/uploads\/site5-300x300.jpg 300w, https:\/\/teachforromania.org\/wp-content\/uploads\/site5-150x150.jpg 150w, https:\/\/teachforromania.org\/wp-content\/uploads\/site5-600x600.jpg 600w, https:\/\/teachforromania.org\/wp-content\/uploads\/site5-350x350.jpg 350w\" sizes=\"auto, (max-width: 300px) 100vw, 300px\"><span class=\"w-gallery-tnail-title\"><\/span><\/a><\/div>\n<\/p><\/div>\n<div class=\"wpb_text_column \">\n<div class=\"wpb_wrapper\">\n<p style=\"text-align: center; margin-top: 20px;\"><a href=\"https:\/\/www.facebook.com\/teachforromania\/photos_stream?tab=photos_stream\" target=\"_blank\" rel=\"noopener\">Vezi toate pozele pe Facebook<\/a><\/p>\n<\/p><\/div>\n<\/p><\/div>\n<\/p><\/div>\n<div class=\"one-third\">\n<div class=\"w-video ratio_16-9\"><iframe width=\"420\" height=\"315\" src=\"\/\/www.youtube.com\/embed\/ZPSuVHNnMp8\" frameborder=\"0\" allowfullscreen=\"\"><\/iframe><\/div>\n<\/div>\n<\/div>\n<\/div>\n<\/div>\n<\/div>\n<\/div>\n<div class=\"l-submain\" id=\"presa\">\n<div class=\"l-submain-h g-html i-cf\">\n<div class=\"g-cols offset_default\">\n<div class=\"full-width\">\n<div class=\"g-hr no_icon\">\t\t\t\t\t\t<span class=\"g-hr-h\">\t\t\t\t\t\t\t<i class=\"fa fa-\"><\/i>\t\t\t\t\t\t<\/span>\t\t\t\t\t<\/div>\n<div class=\"wpb_text_column \">\n<div class=\"wpb_wrapper\">\n<h2>Ce spun participan\u021bii<\/h2>\n<\/p><\/div>\n<\/p><\/div>\n<div class=\"g-cols offset_default\">\n<div class=\"one-third\">\n<div class=\"wpb_text_column \">\n<div class=\"wpb_wrapper\">\n<div class=\"citat\">\n<p class=\"quote\">\u201cCa profesori, menirea noastr\u0103 este s\u0103 \u201cv\u00e2n\u0103m\u201d binele din oameni.\u201d<\/p>\n<p class=\"autor\"><strong>C\u0103t\u0103lina Rang\u0103<\/strong>, profesor Generatia a 2-a Teach for Romania<\/p>\n<\/div><\/div>\n<\/p><\/div>\n<\/p><\/div>\n<div class=\"one-third\">\n<div class=\"wpb_text_column \">\n<div class=\"wpb_wrapper\">\n<div class=\"citat\">\n<p class=\"quote\">\u201cBinele e greu. Sistemul de valori trebuie supus \u00eentreb\u0103rilor, e nevoie de introspec\u021bie permanent\u0103.\u201d<\/p>\n<p class=\"autor\"><strong>Ivona Dumitrache<\/strong>, profesor Generatia a 2-a Teach for Romania<\/p>\n<\/div><\/div>\n<\/p><\/div>\n<\/p><\/div>\n<div class=\"one-third\">\n<div class=\"wpb_text_column \">\n<div class=\"wpb_wrapper\">\n<div class=\"citat\">\n<p class=\"quote\">\u201cAm \u00eenv\u0103\u021bat despre ce \u00eenseamn\u0103 s\u0103-\u021bi dep\u0103\u0219e\u0219ti limitele proprii \u0219i a fi alt om dec\u00e2t cel care erai \u00eenainte. \u00cenv\u0103\u021barea a fost una continu\u0103, iar pasiunea \u0219i implicarea au venit de la sine. Aceste zile \u00eemi vor r\u0103m\u0103ne \u00een minte \u0219i \u00een suflet pentru tot restul vie\u021bii, ca zile care m-au schimbat profund!\u201d<\/p>\n<p class=\"autor\"><strong>Andrei Papadache<\/strong>, profesor Generatia a 2-a Teach for Romania<\/p>\n<\/div><\/div>\n<\/p><\/div>\n<\/p><\/div>\n<\/div>\n<\/div>\n<\/div>\n<\/div>\n<\/div>\n<div class=\"l-submain\">\n<div class=\"l-submain-h g-html i-cf\">\n<div class=\"vc_empty_space\" style=\"height: 32px\"><span class=\"vc_empty_space_inner\"><\/span><\/div>\n<div class=\"wpb_text_column \">\n<div class=\"wpb_wrapper\">\n<h2>Revista presei<\/h2>\n<p><iframe loading=\"lazy\" src=\"http:\/\/stiri.tvr.ro\/embed.php?video_id=96007\" width=\"600\" height=\"360\" frameborder=\"0\" scrolling=\"no\"><\/iframe><\/p>\n<p>Buna ziua Brasov:&nbsp;<a href=\"http:\/\/www.bzb.ro\/stire\/dascalii-care-au-schimbat-lumea-copiilor-carora-nu-le-placea-scoala-a89353\" target=\"_blank\" rel=\"noopener\">Dasc\u0103lii care au schimbat lumea copiilor c\u0103rora nu le pl\u0103cea \u015fcoala<\/a><\/p>\n<p>Monitorul Expres: <a href=\"http:\/\/www.monitorulexpres.ro\/?mod=monitorulexpres&amp;p=actualitate&amp;s_id=148962\" target=\"_blank\" rel=\"noopener\">\u00cenv\u0103\u0163\u0103tori care pot schimba lumea<\/a>\t\t<\/p>\n<\/div><\/div>\n<div class=\"one-third\"><\/div>\n<\/div>\n<\/div>\n<div class=\"l-submain\" id=\"trainers\">\n<div class=\"l-submain-h g-html i-cf\">\n<div class=\"g-cols offset_default\">\n<div class=\"full-width\">\n<div class=\"g-hr no_icon\">\t\t\t\t\t\t<span class=\"g-hr-h\">\t\t\t\t\t\t\t<i class=\"fa fa-\"><\/i>\t\t\t\t\t\t<\/span>\t\t\t\t\t<\/div>\n<div class=\"g-cols offset_default\">\n<div class=\"full-width\">\n<div class=\"vc_empty_space\" style=\"height: 32px\"><span class=\"vc_empty_space_inner\"><\/span><\/div>\n<div class=\"wpb_text_column \">\n<div class=\"wpb_wrapper\">\n<h2 style=\"text-align: center;\">Academia de Leadership \u0219i Pedagogie 2015 \u00een cifre:<\/h2>\n<\/p><\/div>\n<\/p><\/div>\n<\/p><\/div>\n<div class=\"full-width\"><\/div>\n<\/div>\n<div class=\"g-cols offset_default\">\n<div class=\"one-half\">\n<div class=\"w-counter\" data-count=\"24\" data-prefix=\"\" data-suffix=\"\">\n<div class=\"w-counter-h\">\n<div class=\"w-counter-number\">24<\/div>\n<h6 class=\"w-counter-title\">noi profesori \u0219i \u00eenv\u0103\u021b\u0103tori<\/h6>\n<\/p><\/div>\n<\/p><\/div>\n<\/div>\n<div class=\"one-half\">\n<div class=\"w-counter\" data-count=\"150\" data-prefix=\"\" data-suffix=\"\">\n<div class=\"w-counter-h\">\n<div class=\"w-counter-number\">150<\/div>\n<h6 class=\"w-counter-title\">de workshopuri practice pentru elevi<\/h6>\n<\/p><\/div>\n<\/p><\/div>\n<\/div>\n<\/div>\n<div class=\"g-cols offset_default\">\n<div class=\"one-half\">\n<div class=\"w-counter\" data-count=\"100\" data-prefix=\"\" data-suffix=\"\">\n<div class=\"w-counter-h\">\n<div class=\"w-counter-number\">100<\/div>\n<h6 class=\"w-counter-title\">de sesiuni de reflectie si coaching<\/h6>\n<\/p><\/div>\n<\/p><\/div>\n<\/div>\n<div class=\"one-half\">\n<div class=\"w-counter\" data-count=\"200\" data-prefix=\"\" data-suffix=\"\">\n<div class=\"w-counter-h\">\n<div class=\"w-counter-number\">200<\/div>\n<h6 class=\"w-counter-title\">de elevi<\/h6>\n<\/p><\/div>\n<\/p><\/div>\n<\/div>\n<\/div>\n<div class=\"g-cols offset_default\">\n<div class=\"one-half\">\n<div class=\"w-counter\" data-count=\"250\" data-prefix=\"\" data-suffix=\"\">\n<div class=\"w-counter-h\">\n<div class=\"w-counter-number\">250<\/div>\n<h6 class=\"w-counter-title\">de participan\u021bi<\/h6>\n<\/p><\/div>\n<\/p><\/div>\n<\/div>\n<div class=\"one-half\">\n<div class=\"w-counter\" data-count=\"250\" data-prefix=\"\" data-suffix=\"\">\n<div class=\"w-counter-h\">\n<div class=\"w-counter-number\">250<\/div>\n<h6 class=\"w-counter-title\">de sesiuni de training<\/h6>\n<\/p><\/div>\n<\/p><\/div>\n<\/div>\n<\/div>\n<div class=\"g-cols offset_default\">\n<div class=\"one-half\">\n<div class=\"w-counter\" data-count=\"6\" data-prefix=\"\" data-suffix=\"\">\n<div class=\"w-counter-h\">\n<div class=\"w-counter-number\">6<\/div>\n<h6 class=\"w-counter-title\">saptamani de Boot Camp<\/h6>\n<\/p><\/div>\n<\/p><\/div>\n<\/div>\n<div class=\"one-half\">\n<div class=\"w-counter\" data-count=\"15\" data-prefix=\"\" data-suffix=\"\">\n<div class=\"w-counter-h\">\n<div class=\"w-counter-number\">15<\/div>\n<h6 class=\"w-counter-title\">clase ce vor avea ore \u00een paralel \u2013 timp de 10 zile<\/h6>\n<\/p><\/div>\n<\/p><\/div>\n<\/div>\n<\/div>\n<div class=\"g-cols offset_default\">\n<div class=\"one-half\">\n<div class=\"w-counter\" data-count=\"250\" data-prefix=\"\" data-suffix=\"\">\n<div class=\"w-counter-h\">\n<div class=\"w-counter-number\">250<\/div>\n<h6 class=\"w-counter-title\">de sesiuni de teaching<\/h6>\n<\/p><\/div>\n<\/p><\/div>\n<\/div>\n<div class=\"one-half\">\n<div class=\"w-counter\" data-count=\"50\" data-prefix=\"\" data-suffix=\"\">\n<div class=\"w-counter-h\">\n<div class=\"w-counter-number\">50<\/div>\n<h6 class=\"w-counter-title\">de parteneri, traineri \u0219i coaches implica\u021bi<\/h6>\n<\/p><\/div>\n<\/p><\/div>\n<\/div>\n<\/div>\n<div class=\"vc_empty_space\" style=\"height: 32px\"><span class=\"vc_empty_space_inner\"><\/span><\/div>\n<div class=\"g-hr no_icon\">\t\t\t\t\t\t<span class=\"g-hr-h\">\t\t\t\t\t\t\t<i class=\"fa fa-\"><\/i>\t\t\t\t\t\t<\/span>\t\t\t\t\t<\/div>\n<div class=\"wpb_text_column \">\n<div class=\"wpb_wrapper\">\n<h2>Traineri<\/h2>\n<\/p><\/div>\n<\/p><\/div>\n<div class=\"g-cols offset_default\">\n<div class=\"one-third\">\n<div class=\"wpb_text_column \">\n<div class=\"wpb_wrapper\">\n<p>Adrian Stanciu \u2013 <a href=\"http:\/\/wantedtransformation.ro\/profiles\/adrian-stanciu\/\" target=\"_blank\" rel=\"noopener\">Wanted Transformation<\/a><\/p>\n<p>Ana Maria Brezniceanu \u2013 <a href=\"http:\/\/www.montessoribucuresti.ro\/index.php?language=1&amp;id=78\" target=\"_blank\" rel=\"noopener\">Montessori School of Bucharest<\/a><\/p>\n<p>Mihaela Reese \u2013 <a href=\"http:\/\/mihaelareese.com\/\" target=\"_blank\" rel=\"noopener\">Leadership Coach<\/a><\/p>\n<p>Magda Bunea \u2013 <a href=\"http:\/\/coaching2success.blogspot.ro\/\" target=\"_blank\" rel=\"noopener\">Gradient<\/a><\/p>\n<p>Paul Olteanu \u2013 <a href=\"http:\/\/www.paulolteanu.ro\/\" target=\"_blank\" rel=\"noopener\">Trainer &amp; Coach<\/a>\t\t<\/p>\n<\/div><\/div>\n<\/p><\/div>\n<div class=\"one-third\">\n<div class=\"wpb_text_column \">\n<div class=\"wpb_wrapper\">\n<p>Elena Marineci \u2013 <a href=\"http:\/\/www.lifeafterwork.ro\/\" target=\"_blank\" rel=\"noopener\">Life after work<\/a><\/p>\n<p>Felicia Cuesta \u2013 <a href=\"http:\/\/teachforall.org\/en\" target=\"_blank\" rel=\"noopener\">Teach for All<\/a><\/p>\n<p>Georgeta Chirana \u2013 <a href=\"http:\/\/humaninvest.ro\/\" target=\"_blank\" rel=\"noopener\">Human Invest<\/a><\/p>\n<p>Madalin Mandin \u2013 <a href=\"http:\/\/improvisneyland.ro\/\" target=\"_blank\" rel=\"noopener\">Improvisneyland<\/a><\/p>\n<p>Monica Anastase \u2013 <a href=\"http:\/\/improvisneyland.ro\/\" target=\"_blank\" rel=\"noopener\">Improvisneyland<\/a>\t\t<\/p>\n<\/div><\/div>\n<\/p><\/div>\n<div class=\"one-third\">\n<div class=\"wpb_text_column \">\n<div class=\"wpb_wrapper\">\n<p>Rozana Radu \u2013 <a href=\"http:\/\/improvisneyland.ro\/\" target=\"_blank\" rel=\"noopener\">Improvisneyland<\/a><\/p>\n<p>Simona Lungu \u2013 <a href=\"http:\/\/www.teachfirst.org.uk\/\" target=\"_blank\" rel=\"noopener\">Teach First<\/a><\/p>\n<p>Stefan Palarie \u2013 <a href=\"http:\/\/scoaladevalori.ro\/\" target=\"_blank\" rel=\"noopener\">Scoala de Valori<\/a><\/p>\n<p>Viorel Panaite \u2013 <a href=\"http:\/\/humaninvest.ro\/\" target=\"_blank\" rel=\"noopener\">Human Invest<\/a><\/p>\n<p>Vlad Dogarescu \u2013 <a href=\"http:\/\/www.mindful-lifestyle.ro\/\" target=\"_blank\" rel=\"noopener\">Mindfulness Trainer<\/a>\t\t<\/p>\n<\/div><\/div>\n<\/p><\/div>\n<\/div>\n<\/div>\n<div class=\"full-width\"><\/div>\n<div class=\"full-width\"><\/div>\n<\/div>\n<\/div>\n<\/div>\n<div class=\"l-submain\" id=\"testimoniale\">\n<div class=\"l-submain-h g-html i-cf\">\n<div class=\"g-cols offset_default\">\n<div class=\"one-quarter\">\n<div class=\"wpb_single_image wpb_content_element align_center\">\n<div class=\"wpb_wrapper\">\t\t\t<img loading=\"lazy\" decoding=\"async\" width=\"250\" height=\"250\" src=\"https:\/\/teachforromania.org\/wp-content\/uploads\/adrian-stanciu.jpg\" class=\"attachment-full size-full\" alt=\"\" loading=\"lazy\" srcset=\"https:\/\/teachforromania.org\/wp-content\/uploads\/adrian-stanciu.jpg 250w, https:\/\/teachforromania.org\/wp-content\/uploads\/adrian-stanciu-150x150.jpg 150w, https:\/\/teachforromania.org\/wp-content\/uploads\/adrian-stanciu-200x200.jpg 200w\" sizes=\"auto, (max-width: 250px) 100vw, 250px\">\t\t<\/div>\n<\/p><\/div>\n<div class=\"w-tabs layout_accordion type_toggle\">\n<div class=\"w-tabs-section active\">\n<div class=\"w-tabs-section-header\">\n<div class=\"w-tabs-section-icon\"><\/div>\n<h4 class=\"w-tabs-section-title\">Adrian Stanciu - Wanted Transformation<\/h4>\n<div class=\"w-tabs-section-control\"><i class=\"fa fa-angle-down\"><\/i><\/div>\n<\/div>\n<div class=\"w-tabs-section-content\">\n<div class=\"w-tabs-section-content-h\">\n<div class=\"wpb_text_column \">\n<div class=\"wpb_wrapper\">\n<blockquote>\n<p>\u201cEu cred cu t\u0103rie c\u0103 singura cale prin care \u021bara asta poate progresa e educa\u021bia. Pentru c\u0103 schimbarea \u00eencepe de la cet\u0103\u021bean la societate, niciodat\u0103 invers. Mai cred \u0219i c\u0103 sistemul public e incapabil structural s\u0103 fac\u0103 fa\u021b\u0103 acestei provoc\u0103ri, chiar dac\u0103 ar vrea. La noi nici m\u0103car nu vrea. Din acest motiv e nevoie de ini\u021biative private care s\u0103 ajute, s\u0103 suplimenteze sau s\u0103 schimbe sistemul din interior. TfR se \u00eencadreaz\u0103 la categoria a treia \u0219i cred c\u0103 face o treab\u0103 minunat\u0103, o trab\u0103 care are sens \u0219i social \u0219i strategic \u0219i care are o \u0219ans\u0103 real\u0103 de a contribui la transformarea \u00een bine a sistemului, pe termen lung.\u201d<\/p>\n<\/blockquote><\/div>\n<\/p><\/div>\n<div class=\"wpb_text_column \">\n<div class=\"wpb_wrapper\">\t\t\t<a href=\"http:\/\/wantedtransformation.ro\/profiles\/adrian-stanciu\/\" target=\"_blank\" rel=\"noopener\">Wanted Transformation<\/a>\t\t<\/div>\n<\/p><\/div>\n<\/p><\/div>\n<\/div>\n<\/div>\n<\/div>\n<\/div>\n<div class=\"one-quarter\">\n<div class=\"wpb_single_image wpb_content_element align_center\">\n<div class=\"wpb_wrapper\">\t\t\t<img loading=\"lazy\" decoding=\"async\" width=\"250\" height=\"250\" src=\"https:\/\/teachforromania.org\/wp-content\/uploads\/magda-bunea.jpg\" class=\"attachment-full size-full\" alt=\"\" loading=\"lazy\" srcset=\"https:\/\/teachforromania.org\/wp-content\/uploads\/magda-bunea.jpg 250w, https:\/\/teachforromania.org\/wp-content\/uploads\/magda-bunea-150x150.jpg 150w, https:\/\/teachforromania.org\/wp-content\/uploads\/magda-bunea-200x200.jpg 200w\" sizes=\"auto, (max-width: 250px) 100vw, 250px\">\t\t<\/div>\n<\/p><\/div>\n<div class=\"w-tabs layout_accordion type_toggle\">\n<div class=\"w-tabs-section active\">\n<div class=\"w-tabs-section-header\">\n<div class=\"w-tabs-section-icon\"><\/div>\n<h4 class=\"w-tabs-section-title\">Magdalena Bunea - Gradient<\/h4>\n<div class=\"w-tabs-section-control\"><i class=\"fa fa-angle-down\"><\/i><\/div>\n<\/div>\n<div class=\"w-tabs-section-content\">\n<div class=\"w-tabs-section-content-h\">\n<div class=\"wpb_text_column \">\n<div class=\"wpb_wrapper\">\n<blockquote>\n<p>\u201ePentru mine, Teach for Romania este mai mult dec\u00e2t o \u015fans\u0103 la normalitate, este o activitate care duce la normalitate. Teach for Romania face lucruri! Ceea ce este \u00een sine&nbsp;o performan\u0163\u0103 extraordinar\u0103: s\u0103 \u00ee\u0163i respec\u0163i misiunea, s\u0103 \u00ee\u0163i urmezi viziunea \u015fi s\u0103 practici valorile f\u0103r\u0103 control extern. E, de fapt, chiar ceea ce are de f\u0103cut cel ce \u00eenva\u0163\u0103 pe altul: \u201dTeach what you preach\u201d.<\/p>\n<\/blockquote><\/div>\n<\/p><\/div>\n<div class=\"wpb_text_column \">\n<div class=\"wpb_wrapper\">\t\t\t<a href=\"http:\/\/coaching2success.blogspot.ro\/\" target=\"_blank\" rel=\"noopener\">Gradient<\/a>\t\t<\/div>\n<\/p><\/div>\n<\/p><\/div>\n<\/div>\n<\/div>\n<\/div>\n<\/div>\n<div class=\"one-quarter\">\n<div class=\"wpb_single_image wpb_content_element align_center\">\n<div class=\"wpb_wrapper\">\t\t\t<img loading=\"lazy\" decoding=\"async\" width=\"250\" height=\"250\" src=\"https:\/\/teachforromania.org\/wp-content\/uploads\/paul-olteanu.jpg\" class=\"attachment-full size-full\" alt=\"\" loading=\"lazy\" srcset=\"https:\/\/teachforromania.org\/wp-content\/uploads\/paul-olteanu.jpg 250w, https:\/\/teachforromania.org\/wp-content\/uploads\/paul-olteanu-150x150.jpg 150w, https:\/\/teachforromania.org\/wp-content\/uploads\/paul-olteanu-200x200.jpg 200w\" sizes=\"auto, (max-width: 250px) 100vw, 250px\">\t\t<\/div>\n<\/p><\/div>\n<div class=\"w-tabs layout_accordion type_toggle\">\n<div class=\"w-tabs-section active\">\n<div class=\"w-tabs-section-header\">\n<div class=\"w-tabs-section-icon\"><\/div>\n<h4 class=\"w-tabs-section-title\">Paul Olteanu \u2013 Trainer &amp; Coach<\/h4>\n<div class=\"w-tabs-section-control\"><i class=\"fa fa-angle-down\"><\/i><\/div>\n<\/div>\n<div class=\"w-tabs-section-content\">\n<div class=\"w-tabs-section-content-h\">\n<div class=\"wpb_text_column \">\n<div class=\"wpb_wrapper\">\n<blockquote>\n<p>\u201eTeach for Romania reprezint\u0103 pentru mine un motiv de speran\u021b\u0103 c\u00e2nd m\u0103 g\u00e2ndesc la viitorul Rom\u00e2niei \u0219i un exemplu c\u0103 \u201cse poate\u201d \u00een prezent.<br \/>Teach for Romania reprezint\u0103 o echip\u0103 de oameni care cred \u00een ceva mai mare dec\u00e2t ei \u0219i care zi de zi, f\u0103r\u0103 s\u0103 \u0219tim, ne fac via\u021ba \u0219i viitorul mai luminoase.<br \/>Pentru mine Teach for Romania, rezumat \u00een 3 cuvinte, \u00eenseamn\u0103 sens, dedicare, transformare.\u201d<\/p>\n<\/blockquote><\/div>\n<\/p><\/div>\n<div class=\"wpb_text_column \">\n<div class=\"wpb_wrapper\">\t\t\t<a href=\"http:\/\/www.paulolteanu.ro\/\" target=\"_blank\" rel=\"noopener\">paulolteanu.ro<\/a>\t\t<\/div>\n<\/p><\/div>\n<\/p><\/div>\n<\/div>\n<\/div>\n<\/div>\n<\/div>\n<div class=\"one-quarter\">\n<div class=\"wpb_single_image wpb_content_element align_center\">\n<div class=\"wpb_wrapper\">\t\t\t<img loading=\"lazy\" decoding=\"async\" width=\"250\" height=\"250\" src=\"https:\/\/teachforromania.org\/wp-content\/uploads\/stefan-palarie.jpg\" class=\"attachment-full size-full\" alt=\"\" loading=\"lazy\" srcset=\"https:\/\/teachforromania.org\/wp-content\/uploads\/stefan-palarie.jpg 250w, https:\/\/teachforromania.org\/wp-content\/uploads\/stefan-palarie-150x150.jpg 150w, https:\/\/teachforromania.org\/wp-content\/uploads\/stefan-palarie-200x200.jpg 200w\" sizes=\"auto, (max-width: 250px) 100vw, 250px\">\t\t<\/div>\n<\/p><\/div>\n<div class=\"w-tabs layout_accordion type_toggle\">\n<div class=\"w-tabs-section active\">\n<div class=\"w-tabs-section-header\">\n<div class=\"w-tabs-section-icon\"><\/div>\n<h4 class=\"w-tabs-section-title\">Stefan Palarie - Scoala de Valori<\/h4>\n<div class=\"w-tabs-section-control\"><i class=\"fa fa-angle-down\"><\/i><\/div>\n<\/div>\n<div class=\"w-tabs-section-content\">\n<div class=\"w-tabs-section-content-h\">\n<div class=\"wpb_text_column \">\n<div class=\"wpb_wrapper\">\n<blockquote>\n<p>A genera o transformare profunda in &nbsp;sistemul de educatie din Romania reprezinta un proces pe care noi l-am luat in considerare, dar pe care am hotarat sa-l sprijinim prin concentrarea pe educatie non-formala \u2013 zona pe care noi &nbsp;putem aduce cea mai mare valoare. Teach for Romania intra chiar in inima sistemului educational asumandu-si un rol extrem de delicat \u2013 acela de a transforma indivizi, scoli si comunitati prin intermediul tinerilor talentati ce isi asuma cariera de dascal pentru cel putin 2 ani.<\/p>\n<\/blockquote><\/div>\n<\/p><\/div>\n<div class=\"wpb_text_column \">\n<div class=\"wpb_wrapper\">\t\t\t<a href=\"http:\/\/scoaladevalori.ro\/\" target=\"_blank\" rel=\"noopener\">Scoala de Valori<\/a>\t\t<\/div>\n<\/p><\/div>\n<\/p><\/div>\n<\/div>\n<\/div>\n<\/div>\n<\/div>\n<\/div>\n<\/div>\n<\/div>\n<div class=\"l-submain\">\n<div class=\"l-submain-h g-html i-cf\">\n<div class=\"g-cols offset_default\">\n<div class=\"full-width\">\n<div class=\"vc_empty_space\" style=\"height: 40px\"><span class=\"vc_empty_space_inner\"><\/span><\/div>\n<\/div>\n<\/div>\n<\/div>\n<\/div>\n<div class=\"l-submain\" id=\"testimoniale2\">\n<div class=\"l-submain-h g-html i-cf\">\n<div class=\"g-cols offset_default\">\n<div class=\"one-quarter\">\n<div class=\"wpb_single_image wpb_content_element align_center\">\n<div class=\"wpb_wrapper\">\t\t\t<img loading=\"lazy\" decoding=\"async\" width=\"250\" height=\"250\" src=\"https:\/\/teachforromania.org\/wp-content\/uploads\/monica-anastase.jpg\" class=\"attachment-full size-full\" alt=\"\" loading=\"lazy\" srcset=\"https:\/\/teachforromania.org\/wp-content\/uploads\/monica-anastase.jpg 250w, https:\/\/teachforromania.org\/wp-content\/uploads\/monica-anastase-150x150.jpg 150w, https:\/\/teachforromania.org\/wp-content\/uploads\/monica-anastase-200x200.jpg 200w\" sizes=\"auto, (max-width: 250px) 100vw, 250px\">\t\t<\/div>\n<\/p><\/div>\n<div class=\"w-tabs layout_accordion type_toggle\">\n<div class=\"w-tabs-section active\">\n<div class=\"w-tabs-section-header\">\n<div class=\"w-tabs-section-icon\"><\/div>\n<h4 class=\"w-tabs-section-title\">Monica Anastase, Improvisneyland<\/h4>\n<div class=\"w-tabs-section-control\"><i class=\"fa fa-angle-down\"><\/i><\/div>\n<\/div>\n<div class=\"w-tabs-section-content\">\n<div class=\"w-tabs-section-content-h\">\n<div class=\"wpb_text_column \">\n<div class=\"wpb_wrapper\">\n<blockquote>\n<p>\u201cTeach for Romania pentru mine este un mare pas inspre normalizarea educatiei. A ii invata pe copii cum sa creada in ei insisi si cum sa-si gaseasca propria cale in viata este un pas crucial in educatie, fara de care ei nu ar putea sa foloseasca in mod eficient informatiile primite in scoala.\u201d<\/p>\n<\/blockquote><\/div>\n<\/p><\/div>\n<div class=\"wpb_text_column \">\n<div class=\"wpb_wrapper\">\t\t\t<a href=\"http:\/\/improvisneyland.ro\/\" target=\"_blank\" rel=\"noopener\">Improvisneyland<\/a>\t\t<\/div>\n<\/p><\/div>\n<\/p><\/div>\n<\/div>\n<\/div>\n<\/div>\n<\/div>\n<div class=\"one-quarter\">\n<div class=\"wpb_single_image wpb_content_element align_center\">\n<div class=\"wpb_wrapper\">\t\t\t<img loading=\"lazy\" decoding=\"async\" width=\"250\" height=\"250\" src=\"https:\/\/teachforromania.org\/wp-content\/uploads\/vlad-dogarescu.jpg\" class=\"attachment-full size-full\" alt=\"\" loading=\"lazy\" srcset=\"https:\/\/teachforromania.org\/wp-content\/uploads\/vlad-dogarescu.jpg 250w, https:\/\/teachforromania.org\/wp-content\/uploads\/vlad-dogarescu-150x150.jpg 150w, https:\/\/teachforromania.org\/wp-content\/uploads\/vlad-dogarescu-200x200.jpg 200w\" sizes=\"auto, (max-width: 250px) 100vw, 250px\">\t\t<\/div>\n<\/p><\/div>\n<div class=\"w-tabs layout_accordion type_toggle\">\n<div class=\"w-tabs-section active\">\n<div class=\"w-tabs-section-header\">\n<div class=\"w-tabs-section-icon\"><\/div>\n<h4 class=\"w-tabs-section-title\">Vlad Dog\u0103rescu, Mindfulness Trainer<\/h4>\n<div class=\"w-tabs-section-control\"><i class=\"fa fa-angle-down\"><\/i><\/div>\n<\/div>\n<div class=\"w-tabs-section-content\">\n<div class=\"w-tabs-section-content-h\">\n<div class=\"wpb_text_column \">\n<div class=\"wpb_wrapper\">\n<blockquote>\n<p>\u201eOamenii sunt cel mai puternic influentati in devenirea lor de relatiile cu ceilalti oameni. Unii sunt mai importanti decat altii, uneori datorita rezonantei personale dar de cele mai multe ori datorita rolului pe care il joaca. Cand ai un rol important si reponsabilitatea este pe masura. Asa ca te invit sa fii prezent si sa iti verifici constant starea, felul in care te simti si calitatea mintii, in fiecare clipa in care vorbesti copiilor pe care ii influentezi.\u201d<\/p>\n<\/blockquote><\/div>\n<\/p><\/div>\n<div class=\"wpb_text_column \">\n<div class=\"wpb_wrapper\">\t\t\t<a href=\"http:\/\/www.mindful-lifestyle.ro\/\" target=\"_blank\" rel=\"noopener\">Mindful Lifestyle<\/a>\t\t<\/div>\n<\/p><\/div>\n<\/p><\/div>\n<\/div>\n<\/div>\n<\/div>\n<\/div>\n<div class=\"one-quarter\">\n<div class=\"wpb_single_image wpb_content_element align_center\">\n<div class=\"wpb_wrapper\">\t\t\t<img loading=\"lazy\" decoding=\"async\" width=\"250\" height=\"250\" src=\"https:\/\/teachforromania.org\/wp-content\/uploads\/rozanaradu.jpg\" class=\"attachment-full size-full\" alt=\"\" loading=\"lazy\" srcset=\"https:\/\/teachforromania.org\/wp-content\/uploads\/rozanaradu.jpg 250w, https:\/\/teachforromania.org\/wp-content\/uploads\/rozanaradu-150x150.jpg 150w, https:\/\/teachforromania.org\/wp-content\/uploads\/rozanaradu-200x200.jpg 200w\" sizes=\"auto, (max-width: 250px) 100vw, 250px\">\t\t<\/div>\n<\/p><\/div>\n<div class=\"w-tabs layout_accordion type_toggle\">\n<div class=\"w-tabs-section active\">\n<div class=\"w-tabs-section-header\">\n<div class=\"w-tabs-section-icon\"><\/div>\n<h4 class=\"w-tabs-section-title\">Rozana Radu, Improvisneyland<\/h4>\n<div class=\"w-tabs-section-control\"><i class=\"fa fa-angle-down\"><\/i><\/div>\n<\/div>\n<div class=\"w-tabs-section-content\">\n<div class=\"w-tabs-section-content-h\">\n<div class=\"wpb_text_column \">\n<div class=\"wpb_wrapper\">\n<blockquote>\n<p>Pentru mine TFR inseamna o oportunitate sa fac parte dintr-un proiect ambitios, care isi propune sa dezvolte sistemul educational romanesc, sa-l transforme si sa-l aduca mai aproape de ceea ce ar trebui el sa reprezinte. De asemenea, intalnirea cu oamenii care tin carmele lui ma face sa cred ca orice este posibil<\/p>\n<\/blockquote><\/div>\n<\/p><\/div>\n<div class=\"wpb_text_column \">\n<div class=\"wpb_wrapper\">\t\t\t<a href=\"http:\/\/improvisneyland.ro\/\" target=\"_blank\" rel=\"noopener\">Improvisneyland<\/a>\t\t<\/div>\n<\/p><\/div>\n<\/p><\/div>\n<\/div>\n<\/div>\n<\/div>\n<\/div>\n<div class=\"one-quarter\">\n<div class=\"wpb_single_image wpb_content_element align_center\">\n<div class=\"wpb_wrapper\">\t\t\t<img loading=\"lazy\" decoding=\"async\" width=\"250\" height=\"250\" src=\"https:\/\/teachforromania.org\/wp-content\/uploads\/madalin-mandin.jpg\" class=\"attachment-full size-full\" alt=\"\" loading=\"lazy\" srcset=\"https:\/\/teachforromania.org\/wp-content\/uploads\/madalin-mandin.jpg 250w, https:\/\/teachforromania.org\/wp-content\/uploads\/madalin-mandin-150x150.jpg 150w, https:\/\/teachforromania.org\/wp-content\/uploads\/madalin-mandin-200x200.jpg 200w\" sizes=\"auto, (max-width: 250px) 100vw, 250px\">\t\t<\/div>\n<\/p><\/div>\n<div class=\"w-tabs layout_accordion type_toggle\">\n<div class=\"w-tabs-section active\">\n<div class=\"w-tabs-section-header\">\n<div class=\"w-tabs-section-icon\"><\/div>\n<h4 class=\"w-tabs-section-title\">M\u0103d\u0103lin Mandin, Actor<\/h4>\n<div class=\"w-tabs-section-control\"><i class=\"fa fa-angle-down\"><\/i><\/div>\n<\/div>\n<div class=\"w-tabs-section-content\">\n<div class=\"w-tabs-section-content-h\">\n<div class=\"wpb_text_column \">\n<div class=\"wpb_wrapper\">\n<blockquote>\n<p>\u201eTeach for Romania reprezinta mentorul pe care eu nu l-am avut in scoala, iar copiii de astazi au posibilitatea sa vorbeasca cu el, sa creasca alaturi de el, sa gandeasca alaturi de el, sa fie ascultati si nu in ultimul rand apreciati.\u201d<\/p>\n<\/blockquote><\/div>\n<\/p><\/div>\n<div class=\"wpb_text_column \">\n<div class=\"wpb_wrapper\">\t\t\t<a href=\"http:\/\/adevarul.ro\/news\/bucuresti\/madalin-mandin-erou-lumea-improvizatiilor-1_50bdeed47c42d5a663d067d8\/index.html\" target=\"_blank\" rel=\"noopener\">Despre M\u0103d\u0103lin<\/a>\t\t<\/div>\n<\/p><\/div>\n<\/p><\/div>\n<\/div>\n<\/div>\n<\/div>\n<\/div>\n<\/div>\n<\/div>\n<\/div>\n<div class=\"l-submain full_height\" id=\"copiii\">\n<div class=\"l-submain-h g-html i-cf\">\n<div class=\"g-cols offset_default\">\n<div class=\"full-width\">\n<div class=\"g-hr no_icon\">\t\t\t\t\t\t<span class=\"g-hr-h\">\t\t\t\t\t\t\t<i class=\"fa fa-\"><\/i>\t\t\t\t\t\t<\/span>\t\t\t\t\t<\/div>\n<div class=\"wpb_text_column \">\n<div class=\"wpb_wrapper\">\n<h2>De la copii<\/h2>\n<\/p><\/div>\n<\/p><\/div>\n<div class=\"g-cols offset_default\">\n<div class=\"one-third\">\n<div class=\"wpb_single_image wpb_content_element align_center\">\n<div class=\"wpb_wrapper\">\t\t\t<img loading=\"lazy\" decoding=\"async\" width=\"306\" height=\"235\" src=\"https:\/\/teachforromania.org\/wp-content\/uploads\/dezlegat.png\" class=\"attachment-full size-full\" alt=\"\" loading=\"lazy\" srcset=\"https:\/\/teachforromania.org\/wp-content\/uploads\/dezlegat.png 306w, https:\/\/teachforromania.org\/wp-content\/uploads\/dezlegat-300x230.png 300w, https:\/\/teachforromania.org\/wp-content\/uploads\/dezlegat-150x115.png 150w, https:\/\/teachforromania.org\/wp-content\/uploads\/dezlegat-260x200.png 260w\" sizes=\"auto, (max-width: 306px) 100vw, 306px\">\t\t<\/div>\n<\/p><\/div>\n<\/p><\/div>\n<div class=\"one-third\">\n<div class=\"wpb_single_image wpb_content_element align_center\">\n<div class=\"wpb_wrapper\">\t\t\t<img loading=\"lazy\" decoding=\"async\" width=\"306\" height=\"235\" src=\"https:\/\/teachforromania.org\/wp-content\/uploads\/urs.png\" class=\"attachment-full size-full\" alt=\"\" loading=\"lazy\" srcset=\"https:\/\/teachforromania.org\/wp-content\/uploads\/urs.png 306w, https:\/\/teachforromania.org\/wp-content\/uploads\/urs-300x230.png 300w, https:\/\/teachforromania.org\/wp-content\/uploads\/urs-150x115.png 150w, https:\/\/teachforromania.org\/wp-content\/uploads\/urs-260x200.png 260w\" sizes=\"auto, (max-width: 306px) 100vw, 306px\">\t\t<\/div>\n<\/p><\/div>\n<\/p><\/div>\n<div class=\"one-third\">\n<div class=\"wpb_single_image wpb_content_element align_center\">\n<div class=\"wpb_wrapper\">\t\t\t<img loading=\"lazy\" decoding=\"async\" width=\"306\" height=\"235\" src=\"https:\/\/teachforromania.org\/wp-content\/uploads\/scoala-vie.png\" class=\"attachment-full size-full\" alt=\"\" loading=\"lazy\" srcset=\"https:\/\/teachforromania.org\/wp-content\/uploads\/scoala-vie.png 306w, https:\/\/teachforromania.org\/wp-content\/uploads\/scoala-vie-300x230.png 300w, https:\/\/teachforromania.org\/wp-content\/uploads\/scoala-vie-150x115.png 150w, https:\/\/teachforromania.org\/wp-content\/uploads\/scoala-vie-260x200.png 260w\" sizes=\"auto, (max-width: 306px) 100vw, 306px\">\t\t<\/div>\n<\/p><\/div>\n<\/p><\/div>\n<\/div>\n<div class=\"vc_empty_space\" style=\"height: 60px\"><span class=\"vc_empty_space_inner\"><\/span><\/div>\n<\/div>\n<\/div>\n<\/div>\n<\/div>\n<div class=\"l-submain\">\n<div class=\"l-submain-h g-html i-cf\">\n<div class=\"g-cols offset_default\">\n<div class=\"full-width\"><\/div>\n<\/div>\n<\/div>\n<\/div><\/div>\n","protected":false},"excerpt":{"rendered":"<p>Academia de Leadership \u0219i Pedagogie 2015 Academia de Leadership \u0219i Pedagogie 2015 Academia de Leadership \u0219i Pedagogie 2015 Academia de Leadership \u0219i Pedagogie 2015 Academia de Leadership \u0219i Pedagogie 2015 Iat\u0103 cum a fost Leadership Summer Academy \u00een 2015! Despre probleme \u0219i solu\u021bii \u00een educa\u021bie, autocunoa\u0219tere, preg\u0103tire pentru titularizare, leadership \u0219i team coaching, viziunea pentru [&hellip;]<\/p>\n","protected":false},"author":1,"featured_media":0,"parent":0,"menu_order":0,"comment_status":"closed","ping_status":"closed","template":"","meta":{"_acf_changed":false,"footnotes":""},"class_list":["post-4333","page","type-page","status-publish","hentry"],"acf":[],"_links":{"self":[{"href":"https:\/\/teachforromania.org\/en\/wp-json\/wp\/v2\/pages\/4333","targetHints":{"allow":["GET"]}}],"collection":[{"href":"https:\/\/teachforromania.org\/en\/wp-json\/wp\/v2\/pages"}],"about":[{"href":"https:\/\/teachforromania.org\/en\/wp-json\/wp\/v2\/types\/page"}],"author":[{"embeddable":true,"href":"https:\/\/teachforromania.org\/en\/wp-json\/wp\/v2\/users\/1"}],"replies":[{"embeddable":true,"href":"https:\/\/teachforromania.org\/en\/wp-json\/wp\/v2\/comments?post=4333"}],"version-history":[{"count":7,"href":"https:\/\/teachforromania.org\/en\/wp-json\/wp\/v2\/pages\/4333\/revisions"}],"predecessor-version":[{"id":5028,"href":"https:\/\/teachforromania.org\/en\/wp-json\/wp\/v2\/pages\/4333\/revisions\/5028"}],"wp:attachment":[{"href":"https:\/\/teachforromania.org\/en\/wp-json\/wp\/v2\/media?parent=4333"}],"curies":[{"name":"wp","href":"https:\/\/api.w.org\/{rel}","templated":true}]}}