{"id":3383,"date":"2022-07-06T10:45:41","date_gmt":"2022-07-06T10:45:41","guid":{"rendered":"https:\/\/teachforromania.org\/?page_id=3383"},"modified":"2025-06-12T10:48:07","modified_gmt":"2025-06-12T10:48:07","slug":"frequently-asked-questions","status":"publish","type":"page","link":"https:\/\/teachforromania.org\/en\/frequently-asked-questions\/","title":{"rendered":"FAQ"},"content":{"rendered":"\t\t<div data-elementor-type=\"wp-page\" data-elementor-id=\"3383\" class=\"elementor elementor-3383\" data-elementor-post-type=\"page\">\n\t\t\t\t<div class=\"elementor-element elementor-element-94ce3cf e-flex e-con-boxed e-con e-parent\" data-id=\"94ce3cf\" data-element_type=\"container\" data-settings=\"{&quot;background_background&quot;:&quot;classic&quot;}\">\n\t\t\t\t\t<div class=\"e-con-inner\">\n\t\t<div class=\"elementor-element elementor-element-703f348 e-con-full e-flex e-con e-child\" data-id=\"703f348\" data-element_type=\"container\" data-settings=\"{&quot;background_background&quot;:&quot;classic&quot;}\">\n\t\t<div class=\"elementor-element elementor-element-6074a3e e-con-full tfr-width-auto e-flex e-con e-child\" data-id=\"6074a3e\" data-element_type=\"container\">\n\t\t\t\t<div class=\"elementor-element elementor-element-a680455 elementor-widget elementor-widget-theme-site-logo elementor-widget-image\" data-id=\"a680455\" data-element_type=\"widget\" data-widget_type=\"theme-site-logo.default\">\n\t\t\t\t<div class=\"elementor-widget-container\">\n\t\t\t\t\t\t\t\t\t\t\t<a href=\"https:\/\/teachforromania.org\/en\/\">\n\t\t\t<img decoding=\"async\" width=\"140\" height=\"66\" src=\"https:\/\/teachforromania.org\/wp-content\/uploads\/2022\/05\/Group-289.svg\" class=\"attachment-full size-full wp-image-1300\" alt=\"\" \/>\t\t\t\t<\/a>\n\t\t\t\t\t\t\t\t\t\t\t<\/div>\n\t\t\t\t<\/div>\n\t\t\t\t<\/div>\n\t\t<div class=\"elementor-element elementor-element-326bc56 e-con-full e-flex e-con e-child\" data-id=\"326bc56\" data-element_type=\"container\">\n\t\t<div class=\"elementor-element elementor-element-577d015 e-con-full tfr-no-row-gap e-flex e-con e-child\" data-id=\"577d015\" data-element_type=\"container\">\n\t\t<div class=\"elementor-element elementor-element-efe3984 e-con-full tfr-width-auto e-flex e-con e-child\" data-id=\"efe3984\" data-element_type=\"container\">\n\t\t\t\t<div class=\"elementor-element elementor-element-2b64cda elementor-align-center elementor-widget elementor-widget-button\" data-id=\"2b64cda\" data-element_type=\"widget\" data-widget_type=\"button.default\">\n\t\t\t\t<div class=\"elementor-widget-container\">\n\t\t\t\t\t\t\t\t\t<div class=\"elementor-button-wrapper\">\n\t\t\t\t\t<a class=\"elementor-button elementor-button-link elementor-size-sm\" href=\"https:\/\/teachforromania.org\/inscrieri\/\">\n\t\t\t\t\t\t<span class=\"elementor-button-content-wrapper\">\n\t\t\t\t\t\t\t\t\t<span class=\"elementor-button-text\">Cum te \u00eenscrii?<\/span>\n\t\t\t\t\t<\/span>\n\t\t\t\t\t<\/a>\n\t\t\t\t<\/div>\n\t\t\t\t\t\t\t\t<\/div>\n\t\t\t\t<\/div>\n\t\t\t\t<\/div>\n\t\t<div class=\"elementor-element elementor-element-52e17e7 e-con-full tfr-width-auto e-flex e-con e-child\" data-id=\"52e17e7\" data-element_type=\"container\">\n\t\t\t\t<div class=\"elementor-element elementor-element-1b321d1 elementor-align-center elementor-widget elementor-widget-button\" data-id=\"1b321d1\" data-element_type=\"widget\" data-widget_type=\"button.default\">\n\t\t\t\t<div class=\"elementor-widget-container\">\n\t\t\t\t\t\t\t\t\t<div class=\"elementor-button-wrapper\">\n\t\t\t\t\t<a class=\"elementor-button elementor-button-link elementor-size-sm\" href=\"https:\/\/teachforromania.org\/cei-2-ani-de-program\/\">\n\t\t\t\t\t\t<span class=\"elementor-button-content-wrapper\">\n\t\t\t\t\t\t\t\t\t<span class=\"elementor-button-text\">C\u0103l\u0103toria \u00een program<\/span>\n\t\t\t\t\t<\/span>\n\t\t\t\t\t<\/a>\n\t\t\t\t<\/div>\n\t\t\t\t\t\t\t\t<\/div>\n\t\t\t\t<\/div>\n\t\t\t\t<\/div>\n\t\t<div class=\"elementor-element elementor-element-906720f e-con-full tfr-width-auto e-flex e-con e-child\" data-id=\"906720f\" data-element_type=\"container\">\n\t\t\t\t<div class=\"elementor-element elementor-element-e95b11b elementor-align-center elementor-widget elementor-widget-button\" data-id=\"e95b11b\" data-element_type=\"widget\" data-widget_type=\"button.default\">\n\t\t\t\t<div class=\"elementor-widget-container\">\n\t\t\t\t\t\t\t\t\t<div class=\"elementor-button-wrapper\">\n\t\t\t\t\t<a class=\"elementor-button elementor-button-link elementor-size-sm\" href=\"https:\/\/teachforromania.org\/comunitatea-teach\/\">\n\t\t\t\t\t\t<span class=\"elementor-button-content-wrapper\">\n\t\t\t\t\t\t\t\t\t<span class=\"elementor-button-text\">comunitatea teach<\/span>\n\t\t\t\t\t<\/span>\n\t\t\t\t\t<\/a>\n\t\t\t\t<\/div>\n\t\t\t\t\t\t\t\t<\/div>\n\t\t\t\t<\/div>\n\t\t\t\t<\/div>\n\t\t\t\t<\/div>\n\t\t<div class=\"elementor-element elementor-element-4db0e9b e-con-full tfr-no-row-gap e-flex e-con e-child\" data-id=\"4db0e9b\" data-element_type=\"container\">\n\t\t<div class=\"elementor-element elementor-element-2e38d2b e-con-full tfr-width-auto e-flex e-con e-child\" data-id=\"2e38d2b\" data-element_type=\"container\">\n\t\t\t\t<div class=\"elementor-element elementor-element-2971676 elementor-align-center elementor-widget elementor-widget-button\" data-id=\"2971676\" data-element_type=\"widget\" data-widget_type=\"button.default\">\n\t\t\t\t<div class=\"elementor-widget-container\">\n\t\t\t\t\t\t\t\t\t<div class=\"elementor-button-wrapper\">\n\t\t\t\t\t<a class=\"elementor-button elementor-button-link elementor-size-sm\" href=\"https:\/\/teachforromania.org\/inscrieri\/\">\n\t\t\t\t\t\t<span class=\"elementor-button-content-wrapper\">\n\t\t\t\t\t\t\t\t\t<span class=\"elementor-button-text\">APLIC\u0102<\/span>\n\t\t\t\t\t<\/span>\n\t\t\t\t\t<\/a>\n\t\t\t\t<\/div>\n\t\t\t\t\t\t\t\t<\/div>\n\t\t\t\t<\/div>\n\t\t\t\t<\/div>\n\t\t<div class=\"elementor-element elementor-element-cf1bed2 e-con-full tfr-width-auto e-flex e-con e-child\" data-id=\"cf1bed2\" data-element_type=\"container\">\n\t\t\t\t<div class=\"elementor-element elementor-element-940ac40 elementor-align-center elementor-widget elementor-widget-button\" data-id=\"940ac40\" data-element_type=\"widget\" data-widget_type=\"button.default\">\n\t\t\t\t<div class=\"elementor-widget-container\">\n\t\t\t\t\t\t\t\t\t<div class=\"elementor-button-wrapper\">\n\t\t\t\t\t<a class=\"elementor-button elementor-button-link elementor-size-sm\" href=\"https:\/\/teachforromania.org\/doneaza-prin-sms\/\">\n\t\t\t\t\t\t<span class=\"elementor-button-content-wrapper\">\n\t\t\t\t\t\t\t\t\t<span class=\"elementor-button-text\">DONEAZ\u0102<\/span>\n\t\t\t\t\t<\/span>\n\t\t\t\t\t<\/a>\n\t\t\t\t<\/div>\n\t\t\t\t\t\t\t\t<\/div>\n\t\t\t\t<\/div>\n\t\t\t\t<\/div>\n\t\t\t\t<\/div>\n\t\t\t\t<\/div>\n\t\t\t\t<\/div>\n\t\t\t\t\t<\/div>\n\t\t\t\t<\/div>\n\t\t<div class=\"elementor-element elementor-element-95c8584 e-flex e-con-boxed e-con e-parent\" data-id=\"95c8584\" data-element_type=\"container\" data-settings=\"{&quot;background_background&quot;:&quot;classic&quot;}\">\n\t\t\t\t\t<div class=\"e-con-inner\">\n\t\t<div class=\"elementor-element elementor-element-1514a8d e-con-full e-flex e-con e-child\" data-id=\"1514a8d\" data-element_type=\"container\">\n\t\t\t\t<div class=\"elementor-element elementor-element-ffdf7a6 elementor-search-form--skin-minimal elementor-widget__width-inherit tfr-faq-search elementor-widget elementor-widget-search-form\" data-id=\"ffdf7a6\" data-element_type=\"widget\" data-settings=\"{&quot;skin&quot;:&quot;minimal&quot;}\" data-widget_type=\"search-form.default\">\n\t\t\t\t<div class=\"elementor-widget-container\">\n\t\t\t\t\t\t\t<search role=\"search\">\n\t\t\t<form class=\"elementor-search-form\" action=\"https:\/\/teachforromania.org\/en\/\" method=\"get\">\n\t\t\t\t\t\t\t\t\t\t\t\t<div class=\"elementor-search-form__container\">\n\t\t\t\t\t<label class=\"elementor-screen-only\" for=\"elementor-search-form-ffdf7a6\">Search<\/label>\n\n\t\t\t\t\t\t\t\t\t\t\t<div class=\"elementor-search-form__icon\">\n\t\t\t\t\t\t\t<i aria-hidden=\"true\" class=\"fas fa-search\"><\/i>\t\t\t\t\t\t\t<span class=\"elementor-screen-only\">Search<\/span>\n\t\t\t\t\t\t<\/div>\n\t\t\t\t\t\n\t\t\t\t\t<input id=\"elementor-search-form-ffdf7a6\" placeholder=\"Caut\u0103 o informa\u021bie\" class=\"elementor-search-form__input\" type=\"search\" name=\"s\" value=\"\">\n\t\t\t\t\t<input type='hidden' name='lang' value='en' \/>\n\t\t\t\t\t\n\t\t\t\t\t\t\t\t\t<\/div>\n\t\t\t<\/form>\n\t\t<\/search>\n\t\t\t\t\t\t<\/div>\n\t\t\t\t<\/div>\n\t\t\t\t<\/div>\n\t\t<div class=\"elementor-element elementor-element-b5f928f e-con-full e-flex e-con e-child\" data-id=\"b5f928f\" data-element_type=\"container\">\n\t\t\t\t<div class=\"elementor-element elementor-element-d17a0a2 elementor-widget elementor-widget-heading\" data-id=\"d17a0a2\" data-element_type=\"widget\" data-widget_type=\"heading.default\">\n\t\t\t\t<div class=\"elementor-widget-container\">\n\t\t\t\t\t<h2 class=\"elementor-heading-title elementor-size-default\">\u00ceNTREB\u0102RI FRECVENTE<\/h2>\t\t\t\t<\/div>\n\t\t\t\t<\/div>\n\t\t\t\t<\/div>\n\t\t\t\t\t<\/div>\n\t\t\t\t<\/div>\n\t\t<div class=\"elementor-element elementor-element-1e632e0 e-flex e-con-boxed e-con e-parent\" data-id=\"1e632e0\" data-element_type=\"container\" data-settings=\"{&quot;background_background&quot;:&quot;classic&quot;}\">\n\t\t\t\t\t<div class=\"e-con-inner\">\n\t\t\t\t<div class=\"elementor-element elementor-element-388c0f0 elementor-tabs-view-vertical tfr-faq elementor-widget elementor-widget-tabs\" data-id=\"388c0f0\" data-element_type=\"widget\" data-widget_type=\"tabs.default\">\n\t\t\t\t<div class=\"elementor-widget-container\">\n\t\t\t\t\t\t\t<div class=\"elementor-tabs\">\n\t\t\t<div class=\"elementor-tabs-wrapper\" role=\"tablist\" >\n\t\t\t\t\t\t\t\t\t<div id=\"elementor-tab-title-5921\" class=\"elementor-tab-title elementor-tab-desktop-title\" aria-selected=\"true\" data-tab=\"1\" role=\"tab\" tabindex=\"0\" aria-controls=\"elementor-tab-content-5921\" aria-expanded=\"false\">PROFILUL C\u0102UTAT<\/div>\n\t\t\t\t\t\t\t\t\t<div id=\"elementor-tab-title-5922\" class=\"elementor-tab-title elementor-tab-desktop-title\" aria-selected=\"false\" data-tab=\"2\" role=\"tab\" tabindex=\"-1\" aria-controls=\"elementor-tab-content-5922\" aria-expanded=\"false\">CERIN\u021aE MINIME ALE PROGRAMULUI<\/div>\n\t\t\t\t\t\t\t\t\t<div id=\"elementor-tab-title-5923\" class=\"elementor-tab-title elementor-tab-desktop-title\" aria-selected=\"false\" data-tab=\"3\" role=\"tab\" tabindex=\"-1\" aria-controls=\"elementor-tab-content-5923\" aria-expanded=\"false\">SALARII \u0218I BURSE<\/div>\n\t\t\t\t\t\t\t\t\t<div id=\"elementor-tab-title-5924\" class=\"elementor-tab-title elementor-tab-desktop-title\" aria-selected=\"false\" data-tab=\"4\" role=\"tab\" tabindex=\"-1\" aria-controls=\"elementor-tab-content-5924\" aria-expanded=\"false\">PROCESUL DE RECRUTARE \u0218I SELEC\u021aIE<\/div>\n\t\t\t\t\t\t\t\t\t<div id=\"elementor-tab-title-5925\" class=\"elementor-tab-title elementor-tab-desktop-title\" aria-selected=\"false\" data-tab=\"5\" role=\"tab\" tabindex=\"-1\" aria-controls=\"elementor-tab-content-5925\" aria-expanded=\"false\">POSTURI \u0218I INTEGRAREA \u00ceN SISTEMUL DE \u00ceNV\u0102\u021a\u0102M\u00c2NT<\/div>\n\t\t\t\t\t\t\t\t\t<div id=\"elementor-tab-title-5926\" class=\"elementor-tab-title elementor-tab-desktop-title\" aria-selected=\"false\" data-tab=\"6\" role=\"tab\" tabindex=\"-1\" aria-controls=\"elementor-tab-content-5926\" aria-expanded=\"false\">ACADEMIA DE LEADERSHIP \u0218I FORMARE \u00ceN EDUCA\u021aIE<\/div>\n\t\t\t\t\t\t\t\t\t<div id=\"elementor-tab-title-5927\" class=\"elementor-tab-title elementor-tab-desktop-title\" aria-selected=\"false\" data-tab=\"7\" role=\"tab\" tabindex=\"-1\" aria-controls=\"elementor-tab-content-5927\" aria-expanded=\"false\">CE SE \u00ceNT\u00c2MPL\u0102 \u00ceN CEI 2 ANI \u0218I DUP\u0102 ACE\u0218TIA<\/div>\n\t\t\t\t\t\t\t<\/div>\n\t\t\t<div class=\"elementor-tabs-content-wrapper\" role=\"tablist\" aria-orientation=\"vertical\">\n\t\t\t\t\t\t\t\t\t<div class=\"elementor-tab-title elementor-tab-mobile-title\" aria-selected=\"true\" data-tab=\"1\" role=\"tab\" tabindex=\"0\" aria-controls=\"elementor-tab-content-5921\" aria-expanded=\"false\">PROFILUL C\u0102UTAT<\/div>\n\t\t\t\t\t<div id=\"elementor-tab-content-5921\" class=\"elementor-tab-content elementor-clearfix\" data-tab=\"1\" role=\"tabpanel\" aria-labelledby=\"elementor-tab-title-5921\" tabindex=\"0\" hidden=\"false\"><h5><span style=\"color: #030080;\"><strong>\u00centreb\u0103ri despre profilul c\u0103utat<\/strong><\/span><\/h5><h5><span style=\"color: #039fdd;\"><strong>1. Ce profil c\u0103ut\u0103m?<\/strong><\/span><\/h5><p><span data-contrast=\"none\">C\u0103ut\u0103m acei <\/span><b><span data-contrast=\"none\">oameni care vor s\u0103 devin\u0103 lideri \u00een educa\u021bie<\/span><\/b><span data-contrast=\"none\"> \u0219i s\u0103 \u00ee\u0219i construiasc\u0103 o carier\u0103 cu sens, care s\u0103 contribuie la transformarea sistemului educa\u021bional rom\u00e2nesc. Persoanele potrivite programului Teach sunt cele care \u00eendeplinesc at\u00e2t <\/span><b><span data-contrast=\"none\">criteriile noastre de eligibilitate, c\u00e2t \u0219i competen\u021bele<\/span><\/b><span data-contrast=\"none\"> pe care le c\u0103ut\u0103m.<\/span><span data-ccp-props=\"{&quot;134233117&quot;:false,&quot;134233118&quot;:false,&quot;201341983&quot;:0,&quot;335557856&quot;:16448250,&quot;335559738&quot;:0,&quot;335559739&quot;:0,&quot;335559740&quot;:279}\">\u00a0<\/span><\/p><p><span data-contrast=\"none\">\u00cen plus, este necesar ca acestea s\u0103 \u00ee\u0219i doreasc\u0103 s\u0103 petreac\u0103, <\/span><b><span data-contrast=\"none\">pentru \u00eenceput, 2 ani la catedr\u0103 \u00eentr-o \u0219coal\u0103 vulnerabil\u0103 din Rom\u00e2nia<\/span><\/b><span data-contrast=\"none\">, pentru ca ulterior s\u0103 devin\u0103 un <\/span><b><span data-contrast=\"none\">agent de schimbare \u00een educa\u021bie pe termen lung.<\/span><\/b><span data-ccp-props=\"{&quot;134233117&quot;:false,&quot;134233118&quot;:false,&quot;201341983&quot;:0,&quot;335557856&quot;:16448250,&quot;335559738&quot;:0,&quot;335559739&quot;:0,&quot;335559740&quot;:279}\">\u00a0<\/span><\/p><p><span data-contrast=\"none\">Vorbim despre <\/span><b><span data-contrast=\"none\">oameni cu profil de lider<\/span><\/b><span data-contrast=\"none\">, care g\u00e2ndesc \u0219i ac\u021bioneaz\u0103 strategic, pe termen lung \u0219i care, prin rolurile lor, vor contribui la transformarea educa\u021biei \u00een favoarea elevului \u0219i vor ajuta copiii s\u0103 \u00ee\u0219i ating\u0103 poten\u021bialul, pornind de la cei mai vulnerabili.<\/span><span data-ccp-props=\"{&quot;134233117&quot;:false,&quot;134233118&quot;:false,&quot;201341983&quot;:0,&quot;335557856&quot;:16448250,&quot;335559738&quot;:0,&quot;335559739&quot;:0,&quot;335559740&quot;:279}\">\u00a0<\/span><\/p><p><span data-contrast=\"none\">Experien\u021ba anterioar\u0103 \u00een predare sau \u00een educa\u021bie nu este obligatorie; selec\u021bia candida\u021bilor se face dup\u0103 un model de competen\u021be pe care le c\u0103ut\u0103m.\u00a0<\/span><span data-ccp-props=\"{&quot;134233117&quot;:false,&quot;134233118&quot;:false,&quot;201341983&quot;:0,&quot;335557856&quot;:16448250,&quot;335559738&quot;:0,&quot;335559739&quot;:0,&quot;335559740&quot;:279}\">\u00a0<\/span><\/p><p><span data-contrast=\"none\">Aceste competen\u021be sunt evaluate \u00een procesul de selec\u021bie \u0219i vor fi dezvoltate ulterior, pe parcursul form\u0103rii ini\u021biale (Academia de Leadership \u0219i Formare \u00een Educa\u021bie) \u0219i a programului de 2 ani:<\/span><span data-ccp-props=\"{&quot;134233117&quot;:false,&quot;134233118&quot;:false,&quot;201341983&quot;:0,&quot;335557856&quot;:16448250,&quot;335559738&quot;:0,&quot;335559739&quot;:0,&quot;335559740&quot;:279}\">\u00a0<\/span><\/p><ul><li data-leveltext=\"\uf0b7\" data-font=\"Symbol\" data-listid=\"1\" data-list-defn-props=\"{&quot;335552541&quot;:1,&quot;335559685&quot;:720,&quot;335559991&quot;:360,&quot;469769226&quot;:&quot;Symbol&quot;,&quot;469769242&quot;:[8226],&quot;469777803&quot;:&quot;left&quot;,&quot;469777804&quot;:&quot;\uf0b7&quot;,&quot;469777815&quot;:&quot;hybridMultilevel&quot;}\" aria-setsize=\"-1\" data-aria-posinset=\"1\" data-aria-level=\"1\"><b><span data-contrast=\"none\">self-leadership<\/span><\/b><span data-contrast=\"none\"> (reflec\u021bie, autocunoa\u0219tere, autodep\u0103\u0219ire);<\/span><span data-ccp-props=\"{&quot;134233117&quot;:false,&quot;134233118&quot;:false,&quot;201341983&quot;:0,&quot;335557856&quot;:16448250,&quot;335559738&quot;:0,&quot;335559739&quot;:0,&quot;335559740&quot;:279}\">\u00a0<\/span><\/li><\/ul><ul><li data-leveltext=\"\uf0b7\" data-font=\"Symbol\" data-listid=\"1\" data-list-defn-props=\"{&quot;335552541&quot;:1,&quot;335559685&quot;:720,&quot;335559991&quot;:360,&quot;469769226&quot;:&quot;Symbol&quot;,&quot;469769242&quot;:[8226],&quot;469777803&quot;:&quot;left&quot;,&quot;469777804&quot;:&quot;\uf0b7&quot;,&quot;469777815&quot;:&quot;hybridMultilevel&quot;}\" aria-setsize=\"-1\" data-aria-posinset=\"2\" data-aria-level=\"1\"><b><span data-contrast=\"none\">leadership <\/span><\/b><span data-contrast=\"none\">(ini\u021biativ\u0103, influen\u021b\u0103 pozitiv\u0103);<\/span><span data-ccp-props=\"{&quot;134233117&quot;:false,&quot;134233118&quot;:false,&quot;201341983&quot;:0,&quot;335557856&quot;:16448250,&quot;335559738&quot;:0,&quot;335559739&quot;:0,&quot;335559740&quot;:279}\">\u00a0<\/span><\/li><\/ul><ul><li data-leveltext=\"\uf0b7\" data-font=\"Symbol\" data-listid=\"1\" data-list-defn-props=\"{&quot;335552541&quot;:1,&quot;335559685&quot;:720,&quot;335559991&quot;:360,&quot;469769226&quot;:&quot;Symbol&quot;,&quot;469769242&quot;:[8226],&quot;469777803&quot;:&quot;left&quot;,&quot;469777804&quot;:&quot;\uf0b7&quot;,&quot;469777815&quot;:&quot;hybridMultilevel&quot;}\" aria-setsize=\"-1\" data-aria-posinset=\"3\" data-aria-level=\"1\"><b><span data-contrast=\"none\">rezilien\u021b\u0103 <\/span><\/b><span data-contrast=\"none\">(mentalitate \u0219i ac\u021biune \u00een situa\u021bii provocatoare);<\/span><span data-ccp-props=\"{&quot;134233117&quot;:false,&quot;134233118&quot;:false,&quot;201341983&quot;:0,&quot;335557856&quot;:16448250,&quot;335559738&quot;:0,&quot;335559739&quot;:0,&quot;335559740&quot;:279}\">\u00a0<\/span><\/li><\/ul><ul><li data-leveltext=\"\uf0b7\" data-font=\"Symbol\" data-listid=\"1\" data-list-defn-props=\"{&quot;335552541&quot;:1,&quot;335559685&quot;:720,&quot;335559991&quot;:360,&quot;469769226&quot;:&quot;Symbol&quot;,&quot;469769242&quot;:[8226],&quot;469777803&quot;:&quot;left&quot;,&quot;469777804&quot;:&quot;\uf0b7&quot;,&quot;469777815&quot;:&quot;hybridMultilevel&quot;}\" aria-setsize=\"-1\" data-aria-posinset=\"4\" data-aria-level=\"1\"><b><span data-contrast=\"none\">g\u00e2ndire strategic\u0103 <\/span><\/b><span data-contrast=\"none\">(g\u00e2ndire analitic\u0103, rezolvarea de probleme);<\/span><span data-ccp-props=\"{&quot;134233117&quot;:false,&quot;134233118&quot;:false,&quot;201341983&quot;:0,&quot;335557856&quot;:16448250,&quot;335559738&quot;:0,&quot;335559739&quot;:0,&quot;335559740&quot;:279}\">\u00a0<\/span><\/li><\/ul><ul><li data-leveltext=\"\uf0b7\" data-font=\"Symbol\" data-listid=\"1\" data-list-defn-props=\"{&quot;335552541&quot;:1,&quot;335559685&quot;:720,&quot;335559991&quot;:360,&quot;469769226&quot;:&quot;Symbol&quot;,&quot;469769242&quot;:[8226],&quot;469777803&quot;:&quot;left&quot;,&quot;469777804&quot;:&quot;\uf0b7&quot;,&quot;469777815&quot;:&quot;hybridMultilevel&quot;}\" aria-setsize=\"-1\" data-aria-posinset=\"5\" data-aria-level=\"1\"><b><span data-contrast=\"none\">predare strategic\u0103<\/span><\/b><span data-contrast=\"none\"> (planificare, implementare, evaluare, cultura reu\u0219itei);<\/span><span data-ccp-props=\"{&quot;134233117&quot;:false,&quot;134233118&quot;:false,&quot;201341983&quot;:0,&quot;335557856&quot;:16448250,&quot;335559738&quot;:0,&quot;335559739&quot;:0,&quot;335559740&quot;:279}\">\u00a0<\/span><\/li><\/ul><ul><li data-leveltext=\"\uf0b7\" data-font=\"Symbol\" data-listid=\"1\" data-list-defn-props=\"{&quot;335552541&quot;:1,&quot;335559685&quot;:720,&quot;335559991&quot;:360,&quot;469769226&quot;:&quot;Symbol&quot;,&quot;469769242&quot;:[8226],&quot;469777803&quot;:&quot;left&quot;,&quot;469777804&quot;:&quot;\uf0b7&quot;,&quot;469777815&quot;:&quot;hybridMultilevel&quot;}\" aria-setsize=\"-1\" data-aria-posinset=\"6\" data-aria-level=\"1\"><b><span data-contrast=\"none\">construire de rela\u021bii<\/span><\/b><span data-contrast=\"none\"> (incluziune, comunicare asertiv\u0103, colaborare).\u00a0<\/span><span data-ccp-props=\"{&quot;134233117&quot;:false,&quot;134233118&quot;:false,&quot;201341983&quot;:0,&quot;335557856&quot;:16448250,&quot;335559738&quot;:0,&quot;335559739&quot;:0,&quot;335559740&quot;:279}\">\u00a0<\/span><\/li><\/ul><hr \/><h6><span style=\"color: #039fdd;\"><strong>2. Ce studii sunt necesare pentru program?<\/strong><\/span><\/h6><p><span data-contrast=\"none\">Pentru a deveni participant\/\u0103 \u00een programul Teach este obligatorie o <\/span><b><span data-contrast=\"none\">diplom\u0103 de licen\u021b\u0103 ob\u021binut\u0103 cel t\u00e2rziu \u00een iulie 2025<\/span><\/b><span data-contrast=\"none\"> sau terminarea unui liceu pedagogic, profil \u00eenv\u0103\u021b\u0103tor-educator.\u00a0<\/span><span data-ccp-props=\"{&quot;134233117&quot;:false,&quot;134233118&quot;:false,&quot;201341983&quot;:0,&quot;335557856&quot;:16448250,&quot;335559738&quot;:0,&quot;335559739&quot;:0,&quot;335559740&quot;:279}\">\u00a0<\/span><\/p><p><span data-contrast=\"none\">Teach for Romania recruteaz\u0103 at\u00e2t profesori\/\u00eenv\u0103\u021b\u0103tori\/educatori cu studii corespunz\u0103toare domeniului predat (califica\u021bi), c\u00e2t \u0219i cu studii necorespunz\u0103toare domeniului (necalifica\u021bi), inclusiv persoane care nu au mai predat anterior.\u00a0<\/span><span data-ccp-props=\"{&quot;134233117&quot;:false,&quot;134233118&quot;:false,&quot;201341983&quot;:0,&quot;335557856&quot;:16448250,&quot;335559738&quot;:0,&quot;335559739&quot;:0,&quot;335559740&quot;:279}\">\u00a0<\/span><\/p><p><span data-contrast=\"none\">Pentru ob\u021binerea unui post \u00eentr-o \u0219coal\u0103 \/ gr\u0103dini\u021b\u0103 vizat\u0103 de Teach for Romania este necesar s\u0103 alegi un jude\u021b \u00een care exist\u0103 posturi care s\u0103 corespund\u0103 situa\u021biei tale \u2013 de calificat\/\u0103 sau necalificat\/\u0103. Pentru detalii, te rug\u0103m s\u0103 consul\u021bi harta de <\/span><span style=\"font-weight: 500;\"><a href=\"https:\/\/teachforromania.org\/harta-judetelor-vizate-2024-2025\/\"><strong>aici<\/strong><\/a>.<\/span><\/p><hr \/><h6><span style=\"color: #039fdd;\"><strong>3. Ce trebuie s\u0103 \u0219tiu dac\u0103 sunt deja profesor?<\/strong><\/span><\/h6><p><span data-contrast=\"none\">Programul se desf\u0103\u0219oar\u0103 \u00een mod similar pentru to\u021bi participan\u021bii, indiferent de experien\u021ba didactic\u0103: at\u00e2t procesul de \u00eenscriere, c\u00e2t \u0219i sus\u021binerea \u0219i formarea \u00een cadrul programului sunt acelea\u0219i indiferent de experien\u021ba anterioar\u0103.<\/span><span data-ccp-props=\"{&quot;134233117&quot;:false,&quot;134233118&quot;:false,&quot;201341983&quot;:0,&quot;335557856&quot;:16448250,&quot;335559738&quot;:0,&quot;335559739&quot;:0,&quot;335559740&quot;:279}\">\u00a0<\/span><\/p><p><span data-contrast=\"none\">Dac\u0103 e\u0219ti deja profesor, vrei s\u0103 aplici pentru programul nostru \u0219i s\u0103 r\u0103m\u00e2i \u00een \u0219coala \u00een care activezi acum, este nevoie ca acea \u0219coal\u0103 s\u0103 \u00eendeplineasc\u0103 dou\u0103 criterii minime:<\/span><span data-ccp-props=\"{&quot;134233117&quot;:false,&quot;134233118&quot;:false,&quot;201341983&quot;:0,&quot;335557856&quot;:16448250,&quot;335559738&quot;:0,&quot;335559739&quot;:0,&quot;335559740&quot;:279}\">\u00a0<\/span><\/p><ol><li><span data-contrast=\"none\">a) S\u0103 fie \u00eentr-un <\/span><b><span data-contrast=\"none\">jude\u021b vizat de Teach<\/span><\/b><span data-contrast=\"none\"> for Romania \u2013 <\/span><i><span data-contrast=\"none\">click <\/span><\/i><a href=\"https:\/\/teachforromania.org\/harta-judetelor-vizate-2024-2025\/\"><b><i><span data-contrast=\"none\">aici<\/span><\/i><\/b><\/a> <i><span data-contrast=\"none\">pentru hart\u0103<\/span><\/i><span data-contrast=\"none\">;<\/span><\/li><li><span data-contrast=\"none\">b) S\u0103 aib\u0103 un <\/span><b><span data-contrast=\"none\">grad de defavorizare mai mare de 3<\/span><\/b><span data-contrast=\"none\"> pe scara IRSE, conform <\/span><a href=\"https:\/\/docs.google.com\/spreadsheets\/d\/1osUBdVcDl_-vVfpO4te5BnrvjAvxkeHC\/edit#gid=1464903051\"><b><span data-contrast=\"none\">acestei<\/span><\/b><\/a> ierarhii.<\/li><\/ol><p><span data-contrast=\"none\">\u00cen caz contrar, acceptarea \u00een program necesit\u0103 deta\u0219area sau ob\u021binerea unui post \u00eentr-o \u0219coal\u0103 care \u00eendepline\u0219te cele dou\u0103 criterii de mai sus.<\/span><span data-ccp-props=\"{&quot;134233117&quot;:false,&quot;134233118&quot;:false,&quot;201341983&quot;:0,&quot;335557856&quot;:16448250,&quot;335559738&quot;:0,&quot;335559739&quot;:0,&quot;335559740&quot;:279}\">\u00a0<\/span><\/p><\/div>\n\t\t\t\t\t\t\t\t\t<div class=\"elementor-tab-title elementor-tab-mobile-title\" aria-selected=\"false\" data-tab=\"2\" role=\"tab\" tabindex=\"-1\" aria-controls=\"elementor-tab-content-5922\" aria-expanded=\"false\">CERIN\u021aE MINIME ALE PROGRAMULUI<\/div>\n\t\t\t\t\t<div id=\"elementor-tab-content-5922\" class=\"elementor-tab-content elementor-clearfix\" data-tab=\"2\" role=\"tabpanel\" aria-labelledby=\"elementor-tab-title-5922\" tabindex=\"0\" hidden=\"hidden\"><h5><span style=\"color: #030080;\"><strong>\u00centreb\u0103ri despre cerin\u021bele minime ale programului<\/strong><\/span><\/h5><h5><span style=\"color: #039fdd;\"><strong>1. Care sunt cerin\u021bele obligatorii?<\/strong><\/span><\/h5><ol><li data-leveltext=\"%1.\" data-font=\"Calibri\" data-listid=\"2\" data-list-defn-props=\"{&quot;335552541&quot;:0,&quot;335559685&quot;:720,&quot;335559991&quot;:360,&quot;469769242&quot;:[65533,0],&quot;469777803&quot;:&quot;left&quot;,&quot;469777804&quot;:&quot;%1.&quot;,&quot;469777815&quot;:&quot;hybridMultilevel&quot;}\" aria-setsize=\"-1\" data-aria-posinset=\"1\" data-aria-level=\"1\"><span data-contrast=\"none\">\u00cen\u021belegi c\u0103 programul Teach for Romania reprezint\u0103 un angajament de 2 ani \u00een care vei avea un rol de educator\/\u00eenv\u0103\u021b\u0103tor\/profesor \u00eentr-o \u0219coal\u0103\/gr\u0103dini\u021b\u0103 public\u0103 (de stat), cu grad \u00eenalt de defavorizare, \u00eentr-o zon\u0103 vulnerabil\u0103 din punct de vedere socio-economic;<\/span><span data-ccp-props=\"{&quot;134233117&quot;:false,&quot;134233118&quot;:false,&quot;201341983&quot;:0,&quot;335557856&quot;:16448250,&quot;335559738&quot;:0,&quot;335559739&quot;:0,&quot;335559740&quot;:279}\">\u00a0<\/span><\/li><li><span data-contrast=\"none\">Ai diplom\u0103 de licen\u021b\u0103\/vei avea diplom\u0103 de licen\u021b\u0103 cel t\u00e2rziu \u00een iulie 2025 sau ai finalizat\/vei finaliza cel t\u00e2rziu \u00een iulie 2025 un liceu pedagogic &#8211; profil \u00eenv\u0103\u021b\u0103tor-educator;<\/span><span data-ccp-props=\"{&quot;134233117&quot;:false,&quot;134233118&quot;:false,&quot;201341983&quot;:0,&quot;335557856&quot;:16448250,&quot;335559738&quot;:0,&quot;335559739&quot;:0,&quot;335559740&quot;:279}\">\u00a0<\/span><\/li><li data-leveltext=\"%1.\" data-font=\"Calibri\" data-listid=\"2\" data-list-defn-props=\"{&quot;335552541&quot;:0,&quot;335559685&quot;:720,&quot;335559991&quot;:360,&quot;469769242&quot;:[65533,0],&quot;469777803&quot;:&quot;left&quot;,&quot;469777804&quot;:&quot;%1.&quot;,&quot;469777815&quot;:&quot;hybridMultilevel&quot;}\" aria-setsize=\"-1\" data-aria-posinset=\"3\" data-aria-level=\"1\"><span data-contrast=\"none\">E\u0219ti disponibil\/\u0103 fie pentru navet\u0103 zilnic\u0103 ce poate dep\u0103\u0219i 90 de minute pe sens, fie pentru schimbarea domiciliului pentru a preda \u00eentr-o \u0219coal\u0103 care \u00eendepline\u0219te criteriile Teach for Romania;\u202f<\/span><span data-ccp-props=\"{&quot;134233117&quot;:false,&quot;134233118&quot;:false,&quot;201341983&quot;:0,&quot;335557856&quot;:16448250,&quot;335559738&quot;:0,&quot;335559739&quot;:0,&quot;335559740&quot;:279}\">\u00a0<\/span><\/li><li><span data-contrast=\"none\">Ai disponibilitate pentru participarea la Academia de Leadership \u0219i Formare \u00een Educa\u021bie, preg\u0103tirea ini\u021bial\u0103 a participan\u021bilor \u00een program. Aceasta va avea loc \u00een perioada<\/span> <span data-contrast=\"none\">iulie \u2013 august 2025, \u00een 5 s\u0103pt\u0103m\u00e2ni consecutive, cu program zilnic de diminea\u021ba p\u00e2n\u0103 seara. Formatul va fi online pentru primele 2 s\u0103pt\u0103m\u00e2ni \u0219i fizic pentru ultimele 3 s\u0103pt\u0103m\u00e2ni.<\/span><span data-ccp-props=\"{&quot;134233117&quot;:false,&quot;134233118&quot;:false,&quot;201341983&quot;:0,&quot;335557856&quot;:16448250,&quot;335559738&quot;:0,&quot;335559739&quot;:0,&quot;335559740&quot;:279}\">\u00a0<\/span><\/li><li data-leveltext=\"%1.\" data-font=\"Calibri\" data-listid=\"2\" data-list-defn-props=\"{&quot;335552541&quot;:0,&quot;335559685&quot;:720,&quot;335559991&quot;:360,&quot;469769242&quot;:[65533,0],&quot;469777803&quot;:&quot;left&quot;,&quot;469777804&quot;:&quot;%1.&quot;,&quot;469777815&quot;:&quot;hybridMultilevel&quot;}\" aria-setsize=\"-1\" data-aria-posinset=\"5\" data-aria-level=\"1\"><span data-contrast=\"none\">\u00cen\u021belegi c\u0103 pentru urm\u0103torii 2 ani venitul t\u0103u va fi format din salariul de profesor\/\u00eenv\u0103\u021b\u0103tor\/educator \u0219i sprijinul financiar oferit de c\u0103tre Teach for Romania;<\/span><span data-ccp-props=\"{&quot;134233117&quot;:false,&quot;134233118&quot;:false,&quot;201341983&quot;:0,&quot;335557856&quot;:16448250,&quot;335559738&quot;:0,&quot;335559739&quot;:0,&quot;335559740&quot;:279}\">\u00a0<\/span><\/li><li><span data-contrast=\"none\">Cuno\u0219ti limba rom\u00e2n\u0103 la nivel avansat (comunicare \u0219i scriere) \u0219i limba englez\u0103 la nivel B1 (sau \u00ee\u021bi asumi c\u0103 vei ajunge la nivelul B1 p\u00e2n\u0103 \u00een iulie 2025);<\/span><span data-ccp-props=\"{&quot;134233117&quot;:false,&quot;134233118&quot;:false,&quot;201341983&quot;:0,&quot;335557856&quot;:16448250,&quot;335559738&quot;:0,&quot;335559739&quot;:0,&quot;335559740&quot;:279}\">\u00a0<\/span><\/li><li data-leveltext=\"%1.\" data-font=\"Calibri\" data-listid=\"2\" data-list-defn-props=\"{&quot;335552541&quot;:0,&quot;335559685&quot;:720,&quot;335559991&quot;:360,&quot;469769242&quot;:[65533,0],&quot;469777803&quot;:&quot;left&quot;,&quot;469777804&quot;:&quot;%1.&quot;,&quot;469777815&quot;:&quot;hybridMultilevel&quot;}\" aria-setsize=\"-1\" data-aria-posinset=\"7\" data-aria-level=\"1\"><span data-contrast=\"none\">E\u0219ti apt\/\u0103 din punct de vedere medical at\u00e2t pentru participarea la Academia de Leadership \u0219i Formare \u00een Educa\u021bie, c\u00e2t \u0219i pentru \u00eenscrierea \u00een sistemul de \u00eenv\u0103\u021b\u0103m\u00e2nt \u0219i poti face dovada ulterior printr-o adeverin\u021b\u0103 medical\u0103.<\/span><span data-ccp-props=\"{&quot;134233117&quot;:false,&quot;134233118&quot;:false,&quot;201341983&quot;:0,&quot;335557856&quot;:16448250,&quot;335559738&quot;:0,&quot;335559739&quot;:0,&quot;335559740&quot;:279}\">\u00a0<\/span><\/li><li><span data-contrast=\"none\">Nu ai antecedente referitoare la orice fel de nerespectare a drepturilor \u0219i libert\u0103\u021bilor copiilor, nu ai abuzat (fizic, emo\u021bional, psihologic, sexual sau economic cf. Legea nr. 272\/2004, sec\u021biunea a 3-a, art. 94) niciun copil. Nu cuno\u0219ti nici un motiv pentru care ai putea fi considerat nepotrivit\/\u0103 s\u0103 lucrezi cu copii \u0219i la solicitare po\u021bi oferi cazierul judiciar.<\/span><span data-ccp-props=\"{&quot;134233117&quot;:false,&quot;134233118&quot;:false,&quot;201341983&quot;:0,&quot;335557856&quot;:16448250,&quot;335559738&quot;:0,&quot;335559739&quot;:0,&quot;335559740&quot;:279}\">\u00a0<\/span><\/li><\/ol><p><span data-contrast=\"none\">Pe l\u00e2ng\u0103 <\/span><b><span data-contrast=\"none\">criteriile noastre de eligibilitate<\/span><\/b><span data-contrast=\"none\"> pe care le po\u021bi citi <\/span><a href=\"https:\/\/teachforromania.org\/inscrieri\/\"><b><span data-contrast=\"none\">aici<\/span><\/b><\/a><span data-contrast=\"none\">, cerin\u021bele obligatorii ale programului sunt urm\u0103toarele:<\/span><span data-ccp-props=\"{&quot;134233117&quot;:false,&quot;134233118&quot;:false,&quot;201341983&quot;:0,&quot;335557856&quot;:16448250,&quot;335559738&quot;:0,&quot;335559739&quot;:0,&quot;335559740&quot;:279}\">\u00a0<\/span><\/p><ul><li data-leveltext=\"\uf0b7\" data-font=\"Symbol\" data-listid=\"1\" data-list-defn-props=\"{&quot;335552541&quot;:1,&quot;335559685&quot;:720,&quot;335559991&quot;:360,&quot;469769226&quot;:&quot;Symbol&quot;,&quot;469769242&quot;:[8226],&quot;469777803&quot;:&quot;left&quot;,&quot;469777804&quot;:&quot;\uf0b7&quot;,&quot;469777815&quot;:&quot;hybridMultilevel&quot;}\" aria-setsize=\"-1\" data-aria-posinset=\"7\" data-aria-level=\"1\"><span data-contrast=\"none\">participarea la examenul de <\/span><b><span data-contrast=\"none\">titularizare <\/span><\/b><span data-contrast=\"none\">(candida\u021bii califica\u021bi) <\/span><b><span data-contrast=\"none\">sau <\/span><\/b><span data-contrast=\"none\">la <\/span><b><span data-contrast=\"none\">testarea jude\u021bean\u0103 <\/span><\/b><span data-contrast=\"none\">(candida\u021bii necalifica\u021bi) \u0219i ob\u021binerea unei note de <\/span><b><span data-contrast=\"none\">minimum 7<\/span><\/b><span data-contrast=\"none\">;<\/span><span data-ccp-props=\"{&quot;134233117&quot;:false,&quot;134233118&quot;:false,&quot;201341983&quot;:0,&quot;335557856&quot;:16448250,&quot;335559738&quot;:0,&quot;335559739&quot;:0,&quot;335559740&quot;:279}\">\u00a0<\/span><\/li><\/ul><ul><li data-leveltext=\"\uf0b7\" data-font=\"Symbol\" data-listid=\"1\" data-list-defn-props=\"{&quot;335552541&quot;:1,&quot;335559685&quot;:720,&quot;335559991&quot;:360,&quot;469769226&quot;:&quot;Symbol&quot;,&quot;469769242&quot;:[8226],&quot;469777803&quot;:&quot;left&quot;,&quot;469777804&quot;:&quot;\uf0b7&quot;,&quot;469777815&quot;:&quot;hybridMultilevel&quot;}\" aria-setsize=\"-1\" data-aria-posinset=\"8\" data-aria-level=\"1\"><span data-contrast=\"none\">absolvirea Academiei de Leadership \u0219i Formare \u00een Educa\u021bie cu rezultatul 3\/5 la toate competen\u021bele evaluate \u00een cadrul acesteia;<\/span><span data-ccp-props=\"{&quot;134233117&quot;:false,&quot;134233118&quot;:false,&quot;201341983&quot;:0,&quot;335557856&quot;:16448250,&quot;335559738&quot;:0,&quot;335559739&quot;:0,&quot;335559740&quot;:279}\">\u00a0<\/span><\/li><\/ul><ul><li data-leveltext=\"\uf0b7\" data-font=\"Symbol\" data-listid=\"1\" data-list-defn-props=\"{&quot;335552541&quot;:1,&quot;335559685&quot;:720,&quot;335559991&quot;:360,&quot;469769226&quot;:&quot;Symbol&quot;,&quot;469769242&quot;:[8226],&quot;469777803&quot;:&quot;left&quot;,&quot;469777804&quot;:&quot;\uf0b7&quot;,&quot;469777815&quot;:&quot;hybridMultilevel&quot;}\" aria-setsize=\"-1\" data-aria-posinset=\"9\" data-aria-level=\"1\"><span data-contrast=\"none\">ob\u021binerea unui <\/span><b><span data-contrast=\"none\">post cu norm\u0103 \u00eentreag\u0103 \u00eentr-o \u0219coal\u0103 defavorizat\u0103<\/span><\/b><span data-contrast=\"none\"> din jude\u021bele vizate de Teach <a href=\"https:\/\/teachforromania.org\/harta-judetelor-vizate-2024-2025\/\">(aici harta<\/a>), cu grad IRSE mai mare de 3 (link, <\/span><a href=\"https:\/\/docs.google.com\/spreadsheets\/d\/1osUBdVcDl_-vVfpO4te5BnrvjAvxkeHC\/edit#gid=1464903051\"><span data-contrast=\"none\">aici<\/span><\/a><span data-contrast=\"none\">).<\/span><span data-ccp-props=\"{&quot;134233117&quot;:false,&quot;134233118&quot;:false,&quot;201341983&quot;:0,&quot;335557856&quot;:16448250,&quot;335559738&quot;:0,&quot;335559739&quot;:0,&quot;335559740&quot;:279}\">\u00a0<\/span><\/li><\/ul><hr \/><h5><strong><span style=\"color: #039fdd;\">2. Pot lucra part-time \/ face voluntariat?<\/span><\/strong><\/h5><p><span data-contrast=\"none\">Programul Teach for Romania nu presupune voluntariat sau un loc de munc\u0103 cu norm\u0103 redus\u0103, ci implic\u0103 <\/span><b><span data-contrast=\"none\">o slujb\u0103 cu contract de munc\u0103 \u0219i norm\u0103 \u00eentreag\u0103 \u00eentr-o \u0219coal\u0103 din sistemul public.<\/span><\/b><span data-ccp-props=\"{&quot;134233117&quot;:false,&quot;134233118&quot;:false,&quot;201341983&quot;:0,&quot;335557856&quot;:16448250,&quot;335559738&quot;:0,&quot;335559739&quot;:0,&quot;335559740&quot;:279}\">\u00a0<\/span><\/p><p><span data-contrast=\"none\">De asemenea, nu recomand\u0103m ca pe l\u00e2ng\u0103 program s\u0103 derulezi un alt job suplimentar, part-time sau de weekend.<\/span><span data-ccp-props=\"{&quot;134233117&quot;:false,&quot;134233118&quot;:false,&quot;201341983&quot;:0,&quot;335557856&quot;:16448250,&quot;335559738&quot;:0,&quot;335559739&quot;:0,&quot;335559740&quot;:279}\">\u00a0<\/span><\/p><hr \/><h5><strong><span style=\"color: #039fdd;\">3. Pot aplica dac\u0103 am o problem\u0103 de s\u0103n\u0103tate?<\/span><\/strong><\/h5><p><span class=\"TextRun SCXW130250087 BCX0\" lang=\"RO-RO\" xml:lang=\"RO-RO\" data-contrast=\"none\"><span class=\"NormalTextRun SCXW130250087 BCX0\">L\u0103s\u0103m la latitudinea candida\u021bilor decizia de \u00eenscriere, cu men\u021biunea c\u0103 este un program solicitant din punct de vedere fizic, emo\u021bional \u0219i psihologic. Te rug\u0103m s\u0103 iei \u00een considerare c\u0103 participarea la Academia de Leadership \u0219i Pedagogie \u0219i \u00eenscrierea \u00een sistemul de \u00eenv\u0103\u021b\u0103m\u00e2nt necesit\u0103 o adeverin\u021b\u0103 de la medicul de familie care s\u0103 confirme faptul c\u0103 e\u0219ti <\/span><\/span><strong><span class=\"TextRun SCXW130250087 BCX0\" lang=\"RO-RO\" xml:lang=\"RO-RO\" data-contrast=\"none\"><span class=\"NormalTextRun SCXW130250087 BCX0\">apt\/\u0103 din punct de vedere medical<\/span><\/span><\/strong><span class=\"TextRun SCXW130250087 BCX0\" lang=\"RO-RO\" xml:lang=\"RO-RO\" data-contrast=\"none\"><span class=\"NormalTextRun SCXW130250087 BCX0\"> pentru cele dou\u0103.<\/span><\/span><span class=\"EOP SCXW130250087 BCX0\" data-ccp-props=\"{&quot;134233117&quot;:false,&quot;134233118&quot;:false,&quot;201341983&quot;:0,&quot;335557856&quot;:16448250,&quot;335559738&quot;:0,&quot;335559739&quot;:0,&quot;335559740&quot;:279}\">\u00a0<\/span><\/p><\/div>\n\t\t\t\t\t\t\t\t\t<div class=\"elementor-tab-title elementor-tab-mobile-title\" aria-selected=\"false\" data-tab=\"3\" role=\"tab\" tabindex=\"-1\" aria-controls=\"elementor-tab-content-5923\" aria-expanded=\"false\">SALARII \u0218I BURSE<\/div>\n\t\t\t\t\t<div id=\"elementor-tab-content-5923\" class=\"elementor-tab-content elementor-clearfix\" data-tab=\"3\" role=\"tabpanel\" aria-labelledby=\"elementor-tab-title-5923\" tabindex=\"0\" hidden=\"hidden\"><h5><span style=\"color: #030080;\">\u00centreb\u0103ri despre salarii \u0219i burse<\/span><\/h5><h5><span style=\"color: #039fdd;\"><strong>Care va fi venitul meu lunar?<\/strong><\/span><\/h5><p><span style=\"font-weight: 500;\">Venitul t\u0103u lunar va fi format din <\/span><b>salariul <\/b><span style=\"font-weight: 500;\">de profesor\/\u00eenv\u0103\u021b\u0103tor\/educator <\/span><b>\u0219i bursa<\/b><span style=\"font-weight: 500;\"> oferit\u0103 de c\u0103tre Teach for Romania.<\/span><\/p><p><span style=\"font-weight: 500;\">Salariul este unul variabil, \u00eencepe de la aproximativ 3000 de lei net \u0219i poate cre\u0219te \u00een func\u021bie de calificare, vechime, studii, grada\u021bii \u0219i poate fi calculat cu ajutorul acestui simulator:<\/span><a href=\"https:\/\/salarii.invatamantpreuniversitar.ro\/\"> <span style=\"font-weight: 500;\">salarii.invatamantpreuniversitar.ro<\/span><span style=\"font-weight: 500;\">.<\/span><\/a><\/p><p><span style=\"font-weight: 500;\">Salariul se ob\u021bine \u00eencep\u00e2nd cu luna septembrie, iar pentru cei cu contract de munc\u0103 pe perioad\u0103 determinat\u0103, ultima lun\u0103 \u00een care primesc salariul este luna august a anului urm\u0103tor.<\/span><\/p><p><span class=\"TextRun SCXW76037802 BCX0\" lang=\"RO-RO\" xml:lang=\"RO-RO\" data-contrast=\"none\"><span class=\"NormalTextRun SCXW76037802 BCX0\">Sus\u021binerea financiar\u0103 din partea organiza\u021biei (bursa lunar\u0103 <\/span><span class=\"NormalTextRun SCXW76037802 BCX0\">Teach<\/span><span class=\"NormalTextRun SCXW76037802 BCX0\">)<\/span> <span class=\"NormalTextRun SCXW76037802 BCX0\">porn<\/span><span class=\"NormalTextRun SCXW76037802 BCX0\">e\u0219te<\/span><span class=\"NormalTextRun SCXW76037802 BCX0\"> de la suma fix\u0103 de <\/span><span class=\"NormalTextRun SCXW76037802 BCX0\">4<\/span><span class=\"NormalTextRun SCXW76037802 BCX0\">50 de lei, la care se adaug\u0103 c\u00e2te o sum\u0103 pentru urm\u0103toarele criterii:<\/span><\/span><span class=\"EOP SCXW76037802 BCX0\" data-ccp-props=\"{&quot;134233117&quot;:false,&quot;134233118&quot;:false,&quot;201341983&quot;:0,&quot;335557856&quot;:16448250,&quot;335559738&quot;:0,&quot;335559739&quot;:0,&quot;335559740&quot;:279}\">\u00a0<\/span><\/p><ul><li style=\"font-weight: 500;\" aria-level=\"1\"><span style=\"font-weight: 500;\">gradul de defavorizare al \u0219colii;<\/span><\/li><li style=\"font-weight: 400;\" aria-level=\"1\"><span style=\"font-weight: 500;\">relocare (cei care \u00ee\u0219i schimb\u0103 domiciliul \u00eentr-un jude\u021b vizat de Teach);<\/span><\/li><li style=\"font-weight: 400;\" aria-level=\"1\"><span style=\"font-weight: 500;\">debutan\u021bi sistem;<\/span><\/li><li style=\"font-weight: 400;\" aria-level=\"1\"><span style=\"font-weight: 500;\">navet\u0103.<\/span><\/li><\/ul><p><span style=\"font-weight: 500;\">Bursa Teach se acord\u0103 timp de 24 de luni (perioada contractului de sponsorizare \u00eentre participan\u021bi \u0219i organiza\u021bie), \u00eencep\u00e2nd cu prima lun\u0103 de Academie (iulie). Pentru lunile iulie \u0219i august, \u00een ambii ani de program, bursa este o sum\u0103 fix\u0103 \u00een valoare de 900 de lei.<\/span><\/p><\/div>\n\t\t\t\t\t\t\t\t\t<div class=\"elementor-tab-title elementor-tab-mobile-title\" aria-selected=\"false\" data-tab=\"4\" role=\"tab\" tabindex=\"-1\" aria-controls=\"elementor-tab-content-5924\" aria-expanded=\"false\">PROCESUL DE RECRUTARE \u0218I SELEC\u021aIE<\/div>\n\t\t\t\t\t<div id=\"elementor-tab-content-5924\" class=\"elementor-tab-content elementor-clearfix\" data-tab=\"4\" role=\"tabpanel\" aria-labelledby=\"elementor-tab-title-5924\" tabindex=\"0\" hidden=\"hidden\"><h5><span style=\"color: #030080;\"><strong>\u00centreb\u0103ri despre procesul de recrutare \u0219i selec\u021bie<\/strong><\/span><\/h5><h5><span style=\"color: #039fdd;\"><strong>1. Care sunt cele dou\u0103 formulare necesare \u00eenscrierii \u00een program?<\/strong><\/span><\/h5><p><span data-contrast=\"none\">\u00censcrierea \u00een program se face prin completarea formularului de \u00eenregistrare a interesului (aprox. 25 de minute).<\/span><span data-ccp-props=\"{&quot;134233117&quot;:false,&quot;134233118&quot;:false,&quot;201341983&quot;:0,&quot;335557856&quot;:16448250,&quot;335559738&quot;:0,&quot;335559739&quot;:0,&quot;335559740&quot;:279}\">\u00a0<\/span><\/p><p><span data-contrast=\"none\">\u00cen urma analizei profilului descris \u00een primul formular, po\u021bi primi automat pe email formularul de \u00eenscriere. Acesta din urm\u0103 cuprinde \u00eentreb\u0103ri deschise, de aceea \u00ee\u021bi recomand\u0103m s\u0103 acorzi toat\u0103 aten\u021bia necesar\u0103 complet\u0103rii lui.<\/span><span data-ccp-props=\"{&quot;134233117&quot;:false,&quot;134233118&quot;:false,&quot;201341983&quot;:0,&quot;335557856&quot;:16448250,&quot;335559738&quot;:0,&quot;335559739&quot;:0,&quot;335559740&quot;:279}\">\u00a0<\/span><\/p><p><span data-contrast=\"none\">Cele dou\u0103 formulare reprezint\u0103 prima etap\u0103 a procesului de selec\u021bie.<\/span><span data-ccp-props=\"{&quot;134233117&quot;:false,&quot;134233118&quot;:false,&quot;201341983&quot;:0,&quot;335557856&quot;:16448250,&quot;335559738&quot;:0,&quot;335559739&quot;:0,&quot;335559740&quot;:279}\">\u00a0<\/span><\/p><hr \/><h5><span style=\"color: #039fdd;\"><strong>2. Nu pot accesa formularul de \u00eenregistrare sau de \u00eenscriere. Ce pot face \u00een acest sens?\u00a0<\/strong><\/span><\/h5><p><span data-contrast=\"auto\">Dac\u0103 nu po\u021bi accesa formularul, te invit\u0103m s\u0103 \u00eencerci urm\u0103toarele variante:<\/span><span data-ccp-props=\"{&quot;201341983&quot;:0,&quot;335559739&quot;:60,&quot;335559740&quot;:352}\">\u00a0<\/span><\/p><ul><li data-leveltext=\"-\" data-font=\"Times New Roman\" data-listid=\"1\" data-list-defn-props=\"{&quot;335552541&quot;:1,&quot;335559685&quot;:720,&quot;335559991&quot;:360,&quot;469769242&quot;:[8226],&quot;469777803&quot;:&quot;left&quot;,&quot;469777804&quot;:&quot;-&quot;,&quot;469777815&quot;:&quot;multilevel&quot;}\" aria-setsize=\"-1\" data-aria-posinset=\"1\" data-aria-level=\"1\"><span data-contrast=\"auto\">Deschide formularul \u00eentr-un <\/span><b><span data-contrast=\"auto\">alt browser<\/span><\/b><span data-contrast=\"auto\"> (Google Chrome, Opera, Mozilla Firefox, Edge) sau pe un <\/span><b><span data-contrast=\"auto\">alt dispozitiv <\/span><\/b><span data-contrast=\"auto\">dec\u00e2t cel folosit ini\u021bial.<\/span><span data-ccp-props=\"{&quot;201341983&quot;:0,&quot;335559740&quot;:352}\">\u00a0<\/span><\/li><\/ul><ul><li data-leveltext=\"-\" data-font=\"Times New Roman\" data-listid=\"1\" data-list-defn-props=\"{&quot;335552541&quot;:1,&quot;335559685&quot;:720,&quot;335559991&quot;:360,&quot;469769242&quot;:[8226],&quot;469777803&quot;:&quot;left&quot;,&quot;469777804&quot;:&quot;-&quot;,&quot;469777815&quot;:&quot;multilevel&quot;}\" aria-setsize=\"-1\" data-aria-posinset=\"2\" data-aria-level=\"1\"><span data-contrast=\"auto\">Schimb\u0103 <\/span><b><span data-contrast=\"auto\">sursa de Internet<\/span><\/b><span data-contrast=\"auto\">: de la WI-FI s\u0103 trece\u021bi la date mobile \u0219i viceversa.<\/span><span data-ccp-props=\"{&quot;201341983&quot;:0,&quot;335559740&quot;:352}\">\u00a0<\/span><\/li><\/ul><ul><li data-leveltext=\"-\" data-font=\"Times New Roman\" data-listid=\"1\" data-list-defn-props=\"{&quot;335552541&quot;:1,&quot;335559685&quot;:720,&quot;335559991&quot;:360,&quot;469769242&quot;:[8226],&quot;469777803&quot;:&quot;left&quot;,&quot;469777804&quot;:&quot;-&quot;,&quot;469777815&quot;:&quot;multilevel&quot;}\" aria-setsize=\"-1\" data-aria-posinset=\"3\" data-aria-level=\"1\"><span data-contrast=\"auto\">Schimb\u0103 <\/span><b><span data-contrast=\"auto\">sursa de WI-FI<\/span><\/b><span data-contrast=\"auto\">: conecteaz\u0103-te la re\u021beaua de WI-FI a unui alt furnizor de internet (din ce am observat, exist\u0103 furnizori ale c\u0103ror set\u0103ri blocheaz\u0103 accesarea formularelor noastre).<\/span><span data-ccp-props=\"{&quot;201341983&quot;:0,&quot;335559739&quot;:60,&quot;335559740&quot;:352}\">\u00a0<\/span><\/li><\/ul><p><span data-contrast=\"auto\">\u00cen cazul \u00een care cele de mai sus nu func\u021bioneaz\u0103, te rug\u0103m s\u0103 mai a\u0219tep\u021bi c\u00e2teva ore, apoi s\u0103 accesezi din nou formularul \u00eencerc\u00e2nd aceste variante. Dac\u0103 ai f\u0103cut \u0219i acest lucru \u0219i \u00een continuare nu \u00eel po\u021bi accesa, te rug\u0103m s\u0103 ne scrii un email la <\/span><a href=\"mailto:recrutare@teachforromania.ro\"><span data-contrast=\"auto\">recrutare@teachforromania.ro<\/span><\/a><span data-contrast=\"auto\">.\u00a0<\/span><span data-ccp-props=\"{&quot;201341983&quot;:0,&quot;335559739&quot;:60,&quot;335559740&quot;:352}\">\u00a0<\/span><\/p><hr \/><h5><span style=\"color: #039fdd;\"><strong>3. De c\u00e2te ori m\u0103 pot \u00eenscrie \u00een program?<\/strong><\/span><\/h5><p><b><span data-contrast=\"none\">Po\u021bi aplica o singur\u0103 dat\u0103 \u00eentr-un singur sezon de recrutare<\/span><\/b> <span data-contrast=\"none\">(1 octombrie 2024 \u2013 11 martie 2025). Dac\u0103 aplici \u00een acest an \u0219i nu e\u0219ti selectat\/\u0103 \u00een programul nostru, te po\u021bi \u00eenscrie din nou \u00een anii urm\u0103tori, nu po\u021bi reveni \u00een procesul de selec\u021bie \u00een acela\u0219i sezon de recrutare.\u00a0<\/span><span data-ccp-props=\"{&quot;134233117&quot;:false,&quot;134233118&quot;:false,&quot;201341983&quot;:0,&quot;335557856&quot;:16448250,&quot;335559738&quot;:0,&quot;335559739&quot;:0,&quot;335559740&quot;:279}\">\u00a0<\/span><\/p><p><span data-contrast=\"none\">Dac\u0103 ai fost acceptat\/\u0103 \u00een programul nostru, po\u021bi beneficia de acesta o singur\u0103 dat\u0103, timp de 2 ani consecutivi. Dup\u0103 aceast\u0103 perioad\u0103 de 2 ani, participan\u021bii devin alumni ai programului \u0219i r\u0103m\u00e2n parte din comunitatea Teach for Romania.<\/span><span data-ccp-props=\"{&quot;134233117&quot;:false,&quot;134233118&quot;:false,&quot;201341983&quot;:0,&quot;335557856&quot;:16448250,&quot;335559738&quot;:0,&quot;335559739&quot;:0,&quot;335559740&quot;:279}\">\u00a0<\/span><\/p><hr \/><h5><span style=\"color: #039fdd;\"><strong>4. Care sunt etapele de selec\u021bie?<\/strong><\/span><\/h5><p><b><span data-contrast=\"none\">a) Evaluarea formularului de \u00eenscriere<\/span><\/b><\/p><p><span data-contrast=\"none\">To\u021bi candida\u021bii primesc rezultatele acestei evalu\u0103ri prin email; cei care trec de aceast\u0103 etap\u0103 sunt invita\u021bi la un interviu online de maximum 1 or\u0103.<\/span><span data-ccp-props=\"{&quot;134233117&quot;:false,&quot;134233118&quot;:false,&quot;201341983&quot;:0,&quot;335557856&quot;:16448250,&quot;335559738&quot;:0,&quot;335559739&quot;:0,&quot;335559740&quot;:279}\">\u00a0<\/span><\/p><p><b><span data-contrast=\"none\">b) Interviu online<\/span><\/b><\/p><p><span data-contrast=\"none\">Vei putea alege data \u0219i ora interviului din op\u021biunile puse la dispozi\u021bie de echipa noastr\u0103. \u00cen aceast\u0103 etap\u0103 evalu\u0103m motiva\u021bia pentru a face parte din programul Teach \u0219i \u00een ce m\u0103sur\u0103 te potrive\u0219ti cu profilul c\u0103utat de noi; tot \u00een aceast\u0103 etap\u0103 vei rezolva un chestionar de exprimare corect\u0103 \u00een limba rom\u00e2n\u0103.<\/span><span data-ccp-props=\"{&quot;134233117&quot;:false,&quot;134233118&quot;:false,&quot;201341983&quot;:0,&quot;335557856&quot;:16448250,&quot;335559738&quot;:0,&quot;335559739&quot;:0,&quot;335559740&quot;:279}\">\u00a0<\/span><\/p><p><span data-contrast=\"none\">To\u021bi candida\u021bii primesc rezultatele interviului prin email; cei care trec de aceast\u0103 etap\u0103 sunt invita\u021bi la urm\u0103toarea etap\u0103 \u2013 centrul de evaluare.<\/span><span data-ccp-props=\"{&quot;134233117&quot;:false,&quot;134233118&quot;:false,&quot;201341983&quot;:0,&quot;335557856&quot;:16448250,&quot;335559738&quot;:0,&quot;335559739&quot;:0,&quot;335559740&quot;:279}\">\u00a0<\/span><\/p><p><b><span data-contrast=\"none\">c) Centru de evaluare online<\/span><\/b><\/p><p><span data-contrast=\"none\">Aceast\u0103 etap\u0103 de selec\u021bie este ultima \u0219i este organizat\u0103 \u00een dou\u0103 zile lucr\u0103toare, pe care le vei putea alege din op\u021biunile puse la dispozi\u021bie de echipa noastr\u0103. Centrul de evaluare cuprinde mai multe probe; vei primi din timp detalii referitoare la agend\u0103, descrierea activit\u0103\u021bilor \u0219i informa\u021bii despre cum s\u0103 te preg\u0103te\u0219ti.<\/span><span data-ccp-props=\"{&quot;134233117&quot;:false,&quot;134233118&quot;:false,&quot;201341983&quot;:0,&quot;335557856&quot;:16448250,&quot;335559738&quot;:0,&quot;335559739&quot;:0,&quot;335559740&quot;:279}\">\u00a0<\/span><\/p><p><span data-contrast=\"none\">Prima zi, 4 ore la alegerea candida\u021bilor (prima parte a zilei sau a doua parte a zilei):<\/span><span data-ccp-props=\"{&quot;134233117&quot;:false,&quot;134233118&quot;:false,&quot;201341983&quot;:0,&quot;335557856&quot;:16448250,&quot;335559738&quot;:0,&quot;335559739&quot;:0,&quot;335559740&quot;:279}\">\u00a0<\/span><\/p><ul><li data-leveltext=\"\uf0b7\" data-font=\"Symbol\" data-listid=\"1\" data-list-defn-props=\"{&quot;335552541&quot;:1,&quot;335559685&quot;:720,&quot;335559991&quot;:360,&quot;469769226&quot;:&quot;Symbol&quot;,&quot;469769242&quot;:[8226],&quot;469777803&quot;:&quot;left&quot;,&quot;469777804&quot;:&quot;\uf0b7&quot;,&quot;469777815&quot;:&quot;hybridMultilevel&quot;}\" aria-setsize=\"-1\" data-aria-posinset=\"14\" data-aria-level=\"1\"><span data-contrast=\"none\">Simulare de lec\u021bie;<\/span><span data-ccp-props=\"{&quot;134233117&quot;:false,&quot;134233118&quot;:false,&quot;201341983&quot;:0,&quot;335557856&quot;:16448250,&quot;335559738&quot;:0,&quot;335559739&quot;:0,&quot;335559740&quot;:279}\">\u00a0<\/span><\/li><\/ul><ul><li data-leveltext=\"\uf0b7\" data-font=\"Symbol\" data-listid=\"1\" data-list-defn-props=\"{&quot;335552541&quot;:1,&quot;335559685&quot;:720,&quot;335559991&quot;:360,&quot;469769226&quot;:&quot;Symbol&quot;,&quot;469769242&quot;:[8226],&quot;469777803&quot;:&quot;left&quot;,&quot;469777804&quot;:&quot;\uf0b7&quot;,&quot;469777815&quot;:&quot;hybridMultilevel&quot;}\" aria-setsize=\"-1\" data-aria-posinset=\"15\" data-aria-level=\"1\"><span data-contrast=\"none\">Activitate de grup;<\/span><span data-ccp-props=\"{&quot;134233117&quot;:false,&quot;134233118&quot;:false,&quot;201341983&quot;:0,&quot;335557856&quot;:16448250,&quot;335559738&quot;:0,&quot;335559739&quot;:0,&quot;335559740&quot;:279}\">\u00a0<\/span><\/li><\/ul><ul><li data-leveltext=\"\uf0b7\" data-font=\"Symbol\" data-listid=\"1\" data-list-defn-props=\"{&quot;335552541&quot;:1,&quot;335559685&quot;:720,&quot;335559991&quot;:360,&quot;469769226&quot;:&quot;Symbol&quot;,&quot;469769242&quot;:[8226],&quot;469777803&quot;:&quot;left&quot;,&quot;469777804&quot;:&quot;\uf0b7&quot;,&quot;469777815&quot;:&quot;hybridMultilevel&quot;}\" aria-setsize=\"-1\" data-aria-posinset=\"16\" data-aria-level=\"1\"><span data-contrast=\"none\">Studiu de caz individual.<\/span><span data-ccp-props=\"{&quot;134233117&quot;:false,&quot;134233118&quot;:false,&quot;201341983&quot;:0,&quot;335557856&quot;:16448250,&quot;335559738&quot;:0,&quot;335559739&quot;:0,&quot;335559740&quot;:279}\">\u00a0<\/span><\/li><\/ul><p><span data-contrast=\"none\">Ziua urm\u0103toare pentru 1 or\u0103, la alegerea candida\u021bilor:<\/span><span data-ccp-props=\"{&quot;134233117&quot;:false,&quot;134233118&quot;:false,&quot;201341983&quot;:0,&quot;335557856&quot;:16448250,&quot;335559738&quot;:0,&quot;335559739&quot;:0,&quot;335559740&quot;:279}\">\u00a0<\/span><\/p><ul><li data-leveltext=\"\uf0b7\" data-font=\"Symbol\" data-listid=\"1\" data-list-defn-props=\"{&quot;335552541&quot;:1,&quot;335559685&quot;:720,&quot;335559991&quot;:360,&quot;469769226&quot;:&quot;Symbol&quot;,&quot;469769242&quot;:[8226],&quot;469777803&quot;:&quot;left&quot;,&quot;469777804&quot;:&quot;\uf0b7&quot;,&quot;469777815&quot;:&quot;hybridMultilevel&quot;}\" aria-setsize=\"-1\" data-aria-posinset=\"17\" data-aria-level=\"1\"><span data-contrast=\"none\">Interviu individual;<\/span><span data-ccp-props=\"{&quot;134233117&quot;:false,&quot;134233118&quot;:false,&quot;201341983&quot;:0,&quot;335557856&quot;:16448250,&quot;335559738&quot;:0,&quot;335559739&quot;:0,&quot;335559740&quot;:279}\">\u00a0<\/span><\/li><\/ul><ul><li data-leveltext=\"\uf0b7\" data-font=\"Symbol\" data-listid=\"1\" data-list-defn-props=\"{&quot;335552541&quot;:1,&quot;335559685&quot;:720,&quot;335559991&quot;:360,&quot;469769226&quot;:&quot;Symbol&quot;,&quot;469769242&quot;:[8226],&quot;469777803&quot;:&quot;left&quot;,&quot;469777804&quot;:&quot;\uf0b7&quot;,&quot;469777815&quot;:&quot;hybridMultilevel&quot;}\" aria-setsize=\"-1\" data-aria-posinset=\"18\" data-aria-level=\"1\"><span data-contrast=\"none\">Chestionar de exprimare corect\u0103 \u00een limba englez\u0103.<\/span><span data-ccp-props=\"{&quot;134233117&quot;:false,&quot;134233118&quot;:false,&quot;201341983&quot;:0,&quot;335557856&quot;:16448250,&quot;335559738&quot;:0,&quot;335559739&quot;:0,&quot;335559740&quot;:279}\">\u00a0<\/span><\/li><\/ul><p><span data-contrast=\"none\">Dac\u0103 r\u0103spunsul nostru dup\u0103 etapa centrului de evaluare este unul pozitiv, \u00eenseamn\u0103 c\u0103 e\u0219ti acceptat(\u0103) \u00een program \u0219i vei continua c\u0103l\u0103toria cu etapa de onboarding.<\/span>\u00a0<br \/><span data-contrast=\"none\">\u00cen cazul unui r\u0103spuns negativ, vei putea cere un feedback personalizat echipei de selec\u021bie, care s\u0103 \u00ee\u021bi fie de folos at\u00e2t pentru propria dezvoltare, c\u00e2t \u0219i dac\u0103 vei dori s\u0103 aplici \u00een anii urm\u0103tori.<\/span><span data-ccp-props=\"{&quot;134233117&quot;:false,&quot;134233118&quot;:false,&quot;201341983&quot;:0,&quot;335557856&quot;:16448250,&quot;335559738&quot;:0,&quot;335559739&quot;:0,&quot;335559740&quot;:279}\">\u00a0<\/span><\/p><p><span data-contrast=\"none\">\u00cen cazul unui r\u0103spuns negativ, vei putea cere un feedback personalizat echipei de selec\u021bie, care s\u0103 \u00ee\u021bi fie de folos at\u00e2t pentru propria dezvoltare, c\u00e2t \u0219i dac\u0103 vei dori s\u0103 aplici \u00een anii urm\u0103tori.<\/span><span data-ccp-props=\"{&quot;134233117&quot;:false,&quot;134233118&quot;:false,&quot;201341983&quot;:0,&quot;335557856&quot;:16448250,&quot;335559738&quot;:0,&quot;335559739&quot;:0,&quot;335559740&quot;:279}\">\u00a0<\/span><\/p><hr \/><h5><span style=\"color: #039fdd;\"><strong>5. Ce presupune perioada de Onboarding?<\/strong><\/span><\/h5><p><span data-contrast=\"none\">\u00cen etapa de onboarding vei cunoa\u0219te <\/span><b><span data-contrast=\"none\">comunitatea Teach<\/span><\/b><span data-contrast=\"none\"> for Romania, vei observa <\/span><b><span data-contrast=\"none\">realitatea comunit\u0103\u021bilor vulnerabile<\/span><\/b><span data-contrast=\"none\"> \u0219i vei \u00een\u021belege \u00een profunzime <\/span><b><span data-contrast=\"none\">programul \u0219i viitorul t\u0103u rol<\/span><\/b><span data-contrast=\"none\">; \u00ee\u021bi va forma o imagine despre ce va \u00eensemna experien\u021ba Teach for Romania pentru tine.<\/span><span data-ccp-props=\"{&quot;134233117&quot;:false,&quot;134233118&quot;:false,&quot;201341983&quot;:0,&quot;335557856&quot;:16448250,&quot;335559738&quot;:0,&quot;335559739&quot;:0,&quot;335559740&quot;:279}\">\u00a0<\/span><\/p><p><span data-contrast=\"none\">La sf\u00e2r\u0219itul perioadei de onboarding vom \u00eencheia contractul de sponsorizare pentru cei 2 ani de program.<\/span><span data-ccp-props=\"{&quot;134233117&quot;:false,&quot;134233118&quot;:false,&quot;201341983&quot;:0,&quot;335557856&quot;:16448250,&quot;335559738&quot;:0,&quot;335559739&quot;:0,&quot;335559740&quot;:279}\">\u00a0<\/span><\/p><p><span data-contrast=\"none\">Onboarding-ul este un proces de <\/span><b><span data-contrast=\"none\">6 s\u0103pt\u0103m\u00e2ni, cu participare obligatorie<\/span><\/b><span data-contrast=\"none\">, \u00een care vei petrece mai multe ore al\u0103turi de echipa Teach,\u00a0 colegii de genera\u021bie, actualii profesori \u0219i Alumni. Vei participa la:<\/span><span data-ccp-props=\"{&quot;134233117&quot;:false,&quot;134233118&quot;:false,&quot;201341983&quot;:0,&quot;335557856&quot;:16448250,&quot;335559738&quot;:0,&quot;335559739&quot;:0,&quot;335559740&quot;:279}\">\u00a0<\/span><\/p><ul><li data-leveltext=\"\uf0b7\" data-font=\"Symbol\" data-listid=\"1\" data-list-defn-props=\"{&quot;335552541&quot;:1,&quot;335559685&quot;:720,&quot;335559991&quot;:360,&quot;469769226&quot;:&quot;Symbol&quot;,&quot;469769242&quot;:[8226],&quot;469777803&quot;:&quot;left&quot;,&quot;469777804&quot;:&quot;\uf0b7&quot;,&quot;469777815&quot;:&quot;hybridMultilevel&quot;}\" aria-setsize=\"-1\" data-aria-posinset=\"19\" data-aria-level=\"1\"><b><span data-contrast=\"none\">sesiuni online<\/span><\/b><span data-contrast=\"none\"> dedicate cunoa\u0219terii fiec\u0103rei etape a programului (4 ore\/s\u0103pt\u0103m\u00e2n\u0103, seara);<\/span><span data-ccp-props=\"{&quot;134233117&quot;:false,&quot;134233118&quot;:false,&quot;201341983&quot;:0,&quot;335557856&quot;:16448250,&quot;335559738&quot;:0,&quot;335559739&quot;:0,&quot;335559740&quot;:279}\">\u00a0<\/span><\/li><\/ul><ul><li data-leveltext=\"\uf0b7\" data-font=\"Symbol\" data-listid=\"1\" data-list-defn-props=\"{&quot;335552541&quot;:1,&quot;335559685&quot;:720,&quot;335559991&quot;:360,&quot;469769226&quot;:&quot;Symbol&quot;,&quot;469769242&quot;:[8226],&quot;469777803&quot;:&quot;left&quot;,&quot;469777804&quot;:&quot;\uf0b7&quot;,&quot;469777815&quot;:&quot;hybridMultilevel&quot;}\" aria-setsize=\"-1\" data-aria-posinset=\"20\" data-aria-level=\"1\"><span data-contrast=\"none\">Curs de onboarding pe platforma Mento Academy cu module aferente sesiunilor online;<\/span><span data-ccp-props=\"{&quot;134233117&quot;:false,&quot;134233118&quot;:false,&quot;201341983&quot;:0,&quot;335557856&quot;:16448250,&quot;335559738&quot;:0,&quot;335559739&quot;:0,&quot;335559740&quot;:279}\">\u00a0<\/span><\/li><\/ul><ul><li data-leveltext=\"\uf0b7\" data-font=\"Symbol\" data-listid=\"1\" data-list-defn-props=\"{&quot;335552541&quot;:1,&quot;335559685&quot;:720,&quot;335559991&quot;:360,&quot;469769226&quot;:&quot;Symbol&quot;,&quot;469769242&quot;:[8226],&quot;469777803&quot;:&quot;left&quot;,&quot;469777804&quot;:&quot;\uf0b7&quot;,&quot;469777815&quot;:&quot;hybridMultilevel&quot;}\" aria-setsize=\"-1\" data-aria-posinset=\"21\" data-aria-level=\"1\"><b><span data-contrast=\"none\">vizit\u0103 \u00een comunitate \u0219i la clas\u0103 <\/span><\/b><span data-contrast=\"none\">(1 zi lucr\u0103toare, la alegere);<\/span><span data-ccp-props=\"{&quot;134233117&quot;:false,&quot;134233118&quot;:false,&quot;201341983&quot;:0,&quot;335557856&quot;:16448250,&quot;335559738&quot;:0,&quot;335559739&quot;:0,&quot;335559740&quot;:279}\">\u00a0<\/span><\/li><\/ul><ul><li data-leveltext=\"\uf0b7\" data-font=\"Symbol\" data-listid=\"1\" data-list-defn-props=\"{&quot;335552541&quot;:1,&quot;335559685&quot;:720,&quot;335559991&quot;:360,&quot;469769226&quot;:&quot;Symbol&quot;,&quot;469769242&quot;:[8226],&quot;469777803&quot;:&quot;left&quot;,&quot;469777804&quot;:&quot;\uf0b7&quot;,&quot;469777815&quot;:&quot;hybridMultilevel&quot;}\" aria-setsize=\"-1\" data-aria-posinset=\"22\" data-aria-level=\"1\"><b><span data-contrast=\"none\">\u00eent\u00e2lniri individuale <\/span><\/b><span data-contrast=\"none\">(2 ore, la alegere);<\/span><span data-ccp-props=\"{&quot;134233117&quot;:false,&quot;134233118&quot;:false,&quot;201341983&quot;:0,&quot;335557856&quot;:16448250,&quot;335559738&quot;:0,&quot;335559739&quot;:0,&quot;335559740&quot;:279}\">\u00a0<\/span><\/li><\/ul><ul><li data-leveltext=\"\uf0b7\" data-font=\"Symbol\" data-listid=\"1\" data-list-defn-props=\"{&quot;335552541&quot;:1,&quot;335559685&quot;:720,&quot;335559991&quot;:360,&quot;469769226&quot;:&quot;Symbol&quot;,&quot;469769242&quot;:[8226],&quot;469777803&quot;:&quot;left&quot;,&quot;469777804&quot;:&quot;\uf0b7&quot;,&quot;469777815&quot;:&quot;hybridMultilevel&quot;}\" aria-setsize=\"-1\" data-aria-posinset=\"23\" data-aria-level=\"1\"><b><span data-contrast=\"none\">comunicare \u0219i sprijin punctual<\/span><\/b><span data-contrast=\"none\">, \u00een func\u021bie de nevoile tale.<\/span><span data-ccp-props=\"{&quot;134233117&quot;:false,&quot;134233118&quot;:false,&quot;201341983&quot;:0,&quot;335557856&quot;:16448250,&quot;335559738&quot;:0,&quot;335559739&quot;:0,&quot;335559740&quot;:279}\">\u00a0<\/span><\/li><\/ul><p><span data-contrast=\"none\">\u00centre etapa de onboarding \u0219i \u00eenceputul Academiei de Leadership \u0219i Formare \u00een Educa\u021bie vei mai participa la:<\/span><span data-ccp-props=\"{&quot;134233117&quot;:false,&quot;134233118&quot;:false,&quot;201341983&quot;:0,&quot;335557856&quot;:16448250,&quot;335559738&quot;:0,&quot;335559739&quot;:0,&quot;335559740&quot;:279}\">\u00a0<\/span><\/p><ul><li data-leveltext=\"\uf0b7\" data-font=\"Symbol\" data-listid=\"1\" data-list-defn-props=\"{&quot;335552541&quot;:1,&quot;335559685&quot;:720,&quot;335559991&quot;:360,&quot;469769226&quot;:&quot;Symbol&quot;,&quot;469769242&quot;:[8226],&quot;469777803&quot;:&quot;left&quot;,&quot;469777804&quot;:&quot;\uf0b7&quot;,&quot;469777815&quot;:&quot;hybridMultilevel&quot;}\" aria-setsize=\"-1\" data-aria-posinset=\"24\" data-aria-level=\"1\"><b><span data-contrast=\"none\">sesiuni de preg\u0103tire pentru integrarea \u00een sistemul de educa\u021bie<\/span><\/b><span data-contrast=\"none\"> (obligatorii dac\u0103 nu de\u021bii un post de titular\/\u0103);<\/span><span data-ccp-props=\"{&quot;134233117&quot;:false,&quot;134233118&quot;:false,&quot;201341983&quot;:0,&quot;335557856&quot;:16448250,&quot;335559738&quot;:0,&quot;335559739&quot;:0,&quot;335559740&quot;:279}\">\u00a0<\/span><\/li><\/ul><ul><li data-leveltext=\"\uf0b7\" data-font=\"Symbol\" data-listid=\"1\" data-list-defn-props=\"{&quot;335552541&quot;:1,&quot;335559685&quot;:720,&quot;335559991&quot;:360,&quot;469769226&quot;:&quot;Symbol&quot;,&quot;469769242&quot;:[8226],&quot;469777803&quot;:&quot;left&quot;,&quot;469777804&quot;:&quot;\uf0b7&quot;,&quot;469777815&quot;:&quot;hybridMultilevel&quot;}\" aria-setsize=\"-1\" data-aria-posinset=\"25\" data-aria-level=\"1\"><span data-contrast=\"none\">\u00eent\u00e2lniri de comunitate (op\u021bionale);<\/span><span data-ccp-props=\"{&quot;134233117&quot;:false,&quot;134233118&quot;:false,&quot;201341983&quot;:0,&quot;335557856&quot;:16448250,&quot;335559738&quot;:0,&quot;335559739&quot;:0,&quot;335559740&quot;:279}\">\u00a0<\/span><\/li><\/ul><ul><li data-leveltext=\"\uf0b7\" data-font=\"Symbol\" data-listid=\"1\" data-list-defn-props=\"{&quot;335552541&quot;:1,&quot;335559685&quot;:720,&quot;335559991&quot;:360,&quot;469769226&quot;:&quot;Symbol&quot;,&quot;469769242&quot;:[8226],&quot;469777803&quot;:&quot;left&quot;,&quot;469777804&quot;:&quot;\uf0b7&quot;,&quot;469777815&quot;:&quot;hybridMultilevel&quot;}\" aria-setsize=\"-1\" data-aria-posinset=\"26\" data-aria-level=\"1\"><b><span data-contrast=\"none\">preAcademie <\/span><\/b><span data-contrast=\"none\">\u2013 4 sesiuni online obligatorii organizate pe parcursul a 2 s\u0103pt\u0103m\u00e2ni din luna iunie, \u00eenainte de Academie, seara sau \u00een weekend. Temele sesiunilor sunt \u00een\u021belegerea comunit\u0103\u021bilor vulnerabile \u0219i preg\u0103tire pentru examenul de titularizare, respectiv testarea jude\u021bean\u0103.<\/span><span data-ccp-props=\"{&quot;134233117&quot;:false,&quot;134233118&quot;:false,&quot;201341983&quot;:0,&quot;335557856&quot;:16448250,&quot;335559738&quot;:0,&quot;335559739&quot;:0,&quot;335559740&quot;:279}\">\u00a0<\/span><\/li><\/ul><\/div>\n\t\t\t\t\t\t\t\t\t<div class=\"elementor-tab-title elementor-tab-mobile-title\" aria-selected=\"false\" data-tab=\"5\" role=\"tab\" tabindex=\"-1\" aria-controls=\"elementor-tab-content-5925\" aria-expanded=\"false\">POSTURI \u0218I INTEGRAREA \u00ceN SISTEMUL DE \u00ceNV\u0102\u021a\u0102M\u00c2NT<\/div>\n\t\t\t\t\t<div id=\"elementor-tab-content-5925\" class=\"elementor-tab-content elementor-clearfix\" data-tab=\"5\" role=\"tabpanel\" aria-labelledby=\"elementor-tab-title-5925\" tabindex=\"0\" hidden=\"hidden\"><h5><span style=\"color: #030080;\"><strong>\u00centreb\u0103ri despre posturi \u0219i integrarea \u00een sistemul de \u00eenv\u0103\u021b\u0103m\u00e2nt<\/strong><\/span><\/h5><h5><span style=\"color: #039fdd;\"><strong>1. Cum voi ob\u021bine un post \u00een \u0219coal\u0103?<\/strong><\/span><\/h5><p><span style=\"font-weight: 500;\">Toate procesele premerg\u0103toare ob\u021binerii unui post de educator\/ \u00eenv\u0103\u021b\u0103tor\/ profesor, \u0219i anume depunerea dosarului, sus\u021binerea examenului, c\u00e2t \u0219i repartizarea unui post \u00een \u0219coal\u0103 sunt cele stabilite la nivelul Ministerului Educa\u021biei.<\/span><\/p><p><span style=\"font-weight: 500;\">Te vei \u00eenscrie la <\/span><b>examenul de titularizare<\/b><span style=\"font-weight: 500;\"> (dac\u0103 e\u0219ti calificat\/\u0103) sau la<\/span><b> testarea jude\u021bean\u0103 <\/b><span style=\"font-weight: 500;\">(dac\u0103 e\u0219ti necalificat\/\u0103), ca orice alt\u0103 persoan\u0103 care dore\u0219te s\u0103 devin\u0103 cadru didactic \u00een sistemul public de \u00eenv\u0103\u021b\u0103m\u00e2nt.<\/span><\/p><p><span style=\"font-weight: 500;\">Organiza\u021bia noastr\u0103 se va \u00eendrepta doar c\u0103tre \u0219colile <strong>a c\u0103ror medie a Indicelui de Risc Socio-Educa\u021bional <\/strong>(Media IRSE 2015-2019) este &gt;=3, conform <a href=\"https:\/\/docs.google.com\/spreadsheets\/d\/1osUBdVcDl_-vVfpO4te5BnrvjAvxkeHC\/edit#gid=1464903051\">tabelului urm\u0103tor<\/a>.<\/span><\/p><hr \/><h5><span style=\"color: #039fdd;\"><strong>2. Cum m\u0103 sus\u021bine\u021bi \u00een procesul de integrare \u00een sistemul de \u00eenv\u0103\u021b\u0103m\u00e2nt?\u00a0<\/strong><\/span><\/h5><p><b>Organiza\u021bia nu are posturi ocupate sau securizate<\/b><span style=\"font-weight: 500;\">, \u00eens\u0103 te sus\u021bine continuu \u00een acest proces, prin:<\/span><\/p><ul><li style=\"font-weight: 500;\" aria-level=\"1\"><b>sesiuni online<\/b><span style=\"font-weight: 500;\"> (\u00een onboarding) cu speciali\u0219tii no\u0219tri, care te vor familiariza cu procesul de integrare, concepte, legisla\u021bie;<\/span><\/li><li style=\"font-weight: 500;\" aria-level=\"1\"><b>discu\u021bii individuale<\/b><span style=\"font-weight: 500;\">, <\/span><b>personalizate<\/b><span style=\"font-weight: 500;\">, despre situa\u021bia ta, op\u021biunile tale de integrare, alegerea unui post \u00eentr-o \u0219coal\u0103 vulnerabil\u0103;<\/span><\/li><li style=\"font-weight: 500;\" aria-level=\"1\"><b>sesiuni de preg\u0103tire cu consilieri de examinare<\/b><span style=\"font-weight: 500;\"> din comunitate Teach for Romania \u0219i cu speciali\u0219ti din sistem (inspectori, directori de \u0219coal\u0103, al\u021bi speciali\u0219ti);<\/span><\/li><li style=\"font-weight: 500;\" aria-level=\"1\"><b>comunicare constant\u0103<\/b><span style=\"font-weight: 500;\"> cu echipa Teach \u0219i sprijin punctual, \u00een func\u021bie de nevoi.<\/span><\/li><\/ul><p><span style=\"font-weight: 500;\">Este important s\u0103 \u0219tii c\u0103 acest proces este at\u00e2t \u00een responsabilitatea Teach for Romania, c\u00e2t \u0219i a ta. Echipa noastr\u0103 te sprijin\u0103 pentru ca tu s\u0103 te familiarizezi cu procesul, \u00ee\u021bi este al\u0103turi la orice pas \u0219i te sus\u021bine \u00een c\u0103utarea unui post care s\u0103 corespund\u0103 at\u00e2t criteriilor Teach for Romania, c\u00e2t \u0219i nevoilor tale.<\/span><\/p><p><b>Tu vei fi responsabil\/\u0103 <\/b><span style=\"font-weight: 500;\">s\u0103: te documentezi \u0219i s\u0103 cite\u0219ti resurse, materiale etc.; s\u0103 cau\u021bi posturi conform \u00eendrum\u0103rilor puse la dispozi\u021bie de noi; s\u0103 depui documentele necesare \u00eenscrierii la examene; s\u0103 verifici inform\u0103rile puse la dispozi\u021bie de Teach \u0219i\/sau de Minister\/inspectorate; s\u0103 te preg\u0103te\u0219ti pentru examene astfel \u00eenc\u00e2t s\u0103 ob\u021bii minimum nota 7, s\u0103 participi la \u0219edin\u021ba public\u0103 de repartizare a posturilor.<\/span><\/p><hr \/><h5><span style=\"color: #039fdd;\"><strong>3. Care sunt criteriile de selec\u021bie ale \u0219colilor \u00een care merg cadrele didactice sus\u021binute de Teach for Romania?<\/strong><\/span><\/h5><p><span style=\"font-weight: 500;\">\u0218colile \u0219i gr\u0103dini\u021bele \u00een care merg participan\u021bii din programul nostru au un <\/span><b>grad de defavorizare ridicat <\/b><span style=\"font-weight: 500;\">\u0219i sunt \u00een comunit\u0103\u021bi provocatoare socio-economic.<\/span><\/p><p><span style=\"font-weight: 500;\">Selec\u021bia noastr\u0103 are la baz\u0103 studiul realizat de Asocia\u021bia Human Catalyst, care aloc\u0103 fiec\u0103rei un <\/span><b>indice de risc socio-educa\u021bional<\/b><span style=\"font-weight: 500;\"> (IRSE), care ne arat\u0103 gradul de defavorizare. Ierarhizarea a fost realizat\u0103 conform mediei pe 4 ani a acestui indice\u00a0 (2015-2019), calculat\u0103 pe baza indicatorilor: riscul de abandon \u0219colar, nivelul de preg\u0103tire al cadrelor didactice, gradul de preg\u0103tire al elevilor, nivelul de dezvoltare socio-economic\u0103 a localit\u0103\u021bii. Mai multe detalii despre studiu pute\u021bi g\u0103si <a href=\"https:\/\/scoala9.ro\/harta-scolilor-dezavantajate-din-romania-care-sunt-judetele-cu-cel-mai-mare\/691\/\"><strong>aici<\/strong>.<\/a><\/span><\/p><p><b>\u0218colile <\/b><span style=\"font-weight: 500;\">vizate de Teach for Romania sunt cele cu un <\/span><b>grad de defavorizare mai mare de 3 <\/b><span style=\"font-weight: 500;\">din <strong><a href=\"https:\/\/docs.google.com\/spreadsheets\/d\/1osUBdVcDl_-vVfpO4te5BnrvjAvxkeHC\/edit#gid=1464903051\">aceast\u0103 ierarhie<\/a><\/strong><\/span><strong>.<\/strong><\/p><p><span style=\"color: #000000;\"><strong><span style=\"font-weight: 500;\">\u00cen ceea ce prive\u0219te <\/span><b>gr\u0103dini\u021bele<\/b><span style=\"font-weight: 500;\"> (dac\u0103 nu sunt incluse \u00een scara IRSE), vom merge c\u0103tre cele cu <\/span><b>grad de defavorizare 1, 2 sau 3 <\/b><span style=\"font-weight: 500;\">din ierarhizarea bazat\u0103 pe cercetarea din 2016 a Ministerului Finan\u021belor Europene (1 \u00eenseamn\u0103 \u201ecel mai defavorizat\u201d \u015fi 5, \u201ecel mai pu\u021bin defavorizat\u201d), informa\u021bii <a href=\"http:\/\/www.fonduri-ue.ro\/images\/files\/comunicate\/2016\/13.09\/Anexa_1_Ierarhizare_scoli.pdf\"><strong>aici<\/strong><\/a>.\u00a0<\/span><\/strong><\/span><span style=\"color: #039fdd;\"><strong><br \/><\/strong><\/span><\/p><hr \/><h5><span style=\"color: #039fdd;\"><strong>4. Va trebui s\u0103 m\u0103 mut din jude\u021bul \u00een care locuiesc? Va trebui s\u0103 fac naveta?<\/strong><\/span><\/h5><p><span style=\"font-weight: 500;\">Decizia de a naveta sau de a te muta \u00ee\u021bi apar\u021bine \u00een totalitate. Pentru c\u0103 p\u00e2n\u0103 \u00een momentul ob\u021binerii postului nu putem \u0219ti care este distan\u021ba dintre \u0219coal\u0103 \u0219i domiciliul t\u0103u, este important s\u0103 fii <\/span><span style=\"font-weight: 500;\">deschis\/\u0103 fie pentru <\/span><b>navet\u0103 zilnic\u0103 ce poate dep\u0103\u0219i 90 de minute pe sens<\/b><span style=\"font-weight: 500;\">, fie pentru schimbarea domiciliului pentru a preda \u00eentr-o \u0219coal\u0103 care \u00eendepline\u0219te criteriile Teach for Romania.<\/span><span style=\"font-weight: 500;\">\u00a0<\/span><\/p><p><span style=\"font-weight: 500;\">Dac\u0103 locuie\u0219ti \u00eentr-unul din alte jude\u021be ale \u021b\u0103rii dec\u00e2t cele vizate de noi, intrarea \u00een programul Teach for Romania \u00eenseamn\u0103 fie relocarea \u00eentr-unul din jude\u021bele vizate de noi, fie naveta, dac\u0103 locuie\u0219ti \u00eentr-un <a href=\"https:\/\/teachforromania.org\/inscrieri\/\">jude\u021b apropiat<\/a>.\u00a0<\/span><\/p><p><span style=\"font-weight: 500;\">Este important s\u0103 \u0219tii c\u0103 organiza\u021bia nu asigur\u0103 cazarea \u00een localitatea \u00een care participan\u021bii decid s\u0103 se relocheze, nici nu deconteaz\u0103 transportul pentru navet\u0103. Teach for Romania ofer\u0103 o burs\u0103 lunar\u0103, care poate fi un sprijin financiar at\u00e2t pentru acoperirea unor costuri de relocare \/ navet\u0103 c\u0103tre comunit\u0103\u021bi vulnerabile, c\u00e2t \u0219i pentru responsabilit\u0103\u021bile suplimentare pe care participan\u021bii le au \u00een program. Mai multe despre suma oferit\u0103 de Teach for Romania afl\u0103 \u00een sec\u021biunea Salarii \u0219i Burse.<\/span><\/p><hr \/><h5><span style=\"color: #039fdd;\"><strong>5. Care sunt jude\u021bele vizate de Teach for Romania <\/strong><\/span><\/h5><p><span data-contrast=\"none\">\u00cen anul \u0219colar 2024-2025 viz\u0103m exclusiv urm\u0103toarele jude\u021be, \u00eemp\u0103r\u021bite \u00een patru categorii:<\/span><span data-ccp-props=\"{&quot;134233117&quot;:false,&quot;134233118&quot;:false,&quot;201341983&quot;:0,&quot;335557856&quot;:16448250,&quot;335559738&quot;:0,&quot;335559739&quot;:0,&quot;335559740&quot;:279}\">\u00a0<\/span><\/p><ul><li data-leveltext=\"\uf0b7\" data-font=\"Symbol\" data-listid=\"1\" data-list-defn-props=\"{&quot;335552541&quot;:1,&quot;335559685&quot;:720,&quot;335559991&quot;:360,&quot;469769226&quot;:&quot;Symbol&quot;,&quot;469769242&quot;:[8226],&quot;469777803&quot;:&quot;left&quot;,&quot;469777804&quot;:&quot;\uf0b7&quot;,&quot;469777815&quot;:&quot;hybridMultilevel&quot;}\" aria-setsize=\"-1\" data-aria-posinset=\"27\" data-aria-level=\"1\"><span data-contrast=\"none\">Jude\u021be \u00een care mergem doar cu titulari actuali: Arge\u0219, Alba, Bihor, Harghita, Vrancea<\/span><span data-ccp-props=\"{&quot;134233117&quot;:false,&quot;134233118&quot;:false,&quot;201341983&quot;:0,&quot;335557856&quot;:16448250,&quot;335559738&quot;:0,&quot;335559739&quot;:0,&quot;335559740&quot;:279}\">\u00a0<\/span><\/li><\/ul><ul><li data-leveltext=\"\uf0b7\" data-font=\"Symbol\" data-listid=\"1\" data-list-defn-props=\"{&quot;335552541&quot;:1,&quot;335559685&quot;:720,&quot;335559991&quot;:360,&quot;469769226&quot;:&quot;Symbol&quot;,&quot;469769242&quot;:[8226],&quot;469777803&quot;:&quot;left&quot;,&quot;469777804&quot;:&quot;\uf0b7&quot;,&quot;469777815&quot;:&quot;hybridMultilevel&quot;}\" aria-setsize=\"-1\" data-aria-posinset=\"28\" data-aria-level=\"1\"><span data-contrast=\"none\">Jude\u021be \u00een care mergem doar cu candida\u021bi califica\u021bi: Arad, Bistri\u021ba-N\u0103s\u0103ud, Br\u0103ila, Bra\u0219ov, Buz\u0103u, Cluj, Covasna, D\u00e2mbovi\u021ba, Hunedoara, Ia\u0219i, Maramure\u0219, Mure\u0219, Sibiu, S\u0103laj, Satu Mare, V\u00e2lcea \u0219i municipiul Bucure\u0219ti.<\/span><span data-ccp-props=\"{&quot;134233117&quot;:false,&quot;134233118&quot;:false,&quot;201341983&quot;:0,&quot;335557856&quot;:16448250,&quot;335559738&quot;:0,&quot;335559739&quot;:0,&quot;335559740&quot;:279}\">\u00a0<\/span><\/li><\/ul><ul><li data-leveltext=\"\uf0b7\" data-font=\"Symbol\" data-listid=\"1\" data-list-defn-props=\"{&quot;335552541&quot;:1,&quot;335559685&quot;:720,&quot;335559991&quot;:360,&quot;469769226&quot;:&quot;Symbol&quot;,&quot;469769242&quot;:[8226],&quot;469777803&quot;:&quot;left&quot;,&quot;469777804&quot;:&quot;\uf0b7&quot;,&quot;469777815&quot;:&quot;hybridMultilevel&quot;}\" aria-setsize=\"-1\" data-aria-posinset=\"29\" data-aria-level=\"1\"><span data-contrast=\"none\">Jude\u021be \u00een care mergem cu profesori\/\u00eenv\u0103\u021b\u0103tori\/educatori califica\u021bi \u0219i cu \u00eenv\u0103\u021b\u0103tori necalifica\u021bi: Bac\u0103u, Bra\u0219ov, Constan\u021ba, Prahova, Tulcea<\/span><span data-ccp-props=\"{&quot;134233117&quot;:false,&quot;134233118&quot;:false,&quot;201341983&quot;:0,&quot;335557856&quot;:16448250,&quot;335559738&quot;:0,&quot;335559739&quot;:0,&quot;335559740&quot;:279}\">\u00a0<\/span><\/li><\/ul><ul><li data-leveltext=\"\uf0b7\" data-font=\"Symbol\" data-listid=\"1\" data-list-defn-props=\"{&quot;335552541&quot;:1,&quot;335559685&quot;:720,&quot;335559991&quot;:360,&quot;469769226&quot;:&quot;Symbol&quot;,&quot;469769242&quot;:[8226],&quot;469777803&quot;:&quot;left&quot;,&quot;469777804&quot;:&quot;\uf0b7&quot;,&quot;469777815&quot;:&quot;hybridMultilevel&quot;}\" aria-setsize=\"-1\" data-aria-posinset=\"30\" data-aria-level=\"1\"><span data-contrast=\"none\">Jude\u021be \u00een care mergem cu profesori\/\u00eenv\u0103\u021b\u0103tori\/educatori califica\u021bi \u0219i cu \u00eenv\u0103\u021b\u0103tori\/educatori necalifica\u021bi: Boto\u0219ani, C\u0103l\u0103ra\u0219i, Gala\u021bi, Giurgiu, Ilfov, Ialomi\u021ba, Neam\u021b, Suceava, Timi\u0219oara, Vaslui<\/span><span data-ccp-props=\"{&quot;134233117&quot;:false,&quot;134233118&quot;:false,&quot;201341983&quot;:0,&quot;335557856&quot;:16448250,&quot;335559738&quot;:0,&quot;335559739&quot;:0,&quot;335559740&quot;:279}\">\u00a0<\/span><\/li><\/ul><p><span style=\"color: #c82127;\"><b>Nu accept\u0103m<\/b><\/span> <span data-contrast=\"none\">\u00een program candida\u021bi care vor s\u0103 predea ca <\/span><span style=\"color: #c82127;\"><b>profesori de gimnaziu necalifica\u021bi<\/b><\/span><span data-contrast=\"none\">, pentru c\u0103 \u0219ansele pentru a g\u0103si posturi \u00een aceast\u0103 situa\u021bie sunt foarte mici, \u00een toate jude\u021bele.<\/span><span data-ccp-props=\"{&quot;134233117&quot;:false,&quot;134233118&quot;:false,&quot;201341983&quot;:0,&quot;335557856&quot;:16448250,&quot;335559738&quot;:0,&quot;335559739&quot;:0,&quot;335559740&quot;:279}\">\u00a0<\/span><\/p><p><span data-contrast=\"none\">Motivul pentru care \u00een unele jude\u021be viz\u0103m doar candida\u021bi califica\u021bi este fie c\u0103 experien\u021ba ne-a ar\u0103tat c\u0103 posturile pentru cei f\u0103r\u0103 studii corespunz\u0103toare domeniului predat (necalifica\u021bi) sunt limitate sau inexistente, fie sunt jude\u021be \u00een care nu am avut p\u00e2n\u0103 acum prezen\u021b\u0103, iar pentru a ne asigura c\u0103 to\u021bi candida\u021bii vor fi integra\u021bi, cel mai sigur este s\u0103 mergem doar c\u0103tre candida\u021bi califica\u021bi.<\/span><span data-ccp-props=\"{&quot;134233117&quot;:false,&quot;134233118&quot;:false,&quot;201341983&quot;:0,&quot;335557856&quot;:16448250,&quot;335559738&quot;:0,&quot;335559739&quot;:0,&quot;335559740&quot;:279}\">\u00a0<\/span><\/p><p><span data-contrast=\"none\">Po\u021bi verifica aici jude\u021bele \u0219i tipurile de posturi vizate de Teach for Romania \u00een anul \u0219colar 2024-2025: <\/span><a href=\"https:\/\/teachforromania.org\/harta-judetelor-vizate-2024-2025\/\"><b><span data-contrast=\"none\">vezi<\/span><\/b> <\/a><a href=\"https:\/\/teachforromania.org\/inscrieri\/\"><b><span data-contrast=\"none\">harta<\/span><\/b><\/a><span data-contrast=\"none\">.<\/span><span data-ccp-props=\"{&quot;134233117&quot;:false,&quot;134233118&quot;:false,&quot;201341983&quot;:0,&quot;335557856&quot;:16448250,&quot;335559738&quot;:0,&quot;335559739&quot;:0,&quot;335559740&quot;:279}\">\u00a0<\/span><\/p><hr \/><h5><span style=\"color: #039fdd;\"><strong>6. C<\/strong><\/span><span style=\"color: #039fdd;\"><strong>e \u00eenseamn\u0103 candidat\/\u0103 calificat\/\u0103 sau necalificat\/\u0103?<\/strong><\/span><\/h5><p><strong>Pentru ciclul pre\u0219colar, candida\u021bii califica\u021bi sunt cei care:<\/strong><\/p><ul><li style=\"font-weight: 500;\" aria-level=\"1\"><span style=\"font-weight: 500;\">au absolvit <\/span><span style=\"font-weight: 500;\">un liceu pedagogic cu profil educator sau \u00eenv\u0103\u021b\u0103tor-educator<\/span><\/li><\/ul><p><b>SAU<\/b><\/p><ul><li style=\"font-weight: 500;\" aria-level=\"1\"><span style=\"font-weight: 500;\">au absolvit studii de licen\u021b\u0103 cu specializarea Pedagogia \u00eenv\u0103\u0163\u0103m\u00e2ntului primar \u015fi pre\u015fcolar (PIPP).<\/span><\/li><\/ul><p><strong>Pentru ciclul primar, candida\u021bii califica\u021bi sunt cei care:<\/strong><\/p><ul><li style=\"font-weight: 500;\" aria-level=\"1\"><span style=\"font-weight: 500;\">au absolvit <\/span><span style=\"font-weight: 500;\">un liceu pedagogic cu profil \u00eenv\u0103\u021b\u0103tor sau \u00eenv\u0103\u021b\u0103tor-educator<\/span><\/li><\/ul><p><b>SAU<\/b><\/p><ul><li style=\"font-weight: 500;\" aria-level=\"1\"><span style=\"font-weight: 500;\">au absolvit studii de licen\u021b\u0103 cu specializarea Pedagogia \u00eenv\u0103\u0163\u0103m\u00e2ntului primar \u015fi pre\u015fcolar (PIPP).<\/span><\/li><\/ul><p><strong>Pentru ciclul gimnazial*, candida\u021bii califica\u021bi sunt cei care:<\/strong><\/p><ul><li style=\"font-weight: 500;\" aria-level=\"1\"><span style=\"font-weight: 500;\">au absolvit <\/span><span style=\"font-weight: 500;\">studii de licen\u021b\u0103 a c\u0103ror specializare s\u0103 corespund\u0103 cu profilul materiei pe care o vor preda<\/span><\/li><\/ul><p><b>\u0218I<\/b><span style=\"font-weight: 500;\">\u00a0<\/span><\/p><ul><li style=\"font-weight: 500;\" aria-level=\"1\"><span style=\"font-weight: 500;\">modulul de formare psihopedagogic\u0103 de nivel I.<\/span><\/li><\/ul><p><i><span style=\"font-weight: 500;\">Exemplul 1 <\/span><\/i><span style=\"font-weight: 500;\">&#8211; dac\u0103 ai absolvit Facultatea de Matematic\u0103 \u0219i Informatic\u0103, specializarea <\/span><b>matematic\u0103<\/b><span style=\"font-weight: 500;\">, plus modulul psihopedagogic, <\/span><b>e\u0219ti candidat\/\u0103 calificat\/\u0103<\/b><span style=\"font-weight: 500;\"> pentru a preda <\/span><b>matematic\u0103 <\/b><span style=\"font-weight: 500;\">la ciclul gimnazial.<\/span><\/p><p><i><span style=\"font-weight: 500;\">Exemplul 2 <\/span><\/i><span style=\"font-weight: 500;\">&#8211; dac\u0103 ai absolvit Facultatea de Matematic\u0103 \u0219i Informatic\u0103, specializarea <\/span><b>informatic\u0103<\/b><span style=\"font-weight: 500;\">, plus modulul psihopedagogic, <\/span><b>nu e\u0219ti candidat\/\u0103 calificat\/\u0103<\/b><span style=\"font-weight: 500;\"> pentru a preda <\/span><b>matematic\u0103 <\/b><span style=\"font-weight: 500;\">la ciclul gimnazial.<\/span><\/p><p><span style=\"font-weight: 500;\">*<\/span><b>Nu accept\u0103m<\/b><span style=\"font-weight: 500;\"> \u00een program candida\u021bi care vor s\u0103 predea ca <\/span><b>profesori de gimnaziu necalifica\u021bi<\/b><span style=\"font-weight: 500;\">, pentru c\u0103 \u0219ansele pentru a g\u0103si posturi \u00een aceast\u0103 situa\u021bie sunt foarte mici \u00een toate jude\u021bele.<\/span><\/p><p><strong>Pentru ciclurile pre\u0219colar \u0219i primar, candida\u021bii necalifica\u021bi** sunt cei care:<\/strong><\/p><ul><li style=\"font-weight: 500;\" aria-level=\"1\"><span style=\"font-weight: 500;\">au absolvit <\/span><span style=\"font-weight: 500;\">studii de licen\u021b\u0103 cu o alt\u0103 specializare dec\u00e2t Pedagogia \u00eenv\u0103\u0163\u0103m\u00e2ntului primar \u015fi pre\u015fcolar (indiferent dac\u0103 au absolvit sau <\/span><span style=\"font-weight: 500;\">nu modulul psihopedagogic);<\/span><\/li><li style=\"font-weight: 500;\" aria-level=\"1\"><span style=\"font-weight: 500;\">au absolvit studiile de licen\u021b\u0103 \u00een alt\u0103 \u021bar\u0103.<\/span><\/li><\/ul><p><b>**<\/b><span style=\"font-weight: 500;\">\u00cen unele dintre jude\u021bele vizate de Teach for Romania accept\u0103m candida\u021bi necalifica\u021bi pentru rolurile de educatori sau \u00eenv\u0103\u021b\u0103tori; consult\u0103 <strong><a href=\"https:\/\/teachforromania.org\/harta-judetelor-vizate-2024-2025\/\">harta<\/a> <\/strong>noastr\u0103 pentru a identifica acele jude\u021be.<\/span><\/p><p><span style=\"font-weight: 500;\">Candida\u021bii <\/span><b>califica\u021bi <\/b><span style=\"font-weight: 500;\">vor da un examen de titularizare, iar postul ob\u021binut \u00een urma acestuia va fi unul permanent, de titular\/\u0103, cu contract de munc\u0103 pe perioad\u0103 nedeterminat\u0103.<\/span><\/p><p><span style=\"font-weight: 500;\">Candida\u021bii <\/span><b>necalifica\u021bi <\/b><span style=\"font-weight: 500;\">vor da o testare la nivel jude\u021bean, iar postul ob\u021binut \u00een urma acesteia va fi unul de suplinire, cu contract de munc\u0103 pe perioad\u0103 determinat\u0103, de 1 an calendaristic (septembrie &#8211; august). Pentru anul 2 de program, candida\u021bii necalifica\u021bi vor da din nou testare la nivel jude\u021bean pentru a ob\u021bine un nou post \u00een \u0219coal\u0103.<\/span><span style=\"font-weight: 500;\"><br \/><\/span><\/p><hr \/><h5><span style=\"color: #039fdd;\"><strong>7. <\/strong><\/span><span style=\"color: #039fdd;\"><strong>Cum m\u0103 preg\u0103tesc pentru examenul de titularizare\/testarea jude\u021bean\u0103?<\/strong><\/span><\/h5><p><span style=\"font-weight: 500;\">\u00cenc\u0103 de la intrarea \u00een program vei avea al\u0103turi o persoan\u0103 ce a trecut prin acela\u0219i proces \u0219i pred\u0103 aceea\u0219i materie ca cea pe care o vei preda tu. Totodat\u0103, \u00eenainte de \u00eenceperea Academiei de Leadership \u0219i Pedagogie, sunt programate c\u00e2teva sesiuni de preg\u0103tire pentru partea pedagogic\u0103 \u0219i didactic\u0103 aferent\u0103 examenului de titularizare.<\/span><\/p><p><span style=\"font-weight: 500;\">De asemenea, exist\u0103 comunit\u0103\u021bi de \u00eenv\u0103\u021bare cu profesorii din genera\u021biile anterioare pentru fiecare disciplin\u0103, la care po\u021bi participa \u0219i tu. \u00cen rest, procesul de preg\u0103tire efectiv\u0103 (studiu) pentru examen \u00ee\u021bi revine \u00een totalitate, iar noi recomand\u0103m s\u0103 \u00eel tratezi cu responsabilitate \u0219i s\u0103 \u00eel organizezi cu mai multe luni \u00eenainte de examen, astfel \u00eenc\u00e2t rezultatul ob\u021binut de tine s\u0103 fie minimum 7.<\/span><\/p><p><span style=\"font-weight: 500;\">Mai multe detalii despre sprijinul oferit de Teach \u00een procesul de integrare, vezi \u00eentrebarea a 2-a din aceast\u0103 sec\u021biune.<\/span><\/p><\/div>\n\t\t\t\t\t\t\t\t\t<div class=\"elementor-tab-title elementor-tab-mobile-title\" aria-selected=\"false\" data-tab=\"6\" role=\"tab\" tabindex=\"-1\" aria-controls=\"elementor-tab-content-5926\" aria-expanded=\"false\">ACADEMIA DE LEADERSHIP \u0218I FORMARE \u00ceN EDUCA\u021aIE<\/div>\n\t\t\t\t\t<div id=\"elementor-tab-content-5926\" class=\"elementor-tab-content elementor-clearfix\" data-tab=\"6\" role=\"tabpanel\" aria-labelledby=\"elementor-tab-title-5926\" tabindex=\"0\" hidden=\"hidden\"><h5><span style=\"color: #030080;\"><strong>\u00centreb\u0103ri despre Academia de Leadership \u0219i Formare \u00een Educa\u021bie (Leadership Summer Academy \u2013 LSA)<\/strong><\/span><\/h5><h5><span style=\"color: #039fdd;\"><strong>1. Ce presupune Academia?<\/strong><\/span><\/h5><p><span data-contrast=\"none\">Academia de Leadership \u0219i Formare \u00een Educa\u021bie este singurul program de formare integrat, de \u00eenv\u0103\u021bare accelerat\u0103, dedicat cadrelor didactice care aleg s\u0103 ac\u021bioneze al\u0103turi de Teach for Romania \u00een \u0219coli publice vulnerabile.<\/span><span data-ccp-props=\"{&quot;134233117&quot;:false,&quot;134233118&quot;:false,&quot;201341983&quot;:0,&quot;335557856&quot;:16448250,&quot;335559738&quot;:0,&quot;335559739&quot;:0,&quot;335559740&quot;:279}\">\u00a0<\/span><\/p><p><span data-contrast=\"none\">Academia cuprinde <\/span><b><span data-contrast=\"none\">5 s\u0103pt\u0103m\u00e2ni<\/span><\/b><span data-contrast=\"none\"> de \u00eenv\u0103\u021bare colaborativ\u0103, experien\u021bial\u0103, cu mentorat, coaching \u0219i supervizare:\u00a0\u00a0<\/span><span data-ccp-props=\"{&quot;134233117&quot;:false,&quot;134233118&quot;:false,&quot;201341983&quot;:0,&quot;335557856&quot;:16448250,&quot;335559738&quot;:0,&quot;335559739&quot;:0,&quot;335559740&quot;:279}\">\u00a0<\/span><\/p><ul><li data-leveltext=\"\uf0b7\" data-font=\"Symbol\" data-listid=\"1\" data-list-defn-props=\"{&quot;335552541&quot;:1,&quot;335559685&quot;:720,&quot;335559991&quot;:360,&quot;469769226&quot;:&quot;Symbol&quot;,&quot;469769242&quot;:[8226],&quot;469777803&quot;:&quot;left&quot;,&quot;469777804&quot;:&quot;\uf0b7&quot;,&quot;469777815&quot;:&quot;hybridMultilevel&quot;}\" aria-setsize=\"-1\" data-aria-posinset=\"31\" data-aria-level=\"1\"><b><span data-contrast=\"none\">2 s\u0103pt\u0103m\u00e2ni de teorie (online)<\/span><\/b><span data-contrast=\"none\">, unde competen\u021bele vizate sunt: self-leadership, leadership, rezilien\u021b\u0103, g\u00e2ndire strategic\u0103, predare strategic\u0103, construire de rela\u021bii;<\/span><span data-ccp-props=\"{&quot;134233117&quot;:false,&quot;134233118&quot;:false,&quot;201341983&quot;:0,&quot;335557856&quot;:16448250,&quot;335559738&quot;:0,&quot;335559739&quot;:0,&quot;335559740&quot;:279}\">\u00a0<\/span><\/li><\/ul><ul><li data-leveltext=\"\uf0b7\" data-font=\"Symbol\" data-listid=\"1\" data-list-defn-props=\"{&quot;335552541&quot;:1,&quot;335559685&quot;:720,&quot;335559991&quot;:360,&quot;469769226&quot;:&quot;Symbol&quot;,&quot;469769242&quot;:[8226],&quot;469777803&quot;:&quot;left&quot;,&quot;469777804&quot;:&quot;\uf0b7&quot;,&quot;469777815&quot;:&quot;hybridMultilevel&quot;}\" aria-setsize=\"-1\" data-aria-posinset=\"32\" data-aria-level=\"1\"><b><span data-contrast=\"none\">1 s\u0103pt\u0103m\u00e2n\u0103 (format fizic)<\/span><\/b><span data-contrast=\"none\">, laborator metodic;<\/span><span data-ccp-props=\"{&quot;134233117&quot;:false,&quot;134233118&quot;:false,&quot;201341983&quot;:0,&quot;335557856&quot;:16448250,&quot;335559738&quot;:0,&quot;335559739&quot;:0,&quot;335559740&quot;:279}\">\u00a0<\/span><\/li><\/ul><ul><li data-leveltext=\"\uf0b7\" data-font=\"Symbol\" data-listid=\"1\" data-list-defn-props=\"{&quot;335552541&quot;:1,&quot;335559685&quot;:720,&quot;335559991&quot;:360,&quot;469769226&quot;:&quot;Symbol&quot;,&quot;469769242&quot;:[8226],&quot;469777803&quot;:&quot;left&quot;,&quot;469777804&quot;:&quot;\uf0b7&quot;,&quot;469777815&quot;:&quot;hybridMultilevel&quot;}\" aria-setsize=\"-1\" data-aria-posinset=\"33\" data-aria-level=\"1\"><b><span data-contrast=\"none\">2 s\u0103pt\u0103m\u00e2ni de practic\u0103 pedagogic\u0103 (format fizic)<\/span><\/b><span data-contrast=\"none\"> \u00eentr-o comunitate vulnerabil\u0103 unde profesorii predau \u0219i primesc feedback \u00een timp real de la mentorii care \u00eei asist\u0103 la ore.<\/span><span data-ccp-props=\"{&quot;134233117&quot;:false,&quot;134233118&quot;:false,&quot;201341983&quot;:0,&quot;335557856&quot;:16448250,&quot;335559738&quot;:0,&quot;335559739&quot;:0,&quot;335559740&quot;:279}\">\u00a0<\/span><\/li><\/ul><p><span data-contrast=\"none\">Academia de Leadership \u0219i Formare \u00een Educa\u021bie are loc \u00een lunile <\/span><b><span data-contrast=\"none\">\u00een perioada iulie \u2013 august 2025, timp de 5 s\u0103pt\u0103m\u00e2ni cu program zilnic, de diminea\u021b\u0103 p\u00e2n\u0103 seara.<\/span><\/b> <b><span data-contrast=\"none\">Prezen\u021ba participan\u021bilor este obligatorie integral, f\u0103r\u0103 excep\u021bie<\/span><\/b><span data-contrast=\"none\">, acest lucru reprezent\u00e2nd un criteriu de eligibilitate pentru accesul la programul Teach for Romania.<\/span><\/p><p><b><span data-contrast=\"none\">Cele 5 s\u0103pt\u0103m\u00e2ni reprezint\u0103 o etap\u0103 de formare ini\u021bial\u0103<\/span><\/b><span data-contrast=\"none\"> a competen\u021belor necesare pentru a putea sus\u021bine \u00eenv\u0103\u021barea \u00een \u0219colile ce se confrunt\u0103 cu provoc\u0103ri \u0219i pentru a deveni lideri capabili de schimb\u0103ri sistemice \u00een educa\u021bie \u2013 leadership \u0219i self-leadership, rezilien\u021b\u0103, g\u00e2ndire strategic\u0103, predare strategic\u0103, construirea de rela\u021bii.<\/span><span data-ccp-props=\"{&quot;134233117&quot;:false,&quot;134233118&quot;:false,&quot;201341983&quot;:0,&quot;335557856&quot;:16448250,&quot;335559738&quot;:0,&quot;335559739&quot;:0,&quot;335559740&quot;:279}\">\u00a0<\/span><\/p><p><span data-contrast=\"none\">La \u00eenceputul anului \u0219colar, timp de o s\u0103pt\u0103m\u00e2n\u0103, participan\u021bii vor avea parte de sprijin \u00een cadrul <\/span><b><span data-contrast=\"none\">PostAcademiei<\/span><\/b><span data-contrast=\"none\"> \u2013 2 ore\/zi, seara, \u00een care vor aborda aspecte ce \u021bin de evaluarea ini\u021bial\u0103 a elevilor, construirea de rela\u021bii cu p\u0103rin\u021bii \u0219i cancelaria, cultura reu\u0219itei, aspecte administrative din \u0219coal\u0103.<\/span><span data-ccp-props=\"{&quot;134233117&quot;:false,&quot;134233118&quot;:false,&quot;201341983&quot;:0,&quot;335557856&quot;:16448250,&quot;335559738&quot;:0,&quot;335559739&quot;:0,&quot;335559740&quot;:279}\">\u00a0<\/span><\/p><hr \/><h5><span style=\"color: #039fdd;\"><strong>2. Pot lipsi una sau mai multe zile \u00een timpul Academiei?<\/strong><\/span><\/h5><p><span data-contrast=\"none\">Programul Academiei este unul intens \u0219i necesit\u0103 prezen\u021b\u0103 zilnic\u0103 pe parcursul celor 5 s\u0103pt\u0103m\u00e2ni, fiind construit \u00een module diferite de \u00eenv\u0103\u021bare, conectate \u00eentre ele.<\/span><span data-ccp-props=\"{&quot;134233117&quot;:false,&quot;134233118&quot;:false,&quot;201341983&quot;:0,&quot;335557856&quot;:16448250,&quot;335559738&quot;:0,&quot;335559739&quot;:0,&quot;335559740&quot;:279}\">\u00a0<\/span><\/p><p><span style=\"color: #c82127;\"><b>Prezen\u021ba este <\/b><b>obligatorie <\/b><\/span><b><span data-contrast=\"none\">pe tot parcursul Academiei<\/span><\/b><span data-contrast=\"none\">; singurele excep\u021bii pe care le vom face sunt: sus\u021binerea examenului de titularizare, a celui de definitivat \u00een \u00eenv\u0103\u021b\u0103m\u00e2nt, a examenelor de licen\u021b\u0103 sau a diserta\u021biei.<\/span><span data-ccp-props=\"{&quot;134233117&quot;:false,&quot;134233118&quot;:false,&quot;201341983&quot;:0,&quot;335557856&quot;:16448250,&quot;335559738&quot;:0,&quot;335559739&quot;:0,&quot;335559740&quot;:279}\">\u00a0<\/span><\/p><\/div>\n\t\t\t\t\t\t\t\t\t<div class=\"elementor-tab-title elementor-tab-mobile-title\" aria-selected=\"false\" data-tab=\"7\" role=\"tab\" tabindex=\"-1\" aria-controls=\"elementor-tab-content-5927\" aria-expanded=\"false\">CE SE \u00ceNT\u00c2MPL\u0102 \u00ceN CEI 2 ANI \u0218I DUP\u0102 ACE\u0218TIA<\/div>\n\t\t\t\t\t<div id=\"elementor-tab-content-5927\" class=\"elementor-tab-content elementor-clearfix\" data-tab=\"7\" role=\"tabpanel\" aria-labelledby=\"elementor-tab-title-5927\" tabindex=\"0\" hidden=\"hidden\"><h5><span style=\"color: #030080;\"><strong>\u00centreb\u0103ri despre ce se \u00eent\u00e2mpl\u0103 \u00een cei 2 ani \u0219i dup\u0103 ace\u0219tia<\/strong><\/span><\/h5><h5><span style=\"color: #039fdd;\"><strong>1. De ce programul dureaz\u0103 doar 2 ani?<\/strong><\/span><\/h5><p><span class=\"TextRun SCXW125208781 BCX0\" lang=\"RO-RO\" xml:lang=\"RO-RO\" data-contrast=\"none\"><span class=\"NormalTextRun SCXW125208781 BCX0\">Programul <\/span><span class=\"NormalTextRun SCXW125208781 BCX0\">Teach<\/span><span class=\"NormalTextRun SCXW125208781 BCX0\"> for Romania \u00ee\u0219i propune crearea de noi genera\u021bii de lideri \u00een domeniul educa\u021biei. Conform modelului <\/span><span class=\"NormalTextRun SCXW125208781 BCX0\">Teach<\/span><span class=\"NormalTextRun SCXW125208781 BCX0\">, primul an este cu focus pe predare \u0219i impact la clas\u0103, iar al doilea an, pe impact \u00een \u0219coal\u0103 \u0219i \u00een comunitate. La terminarea programului, consider\u0103m c\u0103 alumnii <\/span><span class=\"NormalTextRun SCXW125208781 BCX0\">Teach<\/span><span class=\"NormalTextRun SCXW125208781 BCX0\"> for Romania sunt echipa\u021bi cu abilit\u0103\u021bile \u0219i competen\u021bele necesare pentru a continua parcursul de lideri \u00een educa\u021bie. Chiar dac\u0103 programul dureaz\u0103 doar 2 ani, ne sus\u021binem activ comunitatea de alumni. (Mai multe detalii despre alumni la \u00eentrebarea 5 din aceast\u0103 sec\u021biune sau pe pagina <\/span><\/span><a class=\"Hyperlink SCXW125208781 BCX0\" href=\"https:\/\/teachforromania.org\/comunitatea-teach\/\" target=\"_blank\" rel=\"noreferrer noopener\"><span class=\"TextRun Underlined SCXW125208781 BCX0\" lang=\"RO-RO\" xml:lang=\"RO-RO\" data-contrast=\"none\"><span class=\"NormalTextRun SCXW125208781 BCX0\" data-ccp-charstyle=\"Hyperlink\">teachforromania.org\/comunitatea-teach<\/span><\/span><\/a><span class=\"TextRun SCXW125208781 BCX0\" lang=\"RO-RO\" xml:lang=\"RO-RO\" data-contrast=\"none\"><span class=\"NormalTextRun SCXW125208781 BCX0\">.)<\/span><\/span><\/p><hr \/><h5><span style=\"color: #039fdd;\"><strong>2. Cum sunt sus\u021binut\/\u0103 \u00een cei 2 ani?<\/strong><\/span><\/h5><p><span data-contrast=\"none\">Pe parcursul celor 2 ani o s\u0103 ai al\u0103turi un <\/span><b><span data-contrast=\"none\">tutor coordonator<\/span><\/b><span data-contrast=\"none\"> ce \u00ee\u021bi va oferi at\u00e2t sprijin \u00een predare, c\u00e2t \u0219i sus\u021binere de tip mentorat\/coaching. Pe l\u00e2ng\u0103 Academia de Leadership \u0219i Formare \u00een Educa\u021bie, exist\u0103 multe alte experien\u021be de formare pe parcursul celor 2 ani.\u00a0<\/span><span data-ccp-props=\"{&quot;134233117&quot;:false,&quot;134233118&quot;:false,&quot;201341983&quot;:0,&quot;335557856&quot;:16448250,&quot;335559738&quot;:0,&quot;335559739&quot;:0,&quot;335559740&quot;:279}\">\u00a0<\/span><\/p><p><span data-contrast=\"none\">At\u00e2t formarea, c\u00e2t \u0219i sus\u021binerea sunt axate \u00een primul an de program pe <\/span><b><span data-contrast=\"none\">competen\u021be de predare \u0219i leadership la clas\u0103<\/span><\/b><span data-contrast=\"none\">, iar \u00een cel de-al doilea an, pe cre\u0219terea de competen\u021be astfel \u00eenc\u00e2t impactul t\u0103u s\u0103 ajung\u0103<\/span><b><span data-contrast=\"none\"> la nivelul \u0219colii \u0219i al comunit\u0103\u021bii <\/span><\/b><span data-contrast=\"none\">prin diverse ini\u021biative \u0219i proiecte pe care le vei dezvolta.\u00a0<\/span><span data-ccp-props=\"{&quot;134233117&quot;:false,&quot;134233118&quot;:false,&quot;201341983&quot;:0,&quot;335557856&quot;:16448250,&quot;335559738&quot;:0,&quot;335559739&quot;:0,&quot;335559740&quot;:279}\">\u00a0<\/span><\/p><p><span data-contrast=\"none\">De asemenea, <\/span><b><span data-contrast=\"none\">colegii de genera\u021bie, dar \u0219i cei din genera\u021biile anterioare<\/span><\/b><span data-contrast=\"none\"> reprezint\u0103 un sprijin \u00een diversele contexte ale programului (sus\u021binerea examenelor, activit\u0103\u021bi la clas\u0103, proiecte comune, \u0219.a.).<\/span><span data-ccp-props=\"{&quot;134233117&quot;:false,&quot;134233118&quot;:false,&quot;201341983&quot;:0,&quot;335557856&quot;:16448250,&quot;335559738&quot;:0,&quot;335559739&quot;:0,&quot;335559740&quot;:279}\">\u00a0<\/span><\/p><hr \/><h5><span style=\"color: #039fdd;\"><strong>3. Ce face diferit un cadru didactic sus\u021binut de Teach for Romania?<\/strong><\/span><\/h5><p><span data-contrast=\"none\">Cadrele didactice sus\u021binute de Teach for Romania urmeaz\u0103 programa \u0219colar\u0103 ca \u0219i ceilal\u021bi profesori, av\u00e2nd \u00een vedere c\u0103 fac parte din sistemul de \u00eenv\u0103\u021b\u0103m\u00e2nt.<\/span><span data-ccp-props=\"{&quot;134233117&quot;:false,&quot;134233118&quot;:false,&quot;201341983&quot;:0,&quot;335557856&quot;:16448250,&quot;335559738&quot;:0,&quot;335559739&quot;:0,&quot;335559740&quot;:279}\">\u00a0<\/span><\/p><p><span data-contrast=\"none\">O nuan\u021b\u0103 diferit\u0103 este aceea c\u0103 se dezvolt\u0103 ca lideri prin:<\/span><span data-ccp-props=\"{&quot;134233117&quot;:false,&quot;134233118&quot;:false,&quot;201341983&quot;:0,&quot;335557856&quot;:16448250,&quot;335559738&quot;:0,&quot;335559739&quot;:0,&quot;335559740&quot;:279}\">\u00a0<\/span><\/p><ul><li data-leveltext=\"\uf0b7\" data-font=\"Symbol\" data-listid=\"1\" data-list-defn-props=\"{&quot;335552541&quot;:1,&quot;335559685&quot;:720,&quot;335559991&quot;:360,&quot;469769226&quot;:&quot;Symbol&quot;,&quot;469769242&quot;:[8226],&quot;469777803&quot;:&quot;left&quot;,&quot;469777804&quot;:&quot;\uf0b7&quot;,&quot;469777815&quot;:&quot;hybridMultilevel&quot;}\" aria-setsize=\"-1\" data-aria-posinset=\"34\" data-aria-level=\"1\"><span data-contrast=\"none\">rutine de autoreflec\u021bie;<\/span><span data-ccp-props=\"{&quot;134233117&quot;:false,&quot;134233118&quot;:false,&quot;201341983&quot;:0,&quot;335557856&quot;:16448250,&quot;335559738&quot;:0,&quot;335559739&quot;:0,&quot;335559740&quot;:279}\">\u00a0<\/span><\/li><\/ul><ul><li data-leveltext=\"\uf0b7\" data-font=\"Symbol\" data-listid=\"1\" data-list-defn-props=\"{&quot;335552541&quot;:1,&quot;335559685&quot;:720,&quot;335559991&quot;:360,&quot;469769226&quot;:&quot;Symbol&quot;,&quot;469769242&quot;:[8226],&quot;469777803&quot;:&quot;left&quot;,&quot;469777804&quot;:&quot;\uf0b7&quot;,&quot;469777815&quot;:&quot;hybridMultilevel&quot;}\" aria-setsize=\"-1\" data-aria-posinset=\"35\" data-aria-level=\"1\"><span data-contrast=\"none\">obiective de dezvoltare personale \u0219i profesionale asumate;<\/span><span data-ccp-props=\"{&quot;134233117&quot;:false,&quot;134233118&quot;:false,&quot;201341983&quot;:0,&quot;335557856&quot;:16448250,&quot;335559738&quot;:0,&quot;335559739&quot;:0,&quot;335559740&quot;:279}\">\u00a0<\/span><\/li><\/ul><ul><li data-leveltext=\"\uf0b7\" data-font=\"Symbol\" data-listid=\"1\" data-list-defn-props=\"{&quot;335552541&quot;:1,&quot;335559685&quot;:720,&quot;335559991&quot;:360,&quot;469769226&quot;:&quot;Symbol&quot;,&quot;469769242&quot;:[8226],&quot;469777803&quot;:&quot;left&quot;,&quot;469777804&quot;:&quot;\uf0b7&quot;,&quot;469777815&quot;:&quot;hybridMultilevel&quot;}\" aria-setsize=\"-1\" data-aria-posinset=\"36\" data-aria-level=\"1\"><span data-contrast=\"none\">analiz\u0103 de nevoi \u0219i crearea unui spa\u021biu sigur pentru \u00eenv\u0103\u021bare;<\/span><span data-ccp-props=\"{&quot;134233117&quot;:false,&quot;134233118&quot;:false,&quot;201341983&quot;:0,&quot;335557856&quot;:16448250,&quot;335559738&quot;:0,&quot;335559739&quot;:0,&quot;335559740&quot;:279}\">\u00a0<\/span><\/li><\/ul><ul><li data-leveltext=\"\uf0b7\" data-font=\"Symbol\" data-listid=\"1\" data-list-defn-props=\"{&quot;335552541&quot;:1,&quot;335559685&quot;:720,&quot;335559991&quot;:360,&quot;469769226&quot;:&quot;Symbol&quot;,&quot;469769242&quot;:[8226],&quot;469777803&quot;:&quot;left&quot;,&quot;469777804&quot;:&quot;\uf0b7&quot;,&quot;469777815&quot;:&quot;hybridMultilevel&quot;}\" aria-setsize=\"-1\" data-aria-posinset=\"37\" data-aria-level=\"1\"><span data-contrast=\"none\">viziune la clas\u0103 \u0219i setare de obiectiv final;<\/span><span data-ccp-props=\"{&quot;134233117&quot;:false,&quot;134233118&quot;:false,&quot;201341983&quot;:0,&quot;335557856&quot;:16448250,&quot;335559738&quot;:0,&quot;335559739&quot;:0,&quot;335559740&quot;:279}\">\u00a0<\/span><\/li><\/ul><ul><li data-leveltext=\"\uf0b7\" data-font=\"Symbol\" data-listid=\"1\" data-list-defn-props=\"{&quot;335552541&quot;:1,&quot;335559685&quot;:720,&quot;335559991&quot;:360,&quot;469769226&quot;:&quot;Symbol&quot;,&quot;469769242&quot;:[8226],&quot;469777803&quot;:&quot;left&quot;,&quot;469777804&quot;:&quot;\uf0b7&quot;,&quot;469777815&quot;:&quot;hybridMultilevel&quot;}\" aria-setsize=\"-1\" data-aria-posinset=\"38\" data-aria-level=\"1\"><span data-contrast=\"none\">generarea \u00eenv\u0103\u021b\u0103rii vizibile oper\u00e2nd strategii de diferen\u021biere, pornind de la nevoile reale ale fiec\u0103rui copil;<\/span><span data-ccp-props=\"{&quot;134233117&quot;:false,&quot;134233118&quot;:false,&quot;201341983&quot;:0,&quot;335557856&quot;:16448250,&quot;335559738&quot;:0,&quot;335559739&quot;:0,&quot;335559740&quot;:279}\">\u00a0<\/span><\/li><\/ul><ul><li data-leveltext=\"\uf0b7\" data-font=\"Symbol\" data-listid=\"1\" data-list-defn-props=\"{&quot;335552541&quot;:1,&quot;335559685&quot;:720,&quot;335559991&quot;:360,&quot;469769226&quot;:&quot;Symbol&quot;,&quot;469769242&quot;:[8226],&quot;469777803&quot;:&quot;left&quot;,&quot;469777804&quot;:&quot;\uf0b7&quot;,&quot;469777815&quot;:&quot;hybridMultilevel&quot;}\" aria-setsize=\"-1\" data-aria-posinset=\"39\" data-aria-level=\"1\"><span data-contrast=\"none\">restr\u00e2ngerea decalajelor dintre elevi prin solu\u021bii creative;<\/span><span data-ccp-props=\"{&quot;134233117&quot;:false,&quot;134233118&quot;:false,&quot;201341983&quot;:0,&quot;335557856&quot;:16448250,&quot;335559738&quot;:0,&quot;335559739&quot;:0,&quot;335559740&quot;:279}\">\u00a0<\/span><\/li><\/ul><ul><li data-leveltext=\"\uf0b7\" data-font=\"Symbol\" data-listid=\"1\" data-list-defn-props=\"{&quot;335552541&quot;:1,&quot;335559685&quot;:720,&quot;335559991&quot;:360,&quot;469769226&quot;:&quot;Symbol&quot;,&quot;469769242&quot;:[8226],&quot;469777803&quot;:&quot;left&quot;,&quot;469777804&quot;:&quot;\uf0b7&quot;,&quot;469777815&quot;:&quot;hybridMultilevel&quot;}\" aria-setsize=\"-1\" data-aria-posinset=\"40\" data-aria-level=\"1\"><span data-contrast=\"none\">conectarea actorilor relevan\u021bi pentru dezvoltarea copilului: \u0219coal\u0103, p\u0103rin\u021bi, comunitate.<\/span><span data-ccp-props=\"{&quot;134233117&quot;:false,&quot;134233118&quot;:false,&quot;201341983&quot;:0,&quot;335557856&quot;:16448250,&quot;335559738&quot;:0,&quot;335559739&quot;:0,&quot;335559740&quot;:279}\">\u00a0<\/span><\/li><\/ul><hr \/><h5><span style=\"color: #039fdd;\"><strong>4. Care este impactul produs la clas\u0103?<\/strong><\/span><\/h5><p><span data-contrast=\"none\">Ac\u021biunile noastre sunt \u00eendreptate c\u0103tre <\/span><b><span data-contrast=\"none\">prevenirea abandonului \u0219colar, alfabetizarea de baz\u0103 \u0219i func\u021bional\u0103 <\/span><\/b><span data-contrast=\"none\">\u0219i formarea unor <\/span><b><span data-contrast=\"none\">abilit\u0103\u021bi socio-emo\u021bionale de baz\u0103<\/span><\/b><span data-contrast=\"none\"> \u00een r\u00e2ndul elevilor.\u00a0<\/span><span data-ccp-props=\"{&quot;134233117&quot;:false,&quot;134233118&quot;:false,&quot;201341983&quot;:0,&quot;335557856&quot;:16448250,&quot;335559738&quot;:0,&quot;335559739&quot;:0,&quot;335559740&quot;:279}\">\u00a0<\/span><\/p><p><span data-contrast=\"none\">A\u0219adar, elevii \u00ee\u0219i doresc s\u0103 vin\u0103 la \u0219coal\u0103, sunt proactivi, implica\u021bi \u00een comunitate, deschi\u0219i s\u0103 \u00eenve\u021be, s\u0103 dep\u0103\u0219easc\u0103 obstacole, au \u00eencredere \u00een ei, \u00ee\u0219i tr\u0103iesc asumat valorile, sunt colaborativi \u0219i au spirit de echip\u0103.<\/span><span data-ccp-props=\"{&quot;134233117&quot;:false,&quot;134233118&quot;:false,&quot;201341983&quot;:0,&quot;335557856&quot;:16448250,&quot;335559738&quot;:0,&quot;335559739&quot;:0,&quot;335559740&quot;:279}\">\u00a0<\/span><\/p><hr \/><h5><span style=\"color: #039fdd;\"><strong>5. Ce se \u00eent\u00e2mpl\u0103 dup\u0103 cei 2 ani?<\/strong><\/span><\/h5><p><b><span data-contrast=\"none\">Programul de 2 ani este o etap\u0103 intermediar\u0103 a c\u0103l\u0103toriei tale<\/span><\/b><span data-contrast=\"none\">, \u00een care vei \u00een\u021belege provoc\u0103rile \u0219i nevoile elevilor din comunit\u0103\u021bi vulnerabile, vei avea atitudinea potrivit\u0103 \u00een fa\u021ba provoc\u0103rilor, vei dob\u00e2ndi competen\u021be de leadership transferabile \u0219i \u00ee\u021bi vei dezvolta o re\u021bea puternic\u0103 de contacte.<\/span><span data-ccp-props=\"{&quot;134233117&quot;:false,&quot;134233118&quot;:false,&quot;201341983&quot;:0,&quot;335557856&quot;:16448250,&quot;335559738&quot;:0,&quot;335559739&quot;:0,&quot;335559740&quot;:279}\">\u00a0<\/span><\/p><p><b><span data-contrast=\"none\">Dup\u0103 absolvirea programului te vei al\u0103tura unei comunit\u0103\u021bi puternice, interconectate,<\/span><\/b><span data-contrast=\"none\"> ai c\u0103rei membri ac\u021bioneaz\u0103, \u00eempreun\u0103, pentru a transforma educa\u021bia din Rom\u00e2nia printr-o<\/span><b><span data-contrast=\"none\"> interven\u021bie pe termen lung \u00een educa\u021bie.<\/span><\/b><span data-ccp-props=\"{&quot;134233117&quot;:false,&quot;134233118&quot;:false,&quot;201341983&quot;:0,&quot;335557856&quot;:16448250,&quot;335559738&quot;:0,&quot;335559739&quot;:0,&quot;335559740&quot;:279}\">\u00a0<\/span><\/p><p><span data-contrast=\"none\">Ne dorim ca <\/span><a href=\"https:\/\/teachforromania.org\/comunitatea-teach\/\"><b><span data-contrast=\"none\">Alumnii Teach <\/span><\/b><\/a><span data-contrast=\"none\">s\u0103 continue activitatea \u00een una dintre zonele de mai jos, prioritare pentru diminuarea inechit\u0103\u021bii, pentru care dezvolt\u0103m constant un cadru de sprijin:<\/span><span data-ccp-props=\"{&quot;134233117&quot;:false,&quot;134233118&quot;:false,&quot;201341983&quot;:0,&quot;335557856&quot;:16448250,&quot;335559738&quot;:0,&quot;335559739&quot;:0,&quot;335559740&quot;:279}\">\u00a0<\/span><\/p><ul><li data-leveltext=\"\uf0b7\" data-font=\"Symbol\" data-listid=\"1\" data-list-defn-props=\"{&quot;335552541&quot;:1,&quot;335559685&quot;:720,&quot;335559991&quot;:360,&quot;469769226&quot;:&quot;Symbol&quot;,&quot;469769242&quot;:[8226],&quot;469777803&quot;:&quot;left&quot;,&quot;469777804&quot;:&quot;\uf0b7&quot;,&quot;469777815&quot;:&quot;hybridMultilevel&quot;}\" aria-setsize=\"-1\" data-aria-posinset=\"41\" data-aria-level=\"1\"><a href=\"https:\/\/teachforromania.org\/reteaua-alumnilor-formarea-profesorilor\/\"><span data-contrast=\"none\">Formarea cadrelor didactice;<\/span><\/a><span data-contrast=\"none\">\u00a0<\/span><span data-ccp-props=\"{&quot;134233117&quot;:false,&quot;134233118&quot;:false,&quot;201341983&quot;:0,&quot;335557856&quot;:16448250,&quot;335559738&quot;:0,&quot;335559739&quot;:0,&quot;335559740&quot;:279}\">\u00a0<\/span><\/li><\/ul><ul><li data-leveltext=\"\uf0b7\" data-font=\"Symbol\" data-listid=\"1\" data-list-defn-props=\"{&quot;335552541&quot;:1,&quot;335559685&quot;:720,&quot;335559991&quot;:360,&quot;469769226&quot;:&quot;Symbol&quot;,&quot;469769242&quot;:[8226],&quot;469777803&quot;:&quot;left&quot;,&quot;469777804&quot;:&quot;\uf0b7&quot;,&quot;469777815&quot;:&quot;hybridMultilevel&quot;}\" aria-setsize=\"-1\" data-aria-posinset=\"42\" data-aria-level=\"1\"><a href=\"https:\/\/teachforromania.org\/reteaua-alumnilor-politici-publice\/\"><span data-contrast=\"none\">Politici \u0219i institu\u021bii educa\u021bionale;\u00a0<\/span><\/a><span data-ccp-props=\"{&quot;134233117&quot;:false,&quot;134233118&quot;:false,&quot;201341983&quot;:0,&quot;335557856&quot;:16448250,&quot;335559738&quot;:0,&quot;335559739&quot;:0,&quot;335559740&quot;:279}\">\u00a0<\/span><\/li><\/ul><ul><li data-leveltext=\"\uf0b7\" data-font=\"Symbol\" data-listid=\"1\" data-list-defn-props=\"{&quot;335552541&quot;:1,&quot;335559685&quot;:720,&quot;335559991&quot;:360,&quot;469769226&quot;:&quot;Symbol&quot;,&quot;469769242&quot;:[8226],&quot;469777803&quot;:&quot;left&quot;,&quot;469777804&quot;:&quot;\uf0b7&quot;,&quot;469777815&quot;:&quot;hybridMultilevel&quot;}\" aria-setsize=\"-1\" data-aria-posinset=\"43\" data-aria-level=\"1\"><a href=\"https:\/\/teachforromania.org\/reteaua-alumnilor-impact-in-scoala\/\"><span data-contrast=\"none\">Impact \u0219colar;<\/span><\/a><span data-ccp-props=\"{&quot;134233117&quot;:false,&quot;134233118&quot;:false,&quot;201341983&quot;:0,&quot;335557856&quot;:16448250,&quot;335559738&quot;:0,&quot;335559739&quot;:0,&quot;335559740&quot;:279}\">\u00a0<\/span><\/li><\/ul><ul><li data-leveltext=\"\uf0b7\" data-font=\"Symbol\" data-listid=\"1\" data-list-defn-props=\"{&quot;335552541&quot;:1,&quot;335559685&quot;:720,&quot;335559991&quot;:360,&quot;469769226&quot;:&quot;Symbol&quot;,&quot;469769242&quot;:[8226],&quot;469777803&quot;:&quot;left&quot;,&quot;469777804&quot;:&quot;\uf0b7&quot;,&quot;469777815&quot;:&quot;hybridMultilevel&quot;}\" aria-setsize=\"-1\" data-aria-posinset=\"44\" data-aria-level=\"1\"><a href=\"https:\/\/teachforromania.org\/reteaua-alumnilor-inovatie-sociala-si-comunitara\/\"><span data-contrast=\"none\">Inova\u021bie social\u0103 \u0219i comunitar\u0103;<\/span><\/a><span data-ccp-props=\"{&quot;134233117&quot;:false,&quot;134233118&quot;:false,&quot;201341983&quot;:0,&quot;335557856&quot;:16448250,&quot;335559738&quot;:0,&quot;335559739&quot;:0,&quot;335559740&quot;:279}\">\u00a0<\/span><\/li><\/ul><ul><li data-leveltext=\"\uf0b7\" data-font=\"Symbol\" data-listid=\"1\" data-list-defn-props=\"{&quot;335552541&quot;:1,&quot;335559685&quot;:720,&quot;335559991&quot;:360,&quot;469769226&quot;:&quot;Symbol&quot;,&quot;469769242&quot;:[8226],&quot;469777803&quot;:&quot;left&quot;,&quot;469777804&quot;:&quot;\uf0b7&quot;,&quot;469777815&quot;:&quot;hybridMultilevel&quot;}\" aria-setsize=\"-1\" data-aria-posinset=\"45\" data-aria-level=\"1\"><a href=\"https:\/\/teachforromania.org\/reteaua-alumnilor-media\/\"><span data-contrast=\"none\">Comunicare.<\/span><\/a><span data-ccp-props=\"{&quot;134233117&quot;:false,&quot;134233118&quot;:false,&quot;201341983&quot;:0,&quot;335557856&quot;:16448250,&quot;335559738&quot;:0,&quot;335559739&quot;:0,&quot;335559740&quot;:279}\">\u00a0<\/span><\/li><\/ul><p><span data-contrast=\"none\">Comunitatea de alumni Teach for Romania este format\u0103 din <\/span><b><span data-contrast=\"none\">peste 300 de oameni cu profiluri, experien\u021be profesionale \u0219i competen\u021be diverse<\/span><\/b><span data-contrast=\"none\">, al c\u0103ror efort comun contribuie la schimbarea sistemului educa\u021bional, indiferent c\u0103 au ales s\u0103 lucreze \u00een continuare \u00een <\/span><b><span data-contrast=\"none\">mediul \u0219colar<\/span><\/b><span data-contrast=\"none\">, s\u0103 fie<\/span><b><span data-contrast=\"none\"> formatori pentru profesorii din sistem<\/span><\/b><span data-contrast=\"none\">, s\u0103 \u00eembun\u0103t\u0103\u021beasc\u0103 <\/span><b><span data-contrast=\"none\">politicile publice<\/span><\/b><span data-contrast=\"none\">, s\u0103 dezvolte ini\u021biative cu <\/span><b><span data-contrast=\"none\">impact \u00een comunitate<\/span><\/b><span data-contrast=\"none\"> \u0219i \u00een societate sau s\u0103 atrag\u0103 aten\u021bia \u00een <\/span><b><span data-contrast=\"none\">media <\/span><\/b><span data-contrast=\"none\">asupra nevoii de implicare \u00een educa\u021bie.<\/span><span data-ccp-props=\"{&quot;134233117&quot;:false,&quot;134233118&quot;:false,&quot;201341983&quot;:0,&quot;335557856&quot;:16448250,&quot;335559738&quot;:0,&quot;335559739&quot;:0,&quot;335559740&quot;:279}\">\u00a0<\/span><\/p><p><span data-contrast=\"none\">Mai multe despre Alumni Teach for Romania po\u021bi citi <\/span><a href=\"https:\/\/teachforromania.org\/comunitatea-teach\/\"><b><span data-contrast=\"none\">aici<\/span><\/b><\/a><span data-contrast=\"none\">.<\/span><span data-ccp-props=\"{&quot;134233117&quot;:false,&quot;134233118&quot;:false,&quot;201341983&quot;:0,&quot;335557856&quot;:16448250,&quot;335559738&quot;:0,&quot;335559739&quot;:0,&quot;335559740&quot;:279}\">\u00a0<\/span><\/p><\/div>\n\t\t\t\t\t\t\t<\/div>\n\t\t<\/div>\n\t\t\t\t\t\t<\/div>\n\t\t\t\t<\/div>\n\t\t\t\t\t<\/div>\n\t\t\t\t<\/div>\n\t\t\t\t<\/div>\n\t\t","protected":false},"excerpt":{"rendered":"<p>Cum te \u00eenscrii? C\u0103l\u0103toria \u00een program comunitatea teach APLIC\u0102 DONEAZ\u0102 \u00ceNTREB\u0102RI FRECVENTE PROFILUL C\u0102UTAT CERIN\u021aE MINIME ALE PROGRAMULUI SALARII \u0218I BURSE PROCESUL DE RECRUTARE \u0218I SELEC\u021aIE POSTURI \u0218I INTEGRAREA \u00ceN SISTEMUL DE \u00ceNV\u0102\u021a\u0102M\u00c2NT ACADEMIA DE LEADERSHIP \u0218I FORMARE \u00ceN EDUCA\u021aIE CE SE \u00ceNT\u00c2MPL\u0102 \u00ceN CEI 2 ANI \u0218I DUP\u0102 ACE\u0218TIA PROFILUL C\u0102UTAT \u00centreb\u0103ri despre profilul [&hellip;]<\/p>\n","protected":false},"author":1,"featured_media":0,"parent":0,"menu_order":0,"comment_status":"closed","ping_status":"closed","template":"","meta":{"_acf_changed":false,"footnotes":""},"class_list":["post-3383","page","type-page","status-publish","hentry"],"acf":[],"_links":{"self":[{"href":"https:\/\/teachforromania.org\/en\/wp-json\/wp\/v2\/pages\/3383","targetHints":{"allow":["GET"]}}],"collection":[{"href":"https:\/\/teachforromania.org\/en\/wp-json\/wp\/v2\/pages"}],"about":[{"href":"https:\/\/teachforromania.org\/en\/wp-json\/wp\/v2\/types\/page"}],"author":[{"embeddable":true,"href":"https:\/\/teachforromania.org\/en\/wp-json\/wp\/v2\/users\/1"}],"replies":[{"embeddable":true,"href":"https:\/\/teachforromania.org\/en\/wp-json\/wp\/v2\/comments?post=3383"}],"version-history":[{"count":142,"href":"https:\/\/teachforromania.org\/en\/wp-json\/wp\/v2\/pages\/3383\/revisions"}],"predecessor-version":[{"id":20474,"href":"https:\/\/teachforromania.org\/en\/wp-json\/wp\/v2\/pages\/3383\/revisions\/20474"}],"wp:attachment":[{"href":"https:\/\/teachforromania.org\/en\/wp-json\/wp\/v2\/media?parent=3383"}],"curies":[{"name":"wp","href":"https:\/\/api.w.org\/{rel}","templated":true}]}}